{"id":3019,"date":"2023-05-18T03:35:53","date_gmt":"2023-05-18T03:35:53","guid":{"rendered":"https:\/\/foro-mundial.org\/web\/?page_id=3019"},"modified":"2025-03-13T04:38:54","modified_gmt":"2025-03-13T04:38:54","slug":"congreso-mundial-de-estudiantes-de-arte-y-cultura-2025","status":"publish","type":"page","link":"https:\/\/foro-mundial.org\/web\/congreso-mundial-de-estudiantes-de-arte-y-cultura-2025\/","title":{"rendered":"CONGRESO MUNDIAL DE ESTUDIANTES DE ARTE Y CULTURA 2025"},"content":{"rendered":"\t\t<div data-elementor-type=\"wp-page\" data-elementor-id=\"3019\" class=\"elementor elementor-3019\">\n\t\t\t\t\t\t<section class=\"elementor-section elementor-top-section elementor-element elementor-element-11f4e12 elementor-section-height-full elementor-section-boxed elementor-section-height-default elementor-section-items-middle\" data-id=\"11f4e12\" data-element_type=\"section\" data-settings=\"{&quot;background_background&quot;:&quot;classic&quot;,&quot;ekit_section_parallax_multi&quot;:&quot;yes&quot;,&quot;ekit_section_parallax_multi_items&quot;:[{&quot;parallax_style&quot;:&quot;mousemove&quot;,&quot;image&quot;:null,&quot;animation_iteration_count&quot;:&quot;unset&quot;,&quot;parallax_speed&quot;:&quot;100&quot;,&quot;zindex&quot;:&quot;0&quot;,&quot;_id&quot;:&quot;cbe8986&quot;,&quot;shape&quot;:null,&quot;width_type&quot;:&quot;&quot;,&quot;animation&quot;:null,&quot;animation_tablet&quot;:null,&quot;animation_mobile&quot;:null,&quot;item_opacity&quot;:&quot;1&quot;,&quot;animation_speed&quot;:null,&quot;parallax_transform&quot;:null,&quot;parallax_transform_value&quot;:null,&quot;smoothness&quot;:null,&quot;offsettop&quot;:null,&quot;offsetbottom&quot;:null,&quot;maxtilt&quot;:null,&quot;scale&quot;:null,&quot;disableaxis&quot;:null}]}\">\n\t\t\t\t\t\t\t<div class=\"elementor-background-overlay\"><\/div>\n\t\t\t\t\t\t\t<div class=\"elementor-container elementor-column-gap-default\">\n\t\t\t\t\t<div class=\"elementor-column elementor-col-66 elementor-top-column elementor-element elementor-element-568e2eb\" data-id=\"568e2eb\" data-element_type=\"column\">\n\t\t\t<div class=\"elementor-widget-wrap elementor-element-populated\">\n\t\t\t\t\t\t<div class=\"elementor-element elementor-element-52d2aa2 elementor-invisible elementor-widget elementor-widget-text-editor\" data-id=\"52d2aa2\" data-element_type=\"widget\" data-settings=\"{&quot;_animation&quot;:&quot;fadeInUp&quot;,&quot;_animation_delay&quot;:&quot;300&quot;,&quot;ekit_we_effect_on&quot;:&quot;none&quot;}\" data-widget_type=\"text-editor.default\">\n\t\t\t\t\t\t\t\t\t<p>CONGRESO MUNDIAL DE ESTUDIANTES DE ARTE Y CULTURA 2025<\/p><p>19 al 21 de septiembre 2025<\/p>\t\t\t\t\t\t\t\t<\/div>\n\t\t\t\t<div class=\"elementor-element elementor-element-4549e48 elementor-invisible elementor-widget elementor-widget-heading\" data-id=\"4549e48\" data-element_type=\"widget\" data-settings=\"{&quot;_animation&quot;:&quot;fadeInUp&quot;,&quot;_animation_delay&quot;:&quot;350&quot;,&quot;ekit_we_effect_on&quot;:&quot;none&quot;}\" data-widget_type=\"heading.default\">\n\t\t\t\t\t<h1 class=\"elementor-heading-title elementor-size-default\">CANC\u00daN, QUINTANA ROO\nM\u00c9XICO<\/h1>\t\t\t\t<\/div>\n\t\t\t\t<div class=\"elementor-element elementor-element-4badc0b elementor-invisible elementor-widget elementor-widget-exhibz-countdown\" data-id=\"4badc0b\" data-element_type=\"widget\" data-settings=\"{&quot;_animation&quot;:&quot;fadeInUp&quot;,&quot;_animation_delay&quot;:&quot;400&quot;,&quot;ekit_we_effect_on&quot;:&quot;none&quot;}\" data-widget_type=\"exhibz-countdown.default\">\n\t\t\t\t<div class=\"elementor-widget-container\">\n\t\t\t\t\t    \n     <div data-start-date=\"19 Sep 2025 00:00:00\" class=\"countdown etn-countdown-wrap fadeInUp\" data-wow-duration=\"1.5s\" data-wow-delay=\"800ms\">\n        <div class=\"counter-item\">\n            <i class=\"day-circle icon icon-ring-1Asset-1\"><\/i>\n            <span class=\"day-count days countdown-number\">00<\/span>\n            <div class=\"smalltext\">Days<\/div>\n        <\/div>\n        <div class=\"counter-item\">\n            <i class=\"hr-circle icon icon-ring-4Asset-3\"><\/i>\n            <span class=\"hr-count hours countdown-number\">00<\/span>\n            <div class=\"smalltext\">Hours<\/div>\n        <\/div>\n        <div class=\"counter-item\">\n            <i class=\"min-circle icon icon-ring-3Asset-2\"><\/i>\n            <span class=\"min-count minutes countdown-number\">00<\/span>\n            <div class=\"smalltext\">Minutes<\/div>\n        <\/div>\n        <div class=\"counter-item\">\n            <i class=\"sec-circle icon icon-ring-4Asset-3\"><\/i>\n            <span class=\"sec-count seconds countdown-number\">00<\/span>\n            <div class=\"smalltext\">Seconds<\/div>\n        <\/div>\n    <\/div>\n      \n\n    \t\t\t\t<\/div>\n\t\t\t\t<\/div>\n\t\t\t\t<div class=\"elementor-element elementor-element-0815aa0 elementor-align-left elementor-mobile-align-center elementor-widget elementor-widget-button\" data-id=\"0815aa0\" data-element_type=\"widget\" data-settings=\"{&quot;ekit_we_effect_on&quot;:&quot;none&quot;}\" data-widget_type=\"button.default\">\n\t\t\t\t\t\t\t\t\t\t<a class=\"elementor-button elementor-button-link elementor-size-md\" href=\"https:\/\/foro-mundial.org\/web\/registro-sesion\/\" target=\"_blank\">\n\t\t\t\t\t\t<span class=\"elementor-button-content-wrapper\">\n\t\t\t\t\t\t\t\t\t<span class=\"elementor-button-text\">REG\u00cdSTRATE AHORA<\/span>\n\t\t\t\t\t<\/span>\n\t\t\t\t\t<\/a>\n\t\t\t\t\t\t\t\t<\/div>\n\t\t\t\t\t<\/div>\n\t\t<\/div>\n\t\t\t\t<div class=\"elementor-column elementor-col-33 elementor-top-column elementor-element elementor-element-6e35285\" data-id=\"6e35285\" data-element_type=\"column\">\n\t\t\t<div class=\"elementor-widget-wrap elementor-element-populated\">\n\t\t\t\t\t\t\t<\/div>\n\t\t<\/div>\n\t\t\t\t\t<\/div>\n\t\t<\/section>\n\t\t\t\t<section class=\"elementor-section elementor-top-section elementor-element elementor-element-c4d7a57 elementor-section-boxed elementor-section-height-default elementor-section-height-default\" data-id=\"c4d7a57\" data-element_type=\"section\">\n\t\t\t\t\t\t<div class=\"elementor-container elementor-column-gap-default\">\n\t\t\t\t\t<div class=\"elementor-column elementor-col-100 elementor-top-column elementor-element elementor-element-b63cf2f\" data-id=\"b63cf2f\" data-element_type=\"column\">\n\t\t\t<div class=\"elementor-widget-wrap elementor-element-populated\">\n\t\t\t\t\t\t<div class=\"elementor-element elementor-element-dfd9c35 elementor-widget elementor-widget-spacer\" data-id=\"dfd9c35\" data-element_type=\"widget\" data-settings=\"{&quot;ekit_we_effect_on&quot;:&quot;none&quot;}\" data-widget_type=\"spacer.default\">\n\t\t\t\t\t\t\t<div class=\"elementor-spacer\">\n\t\t\t<div class=\"elementor-spacer-inner\"><\/div>\n\t\t<\/div>\n\t\t\t\t\t\t<\/div>\n\t\t\t\t<div class=\"elementor-element elementor-element-a951a78 elementor-invisible elementor-widget elementor-widget-heading\" data-id=\"a951a78\" data-element_type=\"widget\" data-settings=\"{&quot;_animation&quot;:&quot;fadeInUp&quot;,&quot;_animation_delay&quot;:&quot;350&quot;,&quot;ekit_we_effect_on&quot;:&quot;none&quot;}\" data-widget_type=\"heading.default\">\n\t\t\t\t\t<h1 class=\"elementor-heading-title elementor-size-default\">Vive la Experiencia<\/h1>\t\t\t\t<\/div>\n\t\t\t\t<div class=\"elementor-element elementor-element-c8e9c97 elementor-invisible elementor-widget elementor-widget-heading\" data-id=\"c8e9c97\" data-element_type=\"widget\" data-settings=\"{&quot;_animation&quot;:&quot;fadeInUp&quot;,&quot;_animation_delay&quot;:&quot;350&quot;,&quot;ekit_we_effect_on&quot;:&quot;none&quot;}\" data-widget_type=\"heading.default\">\n\t\t\t\t\t<h2 class=\"elementor-heading-title elementor-size-default\">\u00a1Mucho que Aprender, Mucho que Disfrutar!<\/h2>\t\t\t\t<\/div>\n\t\t\t\t<div class=\"elementor-element elementor-element-9db057f elementor-widget elementor-widget-video\" data-id=\"9db057f\" data-element_type=\"widget\" data-settings=\"{&quot;youtube_url&quot;:&quot;https:\\\/\\\/www.youtube.com\\\/watch?v=RlQOXYDKb3M&quot;,&quot;start&quot;:&quot;8&quot;,&quot;autoplay&quot;:&quot;yes&quot;,&quot;loop&quot;:&quot;yes&quot;,&quot;play_on_mobile&quot;:&quot;yes&quot;,&quot;video_type&quot;:&quot;youtube&quot;,&quot;ekit_we_effect_on&quot;:&quot;none&quot;}\" data-widget_type=\"video.default\">\n\t\t\t\t\t\t\t<div class=\"elementor-wrapper elementor-open-inline\">\n\t\t\t<div class=\"elementor-video\"><\/div>\t\t<\/div>\n\t\t\t\t\t\t<\/div>\n\t\t\t\t\t<\/div>\n\t\t<\/div>\n\t\t\t\t\t<\/div>\n\t\t<\/section>\n\t\t\t\t<section class=\"elementor-section elementor-top-section elementor-element elementor-element-e0b87d9 elementor-section-boxed elementor-section-height-default elementor-section-height-default\" data-id=\"e0b87d9\" data-element_type=\"section\">\n\t\t\t\t\t\t<div class=\"elementor-container elementor-column-gap-default\">\n\t\t\t\t\t<div class=\"elementor-column elementor-col-100 elementor-top-column elementor-element elementor-element-a6100d5\" data-id=\"a6100d5\" data-element_type=\"column\">\n\t\t\t<div class=\"elementor-widget-wrap elementor-element-populated\">\n\t\t\t\t\t\t<div class=\"elementor-element elementor-element-79be015 elementor-widget elementor-widget-spacer\" data-id=\"79be015\" data-element_type=\"widget\" data-settings=\"{&quot;ekit_we_effect_on&quot;:&quot;none&quot;}\" data-widget_type=\"spacer.default\">\n\t\t\t\t\t\t\t<div class=\"elementor-spacer\">\n\t\t\t<div class=\"elementor-spacer-inner\"><\/div>\n\t\t<\/div>\n\t\t\t\t\t\t<\/div>\n\t\t\t\t\t<\/div>\n\t\t<\/div>\n\t\t\t\t\t<\/div>\n\t\t<\/section>\n\t\t\t\t<section class=\"elementor-section elementor-top-section elementor-element elementor-element-70fadb7 elementor-section-boxed elementor-section-height-default elementor-section-height-default\" data-id=\"70fadb7\" data-element_type=\"section\">\n\t\t\t\t\t\t<div class=\"elementor-container elementor-column-gap-default\">\n\t\t\t\t\t<div class=\"elementor-column elementor-col-100 elementor-top-column elementor-element elementor-element-4e5f9ba\" data-id=\"4e5f9ba\" data-element_type=\"column\">\n\t\t\t<div class=\"elementor-widget-wrap elementor-element-populated\">\n\t\t\t\t\t\t<div class=\"elementor-element elementor-element-1986804 elementor-invisible elementor-widget elementor-widget-exhibz-title\" data-id=\"1986804\" data-element_type=\"widget\" data-settings=\"{&quot;_animation&quot;:&quot;slideInUp&quot;,&quot;_animation_delay&quot;:&quot;350&quot;,&quot;ekit_we_effect_on&quot;:&quot;none&quot;}\" data-widget_type=\"exhibz-title.default\">\n\t\t\t\t<div class=\"elementor-widget-container\">\n\t\t\t\t\t\n    <div class=\"title-section-area\">\n        <h2 class=\"section-title\">\n            <span class=\"sub-title\"><\/span>\n\t\t\tConocimiento y Experiencia a Tu Alcance        <\/h2>\n\t\t                    <span class=\"title-shape\">\n                  <svg xmlns='http:\/\/www.w3.org\/2000\/svg' xmlns:xlink='http:\/\/www.w3.org\/1999\/xlink' width='71px' height='11px'> <path fill-rule='evenodd' d='M59.669,10.710 L49.164,3.306 L39.428,10.681 L29.714,3.322 L20.006,10.682 L10.295,3.322 L1.185,10.228 L-0.010,8.578 L10.295,0.765 L20.006,8.125 L29.714,0.765 L39.428,8.125 L49.122,0.781 L59.680,8.223 L69.858,1.192 L70.982,2.895 L59.669,10.710 Z'\/><\/svg>\n            <\/span>\n                    <\/div><!-- Section title -->\n    \n    \n\n    \t\t\t\t<\/div>\n\t\t\t\t<\/div>\n\t\t\t\t\t<\/div>\n\t\t<\/div>\n\t\t\t\t\t<\/div>\n\t\t<\/section>\n\t\t\t\t<section class=\"elementor-section elementor-top-section elementor-element elementor-element-72f1977 elementor-section-full_width elementor-section-height-min-height elementor-section-items-stretch elementor-section-height-default\" data-id=\"72f1977\" data-element_type=\"section\" data-settings=\"{&quot;background_background&quot;:&quot;gradient&quot;}\">\n\t\t\t\t\t\t<div class=\"elementor-container elementor-column-gap-default\">\n\t\t\t\t\t<div class=\"elementor-column elementor-col-50 elementor-top-column elementor-element elementor-element-e4c6155\" data-id=\"e4c6155\" data-element_type=\"column\" data-settings=\"{&quot;background_background&quot;:&quot;classic&quot;}\">\n\t\t\t<div class=\"elementor-widget-wrap elementor-element-populated\">\n\t\t\t\t\t<div class=\"elementor-background-overlay\"><\/div>\n\t\t\t\t\t\t<div class=\"elementor-element elementor-element-5d2d727 elementor-widget elementor-widget-image\" data-id=\"5d2d727\" data-element_type=\"widget\" data-settings=\"{&quot;ekit_we_effect_on&quot;:&quot;none&quot;}\" data-widget_type=\"image.default\">\n\t\t\t\t\t\t\t\t\t\t\t\t\t\t\t<img fetchpriority=\"high\" decoding=\"async\" width=\"512\" height=\"512\" src=\"https:\/\/foro-mundial.org\/web\/wp-content\/uploads\/2023\/05\/Agregar-un-titulo-1.png\" class=\"attachment-large size-large wp-image-3664\" alt=\"\" srcset=\"https:\/\/foro-mundial.org\/web\/wp-content\/uploads\/2023\/05\/Agregar-un-titulo-1.png 512w, https:\/\/foro-mundial.org\/web\/wp-content\/uploads\/2023\/05\/Agregar-un-titulo-1-300x300.png 300w, https:\/\/foro-mundial.org\/web\/wp-content\/uploads\/2023\/05\/Agregar-un-titulo-1-150x150.png 150w\" sizes=\"(max-width: 512px) 100vw, 512px\" \/>\t\t\t\t\t\t\t\t\t\t\t\t\t\t\t<\/div>\n\t\t\t\t\t<\/div>\n\t\t<\/div>\n\t\t\t\t<div class=\"elementor-column elementor-col-50 elementor-top-column elementor-element elementor-element-e71eba6\" data-id=\"e71eba6\" data-element_type=\"column\" data-settings=\"{&quot;background_background&quot;:&quot;classic&quot;}\">\n\t\t\t<div class=\"elementor-widget-wrap elementor-element-populated\">\n\t\t\t\t\t<div class=\"elementor-background-overlay\"><\/div>\n\t\t\t\t\t\t<div class=\"elementor-element elementor-element-15e8617 elementor-widget__width-initial elementor-invisible elementor-widget elementor-widget-heading\" data-id=\"15e8617\" data-element_type=\"widget\" data-settings=\"{&quot;_animation&quot;:&quot;slideInRight&quot;,&quot;_animation_delay&quot;:&quot;350&quot;,&quot;ekit_we_effect_on&quot;:&quot;none&quot;}\" data-widget_type=\"heading.default\">\n\t\t\t\t\t<h3 class=\"elementor-heading-title elementor-size-default\">Conferencias Magistrales de T\u00f3picos Selectos:<\/h3>\t\t\t\t<\/div>\n\t\t\t\t<div class=\"elementor-element elementor-element-9932eed elementor-widget__width-initial elementor-icon-list--layout-traditional elementor-list-item-link-full_width elementor-widget elementor-widget-icon-list\" data-id=\"9932eed\" data-element_type=\"widget\" data-settings=\"{&quot;ekit_we_effect_on&quot;:&quot;none&quot;}\" data-widget_type=\"icon-list.default\">\n\t\t\t\t\t\t\t<ul class=\"elementor-icon-list-items\">\n\t\t\t\t\t\t\t<li class=\"elementor-icon-list-item\">\n\t\t\t\t\t\t\t\t\t\t\t<span class=\"elementor-icon-list-icon\">\n\t\t\t\t\t\t\t<svg aria-hidden=\"true\" class=\"e-font-icon-svg e-fas-check\" viewBox=\"0 0 512 512\" xmlns=\"http:\/\/www.w3.org\/2000\/svg\"><path d=\"M173.898 439.404l-166.4-166.4c-9.997-9.997-9.997-26.206 0-36.204l36.203-36.204c9.997-9.998 26.207-9.998 36.204 0L192 312.69 432.095 72.596c9.997-9.997 26.207-9.997 36.204 0l36.203 36.204c9.997 9.997 9.997 26.206 0 36.204l-294.4 294.401c-9.998 9.997-26.207 9.997-36.204-.001z\"><\/path><\/svg>\t\t\t\t\t\t<\/span>\n\t\t\t\t\t\t\t\t\t\t<span class=\"elementor-icon-list-text\">Arte y cultura digital<\/span>\n\t\t\t\t\t\t\t\t\t<\/li>\n\t\t\t\t\t\t\t\t<li class=\"elementor-icon-list-item\">\n\t\t\t\t\t\t\t\t\t\t\t<span class=\"elementor-icon-list-icon\">\n\t\t\t\t\t\t\t<svg aria-hidden=\"true\" class=\"e-font-icon-svg e-fas-check\" viewBox=\"0 0 512 512\" xmlns=\"http:\/\/www.w3.org\/2000\/svg\"><path d=\"M173.898 439.404l-166.4-166.4c-9.997-9.997-9.997-26.206 0-36.204l36.203-36.204c9.997-9.998 26.207-9.998 36.204 0L192 312.69 432.095 72.596c9.997-9.997 26.207-9.997 36.204 0l36.203 36.204c9.997 9.997 9.997 26.206 0 36.204l-294.4 294.401c-9.998 9.997-26.207 9.997-36.204-.001z\"><\/path><\/svg>\t\t\t\t\t\t<\/span>\n\t\t\t\t\t\t\t\t\t\t<span class=\"elementor-icon-list-text\">Creatividad e Innovaci\u00f3n <\/span>\n\t\t\t\t\t\t\t\t\t<\/li>\n\t\t\t\t\t\t\t\t<li class=\"elementor-icon-list-item\">\n\t\t\t\t\t\t\t\t\t\t\t<span class=\"elementor-icon-list-icon\">\n\t\t\t\t\t\t\t<svg aria-hidden=\"true\" class=\"e-font-icon-svg e-fas-check\" viewBox=\"0 0 512 512\" xmlns=\"http:\/\/www.w3.org\/2000\/svg\"><path d=\"M173.898 439.404l-166.4-166.4c-9.997-9.997-9.997-26.206 0-36.204l36.203-36.204c9.997-9.998 26.207-9.998 36.204 0L192 312.69 432.095 72.596c9.997-9.997 26.207-9.997 36.204 0l36.203 36.204c9.997 9.997 9.997 26.206 0 36.204l-294.4 294.401c-9.998 9.997-26.207 9.997-36.204-.001z\"><\/path><\/svg>\t\t\t\t\t\t<\/span>\n\t\t\t\t\t\t\t\t\t\t<span class=\"elementor-icon-list-text\">Mercado e Industrias Culturales<\/span>\n\t\t\t\t\t\t\t\t\t<\/li>\n\t\t\t\t\t\t\t\t<li class=\"elementor-icon-list-item\">\n\t\t\t\t\t\t\t\t\t\t\t<span class=\"elementor-icon-list-icon\">\n\t\t\t\t\t\t\t<svg aria-hidden=\"true\" class=\"e-font-icon-svg e-fas-check\" viewBox=\"0 0 512 512\" xmlns=\"http:\/\/www.w3.org\/2000\/svg\"><path d=\"M173.898 439.404l-166.4-166.4c-9.997-9.997-9.997-26.206 0-36.204l36.203-36.204c9.997-9.998 26.207-9.998 36.204 0L192 312.69 432.095 72.596c9.997-9.997 26.207-9.997 36.204 0l36.203 36.204c9.997 9.997 9.997 26.206 0 36.204l-294.4 294.401c-9.998 9.997-26.207 9.997-36.204-.001z\"><\/path><\/svg>\t\t\t\t\t\t<\/span>\n\t\t\t\t\t\t\t\t\t\t<span class=\"elementor-icon-list-text\">Ilustraci\u00f3n y cultura visual <\/span>\n\t\t\t\t\t\t\t\t\t<\/li>\n\t\t\t\t\t\t\t\t<li class=\"elementor-icon-list-item\">\n\t\t\t\t\t\t\t\t\t\t\t<span class=\"elementor-icon-list-icon\">\n\t\t\t\t\t\t\t<svg aria-hidden=\"true\" class=\"e-font-icon-svg e-fas-check\" viewBox=\"0 0 512 512\" xmlns=\"http:\/\/www.w3.org\/2000\/svg\"><path d=\"M173.898 439.404l-166.4-166.4c-9.997-9.997-9.997-26.206 0-36.204l36.203-36.204c9.997-9.998 26.207-9.998 36.204 0L192 312.69 432.095 72.596c9.997-9.997 26.207-9.997 36.204 0l36.203 36.204c9.997 9.997 9.997 26.206 0 36.204l-294.4 294.401c-9.998 9.997-26.207 9.997-36.204-.001z\"><\/path><\/svg>\t\t\t\t\t\t<\/span>\n\t\t\t\t\t\t\t\t\t\t<span class=\"elementor-icon-list-text\">Acervos y colecciones<\/span>\n\t\t\t\t\t\t\t\t\t<\/li>\n\t\t\t\t\t\t\t\t<li class=\"elementor-icon-list-item\">\n\t\t\t\t\t\t\t\t\t\t\t<span class=\"elementor-icon-list-icon\">\n\t\t\t\t\t\t\t<svg aria-hidden=\"true\" class=\"e-font-icon-svg e-fas-check\" viewBox=\"0 0 512 512\" xmlns=\"http:\/\/www.w3.org\/2000\/svg\"><path d=\"M173.898 439.404l-166.4-166.4c-9.997-9.997-9.997-26.206 0-36.204l36.203-36.204c9.997-9.998 26.207-9.998 36.204 0L192 312.69 432.095 72.596c9.997-9.997 26.207-9.997 36.204 0l36.203 36.204c9.997 9.997 9.997 26.206 0 36.204l-294.4 294.401c-9.998 9.997-26.207 9.997-36.204-.001z\"><\/path><\/svg>\t\t\t\t\t\t<\/span>\n\t\t\t\t\t\t\t\t\t\t<span class=\"elementor-icon-list-text\">Congreso Mundial de Derecho<\/span>\n\t\t\t\t\t\t\t\t\t<\/li>\n\t\t\t\t\t\t\t\t<li class=\"elementor-icon-list-item\">\n\t\t\t\t\t\t\t\t\t\t\t<span class=\"elementor-icon-list-icon\">\n\t\t\t\t\t\t\t<svg aria-hidden=\"true\" class=\"e-font-icon-svg e-fas-check\" viewBox=\"0 0 512 512\" xmlns=\"http:\/\/www.w3.org\/2000\/svg\"><path d=\"M173.898 439.404l-166.4-166.4c-9.997-9.997-9.997-26.206 0-36.204l36.203-36.204c9.997-9.998 26.207-9.998 36.204 0L192 312.69 432.095 72.596c9.997-9.997 26.207-9.997 36.204 0l36.203 36.204c9.997 9.997 9.997 26.206 0 36.204l-294.4 294.401c-9.998 9.997-26.207 9.997-36.204-.001z\"><\/path><\/svg>\t\t\t\t\t\t<\/span>\n\t\t\t\t\t\t\t\t\t\t<span class=\"elementor-icon-list-text\">Pol\u00edticas culturales<\/span>\n\t\t\t\t\t\t\t\t\t<\/li>\n\t\t\t\t\t\t\t\t<li class=\"elementor-icon-list-item\">\n\t\t\t\t\t\t\t\t\t\t\t<span class=\"elementor-icon-list-icon\">\n\t\t\t\t\t\t\t<svg aria-hidden=\"true\" class=\"e-font-icon-svg e-fas-check\" viewBox=\"0 0 512 512\" xmlns=\"http:\/\/www.w3.org\/2000\/svg\"><path d=\"M173.898 439.404l-166.4-166.4c-9.997-9.997-9.997-26.206 0-36.204l36.203-36.204c9.997-9.998 26.207-9.998 36.204 0L192 312.69 432.095 72.596c9.997-9.997 26.207-9.997 36.204 0l36.203 36.204c9.997 9.997 9.997 26.206 0 36.204l-294.4 294.401c-9.998 9.997-26.207 9.997-36.204-.001z\"><\/path><\/svg>\t\t\t\t\t\t<\/span>\n\t\t\t\t\t\t\t\t\t\t<span class=\"elementor-icon-list-text\">Competencia comunicativa <\/span>\n\t\t\t\t\t\t\t\t\t<\/li>\n\t\t\t\t\t\t\t\t<li class=\"elementor-icon-list-item\">\n\t\t\t\t\t\t\t\t\t\t\t<span class=\"elementor-icon-list-icon\">\n\t\t\t\t\t\t\t<svg aria-hidden=\"true\" class=\"e-font-icon-svg e-fas-check\" viewBox=\"0 0 512 512\" xmlns=\"http:\/\/www.w3.org\/2000\/svg\"><path d=\"M173.898 439.404l-166.4-166.4c-9.997-9.997-9.997-26.206 0-36.204l36.203-36.204c9.997-9.998 26.207-9.998 36.204 0L192 312.69 432.095 72.596c9.997-9.997 26.207-9.997 36.204 0l36.203 36.204c9.997 9.997 9.997 26.206 0 36.204l-294.4 294.401c-9.998 9.997-26.207 9.997-36.204-.001z\"><\/path><\/svg>\t\t\t\t\t\t<\/span>\n\t\t\t\t\t\t\t\t\t\t<span class=\"elementor-icon-list-text\">Cultura de Calidad<\/span>\n\t\t\t\t\t\t\t\t\t<\/li>\n\t\t\t\t\t\t\t\t<li class=\"elementor-icon-list-item\">\n\t\t\t\t\t\t\t\t\t\t\t<span class=\"elementor-icon-list-icon\">\n\t\t\t\t\t\t\t<svg aria-hidden=\"true\" class=\"e-font-icon-svg e-fas-check\" viewBox=\"0 0 512 512\" xmlns=\"http:\/\/www.w3.org\/2000\/svg\"><path d=\"M173.898 439.404l-166.4-166.4c-9.997-9.997-9.997-26.206 0-36.204l36.203-36.204c9.997-9.998 26.207-9.998 36.204 0L192 312.69 432.095 72.596c9.997-9.997 26.207-9.997 36.204 0l36.203 36.204c9.997 9.997 9.997 26.206 0 36.204l-294.4 294.401c-9.998 9.997-26.207 9.997-36.204-.001z\"><\/path><\/svg>\t\t\t\t\t\t<\/span>\n\t\t\t\t\t\t\t\t\t\t<span class=\"elementor-icon-list-text\">Equidad de G\u00e9nero<\/span>\n\t\t\t\t\t\t\t\t\t<\/li>\n\t\t\t\t\t\t<\/ul>\n\t\t\t\t\t\t<\/div>\n\t\t\t\t\t<\/div>\n\t\t<\/div>\n\t\t\t\t\t<\/div>\n\t\t<\/section>\n\t\t\t\t<section class=\"elementor-section elementor-top-section elementor-element elementor-element-0b0e322 elementor-section-height-min-height elementor-section-boxed elementor-section-height-default elementor-section-items-middle\" data-id=\"0b0e322\" data-element_type=\"section\" data-settings=\"{&quot;background_background&quot;:&quot;classic&quot;}\">\n\t\t\t\t\t\t<div class=\"elementor-container elementor-column-gap-default\">\n\t\t\t\t\t<div class=\"elementor-column elementor-col-50 elementor-top-column elementor-element elementor-element-bae1ff1 elementor-invisible\" data-id=\"bae1ff1\" data-element_type=\"column\" data-settings=\"{&quot;animation&quot;:&quot;fadeInLeft&quot;,&quot;animation_delay&quot;:&quot;350&quot;}\">\n\t\t\t<div class=\"elementor-widget-wrap elementor-element-populated\">\n\t\t\t\t\t\t<div class=\"elementor-element elementor-element-9edda65 elementor-widget elementor-widget-exhibz-title\" data-id=\"9edda65\" data-element_type=\"widget\" data-settings=\"{&quot;ekit_we_effect_on&quot;:&quot;none&quot;}\" data-widget_type=\"exhibz-title.default\">\n\t\t\t\t<div class=\"elementor-widget-container\">\n\t\t\t\t\t\n    <div class=\"title-section-area\">\n        <h2 class=\"section-title\">\n            <span class=\"sub-title\">REENCONTREMONOS<\/span>\n\t\t\t\u00a1Por la alegr\u00eda de vivir y aprender!        <\/h2>\n\t\t                    <span class=\"title-shape\">\n                  <svg xmlns='http:\/\/www.w3.org\/2000\/svg' xmlns:xlink='http:\/\/www.w3.org\/1999\/xlink' width='71px' height='11px'> <path fill-rule='evenodd' d='M59.669,10.710 L49.164,3.306 L39.428,10.681 L29.714,3.322 L20.006,10.682 L10.295,3.322 L1.185,10.228 L-0.010,8.578 L10.295,0.765 L20.006,8.125 L29.714,0.765 L39.428,8.125 L49.122,0.781 L59.680,8.223 L69.858,1.192 L70.982,2.895 L59.669,10.710 Z'\/><\/svg>\n            <\/span>\n                    <\/div><!-- Section title -->\n    \n    \n\n    \t\t\t\t<\/div>\n\t\t\t\t<\/div>\n\t\t\t\t<div class=\"elementor-element elementor-element-e43d9b8 elementor-widget elementor-widget-text-editor\" data-id=\"e43d9b8\" data-element_type=\"widget\" data-settings=\"{&quot;ekit_we_effect_on&quot;:&quot;none&quot;}\" data-widget_type=\"text-editor.default\">\n\t\t\t\t\t\t\t\t\t<p>Regresa el evento acad\u00e9mico mas grande e importante del mundo con una edici\u00f3n especial tras pasar la pandemia donde participaran m\u00e1s de 16,000 universitarios.<\/p>\t\t\t\t\t\t\t\t<\/div>\n\t\t\t\t<div class=\"elementor-element elementor-element-c5f6f57 elementor-align-center elementor-mobile-align-center elementor-widget elementor-widget-button\" data-id=\"c5f6f57\" data-element_type=\"widget\" data-settings=\"{&quot;ekit_we_effect_on&quot;:&quot;none&quot;}\" data-widget_type=\"button.default\">\n\t\t\t\t\t\t\t\t\t\t<a class=\"elementor-button elementor-button-link elementor-size-md\" href=\"https:\/\/foro-mundial.org\/web\/registro-sesion\/\" target=\"_blank\">\n\t\t\t\t\t\t<span class=\"elementor-button-content-wrapper\">\n\t\t\t\t\t\t\t\t\t<span class=\"elementor-button-text\">rEGISTRATE AHORA<\/span>\n\t\t\t\t\t<\/span>\n\t\t\t\t\t<\/a>\n\t\t\t\t\t\t\t\t<\/div>\n\t\t\t\t\t<\/div>\n\t\t<\/div>\n\t\t\t\t<div class=\"elementor-column elementor-col-50 elementor-top-column elementor-element elementor-element-b2e0cf2 elementor-invisible\" data-id=\"b2e0cf2\" data-element_type=\"column\" data-settings=\"{&quot;animation&quot;:&quot;fadeInRight&quot;,&quot;animation_delay&quot;:&quot;400&quot;}\">\n\t\t\t<div class=\"elementor-widget-wrap elementor-element-populated\">\n\t\t\t\t\t\t<section class=\"elementor-section elementor-inner-section elementor-element elementor-element-f025a30 elementor-section-boxed elementor-section-height-default elementor-section-height-default\" data-id=\"f025a30\" data-element_type=\"section\">\n\t\t\t\t\t\t<div class=\"elementor-container elementor-column-gap-default\">\n\t\t\t\t\t<div class=\"elementor-column elementor-col-100 elementor-inner-column elementor-element elementor-element-e41d374\" data-id=\"e41d374\" data-element_type=\"column\">\n\t\t\t<div class=\"elementor-widget-wrap elementor-element-populated\">\n\t\t\t\t\t\t<div class=\"elementor-element elementor-element-e510b9e elementor-widget elementor-widget-exhibz-feature\" data-id=\"e510b9e\" data-element_type=\"widget\" data-settings=\"{&quot;ekit_we_effect_on&quot;:&quot;none&quot;}\" data-widget_type=\"exhibz-feature.default\">\n\t\t\t\t<div class=\"elementor-widget-container\">\n\t\t\t\t\t \n    \t\t<div class=\"single-intro-text mb-70\">\n\t\t\t<i class=\"icon icon-netwrorking\"><\/i>\n\t\t\t<h3 class=\"ts-title\"> Canc\u00fan, M\u00e9xico<\/h3>\n\t\t\t<p>\n\t\t     \tLa hermosa ciudad de playas de arena blanca ba\u00f1adas por el azul turquesa del Mar Caribe se vestir\u00e1 de gala\ncon este magno evento.\n\n\t\t\t<\/p>\n\t\t\t<span class=\"count-number\">1<\/span>\n\t\t<\/div><!-- single intro text end-->\n    \n    \n\t\n\t\n\t \n\n    \n    \t\t\t\t<\/div>\n\t\t\t\t<\/div>\n\t\t\t\t<div class=\"elementor-element elementor-element-449a808 elementor-widget elementor-widget-exhibz-feature\" data-id=\"449a808\" data-element_type=\"widget\" data-settings=\"{&quot;ekit_we_effect_on&quot;:&quot;none&quot;}\" data-widget_type=\"exhibz-feature.default\">\n\t\t\t\t<div class=\"elementor-widget-container\">\n\t\t\t\t\t \n    \t\t<div class=\"single-intro-text mb-70\">\n\t\t\t<i class=\"icon icon-people\"><\/i>\n\t\t\t<h3 class=\"ts-title\">Magn\u00edficos Speakers<\/h3>\n\t\t\t<p>\n\t\t     \tAprende de primera mano de los m\u00e1s reconocidos conferencistas entre los que destacan premios nobel, empresarios y grandes especialistas.\t\t\t<\/p>\n\t\t\t<span class=\"count-number\">2<\/span>\n\t\t<\/div><!-- single intro text end-->\n    \n    \n\t\n\t\n\t \n\n    \n    \t\t\t\t<\/div>\n\t\t\t\t<\/div>\n\t\t\t\t<div class=\"elementor-element elementor-element-55ca3fe elementor-widget-tablet__width-initial elementor-widget elementor-widget-exhibz-feature\" data-id=\"55ca3fe\" data-element_type=\"widget\" data-settings=\"{&quot;ekit_we_effect_on&quot;:&quot;none&quot;}\" data-widget_type=\"exhibz-feature.default\">\n\t\t\t\t<div class=\"elementor-widget-container\">\n\t\t\t\t\t \n    \t\t<div class=\"single-intro-text mb-70\">\n\t\t\t<i class=\"icon icon-speaker\"><\/i>\n\t\t\t<h3 class=\"ts-title\">El m\u00e1s grande del mundo<\/h3>\n\t\t\t<p>\n\t\t     \tVive esta espectacular experiencia donde participan 16,000 universitarios de m\u00e1s de 1000 universidades de todo el mundo.\t\t\t<\/p>\n\t\t\t<span class=\"count-number\">3<\/span>\n\t\t<\/div><!-- single intro text end-->\n    \n    \n\t\n\t\n\t \n\n    \n    \t\t\t\t<\/div>\n\t\t\t\t<\/div>\n\t\t\t\t<div class=\"elementor-element elementor-element-b731df4 elementor-widget elementor-widget-exhibz-feature\" data-id=\"b731df4\" data-element_type=\"widget\" data-settings=\"{&quot;ekit_we_effect_on&quot;:&quot;none&quot;}\" data-widget_type=\"exhibz-feature.default\">\n\t\t\t\t<div class=\"elementor-widget-container\">\n\t\t\t\t\t \n    \t\t<div class=\"single-intro-text mb-70\">\n\t\t\t<i class=\"icon icon-fun\"><\/i>\n\t\t\t<h3 class=\"ts-title\">Cultura y Diversi\u00f3n<\/h3>\n\t\t\t<p>\n\t\t     \tDisfruta de las actividades culturales para conocer la imponente Cultura Maya as\u00ed como de las actividades de\nintegraci\u00f3n en la espectacular vida nocturna de Canc\u00fan.\t\t\t<\/p>\n\t\t\t<span class=\"count-number\">4<\/span>\n\t\t<\/div><!-- single intro text end-->\n    \n    \n\t\n\t\n\t \n\n    \n    \t\t\t\t<\/div>\n\t\t\t\t<\/div>\n\t\t\t\t\t<\/div>\n\t\t<\/div>\n\t\t\t\t\t<\/div>\n\t\t<\/section>\n\t\t\t\t\t<\/div>\n\t\t<\/div>\n\t\t\t\t\t<\/div>\n\t\t<\/section>\n\t\t\t\t<section class=\"elementor-section elementor-top-section elementor-element elementor-element-7309939 elementor-section-boxed elementor-section-height-default elementor-section-height-default\" data-id=\"7309939\" data-element_type=\"section\">\n\t\t\t\t\t\t<div class=\"elementor-container elementor-column-gap-default\">\n\t\t\t\t\t<div class=\"elementor-column elementor-col-100 elementor-top-column elementor-element elementor-element-4b7b184\" data-id=\"4b7b184\" data-element_type=\"column\">\n\t\t\t<div class=\"elementor-widget-wrap elementor-element-populated\">\n\t\t\t\t\t\t<div class=\"elementor-element elementor-element-0367f67 elementor-invisible elementor-widget elementor-widget-exhibz-title\" data-id=\"0367f67\" data-element_type=\"widget\" data-settings=\"{&quot;_animation&quot;:&quot;slideInUp&quot;,&quot;_animation_delay&quot;:&quot;350&quot;,&quot;ekit_we_effect_on&quot;:&quot;none&quot;}\" data-widget_type=\"exhibz-title.default\">\n\t\t\t\t<div class=\"elementor-widget-container\">\n\t\t\t\t\t\n    <div class=\"title-section-area\">\n        <h2 class=\"section-title\">\n            <span class=\"sub-title\">CONOCE A ALGUNOS DE NUESTROS<\/span>\n\t\t\tConferencistas Internacionales\n        <\/h2>\n\t\t                    <span class=\"title-shape\">\n                  <svg xmlns='http:\/\/www.w3.org\/2000\/svg' xmlns:xlink='http:\/\/www.w3.org\/1999\/xlink' width='71px' height='11px'> <path fill-rule='evenodd' d='M59.669,10.710 L49.164,3.306 L39.428,10.681 L29.714,3.322 L20.006,10.682 L10.295,3.322 L1.185,10.228 L-0.010,8.578 L10.295,0.765 L20.006,8.125 L29.714,0.765 L39.428,8.125 L49.122,0.781 L59.680,8.223 L69.858,1.192 L70.982,2.895 L59.669,10.710 Z'\/><\/svg>\n            <\/span>\n                    <\/div><!-- Section title -->\n    \n    \n\n    \t\t\t\t<\/div>\n\t\t\t\t<\/div>\n\t\t\t\t<div class=\"elementor-element elementor-element-0002d69 elementor-widget elementor-widget-text-editor\" data-id=\"0002d69\" data-element_type=\"widget\" data-settings=\"{&quot;ekit_we_effect_on&quot;:&quot;none&quot;}\" data-widget_type=\"text-editor.default\">\n\t\t\t\t\t\t\t\t\t<p>Reconocidos especialistas y expertos acad\u00e9micos de talla mundial de distinguidas instituciones se dar\u00e1n cita para<br \/>compartir e intercambiar conocimientos de primera mano.<\/p>\t\t\t\t\t\t\t\t<\/div>\n\t\t\t\t<section class=\"elementor-section elementor-inner-section elementor-element elementor-element-c1bcd38 elementor-section-boxed elementor-section-height-default elementor-section-height-default elementor-invisible\" data-id=\"c1bcd38\" data-element_type=\"section\" data-settings=\"{&quot;animation&quot;:&quot;slideInUp&quot;,&quot;animation_delay&quot;:&quot;450&quot;}\">\n\t\t\t\t\t\t<div class=\"elementor-container elementor-column-gap-default\">\n\t\t\t\t\t<div class=\"elementor-column elementor-col-25 elementor-inner-column elementor-element elementor-element-64896f4\" data-id=\"64896f4\" data-element_type=\"column\">\n\t\t\t<div class=\"elementor-widget-wrap elementor-element-populated\">\n\t\t\t\t\t\t<div class=\"elementor-element elementor-element-c64268c elementor-widget elementor-widget-exhibz-speaker\" data-id=\"c64268c\" data-element_type=\"widget\" data-settings=\"{&quot;ekit_we_effect_on&quot;:&quot;none&quot;}\" data-widget_type=\"exhibz-speaker.default\">\n\t\t\t\t<div class=\"elementor-widget-container\">\n\t\t\t\t\t                        <div class=\"ts-speaker\" style=\"--speaker-color: #25cd44\">\n                <div class=\"speaker-img\">\n                                            <img decoding=\"async\" width=\"500\" height=\"500\" src=\"https:\/\/foro-mundial.org\/web\/wp-content\/uploads\/2023\/06\/Conferencista-Lucina-Jimenez.png\" class=\"img-fluid\" alt=\"\" srcset=\"https:\/\/foro-mundial.org\/web\/wp-content\/uploads\/2023\/06\/Conferencista-Lucina-Jimenez.png 500w, https:\/\/foro-mundial.org\/web\/wp-content\/uploads\/2023\/06\/Conferencista-Lucina-Jimenez-300x300.png 300w, https:\/\/foro-mundial.org\/web\/wp-content\/uploads\/2023\/06\/Conferencista-Lucina-Jimenez-150x150.png 150w\" sizes=\"(max-width: 500px) 100vw, 500px\" \/>                                        <a href=\"#popup_c64268c10942\"\n                       class=\"view-speaker ts-image-popup\" data-effect=\"mfp-zoom-in\">\n                        <i class=\"icon icon-plus\"><\/i>\n                    <\/a>\n                <\/div>\n                <div class=\"ts-speaker-info\">\n                    <h3 class=\"ts-title\"><a\n                                href=\"https:\/\/foro-mundial.org\/web\/speaker\/dra-lucina-jimenez\/\"> Dra. Lucina Jim\u00e9nez <\/a>\n                    <\/h3>\n                    <p>\n                        Directora del Instituto Nacional de Bellas Artes y Literatura (INBAL)                    <\/p>\n                <\/div>\n                <!--- speaker info end -->\n                <!-- popup start-->\n                <div id=\"popup_c64268c10942\"\n                     class=\"container ts-speaker-popup mfp-hide\">\n                    <div class=\"row\">\n                        <div class=\"col-lg-6\">\n                            <div class=\"ts-speaker-popup-img\">\n                                                                    <img decoding=\"async\" width=\"500\" height=\"500\" src=\"https:\/\/foro-mundial.org\/web\/wp-content\/uploads\/2023\/06\/Conferencista-Lucina-Jimenez.png\" class=\"attachment-full size-full\" alt=\"\" srcset=\"https:\/\/foro-mundial.org\/web\/wp-content\/uploads\/2023\/06\/Conferencista-Lucina-Jimenez.png 500w, https:\/\/foro-mundial.org\/web\/wp-content\/uploads\/2023\/06\/Conferencista-Lucina-Jimenez-300x300.png 300w, https:\/\/foro-mundial.org\/web\/wp-content\/uploads\/2023\/06\/Conferencista-Lucina-Jimenez-150x150.png 150w\" sizes=\"(max-width: 500px) 100vw, 500px\" \/>                                                            <\/div>\n                        <\/div>\n                        <!-- col end-->\n                        <div class=\"col-lg-6\">\n                            <div class=\"ts-speaker-popup-content\">\n                                <h3 class=\"ts-title\"><a\n                                            href=\"https:\/\/foro-mundial.org\/web\/speaker\/dra-lucina-jimenez\/\"> Dra. Lucina Jim\u00e9nez <\/a>\n                                <\/h3>\n                                <span class=\"speakder-designation\"> Directora del Instituto Nacional de Bellas Artes y Literatura (INBAL)<\/span>\n                                \n                                    <img loading=\"lazy\" decoding=\"async\" width=\"150\" height=\"75\" src=\"https:\/\/foro-mundial.org\/web\/wp-content\/uploads\/2023\/06\/25.png\" class=\"company-logo\" alt=\"\" srcset=\"https:\/\/foro-mundial.org\/web\/wp-content\/uploads\/2023\/06\/25.png 360w, https:\/\/foro-mundial.org\/web\/wp-content\/uploads\/2023\/06\/25-300x151.png 300w\" sizes=\"(max-width: 150px) 100vw, 150px\" \/>                                                                <p>\n                                    <p>Doctora en Ciencias Antropol\u00f3gicas. Experta en pol\u00edtica cultural de la Comisi\u00f3n de Cultura de la organizaci\u00f3n mundial Ciudades y Gobiernos Locales Unidos (CGLU) para la Agenda 21 de la cultura. Miembro del Grupo de Expertos en Gobernanza para la Cultura y el Desarrollo de UNESCO, desde 2011. Miembro del Comit\u00e9 Cient\u00edfico de la Universidad Internacional de la Paz, Suiza. Premio Internazionale Universum Donna 2017. Premio \u00c1ngel de la Ciudad, 2018, por su contribuci\u00f3n a los derechos culturales. Fund\u00f3 y dirigi\u00f3, ConArte, organizaci\u00f3n que impulsa la educaci\u00f3n en artes y para la paz en escuelas p\u00fablicas y comunidades de alta marginalidad en v\u00ednculo con el desarrollo urbano, la seguridad ciudadana y la igualdad de g\u00e9nero. Como consultora internacional en cultura y desarrollo, pol\u00edticas art\u00edsticas y cultura de paz ha colaborado en m\u00e1s de 10 pa\u00edses y ciudades de Am\u00e9rica Latina, Europa y \u00c1frica. Fue Directora General del CentroNacional de las Artes y Directora T\u00e9cnica del Programa Cultural de las Fronteras, y de la Coordinaci\u00f3n Nacional de Descentralizaci\u00f3n del Consejo Nacional para la Cultura y las Artes (CONACULTA), hoy Secretar\u00eda de Cultura. Autora de Pol\u00edticas culturales en transici\u00f3n, Democracia cultural, Gesti\u00f3n cultural y lectura en tiempos de diversidad y Arte para la convivencia y educaci\u00f3n para la paz, entre otros.<\/p>                                <\/p>\n                                <div class=\"ts-speakers-social\">\n                                                                                                                        <a href=\"\" target=\"_blank\" rel=\"noreferrer\">\n                                               <i class=\"fa fa-youtube\"><\/i>                                               \n                                            <\/a>\n                                                                                    <a href=\"\" target=\"_blank\" rel=\"noreferrer\">\n                                               <i class=\"fa fa-file-pdf-o\"><\/i>                                               \n                                            <\/a>\n                                                                                    <a href=\"\" target=\"_blank\" rel=\"noreferrer\">\n                                               <i class=\"fa fa-play-circle-o\"><\/i>                                               \n                                            <\/a>\n                                                                                                            <\/div>\n                            <\/div>\n                            <!-- ts-speaker-popup-content end-->\n                        <\/div>\n                        <!-- col end-->\n                    <\/div>\n                    <!-- row end-->\n                <\/div>\n                <!-- popup end-->\n            <\/div>\n            <!-- ts-speaker end  -->\n        \n\n            \n            \n            \n\n        \t\t\t\t<\/div>\n\t\t\t\t<\/div>\n\t\t\t\t\t<\/div>\n\t\t<\/div>\n\t\t\t\t<div class=\"elementor-column elementor-col-25 elementor-inner-column elementor-element elementor-element-4888e1d\" data-id=\"4888e1d\" data-element_type=\"column\">\n\t\t\t<div class=\"elementor-widget-wrap elementor-element-populated\">\n\t\t\t\t\t\t<div class=\"elementor-element elementor-element-c7d43a9 elementor-widget elementor-widget-exhibz-speaker\" data-id=\"c7d43a9\" data-element_type=\"widget\" data-settings=\"{&quot;ekit_we_effect_on&quot;:&quot;none&quot;}\" data-widget_type=\"exhibz-speaker.default\">\n\t\t\t\t<div class=\"elementor-widget-container\">\n\t\t\t\t\t                        <div class=\"ts-speaker\" style=\"--speaker-color: #25cd44\">\n                <div class=\"speaker-img\">\n                                            <img loading=\"lazy\" decoding=\"async\" width=\"500\" height=\"500\" src=\"https:\/\/foro-mundial.org\/web\/wp-content\/uploads\/2023\/06\/Conferencista-Clarisa-Ruiz-Correal.png\" class=\"img-fluid\" alt=\"\" srcset=\"https:\/\/foro-mundial.org\/web\/wp-content\/uploads\/2023\/06\/Conferencista-Clarisa-Ruiz-Correal.png 500w, https:\/\/foro-mundial.org\/web\/wp-content\/uploads\/2023\/06\/Conferencista-Clarisa-Ruiz-Correal-300x300.png 300w, https:\/\/foro-mundial.org\/web\/wp-content\/uploads\/2023\/06\/Conferencista-Clarisa-Ruiz-Correal-150x150.png 150w\" sizes=\"(max-width: 500px) 100vw, 500px\" \/>                                        <a href=\"#popup_c7d43a910948\"\n                       class=\"view-speaker ts-image-popup\" data-effect=\"mfp-zoom-in\">\n                        <i class=\"icon icon-plus\"><\/i>\n                    <\/a>\n                <\/div>\n                <div class=\"ts-speaker-info\">\n                    <h3 class=\"ts-title\"><a\n                                href=\"https:\/\/foro-mundial.org\/web\/speaker\/clarisa-ruiz-correal\/\"> Clarisa Ruiz Correal <\/a>\n                    <\/h3>\n                    <p>\n                        Codirectora de la Fundaci\u00f3n Libre Lunar (Colombia)                    <\/p>\n                <\/div>\n                <!--- speaker info end -->\n                <!-- popup start-->\n                <div id=\"popup_c7d43a910948\"\n                     class=\"container ts-speaker-popup mfp-hide\">\n                    <div class=\"row\">\n                        <div class=\"col-lg-6\">\n                            <div class=\"ts-speaker-popup-img\">\n                                                                    <img loading=\"lazy\" decoding=\"async\" width=\"500\" height=\"500\" src=\"https:\/\/foro-mundial.org\/web\/wp-content\/uploads\/2023\/06\/Conferencista-Clarisa-Ruiz-Correal.png\" class=\"attachment-full size-full\" alt=\"\" srcset=\"https:\/\/foro-mundial.org\/web\/wp-content\/uploads\/2023\/06\/Conferencista-Clarisa-Ruiz-Correal.png 500w, https:\/\/foro-mundial.org\/web\/wp-content\/uploads\/2023\/06\/Conferencista-Clarisa-Ruiz-Correal-300x300.png 300w, https:\/\/foro-mundial.org\/web\/wp-content\/uploads\/2023\/06\/Conferencista-Clarisa-Ruiz-Correal-150x150.png 150w\" sizes=\"(max-width: 500px) 100vw, 500px\" \/>                                                            <\/div>\n                        <\/div>\n                        <!-- col end-->\n                        <div class=\"col-lg-6\">\n                            <div class=\"ts-speaker-popup-content\">\n                                <h3 class=\"ts-title\"><a\n                                            href=\"https:\/\/foro-mundial.org\/web\/speaker\/clarisa-ruiz-correal\/\"> Clarisa Ruiz Correal <\/a>\n                                <\/h3>\n                                <span class=\"speakder-designation\"> Codirectora de la Fundaci\u00f3n Libre Lunar (Colombia)<\/span>\n                                \n                                    <img loading=\"lazy\" decoding=\"async\" width=\"150\" height=\"75\" src=\"https:\/\/foro-mundial.org\/web\/wp-content\/uploads\/2023\/06\/25.png\" class=\"company-logo\" alt=\"\" srcset=\"https:\/\/foro-mundial.org\/web\/wp-content\/uploads\/2023\/06\/25.png 360w, https:\/\/foro-mundial.org\/web\/wp-content\/uploads\/2023\/06\/25-300x151.png 300w\" sizes=\"(max-width: 150px) 100vw, 150px\" \/>                                                                <p>\n                                    <p>Graduada en Filosof\u00eda de la Sorbona de Paris. Clarisa Ruiz Correal es una escritora y promotora de las artes y la cultura. Ha trabajado en diversas \u00e1reas del campo cultural, tanto en el sector p\u00fablico como en el privado. Fue subdirectora del Festival Iberoamericano de Teatro de Bogot\u00e1 y del Teatro Nacional, dirigi\u00f3 la Academia de Artes de Bogot\u00e1, dirigi\u00f3 el Teatro Col\u00f3n, fue Directora de Artes en el Ministerio de Cultura y Secretaria de Cultura y Deporte de Bogot\u00e1. A lo largo de toda su carrera ha trabajado en el fomento de la educaci\u00f3n art\u00edstica para todos.<br \/>Comenz\u00f3 a trabajar para los ni\u00f1os con Sylvia Moscovici en sus programas de Televisi\u00f3n y con Silvia Castrill\u00f3n quien fue su editora. Ha practicado la escritura a cuatro manos con Yolanda Reyes, con quien en los a\u00f1os 90 public\u00f3 cinco n\u00fameros de El Libro de los D\u00edas. Agenda para el colegio y las vacaciones, con las ilustraciones de Pedro Ruiz. Posteriormente escribi\u00f3 con Nathalie Leger-Cresson La Voz del Jaguar, en franc\u00e9s y espa\u00f1ol. Sus libros develan el gusto por la poes\u00eda, los juegos del lenguaje, las ra\u00edces y la diversidad cultural del pa\u00eds. Palabras que me gustan y El cartero enamorado han sido reeditados m\u00faltiples veces.<\/p>                                <\/p>\n                                <div class=\"ts-speakers-social\">\n                                                                                                                        <a href=\"\" target=\"_blank\" rel=\"noreferrer\">\n                                               <i class=\"fa fa-youtube\"><\/i>                                               \n                                            <\/a>\n                                                                                    <a href=\"\" target=\"_blank\" rel=\"noreferrer\">\n                                               <i class=\"fa fa-file-pdf-o\"><\/i>                                               \n                                            <\/a>\n                                                                                    <a href=\"\" target=\"_blank\" rel=\"noreferrer\">\n                                               <i class=\"fa fa-play-circle-o\"><\/i>                                               \n                                            <\/a>\n                                                                                                            <\/div>\n                            <\/div>\n                            <!-- ts-speaker-popup-content end-->\n                        <\/div>\n                        <!-- col end-->\n                    <\/div>\n                    <!-- row end-->\n                <\/div>\n                <!-- popup end-->\n            <\/div>\n            <!-- ts-speaker end  -->\n        \n\n            \n            \n            \n\n        \t\t\t\t<\/div>\n\t\t\t\t<\/div>\n\t\t\t\t\t<\/div>\n\t\t<\/div>\n\t\t\t\t<div class=\"elementor-column elementor-col-25 elementor-inner-column elementor-element elementor-element-9755ae3\" data-id=\"9755ae3\" data-element_type=\"column\">\n\t\t\t<div class=\"elementor-widget-wrap elementor-element-populated\">\n\t\t\t\t\t\t<div class=\"elementor-element elementor-element-3b83fed elementor-widget elementor-widget-exhibz-speaker\" data-id=\"3b83fed\" data-element_type=\"widget\" data-settings=\"{&quot;ekit_we_effect_on&quot;:&quot;none&quot;}\" data-widget_type=\"exhibz-speaker.default\">\n\t\t\t\t<div class=\"elementor-widget-container\">\n\t\t\t\t\t                        <div class=\"ts-speaker\" style=\"--speaker-color: #25cd44\">\n                <div class=\"speaker-img\">\n                                            <img loading=\"lazy\" decoding=\"async\" width=\"500\" height=\"500\" src=\"https:\/\/foro-mundial.org\/web\/wp-content\/uploads\/2023\/06\/Conferencista-Gemma-Carbo-Ribugent.png\" class=\"img-fluid\" alt=\"\" srcset=\"https:\/\/foro-mundial.org\/web\/wp-content\/uploads\/2023\/06\/Conferencista-Gemma-Carbo-Ribugent.png 500w, https:\/\/foro-mundial.org\/web\/wp-content\/uploads\/2023\/06\/Conferencista-Gemma-Carbo-Ribugent-300x300.png 300w, https:\/\/foro-mundial.org\/web\/wp-content\/uploads\/2023\/06\/Conferencista-Gemma-Carbo-Ribugent-150x150.png 150w\" sizes=\"(max-width: 500px) 100vw, 500px\" \/>                                        <a href=\"#popup_3b83fed10951\"\n                       class=\"view-speaker ts-image-popup\" data-effect=\"mfp-zoom-in\">\n                        <i class=\"icon icon-plus\"><\/i>\n                    <\/a>\n                <\/div>\n                <div class=\"ts-speaker-info\">\n                    <h3 class=\"ts-title\"><a\n                                href=\"https:\/\/foro-mundial.org\/web\/speaker\/gemma-carbo-ribugent\/\"> Gemma Carb\u00f3 Ribugent <\/a>\n                    <\/h3>\n                    <p>\n                        Directora del Museo de la Vida Rural- Fundaci\u00f3n Carullay Presidenta de Interarts                    <\/p>\n                <\/div>\n                <!--- speaker info end -->\n                <!-- popup start-->\n                <div id=\"popup_3b83fed10951\"\n                     class=\"container ts-speaker-popup mfp-hide\">\n                    <div class=\"row\">\n                        <div class=\"col-lg-6\">\n                            <div class=\"ts-speaker-popup-img\">\n                                                                    <img loading=\"lazy\" decoding=\"async\" width=\"500\" height=\"500\" src=\"https:\/\/foro-mundial.org\/web\/wp-content\/uploads\/2023\/06\/Conferencista-Gemma-Carbo-Ribugent.png\" class=\"attachment-full size-full\" alt=\"\" srcset=\"https:\/\/foro-mundial.org\/web\/wp-content\/uploads\/2023\/06\/Conferencista-Gemma-Carbo-Ribugent.png 500w, https:\/\/foro-mundial.org\/web\/wp-content\/uploads\/2023\/06\/Conferencista-Gemma-Carbo-Ribugent-300x300.png 300w, https:\/\/foro-mundial.org\/web\/wp-content\/uploads\/2023\/06\/Conferencista-Gemma-Carbo-Ribugent-150x150.png 150w\" sizes=\"(max-width: 500px) 100vw, 500px\" \/>                                                            <\/div>\n                        <\/div>\n                        <!-- col end-->\n                        <div class=\"col-lg-6\">\n                            <div class=\"ts-speaker-popup-content\">\n                                <h3 class=\"ts-title\"><a\n                                            href=\"https:\/\/foro-mundial.org\/web\/speaker\/gemma-carbo-ribugent\/\"> Gemma Carb\u00f3 Ribugent <\/a>\n                                <\/h3>\n                                <span class=\"speakder-designation\"> Directora del Museo de la Vida Rural- Fundaci\u00f3n Carullay Presidenta de Interarts<\/span>\n                                \n                                    <img loading=\"lazy\" decoding=\"async\" width=\"150\" height=\"75\" src=\"https:\/\/foro-mundial.org\/web\/wp-content\/uploads\/2023\/06\/25.png\" class=\"company-logo\" alt=\"\" srcset=\"https:\/\/foro-mundial.org\/web\/wp-content\/uploads\/2023\/06\/25.png 360w, https:\/\/foro-mundial.org\/web\/wp-content\/uploads\/2023\/06\/25-300x151.png 300w\" sizes=\"(max-width: 150px) 100vw, 150px\" \/>                                                                <p>\n                                    <p>Gemma Carb\u00f3 Ribugent (Espa\u00f1a), directora del Museu Vida Rural de la Fundaci\u00f3n Carulla (L\u2019Espluga de Francol\u00ed, Tarragona) y presidenta de INTERARTS. Es Gestora cultural y Doctora en Ciencias de la Educaci\u00f3n, especializada en el \u00e1mbito de las pol\u00edticas culturales y educativas. Dirigi\u00f3 la C\u00e1tedra UNESCO de Pol\u00edticas Culturales y Cooperaci\u00f3n en la Universidad de Girona y es profesora de gesti\u00f3n y mediaci\u00f3n cultural en distintos programas universitarios latinoamericanos. Interesada desde siempre en las conexiones entre el mundo de la cultura, la educaci\u00f3n y la sostenibilidad. Preside la Fundaci\u00f3n Interarts, que trabaja en clave de cooperaci\u00f3n cultural internacional y, de la Asociaci\u00f3n ConArte Internacional para las artes en la educaci\u00f3n.<\/p>                                <\/p>\n                                <div class=\"ts-speakers-social\">\n                                                                                                                        <a href=\"\" target=\"_blank\" rel=\"noreferrer\">\n                                               <i class=\"fa fa-youtube\"><\/i>                                               \n                                            <\/a>\n                                                                                    <a href=\"\" target=\"_blank\" rel=\"noreferrer\">\n                                               <i class=\"fa fa-file-pdf-o\"><\/i>                                               \n                                            <\/a>\n                                                                                    <a href=\"\" target=\"_blank\" rel=\"noreferrer\">\n                                               <i class=\"fa fa-play-circle\"><\/i>                                               \n                                            <\/a>\n                                                                                                            <\/div>\n                            <\/div>\n                            <!-- ts-speaker-popup-content end-->\n                        <\/div>\n                        <!-- col end-->\n                    <\/div>\n                    <!-- row end-->\n                <\/div>\n                <!-- popup end-->\n            <\/div>\n            <!-- ts-speaker end  -->\n        \n\n            \n            \n            \n\n        \t\t\t\t<\/div>\n\t\t\t\t<\/div>\n\t\t\t\t\t<\/div>\n\t\t<\/div>\n\t\t\t\t<div class=\"elementor-column elementor-col-25 elementor-inner-column elementor-element elementor-element-02fee95\" data-id=\"02fee95\" data-element_type=\"column\">\n\t\t\t<div class=\"elementor-widget-wrap elementor-element-populated\">\n\t\t\t\t\t\t<div class=\"elementor-element elementor-element-5c22b6c elementor-widget elementor-widget-exhibz-speaker\" data-id=\"5c22b6c\" data-element_type=\"widget\" data-settings=\"{&quot;ekit_we_effect_on&quot;:&quot;none&quot;}\" data-widget_type=\"exhibz-speaker.default\">\n\t\t\t\t<div class=\"elementor-widget-container\">\n\t\t\t\t\t                        <div class=\"ts-speaker\" style=\"--speaker-color: #25cd44\">\n                <div class=\"speaker-img\">\n                                            <img loading=\"lazy\" decoding=\"async\" width=\"500\" height=\"500\" src=\"https:\/\/foro-mundial.org\/web\/wp-content\/uploads\/2023\/06\/Conferencista-Jordi-AlbaredaUreta.png\" class=\"img-fluid\" alt=\"\" srcset=\"https:\/\/foro-mundial.org\/web\/wp-content\/uploads\/2023\/06\/Conferencista-Jordi-AlbaredaUreta.png 500w, https:\/\/foro-mundial.org\/web\/wp-content\/uploads\/2023\/06\/Conferencista-Jordi-AlbaredaUreta-300x300.png 300w, https:\/\/foro-mundial.org\/web\/wp-content\/uploads\/2023\/06\/Conferencista-Jordi-AlbaredaUreta-150x150.png 150w\" sizes=\"(max-width: 500px) 100vw, 500px\" \/>                                        <a href=\"#popup_5c22b6c10954\"\n                       class=\"view-speaker ts-image-popup\" data-effect=\"mfp-zoom-in\">\n                        <i class=\"icon icon-plus\"><\/i>\n                    <\/a>\n                <\/div>\n                <div class=\"ts-speaker-info\">\n                    <h3 class=\"ts-title\"><a\n                                href=\"https:\/\/foro-mundial.org\/web\/speaker\/jordi-albaredaureta\/\"> Jordi AlbaredaUreta <\/a>\n                    <\/h3>\n                    <p>\n                        Fundador de la iniciativa Fair Saturday                     <\/p>\n                <\/div>\n                <!--- speaker info end -->\n                <!-- popup start-->\n                <div id=\"popup_5c22b6c10954\"\n                     class=\"container ts-speaker-popup mfp-hide\">\n                    <div class=\"row\">\n                        <div class=\"col-lg-6\">\n                            <div class=\"ts-speaker-popup-img\">\n                                                                    <img loading=\"lazy\" decoding=\"async\" width=\"500\" height=\"500\" src=\"https:\/\/foro-mundial.org\/web\/wp-content\/uploads\/2023\/06\/Conferencista-Jordi-AlbaredaUreta.png\" class=\"attachment-full size-full\" alt=\"\" srcset=\"https:\/\/foro-mundial.org\/web\/wp-content\/uploads\/2023\/06\/Conferencista-Jordi-AlbaredaUreta.png 500w, https:\/\/foro-mundial.org\/web\/wp-content\/uploads\/2023\/06\/Conferencista-Jordi-AlbaredaUreta-300x300.png 300w, https:\/\/foro-mundial.org\/web\/wp-content\/uploads\/2023\/06\/Conferencista-Jordi-AlbaredaUreta-150x150.png 150w\" sizes=\"(max-width: 500px) 100vw, 500px\" \/>                                                            <\/div>\n                        <\/div>\n                        <!-- col end-->\n                        <div class=\"col-lg-6\">\n                            <div class=\"ts-speaker-popup-content\">\n                                <h3 class=\"ts-title\"><a\n                                            href=\"https:\/\/foro-mundial.org\/web\/speaker\/jordi-albaredaureta\/\"> Jordi AlbaredaUreta <\/a>\n                                <\/h3>\n                                <span class=\"speakder-designation\"> Fundador de la iniciativa Fair Saturday <\/span>\n                                \n                                    <img loading=\"lazy\" decoding=\"async\" width=\"150\" height=\"75\" src=\"https:\/\/foro-mundial.org\/web\/wp-content\/uploads\/2023\/06\/25.png\" class=\"company-logo\" alt=\"\" srcset=\"https:\/\/foro-mundial.org\/web\/wp-content\/uploads\/2023\/06\/25.png 360w, https:\/\/foro-mundial.org\/web\/wp-content\/uploads\/2023\/06\/25-300x151.png 300w\" sizes=\"(max-width: 150px) 100vw, 150px\" \/>                                                                <p>\n                                    <p>Jordi es Licenciado en Direcci\u00f3n y Administraci\u00f3n de empresas por Deusto Business School. Profesor de Marketing y Ventas en grado de DBS. Profesor de Innovaci\u00f3n estrat\u00e9gica en el Executive MBA de DBS. Asesor y consejero de diversas empresas. Entre su experiencia profesional destaca su experiencia en auditor\u00eda, consultor de estrategia en McKinsey&amp;Company y miembro del comit\u00e9 de direcci\u00f3n de Leroy Merlin Espa\u00f1a, desempe\u00f1ando funciones de direcci\u00f3n territorial. Actualmente emprendedor en diversas iniciativas relacionadas con las nuevas tecnolog\u00edas y la innovaci\u00f3n social. Fundador del movimiento cultural con impacto social \u201cFair Saturday\u201d. Presidente de la Fundaci\u00f3n RAIS Euskadi. Miembro de la Junta Directiva de la Sociedad Coral de Bilbao. Fundador de la Coral San Antonio de Iralabarri. Colaborador en diferentes medios de comunicaci\u00f3n. Reciente premio Novia Salcedo 2016 en la categor\u00eda de personas, entregado por SM el Rey Felipe VI.<\/p>                                <\/p>\n                                <div class=\"ts-speakers-social\">\n                                                                                                                        <a href=\"\" target=\"_blank\" rel=\"noreferrer\">\n                                               <i class=\"fa fa-youtube\"><\/i>                                               \n                                            <\/a>\n                                                                                    <a href=\"\" target=\"_blank\" rel=\"noreferrer\">\n                                               <i class=\"fa fa-file-pdf-o\"><\/i>                                               \n                                            <\/a>\n                                                                                    <a href=\"\" target=\"_blank\" rel=\"noreferrer\">\n                                               <i class=\"fa fa-play-circle-o\"><\/i>                                               \n                                            <\/a>\n                                                                                                            <\/div>\n                            <\/div>\n                            <!-- ts-speaker-popup-content end-->\n                        <\/div>\n                        <!-- col end-->\n                    <\/div>\n                    <!-- row end-->\n                <\/div>\n                <!-- popup end-->\n            <\/div>\n            <!-- ts-speaker end  -->\n        \n\n            \n            \n            \n\n        \t\t\t\t<\/div>\n\t\t\t\t<\/div>\n\t\t\t\t\t<\/div>\n\t\t<\/div>\n\t\t\t\t\t<\/div>\n\t\t<\/section>\n\t\t\t\t<section class=\"elementor-section elementor-inner-section elementor-element elementor-element-ea1a081 elementor-section-boxed elementor-section-height-default elementor-section-height-default elementor-invisible\" data-id=\"ea1a081\" data-element_type=\"section\" data-settings=\"{&quot;animation&quot;:&quot;slideInUp&quot;,&quot;animation_delay&quot;:&quot;450&quot;}\">\n\t\t\t\t\t\t<div class=\"elementor-container elementor-column-gap-default\">\n\t\t\t\t\t<div class=\"elementor-column elementor-col-25 elementor-inner-column elementor-element elementor-element-9fcabf6\" data-id=\"9fcabf6\" data-element_type=\"column\">\n\t\t\t<div class=\"elementor-widget-wrap elementor-element-populated\">\n\t\t\t\t\t\t<div class=\"elementor-element elementor-element-6506982 elementor-widget elementor-widget-exhibz-speaker\" data-id=\"6506982\" data-element_type=\"widget\" data-settings=\"{&quot;ekit_we_effect_on&quot;:&quot;none&quot;}\" data-widget_type=\"exhibz-speaker.default\">\n\t\t\t\t<div class=\"elementor-widget-container\">\n\t\t\t\t\t                        <div class=\"ts-speaker\" style=\"--speaker-color: #25cd44\">\n                <div class=\"speaker-img\">\n                                            <img loading=\"lazy\" decoding=\"async\" width=\"500\" height=\"500\" src=\"https:\/\/foro-mundial.org\/web\/wp-content\/uploads\/2023\/06\/Conferencista-Amparo-Sard-.png\" class=\"img-fluid\" alt=\"\" srcset=\"https:\/\/foro-mundial.org\/web\/wp-content\/uploads\/2023\/06\/Conferencista-Amparo-Sard-.png 500w, https:\/\/foro-mundial.org\/web\/wp-content\/uploads\/2023\/06\/Conferencista-Amparo-Sard--300x300.png 300w, https:\/\/foro-mundial.org\/web\/wp-content\/uploads\/2023\/06\/Conferencista-Amparo-Sard--150x150.png 150w\" sizes=\"(max-width: 500px) 100vw, 500px\" \/>                                        <a href=\"#popup_650698210960\"\n                       class=\"view-speaker ts-image-popup\" data-effect=\"mfp-zoom-in\">\n                        <i class=\"icon icon-plus\"><\/i>\n                    <\/a>\n                <\/div>\n                <div class=\"ts-speaker-info\">\n                    <h3 class=\"ts-title\"><a\n                                href=\"https:\/\/foro-mundial.org\/web\/speaker\/dra-amparo-sard\/\"> Dra. Amparo Sard <\/a>\n                    <\/h3>\n                    <p>\n                        Profesora de Bellas Artes en la Universidad de Barcelona                     <\/p>\n                <\/div>\n                <!--- speaker info end -->\n                <!-- popup start-->\n                <div id=\"popup_650698210960\"\n                     class=\"container ts-speaker-popup mfp-hide\">\n                    <div class=\"row\">\n                        <div class=\"col-lg-6\">\n                            <div class=\"ts-speaker-popup-img\">\n                                                                    <img loading=\"lazy\" decoding=\"async\" width=\"500\" height=\"500\" src=\"https:\/\/foro-mundial.org\/web\/wp-content\/uploads\/2023\/06\/Conferencista-Amparo-Sard-.png\" class=\"attachment-full size-full\" alt=\"\" srcset=\"https:\/\/foro-mundial.org\/web\/wp-content\/uploads\/2023\/06\/Conferencista-Amparo-Sard-.png 500w, https:\/\/foro-mundial.org\/web\/wp-content\/uploads\/2023\/06\/Conferencista-Amparo-Sard--300x300.png 300w, https:\/\/foro-mundial.org\/web\/wp-content\/uploads\/2023\/06\/Conferencista-Amparo-Sard--150x150.png 150w\" sizes=\"(max-width: 500px) 100vw, 500px\" \/>                                                            <\/div>\n                        <\/div>\n                        <!-- col end-->\n                        <div class=\"col-lg-6\">\n                            <div class=\"ts-speaker-popup-content\">\n                                <h3 class=\"ts-title\"><a\n                                            href=\"https:\/\/foro-mundial.org\/web\/speaker\/dra-amparo-sard\/\"> Dra. Amparo Sard <\/a>\n                                <\/h3>\n                                <span class=\"speakder-designation\"> Profesora de Bellas Artes en la Universidad de Barcelona <\/span>\n                                \n                                    <img loading=\"lazy\" decoding=\"async\" width=\"150\" height=\"75\" src=\"https:\/\/foro-mundial.org\/web\/wp-content\/uploads\/2023\/06\/25.png\" class=\"company-logo\" alt=\"\" srcset=\"https:\/\/foro-mundial.org\/web\/wp-content\/uploads\/2023\/06\/25.png 360w, https:\/\/foro-mundial.org\/web\/wp-content\/uploads\/2023\/06\/25-300x151.png 300w\" sizes=\"(max-width: 150px) 100vw, 150px\" \/>                                                                <p>\n                                    <p>La profesora Amparo Sard, del Departamento de Artes Visuales y Dise\u00f1o de la Facultad de Bellas Artes Amparo Sard recibi\u00f3 en el 2022 el Premio Cultura del Diario de Mallorca. Docente en la UB desde hace m\u00e1s de veinte a\u00f1os, tiene un m\u00e1ster en Art in Media Studies de la Universidad New School de Nueva York. Ha sido galardonada, entre otros reconocimientos, con el Deutsche Bank Internacional en Berl\u00edn, la Medalla de Oro del Gobierno italiano por su carrera, y ha sido seleccionada una de los 25 mejores artistas del mundo en 2018 por la LXRY LIST de Holanda. Amparo Sard ha expuesto individualmente en varios museos nacionales e internacionales como el Museo de Arte Contempor\u00e1neo de Roma, el Conde Duque de Madrid o el Tenerife Espacio de las Artes, entre otros. Vive y trabaja entre Barcelona y Palma de Mallorca.<\/p>                                <\/p>\n                                <div class=\"ts-speakers-social\">\n                                                                                                                        <a href=\"\" target=\"_blank\" rel=\"noreferrer\">\n                                               <i class=\"fa fa-youtube\"><\/i>                                               \n                                            <\/a>\n                                                                                    <a href=\"\" target=\"_blank\" rel=\"noreferrer\">\n                                               <i class=\"fa fa-file-pdf-o\"><\/i>                                               \n                                            <\/a>\n                                                                                    <a href=\"\" target=\"_blank\" rel=\"noreferrer\">\n                                               <i class=\"fa fa-play-circle-o\"><\/i>                                               \n                                            <\/a>\n                                                                                                            <\/div>\n                            <\/div>\n                            <!-- ts-speaker-popup-content end-->\n                        <\/div>\n                        <!-- col end-->\n                    <\/div>\n                    <!-- row end-->\n                <\/div>\n                <!-- popup end-->\n            <\/div>\n            <!-- ts-speaker end  -->\n        \n\n            \n            \n            \n\n        \t\t\t\t<\/div>\n\t\t\t\t<\/div>\n\t\t\t\t\t<\/div>\n\t\t<\/div>\n\t\t\t\t<div class=\"elementor-column elementor-col-25 elementor-inner-column elementor-element elementor-element-6238073\" data-id=\"6238073\" data-element_type=\"column\">\n\t\t\t<div class=\"elementor-widget-wrap elementor-element-populated\">\n\t\t\t\t\t\t<div class=\"elementor-element elementor-element-87cd710 elementor-widget elementor-widget-exhibz-speaker\" data-id=\"87cd710\" data-element_type=\"widget\" data-settings=\"{&quot;ekit_we_effect_on&quot;:&quot;none&quot;}\" data-widget_type=\"exhibz-speaker.default\">\n\t\t\t\t<div class=\"elementor-widget-container\">\n\t\t\t\t\t                        <div class=\"ts-speaker\" style=\"--speaker-color: #25cd44\">\n                <div class=\"speaker-img\">\n                                            <img loading=\"lazy\" decoding=\"async\" width=\"500\" height=\"500\" src=\"https:\/\/foro-mundial.org\/web\/wp-content\/uploads\/2023\/06\/Conferencista-Gonzalo-Diego-Rosas-Zelaya-.png\" class=\"img-fluid\" alt=\"\" srcset=\"https:\/\/foro-mundial.org\/web\/wp-content\/uploads\/2023\/06\/Conferencista-Gonzalo-Diego-Rosas-Zelaya-.png 500w, https:\/\/foro-mundial.org\/web\/wp-content\/uploads\/2023\/06\/Conferencista-Gonzalo-Diego-Rosas-Zelaya--300x300.png 300w, https:\/\/foro-mundial.org\/web\/wp-content\/uploads\/2023\/06\/Conferencista-Gonzalo-Diego-Rosas-Zelaya--150x150.png 150w\" sizes=\"(max-width: 500px) 100vw, 500px\" \/>                                        <a href=\"#popup_87cd71010957\"\n                       class=\"view-speaker ts-image-popup\" data-effect=\"mfp-zoom-in\">\n                        <i class=\"icon icon-plus\"><\/i>\n                    <\/a>\n                <\/div>\n                <div class=\"ts-speaker-info\">\n                    <h3 class=\"ts-title\"><a\n                                href=\"https:\/\/foro-mundial.org\/web\/speaker\/gonzalo-diego-rosas-zelaya\/\"> Gonzalo Diego Rosas Zelaya <\/a>\n                    <\/h3>\n                    <p>\n                        Directos General de Obras Naturales                    <\/p>\n                <\/div>\n                <!--- speaker info end -->\n                <!-- popup start-->\n                <div id=\"popup_87cd71010957\"\n                     class=\"container ts-speaker-popup mfp-hide\">\n                    <div class=\"row\">\n                        <div class=\"col-lg-6\">\n                            <div class=\"ts-speaker-popup-img\">\n                                                                    <img loading=\"lazy\" decoding=\"async\" width=\"500\" height=\"500\" src=\"https:\/\/foro-mundial.org\/web\/wp-content\/uploads\/2023\/06\/Conferencista-Gonzalo-Diego-Rosas-Zelaya-.png\" class=\"attachment-full size-full\" alt=\"\" srcset=\"https:\/\/foro-mundial.org\/web\/wp-content\/uploads\/2023\/06\/Conferencista-Gonzalo-Diego-Rosas-Zelaya-.png 500w, https:\/\/foro-mundial.org\/web\/wp-content\/uploads\/2023\/06\/Conferencista-Gonzalo-Diego-Rosas-Zelaya--300x300.png 300w, https:\/\/foro-mundial.org\/web\/wp-content\/uploads\/2023\/06\/Conferencista-Gonzalo-Diego-Rosas-Zelaya--150x150.png 150w\" sizes=\"(max-width: 500px) 100vw, 500px\" \/>                                                            <\/div>\n                        <\/div>\n                        <!-- col end-->\n                        <div class=\"col-lg-6\">\n                            <div class=\"ts-speaker-popup-content\">\n                                <h3 class=\"ts-title\"><a\n                                            href=\"https:\/\/foro-mundial.org\/web\/speaker\/gonzalo-diego-rosas-zelaya\/\"> Gonzalo Diego Rosas Zelaya <\/a>\n                                <\/h3>\n                                <span class=\"speakder-designation\"> Directos General de Obras Naturales<\/span>\n                                \n                                    <img loading=\"lazy\" decoding=\"async\" width=\"150\" height=\"75\" src=\"https:\/\/foro-mundial.org\/web\/wp-content\/uploads\/2023\/06\/25.png\" class=\"company-logo\" alt=\"\" srcset=\"https:\/\/foro-mundial.org\/web\/wp-content\/uploads\/2023\/06\/25.png 360w, https:\/\/foro-mundial.org\/web\/wp-content\/uploads\/2023\/06\/25-300x151.png 300w\" sizes=\"(max-width: 150px) 100vw, 150px\" \/>                                                                <p>\n                                    <p>Gonzalo es un artista multidisciplinario, radicado desde el 2013 en Villarrica, Regi\u00f3n de La Araucan\u00eda, donde trabaja en proyectos vinculados a la educaci\u00f3n e impartiendo clases de m\u00fasica. Desde su ni\u00f1ez ha sido atra\u00eddo por el arte en sus diversas expresiones, pero desde el 2002 ha estado trabajando de manera paralela desde la m\u00fasica, las artes visuales y la poes\u00eda, en la fuerte e intencionada b\u00fasqueda y desarrollo de un lenguaje propio.Fundador de Obras Naturales, corporaci\u00f3n cultural sin fines de lucro de la IX regi\u00f3n que desarrolla proyectos educativos y comunicacionales que contribuyen en la regeneraci\u00f3n de los ecosistemas afectivos con el territorio natural, utilizando el arte como herramienta para el desarrollo humano y de la apreciaci\u00f3n del patrimonio natural y cultural a trav\u00e9s de la visibilizaci\u00f3n de obras de arte inspiradas en el territorio natural chileno.<\/p>                                <\/p>\n                                <div class=\"ts-speakers-social\">\n                                                                                                                        <a href=\"\" target=\"_blank\" rel=\"noreferrer\">\n                                               <i class=\"fa fa-youtube\"><\/i>                                               \n                                            <\/a>\n                                                                                    <a href=\"\" target=\"_blank\" rel=\"noreferrer\">\n                                               <i class=\"fa fa-file-pdf-o\"><\/i>                                               \n                                            <\/a>\n                                                                                    <a href=\"\" target=\"_blank\" rel=\"noreferrer\">\n                                               <i class=\"fa fa-play-circle-o\"><\/i>                                               \n                                            <\/a>\n                                                                                                            <\/div>\n                            <\/div>\n                            <!-- ts-speaker-popup-content end-->\n                        <\/div>\n                        <!-- col end-->\n                    <\/div>\n                    <!-- row end-->\n                <\/div>\n                <!-- popup end-->\n            <\/div>\n            <!-- ts-speaker end  -->\n        \n\n            \n            \n            \n\n        \t\t\t\t<\/div>\n\t\t\t\t<\/div>\n\t\t\t\t\t<\/div>\n\t\t<\/div>\n\t\t\t\t<div class=\"elementor-column elementor-col-25 elementor-inner-column elementor-element elementor-element-a3abe08\" data-id=\"a3abe08\" data-element_type=\"column\">\n\t\t\t<div class=\"elementor-widget-wrap elementor-element-populated\">\n\t\t\t\t\t\t<div class=\"elementor-element elementor-element-c12193c elementor-widget elementor-widget-exhibz-speaker\" data-id=\"c12193c\" data-element_type=\"widget\" data-settings=\"{&quot;ekit_we_effect_on&quot;:&quot;none&quot;}\" data-widget_type=\"exhibz-speaker.default\">\n\t\t\t\t<div class=\"elementor-widget-container\">\n\t\t\t\t\t                        <div class=\"ts-speaker\" style=\"--speaker-color: #25cd44\">\n                <div class=\"speaker-img\">\n                                            <img loading=\"lazy\" decoding=\"async\" width=\"500\" height=\"500\" src=\"https:\/\/foro-mundial.org\/web\/wp-content\/uploads\/2023\/06\/Conferencista-Jaime-Buhigas-Tallon-.png\" class=\"img-fluid\" alt=\"\" srcset=\"https:\/\/foro-mundial.org\/web\/wp-content\/uploads\/2023\/06\/Conferencista-Jaime-Buhigas-Tallon-.png 500w, https:\/\/foro-mundial.org\/web\/wp-content\/uploads\/2023\/06\/Conferencista-Jaime-Buhigas-Tallon--300x300.png 300w, https:\/\/foro-mundial.org\/web\/wp-content\/uploads\/2023\/06\/Conferencista-Jaime-Buhigas-Tallon--150x150.png 150w\" sizes=\"(max-width: 500px) 100vw, 500px\" \/>                                        <a href=\"#popup_c12193c10963\"\n                       class=\"view-speaker ts-image-popup\" data-effect=\"mfp-zoom-in\">\n                        <i class=\"icon icon-plus\"><\/i>\n                    <\/a>\n                <\/div>\n                <div class=\"ts-speaker-info\">\n                    <h3 class=\"ts-title\"><a\n                                href=\"https:\/\/foro-mundial.org\/web\/speaker\/jaime-buhigas-tallon\/\"> Jaime Buhigas Tall\u00f3n <\/a>\n                    <\/h3>\n                    <p>\n                        Arquitecto, dibujante, ilustrador, Escen\u00f3grafo                    <\/p>\n                <\/div>\n                <!--- speaker info end -->\n                <!-- popup start-->\n                <div id=\"popup_c12193c10963\"\n                     class=\"container ts-speaker-popup mfp-hide\">\n                    <div class=\"row\">\n                        <div class=\"col-lg-6\">\n                            <div class=\"ts-speaker-popup-img\">\n                                                                    <img loading=\"lazy\" decoding=\"async\" width=\"500\" height=\"500\" src=\"https:\/\/foro-mundial.org\/web\/wp-content\/uploads\/2023\/06\/Conferencista-Jaime-Buhigas-Tallon-.png\" class=\"attachment-full size-full\" alt=\"\" srcset=\"https:\/\/foro-mundial.org\/web\/wp-content\/uploads\/2023\/06\/Conferencista-Jaime-Buhigas-Tallon-.png 500w, https:\/\/foro-mundial.org\/web\/wp-content\/uploads\/2023\/06\/Conferencista-Jaime-Buhigas-Tallon--300x300.png 300w, https:\/\/foro-mundial.org\/web\/wp-content\/uploads\/2023\/06\/Conferencista-Jaime-Buhigas-Tallon--150x150.png 150w\" sizes=\"(max-width: 500px) 100vw, 500px\" \/>                                                            <\/div>\n                        <\/div>\n                        <!-- col end-->\n                        <div class=\"col-lg-6\">\n                            <div class=\"ts-speaker-popup-content\">\n                                <h3 class=\"ts-title\"><a\n                                            href=\"https:\/\/foro-mundial.org\/web\/speaker\/jaime-buhigas-tallon\/\"> Jaime Buhigas Tall\u00f3n <\/a>\n                                <\/h3>\n                                <span class=\"speakder-designation\"> Arquitecto, dibujante, ilustrador, Escen\u00f3grafo<\/span>\n                                \n                                    <img loading=\"lazy\" decoding=\"async\" width=\"150\" height=\"75\" src=\"https:\/\/foro-mundial.org\/web\/wp-content\/uploads\/2023\/06\/25.png\" class=\"company-logo\" alt=\"\" srcset=\"https:\/\/foro-mundial.org\/web\/wp-content\/uploads\/2023\/06\/25.png 360w, https:\/\/foro-mundial.org\/web\/wp-content\/uploads\/2023\/06\/25-300x151.png 300w\" sizes=\"(max-width: 150px) 100vw, 150px\" \/>                                                                <p>\n                                    <p>Jaime Buhigas Tallon es el tercero de cuatro hermanos varones. De su padre ha heredado la vocaci\u00f3n docente, el instinto teatral y la sangre asturiana. De su madre, la destreza manual, el ingenio improvisado y la sangre francesa. Tras estudiar arquitectura en Madrid, gan\u00f3 una beca Fulbright con la que se form\u00f3 como director de escena en Chicago (Illinois). Investigador de la Geometr\u00eda Sagrada, est\u00e1 especializado en la secci\u00f3n \u00e1urea y la simbolog\u00eda pitag\u00f3rica. Como profesor, imparte cursos relacionados con el teatro, mitolog\u00eda comparada, simbolog\u00eda geom\u00e9trica, dibujo y creatividad. Como artista es director de varias compa\u00f1\u00edas de teatro, dibujante, ilustrador y escritor de numerosos textos dram\u00e1ticos, entre los que destacamos el libreto de la \u00f3pera Altisidora. Es fundador del movimiento de renovaci\u00f3n pedag\u00f3gica \u00abAprendemos todos: por una educaci\u00f3n mejor\u00bb. Es adicto a los Caminos de Santiago y cree profundamente que el mundo es de los viandantes y por eso no sabe conducir. Cumpli\u00f3 33 a\u00f1os en Jerusal\u00e9n y 44 en Etiop\u00eda. Detesta las fiestas sorpresa y los pantalones vaqueros. Adora los mapas y si volviera a nacer se har\u00eda, sin lugar a dudas, m\u00fasico. Sus h\u00e9roes, al igual que \u00e9l, tienen la nariz grande: Don Quijote, Cyrano de Bergerac y la Madre Teresa de Calcuta. En La Esfera tambi\u00e9n ha publicado, con gran \u00e9xito: La divina geometr\u00eda y Laberintos.<\/p>                                <\/p>\n                                <div class=\"ts-speakers-social\">\n                                                                                                                        <a href=\"\" target=\"_blank\" rel=\"noreferrer\">\n                                               <i class=\"fa fa-youtube\"><\/i>                                               \n                                            <\/a>\n                                                                                    <a href=\"\" target=\"_blank\" rel=\"noreferrer\">\n                                               <i class=\"fa fa-file-pdf-o\"><\/i>                                               \n                                            <\/a>\n                                                                                    <a href=\"\" target=\"_blank\" rel=\"noreferrer\">\n                                               <i class=\"fa fa-play-circle-o\"><\/i>                                               \n                                            <\/a>\n                                                                                                            <\/div>\n                            <\/div>\n                            <!-- ts-speaker-popup-content end-->\n                        <\/div>\n                        <!-- col end-->\n                    <\/div>\n                    <!-- row end-->\n                <\/div>\n                <!-- popup end-->\n            <\/div>\n            <!-- ts-speaker end  -->\n        \n\n            \n            \n            \n\n        \t\t\t\t<\/div>\n\t\t\t\t<\/div>\n\t\t\t\t\t<\/div>\n\t\t<\/div>\n\t\t\t\t<div class=\"elementor-column elementor-col-25 elementor-inner-column elementor-element elementor-element-310308a\" data-id=\"310308a\" data-element_type=\"column\">\n\t\t\t<div class=\"elementor-widget-wrap elementor-element-populated\">\n\t\t\t\t\t\t<div class=\"elementor-element elementor-element-b3a7448 elementor-widget elementor-widget-exhibz-speaker\" data-id=\"b3a7448\" data-element_type=\"widget\" data-settings=\"{&quot;ekit_we_effect_on&quot;:&quot;none&quot;}\" data-widget_type=\"exhibz-speaker.default\">\n\t\t\t\t<div class=\"elementor-widget-container\">\n\t\t\t\t\t                        <div class=\"ts-speaker\" style=\"--speaker-color: #25cd44\">\n                <div class=\"speaker-img\">\n                                            <img loading=\"lazy\" decoding=\"async\" width=\"500\" height=\"500\" src=\"https:\/\/foro-mundial.org\/web\/wp-content\/uploads\/2023\/06\/Conferencista-Catalina-Delmiro-Estrada.png\" class=\"img-fluid\" alt=\"\" srcset=\"https:\/\/foro-mundial.org\/web\/wp-content\/uploads\/2023\/06\/Conferencista-Catalina-Delmiro-Estrada.png 500w, https:\/\/foro-mundial.org\/web\/wp-content\/uploads\/2023\/06\/Conferencista-Catalina-Delmiro-Estrada-300x300.png 300w, https:\/\/foro-mundial.org\/web\/wp-content\/uploads\/2023\/06\/Conferencista-Catalina-Delmiro-Estrada-150x150.png 150w\" sizes=\"(max-width: 500px) 100vw, 500px\" \/>                                        <a href=\"#popup_b3a744810969\"\n                       class=\"view-speaker ts-image-popup\" data-effect=\"mfp-zoom-in\">\n                        <i class=\"icon icon-plus\"><\/i>\n                    <\/a>\n                <\/div>\n                <div class=\"ts-speaker-info\">\n                    <h3 class=\"ts-title\"><a\n                                href=\"https:\/\/foro-mundial.org\/web\/speaker\/catalina-delmiro-estrada\/\"> Catalina Delmiro Estrada <\/a>\n                    <\/h3>\n                    <p>\n                        Artista                     <\/p>\n                <\/div>\n                <!--- speaker info end -->\n                <!-- popup start-->\n                <div id=\"popup_b3a744810969\"\n                     class=\"container ts-speaker-popup mfp-hide\">\n                    <div class=\"row\">\n                        <div class=\"col-lg-6\">\n                            <div class=\"ts-speaker-popup-img\">\n                                                                    <img loading=\"lazy\" decoding=\"async\" width=\"500\" height=\"500\" src=\"https:\/\/foro-mundial.org\/web\/wp-content\/uploads\/2023\/06\/Conferencista-Catalina-Delmiro-Estrada.png\" class=\"attachment-full size-full\" alt=\"\" srcset=\"https:\/\/foro-mundial.org\/web\/wp-content\/uploads\/2023\/06\/Conferencista-Catalina-Delmiro-Estrada.png 500w, https:\/\/foro-mundial.org\/web\/wp-content\/uploads\/2023\/06\/Conferencista-Catalina-Delmiro-Estrada-300x300.png 300w, https:\/\/foro-mundial.org\/web\/wp-content\/uploads\/2023\/06\/Conferencista-Catalina-Delmiro-Estrada-150x150.png 150w\" sizes=\"(max-width: 500px) 100vw, 500px\" \/>                                                            <\/div>\n                        <\/div>\n                        <!-- col end-->\n                        <div class=\"col-lg-6\">\n                            <div class=\"ts-speaker-popup-content\">\n                                <h3 class=\"ts-title\"><a\n                                            href=\"https:\/\/foro-mundial.org\/web\/speaker\/catalina-delmiro-estrada\/\"> Catalina Delmiro Estrada <\/a>\n                                <\/h3>\n                                <span class=\"speakder-designation\"> Artista <\/span>\n                                \n                                    <img loading=\"lazy\" decoding=\"async\" width=\"150\" height=\"75\" src=\"https:\/\/foro-mundial.org\/web\/wp-content\/uploads\/2023\/06\/25.png\" class=\"company-logo\" alt=\"\" srcset=\"https:\/\/foro-mundial.org\/web\/wp-content\/uploads\/2023\/06\/25.png 360w, https:\/\/foro-mundial.org\/web\/wp-content\/uploads\/2023\/06\/25-300x151.png 300w\" sizes=\"(max-width: 150px) 100vw, 150px\" \/>                                                                <p>\n                                    <p>Cati Delmiro es una solitaria, entregada a la reflexi\u00f3n y la libertad propias del oficio de pintor. Estudi\u00f3 en la Escuela de Artes y Oficios de Avil\u00e9s y realiz\u00f3 cursos de litograf\u00eda en Litograf\u00eda Vi\u00f1a Gij\u00f3n. Expone habitualmente en las galer\u00edas Murillo (Oviedo), Amaga (Avil\u00e9s), Oct\u00f3gono (Avil\u00e9s), Sharon Art (Le\u00f3n) y Galer\u00eda Este (Santander), entre otras. Desde 2002 imparte clases de pintura, actualmente en la Academia Ruymar (Gij\u00f3n), donde asisten personas de todas las edades, con o sin formaci\u00f3n art\u00edstica, a las que adem\u00e1s trata de trasmitir su pasi\u00f3n por el arte y su manera de ver. Lo que mejor la define es su pintura.<\/p>                                <\/p>\n                                <div class=\"ts-speakers-social\">\n                                                                                                                        <a href=\"\" target=\"_blank\" rel=\"noreferrer\">\n                                               <i class=\"fa fa-500px\"><\/i>                                               \n                                            <\/a>\n                                                                                    <a href=\"\" target=\"_blank\" rel=\"noreferrer\">\n                                               <i class=\"fa fa-file-pdf-o\"><\/i>                                               \n                                            <\/a>\n                                                                                    <a href=\"\" target=\"_blank\" rel=\"noreferrer\">\n                                               <i class=\"fa fa-play-circle-o\"><\/i>                                               \n                                            <\/a>\n                                                                                                            <\/div>\n                            <\/div>\n                            <!-- ts-speaker-popup-content end-->\n                        <\/div>\n                        <!-- col end-->\n                    <\/div>\n                    <!-- row end-->\n                <\/div>\n                <!-- popup end-->\n            <\/div>\n            <!-- ts-speaker end  -->\n        \n\n            \n            \n            \n\n        \t\t\t\t<\/div>\n\t\t\t\t<\/div>\n\t\t\t\t\t<\/div>\n\t\t<\/div>\n\t\t\t\t\t<\/div>\n\t\t<\/section>\n\t\t\t\t\t<\/div>\n\t\t<\/div>\n\t\t\t\t\t<\/div>\n\t\t<\/section>\n\t\t\t\t<section class=\"elementor-section elementor-top-section elementor-element elementor-element-ff54877 elementor-section-full_width elementor-section-height-default elementor-section-height-default\" data-id=\"ff54877\" data-element_type=\"section\" data-settings=\"{&quot;background_background&quot;:&quot;gradient&quot;}\">\n\t\t\t\t\t\t<div class=\"elementor-container elementor-column-gap-default\">\n\t\t\t\t\t<div class=\"elementor-column elementor-col-50 elementor-top-column elementor-element elementor-element-9778afc\" data-id=\"9778afc\" data-element_type=\"column\" data-settings=\"{&quot;background_background&quot;:&quot;classic&quot;}\">\n\t\t\t<div class=\"elementor-widget-wrap elementor-element-populated\">\n\t\t\t\t\t<div class=\"elementor-background-overlay\"><\/div>\n\t\t\t\t\t\t<div class=\"elementor-element elementor-element-d0bf7d7 elementor-widget elementor-widget-image\" data-id=\"d0bf7d7\" data-element_type=\"widget\" data-settings=\"{&quot;ekit_we_effect_on&quot;:&quot;none&quot;}\" data-widget_type=\"image.default\">\n\t\t\t\t\t\t\t\t\t\t\t\t\t\t\t<img fetchpriority=\"high\" decoding=\"async\" width=\"512\" height=\"512\" src=\"https:\/\/foro-mundial.org\/web\/wp-content\/uploads\/2023\/05\/Agregar-un-titulo-1.png\" class=\"attachment-large size-large wp-image-3664\" alt=\"\" srcset=\"https:\/\/foro-mundial.org\/web\/wp-content\/uploads\/2023\/05\/Agregar-un-titulo-1.png 512w, https:\/\/foro-mundial.org\/web\/wp-content\/uploads\/2023\/05\/Agregar-un-titulo-1-300x300.png 300w, https:\/\/foro-mundial.org\/web\/wp-content\/uploads\/2023\/05\/Agregar-un-titulo-1-150x150.png 150w\" sizes=\"(max-width: 512px) 100vw, 512px\" \/>\t\t\t\t\t\t\t\t\t\t\t\t\t\t\t<\/div>\n\t\t\t\t\t<\/div>\n\t\t<\/div>\n\t\t\t\t<div class=\"elementor-column elementor-col-50 elementor-top-column elementor-element elementor-element-b2dcbbe\" data-id=\"b2dcbbe\" data-element_type=\"column\" data-settings=\"{&quot;background_background&quot;:&quot;classic&quot;}\">\n\t\t\t<div class=\"elementor-widget-wrap elementor-element-populated\">\n\t\t\t\t\t<div class=\"elementor-background-overlay\"><\/div>\n\t\t\t\t\t\t<div class=\"elementor-element elementor-element-68afaa1 elementor-invisible elementor-widget elementor-widget-text-editor\" data-id=\"68afaa1\" data-element_type=\"widget\" data-settings=\"{&quot;_animation&quot;:&quot;slideInRight&quot;,&quot;_animation_delay&quot;:&quot;350&quot;,&quot;ekit_we_effect_on&quot;:&quot;none&quot;}\" data-widget_type=\"text-editor.default\">\n\t\t\t\t\t\t\t\t\t<p>CERTIFICACI\u00d3N INTERNACIONAL<\/p>\t\t\t\t\t\t\t\t<\/div>\n\t\t\t\t<div class=\"elementor-element elementor-element-1af7698 elementor-invisible elementor-widget elementor-widget-heading\" data-id=\"1af7698\" data-element_type=\"widget\" data-settings=\"{&quot;_animation&quot;:&quot;slideInRight&quot;,&quot;_animation_delay&quot;:&quot;350&quot;,&quot;ekit_we_effect_on&quot;:&quot;none&quot;}\" data-widget_type=\"heading.default\">\n\t\t\t\t\t<h3 class=\"elementor-heading-title elementor-size-default\">!Las mejores oportunidades son para los m\u00e1s preparados!<\/h3>\t\t\t\t<\/div>\n\t\t\t\t<div class=\"elementor-element elementor-element-181930d elementor-invisible elementor-widget elementor-widget-text-editor\" data-id=\"181930d\" data-element_type=\"widget\" data-settings=\"{&quot;_animation&quot;:&quot;slideInRight&quot;,&quot;_animation_delay&quot;:&quot;350&quot;,&quot;ekit_we_effect_on&quot;:&quot;none&quot;}\" data-widget_type=\"text-editor.default\">\n\t\t\t\t\t\t\t\t\t<p>Congreso Mundial de Estudiantes de Arte y Cultura 2025 se encuentra certificado internacionalmente por la World Federation for University Education con 20 puntos de valor curricular (Registro Federal en el Estado de Florida, USA EIN: 90-0986555) y avalado por el Sistema de Registro de la Capacitaci\u00f3n Empresarial (SIC110307957-0013) de la STPS (Secretar\u00eda del Trabajo y Previsi\u00f3n Social) en M\u00e9xico.\u00a0<\/p>\t\t\t\t\t\t\t\t<\/div>\n\t\t\t\t\t<\/div>\n\t\t<\/div>\n\t\t\t\t\t<\/div>\n\t\t<\/section>\n\t\t\t\t<section class=\"elementor-section elementor-top-section elementor-element elementor-element-1cc9cec elementor-section-boxed elementor-section-height-default elementor-section-height-default\" data-id=\"1cc9cec\" data-element_type=\"section\">\n\t\t\t\t\t\t<div class=\"elementor-container elementor-column-gap-default\">\n\t\t\t\t\t<div class=\"elementor-column elementor-col-100 elementor-top-column elementor-element elementor-element-00cdbc0\" data-id=\"00cdbc0\" data-element_type=\"column\">\n\t\t\t<div class=\"elementor-widget-wrap elementor-element-populated\">\n\t\t\t\t\t\t<div class=\"elementor-element elementor-element-ed7d39e elementor-widget elementor-widget-spacer\" data-id=\"ed7d39e\" data-element_type=\"widget\" data-settings=\"{&quot;ekit_we_effect_on&quot;:&quot;none&quot;}\" data-widget_type=\"spacer.default\">\n\t\t\t\t\t\t\t<div class=\"elementor-spacer\">\n\t\t\t<div class=\"elementor-spacer-inner\"><\/div>\n\t\t<\/div>\n\t\t\t\t\t\t<\/div>\n\t\t\t\t\t<\/div>\n\t\t<\/div>\n\t\t\t\t\t<\/div>\n\t\t<\/section>\n\t\t\t\t<section class=\"elementor-section elementor-top-section elementor-element elementor-element-05de823 elementor-section-boxed elementor-section-height-default elementor-section-height-default\" data-id=\"05de823\" data-element_type=\"section\">\n\t\t\t\t\t\t<div class=\"elementor-container elementor-column-gap-default\">\n\t\t\t\t\t<div class=\"elementor-column elementor-col-50 elementor-top-column elementor-element elementor-element-79e98f1\" data-id=\"79e98f1\" data-element_type=\"column\">\n\t\t\t<div class=\"elementor-widget-wrap elementor-element-populated\">\n\t\t\t\t\t\t<div class=\"elementor-element elementor-element-cc1bcb6 elementor-invisible elementor-widget elementor-widget-exhibz-title\" data-id=\"cc1bcb6\" data-element_type=\"widget\" data-settings=\"{&quot;_animation&quot;:&quot;slideInUp&quot;,&quot;_animation_delay&quot;:&quot;350&quot;,&quot;ekit_we_effect_on&quot;:&quot;none&quot;}\" data-widget_type=\"exhibz-title.default\">\n\t\t\t\t<div class=\"elementor-widget-container\">\n\t\t\t\t\t\n    <div class=\"title-section-area\">\n        <h2 class=\"section-title\">\n            <span class=\"sub-title\">INFORMACI\u00d3N DEL EVENTO <\/span>\n\t\t\tConoce nuestro modelo de Educaci\u00f3n Integral        <\/h2>\n\t\t                    <\/div><!-- Section title -->\n    \n    \n\n    \t\t\t\t<\/div>\n\t\t\t\t<\/div>\n\t\t\t\t<div class=\"elementor-element elementor-element-c556ece elementor-invisible elementor-widget elementor-widget-text-editor\" data-id=\"c556ece\" data-element_type=\"widget\" data-settings=\"{&quot;_animation&quot;:&quot;slideInRight&quot;,&quot;_animation_delay&quot;:&quot;350&quot;,&quot;ekit_we_effect_on&quot;:&quot;none&quot;}\" data-widget_type=\"text-editor.default\">\n\t\t\t\t\t\t\t\t\t<p>Nuestro modele de ense\u00f1anza de educaci\u00f3n extracurricular tiene como caracter\u00edstica la integraci\u00f3n de habilidades sociales, intelectuales profesionales y humanas en el aprendizaje de los estudiantes universitarios. A trav\u00e9s de este proceso educativo los estudiantes entran en contacto con un entorno din\u00e1mico de aprendizaje grupal en el cual se promueve la toma de\u00a0 decisiones conscientes, la introspecci\u00f3n personal,\u00a0 el autodescubrimiento y el respeto por las diferencias y culturas individuales.<\/p>\t\t\t\t\t\t\t\t<\/div>\n\t\t\t\t<div class=\"elementor-element elementor-element-9cc2712 elementor-align-center elementor-invisible elementor-widget elementor-widget-button\" data-id=\"9cc2712\" data-element_type=\"widget\" data-settings=\"{&quot;_animation&quot;:&quot;fadeInUp&quot;,&quot;_animation_delay&quot;:&quot;400&quot;,&quot;ekit_we_effect_on&quot;:&quot;none&quot;}\" data-widget_type=\"button.default\">\n\t\t\t\t\t\t\t\t\t\t<a class=\"elementor-button elementor-button-link elementor-size-md\" href=\"https:\/\/foro-mundial.org\/web\/informacion-del-evento\/\" target=\"_blank\">\n\t\t\t\t\t\t<span class=\"elementor-button-content-wrapper\">\n\t\t\t\t\t\t\t\t\t<span class=\"elementor-button-text\">M\u00e1s informaci\u00f3n<\/span>\n\t\t\t\t\t<\/span>\n\t\t\t\t\t<\/a>\n\t\t\t\t\t\t\t\t<\/div>\n\t\t\t\t\t<\/div>\n\t\t<\/div>\n\t\t\t\t<div class=\"elementor-column elementor-col-50 elementor-top-column elementor-element elementor-element-0d8ad6a\" data-id=\"0d8ad6a\" data-element_type=\"column\">\n\t\t\t<div class=\"elementor-widget-wrap elementor-element-populated\">\n\t\t\t\t\t\t<div class=\"elementor-element elementor-element-365d894 elementor-widget elementor-widget-slides\" data-id=\"365d894\" data-element_type=\"widget\" data-settings=\"{&quot;ekit_we_effect_on&quot;:&quot;none&quot;}\" data-widget_type=\"slides.default\">\n\t\t\t\t<div class=\"elementor-widget-container\">\n\t\t\t\t\t \t\t\t\t<\/div>\n\t\t\t\t<\/div>\n\t\t\t\t\t<\/div>\n\t\t<\/div>\n\t\t\t\t\t<\/div>\n\t\t<\/section>\n\t\t\t\t<section class=\"elementor-section elementor-top-section elementor-element elementor-element-bf267d5 elementor-section-boxed elementor-section-height-default elementor-section-height-default\" data-id=\"bf267d5\" data-element_type=\"section\">\n\t\t\t\t\t\t<div class=\"elementor-container elementor-column-gap-default\">\n\t\t\t\t\t<div class=\"elementor-column elementor-col-100 elementor-top-column elementor-element elementor-element-ae0c4e5\" data-id=\"ae0c4e5\" data-element_type=\"column\">\n\t\t\t<div class=\"elementor-widget-wrap elementor-element-populated\">\n\t\t\t\t\t\t<div class=\"elementor-element elementor-element-4e9e06b elementor-widget elementor-widget-spacer\" data-id=\"4e9e06b\" data-element_type=\"widget\" data-settings=\"{&quot;ekit_we_effect_on&quot;:&quot;none&quot;}\" data-widget_type=\"spacer.default\">\n\t\t\t\t\t\t\t<div class=\"elementor-spacer\">\n\t\t\t<div class=\"elementor-spacer-inner\"><\/div>\n\t\t<\/div>\n\t\t\t\t\t\t<\/div>\n\t\t\t\t\t<\/div>\n\t\t<\/div>\n\t\t\t\t\t<\/div>\n\t\t<\/section>\n\t\t\t\t<section class=\"elementor-section elementor-top-section elementor-element elementor-element-ff124f8 elementor-section-boxed elementor-section-height-default elementor-section-height-default\" data-id=\"ff124f8\" data-element_type=\"section\" data-settings=\"{&quot;background_background&quot;:&quot;classic&quot;}\">\n\t\t\t\t\t\t<div class=\"elementor-container elementor-column-gap-default\">\n\t\t\t\t\t<div class=\"elementor-column elementor-col-100 elementor-top-column elementor-element elementor-element-1ce2a72\" data-id=\"1ce2a72\" data-element_type=\"column\" data-settings=\"{&quot;background_background&quot;:&quot;classic&quot;}\">\n\t\t\t<div class=\"elementor-widget-wrap elementor-element-populated\">\n\t\t\t\t\t\t<div class=\"elementor-element elementor-element-f315622 elementor-invisible elementor-widget elementor-widget-exhibz-title\" data-id=\"f315622\" data-element_type=\"widget\" data-settings=\"{&quot;_animation&quot;:&quot;slideInUp&quot;,&quot;_animation_delay&quot;:&quot;350&quot;,&quot;ekit_we_effect_on&quot;:&quot;none&quot;}\" data-widget_type=\"exhibz-title.default\">\n\t\t\t\t<div class=\"elementor-widget-container\">\n\t\t\t\t\t\n    <div class=\"title-section-area\">\n        <h2 class=\"section-title\">\n            <span class=\"sub-title\"><\/span>\n\t\t\tConferencias Magistrales        <\/h2>\n\t\t                    <span class=\"title-shape\">\n                  <svg xmlns='http:\/\/www.w3.org\/2000\/svg' xmlns:xlink='http:\/\/www.w3.org\/1999\/xlink' width='71px' height='11px'> <path fill-rule='evenodd' d='M59.669,10.710 L49.164,3.306 L39.428,10.681 L29.714,3.322 L20.006,10.682 L10.295,3.322 L1.185,10.228 L-0.010,8.578 L10.295,0.765 L20.006,8.125 L29.714,0.765 L39.428,8.125 L49.122,0.781 L59.680,8.223 L69.858,1.192 L70.982,2.895 L59.669,10.710 Z'\/><\/svg>\n            <\/span>\n                    <\/div><!-- Section title -->\n    \n    \n\n    \t\t\t\t<\/div>\n\t\t\t\t<\/div>\n\t\t\t\t\t<\/div>\n\t\t<\/div>\n\t\t\t\t\t<\/div>\n\t\t<\/section>\n\t\t\t\t<section class=\"elementor-section elementor-top-section elementor-element elementor-element-3a6c13c elementor-section-boxed elementor-section-height-default elementor-section-height-default\" data-id=\"3a6c13c\" data-element_type=\"section\">\n\t\t\t\t\t\t<div class=\"elementor-container elementor-column-gap-default\">\n\t\t\t\t\t<div class=\"elementor-column elementor-col-33 elementor-top-column elementor-element elementor-element-8b27753\" data-id=\"8b27753\" data-element_type=\"column\" data-settings=\"{&quot;background_background&quot;:&quot;classic&quot;}\">\n\t\t\t<div class=\"elementor-widget-wrap elementor-element-populated\">\n\t\t\t\t\t\t<div class=\"elementor-element elementor-element-ed12feb elementor-widget elementor-widget-heading\" data-id=\"ed12feb\" data-element_type=\"widget\" data-settings=\"{&quot;_animation&quot;:&quot;none&quot;,&quot;_animation_delay&quot;:&quot;350&quot;,&quot;ekit_we_effect_on&quot;:&quot;none&quot;}\" data-widget_type=\"heading.default\">\n\t\t\t\t\t<h2 class=\"elementor-heading-title elementor-size-default\">CONFERENCIA MAGISTRAL PRESENCIAL<\/h2>\t\t\t\t<\/div>\n\t\t\t\t\t<\/div>\n\t\t<\/div>\n\t\t\t\t<div class=\"elementor-column elementor-col-33 elementor-top-column elementor-element elementor-element-eb981d1\" data-id=\"eb981d1\" data-element_type=\"column\" data-settings=\"{&quot;background_background&quot;:&quot;classic&quot;}\">\n\t\t\t<div class=\"elementor-widget-wrap elementor-element-populated\">\n\t\t\t\t\t\t<div class=\"elementor-element elementor-element-8e68311 elementor-widget elementor-widget-image\" data-id=\"8e68311\" data-element_type=\"widget\" data-settings=\"{&quot;ekit_we_effect_on&quot;:&quot;none&quot;}\" data-widget_type=\"image.default\">\n\t\t\t\t\t\t\t\t\t\t\t\t\t\t\t\t<a href=\"https:\/\/foro-mundial.org\/web\/speaker\/dra-lucina-jimenez\/\" target=\"_blank\">\n\t\t\t\t\t\t\t<img loading=\"lazy\" decoding=\"async\" width=\"500\" height=\"500\" src=\"https:\/\/foro-mundial.org\/web\/wp-content\/uploads\/2023\/06\/Conferencista-Lucina-Jimenez.png\" class=\"attachment-large size-large wp-image-10946\" alt=\"\" srcset=\"https:\/\/foro-mundial.org\/web\/wp-content\/uploads\/2023\/06\/Conferencista-Lucina-Jimenez.png 500w, https:\/\/foro-mundial.org\/web\/wp-content\/uploads\/2023\/06\/Conferencista-Lucina-Jimenez-300x300.png 300w, https:\/\/foro-mundial.org\/web\/wp-content\/uploads\/2023\/06\/Conferencista-Lucina-Jimenez-150x150.png 150w\" sizes=\"(max-width: 500px) 100vw, 500px\" \/>\t\t\t\t\t\t\t\t<\/a>\n\t\t\t\t\t\t\t\t\t\t\t\t\t\t\t<\/div>\n\t\t\t\t\t<\/div>\n\t\t<\/div>\n\t\t\t\t<div class=\"elementor-column elementor-col-33 elementor-top-column elementor-element elementor-element-04b918c\" data-id=\"04b918c\" data-element_type=\"column\" data-settings=\"{&quot;background_background&quot;:&quot;classic&quot;}\">\n\t\t\t<div class=\"elementor-widget-wrap elementor-element-populated\">\n\t\t\t\t\t\t<div class=\"elementor-element elementor-element-ed7876c elementor-widget elementor-widget-exhibz-title\" data-id=\"ed7876c\" data-element_type=\"widget\" data-settings=\"{&quot;_animation&quot;:&quot;none&quot;,&quot;_animation_delay&quot;:&quot;350&quot;,&quot;ekit_we_effect_on&quot;:&quot;none&quot;}\" data-widget_type=\"exhibz-title.default\">\n\t\t\t\t<div class=\"elementor-widget-container\">\n\t\t\t\t\t\n    <div class=\"title-section-area\">\n        <h2 class=\"section-title\">\n            <span class=\"sub-title\">Directora del Instituto Nacional de Bellas Artes y Literatura (INBAL)<\/span>\n\t\t\t<a href=\"https:\/\/foro-mundial.org\/web\/speaker\/dra-lucina-jimenez\/\" style=\"color: #3B1D82\">Dra. Lucina Jim\u00e9nez<\/a>        <\/h2>\n\t\t                    <\/div><!-- Section title -->\n    \n    \n\n    \t\t\t\t<\/div>\n\t\t\t\t<\/div>\n\t\t\t\t<div class=\"elementor-element elementor-element-1f567de elementor-widget elementor-widget-text-editor\" data-id=\"1f567de\" data-element_type=\"widget\" data-settings=\"{&quot;ekit_we_effect_on&quot;:&quot;none&quot;}\" data-widget_type=\"text-editor.default\">\n\t\t\t\t\t\t\t\t\t<p>\u201cEducaci\u00f3n art\u00edstica para la diversidad, la paz y la esperanza\u201d<\/p>\t\t\t\t\t\t\t\t<\/div>\n\t\t\t\t\t<\/div>\n\t\t<\/div>\n\t\t\t\t\t<\/div>\n\t\t<\/section>\n\t\t\t\t<section class=\"elementor-section elementor-top-section elementor-element elementor-element-5ec6bf0 elementor-section-boxed elementor-section-height-default elementor-section-height-default\" data-id=\"5ec6bf0\" data-element_type=\"section\">\n\t\t\t\t\t\t<div class=\"elementor-container elementor-column-gap-default\">\n\t\t\t\t\t<div class=\"elementor-column elementor-col-33 elementor-top-column elementor-element elementor-element-02a1ed3\" data-id=\"02a1ed3\" data-element_type=\"column\" data-settings=\"{&quot;background_background&quot;:&quot;classic&quot;}\">\n\t\t\t<div class=\"elementor-widget-wrap elementor-element-populated\">\n\t\t\t\t\t\t<div class=\"elementor-element elementor-element-894ff3a elementor-widget elementor-widget-heading\" data-id=\"894ff3a\" data-element_type=\"widget\" data-settings=\"{&quot;_animation&quot;:&quot;none&quot;,&quot;_animation_delay&quot;:&quot;350&quot;,&quot;ekit_we_effect_on&quot;:&quot;none&quot;}\" data-widget_type=\"heading.default\">\n\t\t\t\t\t<h2 class=\"elementor-heading-title elementor-size-default\"><a href=\"https:\/\/academy.foro-mundial.org\/bundle_details\/47\/congreso-mundial-de-estudiantes-de-arte-y-cultura-canc%C3%BAn-2024-ticket-digital\" target=\"_blank\">CONFERENCIA MAGISTRAL VIRTUAL<\/a><\/h2>\t\t\t\t<\/div>\n\t\t\t\t<div class=\"elementor-element elementor-element-4b0a194 elementor-position-right elementor-vertical-align-middle elementor-widget__width-initial elementor-widget elementor-widget-image-box\" data-id=\"4b0a194\" data-element_type=\"widget\" data-settings=\"{&quot;_animation&quot;:&quot;none&quot;,&quot;_animation_delay&quot;:&quot;350&quot;,&quot;ekit_we_effect_on&quot;:&quot;none&quot;}\" data-widget_type=\"image-box.default\">\n\t\t\t\t\t<div class=\"elementor-image-box-wrapper\"><figure class=\"elementor-image-box-img\"><a href=\"https:\/\/academy.foro-mundial.org\/bundle_details\/47\/congreso-mundial-de-estudiantes-de-arte-y-cultura-canc%C3%BAn-2024-ticket-digital\" target=\"_blank\" tabindex=\"-1\"><img loading=\"lazy\" decoding=\"async\" width=\"330\" height=\"71\" src=\"https:\/\/foro-mundial.org\/web\/wp-content\/uploads\/2024\/02\/c73758de686279f745639eb7f81f6c51.png\" class=\"attachment-full size-full wp-image-13588\" alt=\"\" srcset=\"https:\/\/foro-mundial.org\/web\/wp-content\/uploads\/2024\/02\/c73758de686279f745639eb7f81f6c51.png 330w, https:\/\/foro-mundial.org\/web\/wp-content\/uploads\/2024\/02\/c73758de686279f745639eb7f81f6c51-300x65.png 300w\" sizes=\"(max-width: 330px) 100vw, 330px\" \/><\/a><\/figure><div class=\"elementor-image-box-content\"><span class=\"elementor-image-box-title\"><a href=\"https:\/\/academy.foro-mundial.org\/bundle_details\/47\/congreso-mundial-de-estudiantes-de-arte-y-cultura-canc%C3%BAn-2024-ticket-digital\" target=\"_blank\">VER EN<\/a><\/span><\/div><\/div>\t\t\t\t<\/div>\n\t\t\t\t\t<\/div>\n\t\t<\/div>\n\t\t\t\t<div class=\"elementor-column elementor-col-33 elementor-top-column elementor-element elementor-element-aa7daa4\" data-id=\"aa7daa4\" data-element_type=\"column\" data-settings=\"{&quot;background_background&quot;:&quot;classic&quot;}\">\n\t\t\t<div class=\"elementor-widget-wrap elementor-element-populated\">\n\t\t\t\t\t\t<div class=\"elementor-element elementor-element-a00dd50 elementor-widget elementor-widget-image\" data-id=\"a00dd50\" data-element_type=\"widget\" data-settings=\"{&quot;ekit_we_effect_on&quot;:&quot;none&quot;}\" data-widget_type=\"image.default\">\n\t\t\t\t\t\t\t\t\t\t\t\t\t\t\t\t<a href=\"https:\/\/foro-mundial.org\/web\/speaker\/clarisa-ruiz-correal\/\" target=\"_blank\">\n\t\t\t\t\t\t\t<img loading=\"lazy\" decoding=\"async\" width=\"500\" height=\"500\" src=\"https:\/\/foro-mundial.org\/web\/wp-content\/uploads\/2023\/06\/Conferencista-Clarisa-Ruiz-Correal.png\" class=\"attachment-large size-large wp-image-10949\" alt=\"\" srcset=\"https:\/\/foro-mundial.org\/web\/wp-content\/uploads\/2023\/06\/Conferencista-Clarisa-Ruiz-Correal.png 500w, https:\/\/foro-mundial.org\/web\/wp-content\/uploads\/2023\/06\/Conferencista-Clarisa-Ruiz-Correal-300x300.png 300w, https:\/\/foro-mundial.org\/web\/wp-content\/uploads\/2023\/06\/Conferencista-Clarisa-Ruiz-Correal-150x150.png 150w\" sizes=\"(max-width: 500px) 100vw, 500px\" \/>\t\t\t\t\t\t\t\t<\/a>\n\t\t\t\t\t\t\t\t\t\t\t\t\t\t\t<\/div>\n\t\t\t\t\t<\/div>\n\t\t<\/div>\n\t\t\t\t<div class=\"elementor-column elementor-col-33 elementor-top-column elementor-element elementor-element-f0a539f\" data-id=\"f0a539f\" data-element_type=\"column\" data-settings=\"{&quot;background_background&quot;:&quot;classic&quot;}\">\n\t\t\t<div class=\"elementor-widget-wrap elementor-element-populated\">\n\t\t\t\t\t\t<div class=\"elementor-element elementor-element-8fd59bb elementor-widget elementor-widget-exhibz-title\" data-id=\"8fd59bb\" data-element_type=\"widget\" data-settings=\"{&quot;_animation&quot;:&quot;none&quot;,&quot;_animation_delay&quot;:&quot;350&quot;,&quot;ekit_we_effect_on&quot;:&quot;none&quot;}\" data-widget_type=\"exhibz-title.default\">\n\t\t\t\t<div class=\"elementor-widget-container\">\n\t\t\t\t\t\n    <div class=\"title-section-area\">\n        <h2 class=\"section-title\">\n            <span class=\"sub-title\">Codirectora de la Fundaci\u00f3n Libre Lunar (Colombia)<\/span>\n\t\t\t<a href=\"https:\/\/foro-mundial.org\/web\/speaker\/clarisa-ruiz-correal\/\" style=\"color: #3B1D82\">Clarisa Ruiz Correal<\/a>        <\/h2>\n\t\t                    <\/div><!-- Section title -->\n    \n    \n\n    \t\t\t\t<\/div>\n\t\t\t\t<\/div>\n\t\t\t\t<div class=\"elementor-element elementor-element-7348061 elementor-widget elementor-widget-text-editor\" data-id=\"7348061\" data-element_type=\"widget\" data-settings=\"{&quot;ekit_we_effect_on&quot;:&quot;none&quot;}\" data-widget_type=\"text-editor.default\">\n\t\t\t\t\t\t\t\t\t<p>\u201cCultura y desarrollo\u201d<\/p>\t\t\t\t\t\t\t\t<\/div>\n\t\t\t\t\t<\/div>\n\t\t<\/div>\n\t\t\t\t\t<\/div>\n\t\t<\/section>\n\t\t\t\t<section class=\"elementor-section elementor-top-section elementor-element elementor-element-fe89721 elementor-section-boxed elementor-section-height-default elementor-section-height-default\" data-id=\"fe89721\" data-element_type=\"section\">\n\t\t\t\t\t\t<div class=\"elementor-container elementor-column-gap-default\">\n\t\t\t\t\t<div class=\"elementor-column elementor-col-33 elementor-top-column elementor-element elementor-element-6071663\" data-id=\"6071663\" data-element_type=\"column\" data-settings=\"{&quot;background_background&quot;:&quot;classic&quot;}\">\n\t\t\t<div class=\"elementor-widget-wrap elementor-element-populated\">\n\t\t\t\t\t\t<div class=\"elementor-element elementor-element-7d92c1c elementor-widget elementor-widget-heading\" data-id=\"7d92c1c\" data-element_type=\"widget\" data-settings=\"{&quot;_animation&quot;:&quot;none&quot;,&quot;_animation_delay&quot;:&quot;350&quot;,&quot;ekit_we_effect_on&quot;:&quot;none&quot;}\" data-widget_type=\"heading.default\">\n\t\t\t\t\t<h2 class=\"elementor-heading-title elementor-size-default\"><a href=\"https:\/\/academy.foro-mundial.org\/bundle_details\/47\/congreso-mundial-de-estudiantes-de-arte-y-cultura-canc%C3%BAn-2024-ticket-digital\" target=\"_blank\">CONFERENCIA MAGISTRAL VIRTUAL<\/a><\/h2>\t\t\t\t<\/div>\n\t\t\t\t<div class=\"elementor-element elementor-element-e9afb23 elementor-position-right elementor-vertical-align-middle elementor-widget__width-initial elementor-widget elementor-widget-image-box\" data-id=\"e9afb23\" data-element_type=\"widget\" data-settings=\"{&quot;_animation&quot;:&quot;none&quot;,&quot;_animation_delay&quot;:&quot;350&quot;,&quot;ekit_we_effect_on&quot;:&quot;none&quot;}\" data-widget_type=\"image-box.default\">\n\t\t\t\t\t<div class=\"elementor-image-box-wrapper\"><figure class=\"elementor-image-box-img\"><a href=\"https:\/\/academy.foro-mundial.org\/bundle_details\/47\/congreso-mundial-de-estudiantes-de-arte-y-cultura-canc%C3%BAn-2024-ticket-digital\" target=\"_blank\" tabindex=\"-1\"><img loading=\"lazy\" decoding=\"async\" width=\"330\" height=\"71\" src=\"https:\/\/foro-mundial.org\/web\/wp-content\/uploads\/2024\/02\/c73758de686279f745639eb7f81f6c51.png\" class=\"attachment-full size-full wp-image-13588\" alt=\"\" srcset=\"https:\/\/foro-mundial.org\/web\/wp-content\/uploads\/2024\/02\/c73758de686279f745639eb7f81f6c51.png 330w, https:\/\/foro-mundial.org\/web\/wp-content\/uploads\/2024\/02\/c73758de686279f745639eb7f81f6c51-300x65.png 300w\" sizes=\"(max-width: 330px) 100vw, 330px\" \/><\/a><\/figure><div class=\"elementor-image-box-content\"><span class=\"elementor-image-box-title\"><a href=\"https:\/\/academy.foro-mundial.org\/bundle_details\/47\/congreso-mundial-de-estudiantes-de-arte-y-cultura-canc%C3%BAn-2024-ticket-digital\" target=\"_blank\">VER EN<\/a><\/span><\/div><\/div>\t\t\t\t<\/div>\n\t\t\t\t\t<\/div>\n\t\t<\/div>\n\t\t\t\t<div class=\"elementor-column elementor-col-33 elementor-top-column elementor-element elementor-element-a9821f6\" data-id=\"a9821f6\" data-element_type=\"column\" data-settings=\"{&quot;background_background&quot;:&quot;classic&quot;}\">\n\t\t\t<div class=\"elementor-widget-wrap elementor-element-populated\">\n\t\t\t\t\t\t<div class=\"elementor-element elementor-element-9946789 elementor-widget elementor-widget-image\" data-id=\"9946789\" data-element_type=\"widget\" data-settings=\"{&quot;ekit_we_effect_on&quot;:&quot;none&quot;}\" data-widget_type=\"image.default\">\n\t\t\t\t\t\t\t\t\t\t\t\t\t\t\t\t<a href=\"https:\/\/foro-mundial.org\/web\/speaker\/gemma-carbo-ribugent\/\" target=\"_blank\">\n\t\t\t\t\t\t\t<img loading=\"lazy\" decoding=\"async\" width=\"500\" height=\"500\" src=\"https:\/\/foro-mundial.org\/web\/wp-content\/uploads\/2023\/06\/Conferencista-Gemma-Carbo-Ribugent.png\" class=\"attachment-large size-large wp-image-10952\" alt=\"\" srcset=\"https:\/\/foro-mundial.org\/web\/wp-content\/uploads\/2023\/06\/Conferencista-Gemma-Carbo-Ribugent.png 500w, https:\/\/foro-mundial.org\/web\/wp-content\/uploads\/2023\/06\/Conferencista-Gemma-Carbo-Ribugent-300x300.png 300w, https:\/\/foro-mundial.org\/web\/wp-content\/uploads\/2023\/06\/Conferencista-Gemma-Carbo-Ribugent-150x150.png 150w\" sizes=\"(max-width: 500px) 100vw, 500px\" \/>\t\t\t\t\t\t\t\t<\/a>\n\t\t\t\t\t\t\t\t\t\t\t\t\t\t\t<\/div>\n\t\t\t\t\t<\/div>\n\t\t<\/div>\n\t\t\t\t<div class=\"elementor-column elementor-col-33 elementor-top-column elementor-element elementor-element-932ca74\" data-id=\"932ca74\" data-element_type=\"column\" data-settings=\"{&quot;background_background&quot;:&quot;classic&quot;}\">\n\t\t\t<div class=\"elementor-widget-wrap elementor-element-populated\">\n\t\t\t\t\t\t<div class=\"elementor-element elementor-element-f09e29f elementor-widget elementor-widget-exhibz-title\" data-id=\"f09e29f\" data-element_type=\"widget\" data-settings=\"{&quot;_animation&quot;:&quot;none&quot;,&quot;_animation_delay&quot;:&quot;350&quot;,&quot;ekit_we_effect_on&quot;:&quot;none&quot;}\" data-widget_type=\"exhibz-title.default\">\n\t\t\t\t<div class=\"elementor-widget-container\">\n\t\t\t\t\t\n    <div class=\"title-section-area\">\n        <h2 class=\"section-title\">\n            <span class=\"sub-title\">Directora del Museo de la Vida Rural- Fundaci\u00f3n Carullay Presidenta de Interarts<\/span>\n\t\t\t<a href=\"https:\/\/foro-mundial.org\/web\/speaker\/gemma-carbo-ribugent\/\" style=\"color: #3B1D82\">Gemma Carb\u00f3 Ribugent<\/a>        <\/h2>\n\t\t                    <\/div><!-- Section title -->\n    \n    \n\n    \t\t\t\t<\/div>\n\t\t\t\t<\/div>\n\t\t\t\t<div class=\"elementor-element elementor-element-5b33847 elementor-widget elementor-widget-text-editor\" data-id=\"5b33847\" data-element_type=\"widget\" data-settings=\"{&quot;ekit_we_effect_on&quot;:&quot;none&quot;}\" data-widget_type=\"text-editor.default\">\n\t\t\t\t\t\t\t\t\t<p>\u201cDerechos Culturales\u201d<\/p>\t\t\t\t\t\t\t\t<\/div>\n\t\t\t\t\t<\/div>\n\t\t<\/div>\n\t\t\t\t\t<\/div>\n\t\t<\/section>\n\t\t\t\t<section class=\"elementor-section elementor-top-section elementor-element elementor-element-5f1fdab elementor-section-boxed elementor-section-height-default elementor-section-height-default\" data-id=\"5f1fdab\" data-element_type=\"section\">\n\t\t\t\t\t\t<div class=\"elementor-container elementor-column-gap-default\">\n\t\t\t\t\t<div class=\"elementor-column elementor-col-33 elementor-top-column elementor-element elementor-element-8624e50\" data-id=\"8624e50\" data-element_type=\"column\" data-settings=\"{&quot;background_background&quot;:&quot;classic&quot;}\">\n\t\t\t<div class=\"elementor-widget-wrap elementor-element-populated\">\n\t\t\t\t\t\t<div class=\"elementor-element elementor-element-7b98ad4 elementor-widget elementor-widget-heading\" data-id=\"7b98ad4\" data-element_type=\"widget\" data-settings=\"{&quot;_animation&quot;:&quot;none&quot;,&quot;_animation_delay&quot;:&quot;350&quot;,&quot;ekit_we_effect_on&quot;:&quot;none&quot;}\" data-widget_type=\"heading.default\">\n\t\t\t\t\t<h2 class=\"elementor-heading-title elementor-size-default\"><a href=\"https:\/\/academy.foro-mundial.org\/bundle_details\/47\/congreso-mundial-de-estudiantes-de-arte-y-cultura-canc%C3%BAn-2024-ticket-digital\" target=\"_blank\">CONFERENCIA MAGISTRAL VIRTUAL<\/a><\/h2>\t\t\t\t<\/div>\n\t\t\t\t<div class=\"elementor-element elementor-element-de24cda elementor-position-right elementor-vertical-align-middle elementor-widget__width-initial elementor-widget elementor-widget-image-box\" data-id=\"de24cda\" data-element_type=\"widget\" data-settings=\"{&quot;_animation&quot;:&quot;none&quot;,&quot;_animation_delay&quot;:&quot;350&quot;,&quot;ekit_we_effect_on&quot;:&quot;none&quot;}\" data-widget_type=\"image-box.default\">\n\t\t\t\t\t<div class=\"elementor-image-box-wrapper\"><figure class=\"elementor-image-box-img\"><a href=\"https:\/\/academy.foro-mundial.org\/bundle_details\/47\/congreso-mundial-de-estudiantes-de-arte-y-cultura-canc%C3%BAn-2024-ticket-digital\" target=\"_blank\" tabindex=\"-1\"><img loading=\"lazy\" decoding=\"async\" width=\"330\" height=\"71\" src=\"https:\/\/foro-mundial.org\/web\/wp-content\/uploads\/2024\/02\/c73758de686279f745639eb7f81f6c51.png\" class=\"attachment-full size-full wp-image-13588\" alt=\"\" srcset=\"https:\/\/foro-mundial.org\/web\/wp-content\/uploads\/2024\/02\/c73758de686279f745639eb7f81f6c51.png 330w, https:\/\/foro-mundial.org\/web\/wp-content\/uploads\/2024\/02\/c73758de686279f745639eb7f81f6c51-300x65.png 300w\" sizes=\"(max-width: 330px) 100vw, 330px\" \/><\/a><\/figure><div class=\"elementor-image-box-content\"><span class=\"elementor-image-box-title\"><a href=\"https:\/\/academy.foro-mundial.org\/bundle_details\/47\/congreso-mundial-de-estudiantes-de-arte-y-cultura-canc%C3%BAn-2024-ticket-digital\" target=\"_blank\">VER EN<\/a><\/span><\/div><\/div>\t\t\t\t<\/div>\n\t\t\t\t\t<\/div>\n\t\t<\/div>\n\t\t\t\t<div class=\"elementor-column elementor-col-33 elementor-top-column elementor-element elementor-element-5098115\" data-id=\"5098115\" data-element_type=\"column\" data-settings=\"{&quot;background_background&quot;:&quot;classic&quot;}\">\n\t\t\t<div class=\"elementor-widget-wrap elementor-element-populated\">\n\t\t\t\t\t\t<div class=\"elementor-element elementor-element-59d090e elementor-widget elementor-widget-image\" data-id=\"59d090e\" data-element_type=\"widget\" data-settings=\"{&quot;ekit_we_effect_on&quot;:&quot;none&quot;}\" data-widget_type=\"image.default\">\n\t\t\t\t\t\t\t\t\t\t\t\t\t\t\t\t<a href=\"https:\/\/foro-mundial.org\/web\/speaker\/jordi-albaredaureta\/\" target=\"_blank\">\n\t\t\t\t\t\t\t<img loading=\"lazy\" decoding=\"async\" width=\"500\" height=\"500\" src=\"https:\/\/foro-mundial.org\/web\/wp-content\/uploads\/2023\/06\/Conferencista-Jordi-AlbaredaUreta.png\" class=\"attachment-large size-large wp-image-10956\" alt=\"\" srcset=\"https:\/\/foro-mundial.org\/web\/wp-content\/uploads\/2023\/06\/Conferencista-Jordi-AlbaredaUreta.png 500w, https:\/\/foro-mundial.org\/web\/wp-content\/uploads\/2023\/06\/Conferencista-Jordi-AlbaredaUreta-300x300.png 300w, https:\/\/foro-mundial.org\/web\/wp-content\/uploads\/2023\/06\/Conferencista-Jordi-AlbaredaUreta-150x150.png 150w\" sizes=\"(max-width: 500px) 100vw, 500px\" \/>\t\t\t\t\t\t\t\t<\/a>\n\t\t\t\t\t\t\t\t\t\t\t\t\t\t\t<\/div>\n\t\t\t\t\t<\/div>\n\t\t<\/div>\n\t\t\t\t<div class=\"elementor-column elementor-col-33 elementor-top-column elementor-element elementor-element-61800ad\" data-id=\"61800ad\" data-element_type=\"column\" data-settings=\"{&quot;background_background&quot;:&quot;classic&quot;}\">\n\t\t\t<div class=\"elementor-widget-wrap elementor-element-populated\">\n\t\t\t\t\t\t<div class=\"elementor-element elementor-element-4c4470e elementor-widget elementor-widget-exhibz-title\" data-id=\"4c4470e\" data-element_type=\"widget\" data-settings=\"{&quot;_animation&quot;:&quot;none&quot;,&quot;_animation_delay&quot;:&quot;350&quot;,&quot;ekit_we_effect_on&quot;:&quot;none&quot;}\" data-widget_type=\"exhibz-title.default\">\n\t\t\t\t<div class=\"elementor-widget-container\">\n\t\t\t\t\t\n    <div class=\"title-section-area\">\n        <h2 class=\"section-title\">\n            <span class=\"sub-title\">Fundador de la iniciativa Fair Saturday<\/span>\n\t\t\t<a href=\"https:\/\/foro-mundial.org\/web\/speaker\/jordi-albaredaureta\/\" style=\"color: #3B1D82\">Jordi AlbaredaUreta<\/a>        <\/h2>\n\t\t                    <\/div><!-- Section title -->\n    \n    \n\n    \t\t\t\t<\/div>\n\t\t\t\t<\/div>\n\t\t\t\t<div class=\"elementor-element elementor-element-830eebe elementor-widget elementor-widget-text-editor\" data-id=\"830eebe\" data-element_type=\"widget\" data-settings=\"{&quot;ekit_we_effect_on&quot;:&quot;none&quot;}\" data-widget_type=\"text-editor.default\">\n\t\t\t\t\t\t\t\t\t<p>\u201cUn d\u00eda para cambiar el mundo a trav\u00e9s del arte y la cultura\u201d<\/p>\t\t\t\t\t\t\t\t<\/div>\n\t\t\t\t\t<\/div>\n\t\t<\/div>\n\t\t\t\t\t<\/div>\n\t\t<\/section>\n\t\t\t\t<section class=\"elementor-section elementor-top-section elementor-element elementor-element-b5a1cad elementor-section-boxed elementor-section-height-default elementor-section-height-default\" data-id=\"b5a1cad\" data-element_type=\"section\">\n\t\t\t\t\t\t<div class=\"elementor-container elementor-column-gap-default\">\n\t\t\t\t\t<div class=\"elementor-column elementor-col-33 elementor-top-column elementor-element elementor-element-357f05b\" data-id=\"357f05b\" data-element_type=\"column\" data-settings=\"{&quot;background_background&quot;:&quot;classic&quot;}\">\n\t\t\t<div class=\"elementor-widget-wrap elementor-element-populated\">\n\t\t\t\t\t\t<div class=\"elementor-element elementor-element-1b00193 elementor-widget elementor-widget-heading\" data-id=\"1b00193\" data-element_type=\"widget\" data-settings=\"{&quot;_animation&quot;:&quot;none&quot;,&quot;_animation_delay&quot;:&quot;350&quot;,&quot;ekit_we_effect_on&quot;:&quot;none&quot;}\" data-widget_type=\"heading.default\">\n\t\t\t\t\t<h2 class=\"elementor-heading-title elementor-size-default\"><a href=\"https:\/\/academy.foro-mundial.org\/bundle_details\/47\/congreso-mundial-de-estudiantes-de-arte-y-cultura-canc%C3%BAn-2024-ticket-digital\" target=\"_blank\">CONFERENCIA MAGISTRAL VIRTUAL<\/a><\/h2>\t\t\t\t<\/div>\n\t\t\t\t<div class=\"elementor-element elementor-element-6e3d44b elementor-position-right elementor-vertical-align-middle elementor-widget__width-initial elementor-widget elementor-widget-image-box\" data-id=\"6e3d44b\" data-element_type=\"widget\" data-settings=\"{&quot;_animation&quot;:&quot;none&quot;,&quot;_animation_delay&quot;:&quot;350&quot;,&quot;ekit_we_effect_on&quot;:&quot;none&quot;}\" data-widget_type=\"image-box.default\">\n\t\t\t\t\t<div class=\"elementor-image-box-wrapper\"><figure class=\"elementor-image-box-img\"><a href=\"https:\/\/academy.foro-mundial.org\/bundle_details\/47\/congreso-mundial-de-estudiantes-de-arte-y-cultura-canc%C3%BAn-2024-ticket-digital\" target=\"_blank\" tabindex=\"-1\"><img loading=\"lazy\" decoding=\"async\" width=\"330\" height=\"71\" src=\"https:\/\/foro-mundial.org\/web\/wp-content\/uploads\/2024\/02\/c73758de686279f745639eb7f81f6c51.png\" class=\"attachment-full size-full wp-image-13588\" alt=\"\" srcset=\"https:\/\/foro-mundial.org\/web\/wp-content\/uploads\/2024\/02\/c73758de686279f745639eb7f81f6c51.png 330w, https:\/\/foro-mundial.org\/web\/wp-content\/uploads\/2024\/02\/c73758de686279f745639eb7f81f6c51-300x65.png 300w\" sizes=\"(max-width: 330px) 100vw, 330px\" \/><\/a><\/figure><div class=\"elementor-image-box-content\"><span class=\"elementor-image-box-title\"><a href=\"https:\/\/academy.foro-mundial.org\/bundle_details\/47\/congreso-mundial-de-estudiantes-de-arte-y-cultura-canc%C3%BAn-2024-ticket-digital\" target=\"_blank\">VER EN<\/a><\/span><\/div><\/div>\t\t\t\t<\/div>\n\t\t\t\t\t<\/div>\n\t\t<\/div>\n\t\t\t\t<div class=\"elementor-column elementor-col-33 elementor-top-column elementor-element elementor-element-2e5ad40\" data-id=\"2e5ad40\" data-element_type=\"column\" data-settings=\"{&quot;background_background&quot;:&quot;classic&quot;}\">\n\t\t\t<div class=\"elementor-widget-wrap elementor-element-populated\">\n\t\t\t\t\t\t<div class=\"elementor-element elementor-element-5a6a60d elementor-widget elementor-widget-image\" data-id=\"5a6a60d\" data-element_type=\"widget\" data-settings=\"{&quot;ekit_we_effect_on&quot;:&quot;none&quot;}\" data-widget_type=\"image.default\">\n\t\t\t\t\t\t\t\t\t\t\t\t\t\t\t\t<a href=\"https:\/\/foro-mundial.org\/web\/speaker\/dra-amparo-sard\/\" target=\"_blank\">\n\t\t\t\t\t\t\t<img loading=\"lazy\" decoding=\"async\" width=\"500\" height=\"500\" src=\"https:\/\/foro-mundial.org\/web\/wp-content\/uploads\/2023\/06\/Conferencista-Amparo-Sard-.png\" class=\"attachment-large size-large wp-image-10961\" alt=\"\" srcset=\"https:\/\/foro-mundial.org\/web\/wp-content\/uploads\/2023\/06\/Conferencista-Amparo-Sard-.png 500w, https:\/\/foro-mundial.org\/web\/wp-content\/uploads\/2023\/06\/Conferencista-Amparo-Sard--300x300.png 300w, https:\/\/foro-mundial.org\/web\/wp-content\/uploads\/2023\/06\/Conferencista-Amparo-Sard--150x150.png 150w\" sizes=\"(max-width: 500px) 100vw, 500px\" \/>\t\t\t\t\t\t\t\t<\/a>\n\t\t\t\t\t\t\t\t\t\t\t\t\t\t\t<\/div>\n\t\t\t\t\t<\/div>\n\t\t<\/div>\n\t\t\t\t<div class=\"elementor-column elementor-col-33 elementor-top-column elementor-element elementor-element-72931e0\" data-id=\"72931e0\" data-element_type=\"column\" data-settings=\"{&quot;background_background&quot;:&quot;classic&quot;}\">\n\t\t\t<div class=\"elementor-widget-wrap elementor-element-populated\">\n\t\t\t\t\t\t<div class=\"elementor-element elementor-element-3e21822 elementor-widget elementor-widget-exhibz-title\" data-id=\"3e21822\" data-element_type=\"widget\" data-settings=\"{&quot;_animation&quot;:&quot;none&quot;,&quot;_animation_delay&quot;:&quot;350&quot;,&quot;ekit_we_effect_on&quot;:&quot;none&quot;}\" data-widget_type=\"exhibz-title.default\">\n\t\t\t\t<div class=\"elementor-widget-container\">\n\t\t\t\t\t\n    <div class=\"title-section-area\">\n        <h2 class=\"section-title\">\n            <span class=\"sub-title\">Profesora de Bellas Artes en la Universidad de Barcelona<\/span>\n\t\t\t<a href=\"https:\/\/foro-mundial.org\/web\/speaker\/dra-amparo-sard\/\" style=\"color: #3B1D82\">Dra. Amparo Sard<\/a>        <\/h2>\n\t\t                    <\/div><!-- Section title -->\n    \n    \n\n    \t\t\t\t<\/div>\n\t\t\t\t<\/div>\n\t\t\t\t<div class=\"elementor-element elementor-element-b0962ff elementor-widget elementor-widget-text-editor\" data-id=\"b0962ff\" data-element_type=\"widget\" data-settings=\"{&quot;ekit_we_effect_on&quot;:&quot;none&quot;}\" data-widget_type=\"text-editor.default\">\n\t\t\t\t\t\t\t\t\t<p>\u201cUna t\u00e9cnica que facilitar\u00e1 tus procedimientos restauradores\u201d<\/p>\t\t\t\t\t\t\t\t<\/div>\n\t\t\t\t\t<\/div>\n\t\t<\/div>\n\t\t\t\t\t<\/div>\n\t\t<\/section>\n\t\t\t\t<section class=\"elementor-section elementor-top-section elementor-element elementor-element-5e58200 elementor-section-boxed elementor-section-height-default elementor-section-height-default\" data-id=\"5e58200\" data-element_type=\"section\">\n\t\t\t\t\t\t<div class=\"elementor-container elementor-column-gap-default\">\n\t\t\t\t\t<div class=\"elementor-column elementor-col-33 elementor-top-column elementor-element elementor-element-e0d518a\" data-id=\"e0d518a\" data-element_type=\"column\" data-settings=\"{&quot;background_background&quot;:&quot;classic&quot;}\">\n\t\t\t<div class=\"elementor-widget-wrap elementor-element-populated\">\n\t\t\t\t\t\t<div class=\"elementor-element elementor-element-11f0335 elementor-widget elementor-widget-heading\" data-id=\"11f0335\" data-element_type=\"widget\" data-settings=\"{&quot;_animation&quot;:&quot;none&quot;,&quot;_animation_delay&quot;:&quot;350&quot;,&quot;ekit_we_effect_on&quot;:&quot;none&quot;}\" data-widget_type=\"heading.default\">\n\t\t\t\t\t<h2 class=\"elementor-heading-title elementor-size-default\"><a href=\"https:\/\/academy.foro-mundial.org\/bundle_details\/47\/congreso-mundial-de-estudiantes-de-arte-y-cultura-canc%C3%BAn-2024-ticket-digital\" target=\"_blank\">CONFERENCIA MAGISTRAL VIRTUAL<\/a><\/h2>\t\t\t\t<\/div>\n\t\t\t\t<div class=\"elementor-element elementor-element-f19e2c7 elementor-position-right elementor-vertical-align-middle elementor-widget__width-initial elementor-widget elementor-widget-image-box\" data-id=\"f19e2c7\" data-element_type=\"widget\" data-settings=\"{&quot;_animation&quot;:&quot;none&quot;,&quot;_animation_delay&quot;:&quot;350&quot;,&quot;ekit_we_effect_on&quot;:&quot;none&quot;}\" data-widget_type=\"image-box.default\">\n\t\t\t\t\t<div class=\"elementor-image-box-wrapper\"><figure class=\"elementor-image-box-img\"><a href=\"https:\/\/academy.foro-mundial.org\/bundle_details\/47\/congreso-mundial-de-estudiantes-de-arte-y-cultura-canc%C3%BAn-2024-ticket-digital\" target=\"_blank\" tabindex=\"-1\"><img loading=\"lazy\" decoding=\"async\" width=\"330\" height=\"71\" src=\"https:\/\/foro-mundial.org\/web\/wp-content\/uploads\/2024\/02\/c73758de686279f745639eb7f81f6c51.png\" class=\"attachment-full size-full wp-image-13588\" alt=\"\" srcset=\"https:\/\/foro-mundial.org\/web\/wp-content\/uploads\/2024\/02\/c73758de686279f745639eb7f81f6c51.png 330w, https:\/\/foro-mundial.org\/web\/wp-content\/uploads\/2024\/02\/c73758de686279f745639eb7f81f6c51-300x65.png 300w\" sizes=\"(max-width: 330px) 100vw, 330px\" \/><\/a><\/figure><div class=\"elementor-image-box-content\"><span class=\"elementor-image-box-title\"><a href=\"https:\/\/academy.foro-mundial.org\/bundle_details\/47\/congreso-mundial-de-estudiantes-de-arte-y-cultura-canc%C3%BAn-2024-ticket-digital\" target=\"_blank\">VER EN<\/a><\/span><\/div><\/div>\t\t\t\t<\/div>\n\t\t\t\t\t<\/div>\n\t\t<\/div>\n\t\t\t\t<div class=\"elementor-column elementor-col-33 elementor-top-column elementor-element elementor-element-3bb6819\" data-id=\"3bb6819\" data-element_type=\"column\" data-settings=\"{&quot;background_background&quot;:&quot;classic&quot;}\">\n\t\t\t<div class=\"elementor-widget-wrap elementor-element-populated\">\n\t\t\t\t\t\t<div class=\"elementor-element elementor-element-316fc83 elementor-widget elementor-widget-image\" data-id=\"316fc83\" data-element_type=\"widget\" data-settings=\"{&quot;ekit_we_effect_on&quot;:&quot;none&quot;}\" data-widget_type=\"image.default\">\n\t\t\t\t\t\t\t\t\t\t\t\t\t\t\t\t<a href=\"https:\/\/foro-mundial.org\/web\/speaker\/gonzalo-diego-rosas-zelaya\/\" target=\"_blank\">\n\t\t\t\t\t\t\t<img loading=\"lazy\" decoding=\"async\" width=\"500\" height=\"500\" src=\"https:\/\/foro-mundial.org\/web\/wp-content\/uploads\/2023\/06\/Conferencista-Gonzalo-Diego-Rosas-Zelaya-.png\" class=\"attachment-large size-large wp-image-10964\" alt=\"\" srcset=\"https:\/\/foro-mundial.org\/web\/wp-content\/uploads\/2023\/06\/Conferencista-Gonzalo-Diego-Rosas-Zelaya-.png 500w, https:\/\/foro-mundial.org\/web\/wp-content\/uploads\/2023\/06\/Conferencista-Gonzalo-Diego-Rosas-Zelaya--300x300.png 300w, https:\/\/foro-mundial.org\/web\/wp-content\/uploads\/2023\/06\/Conferencista-Gonzalo-Diego-Rosas-Zelaya--150x150.png 150w\" sizes=\"(max-width: 500px) 100vw, 500px\" \/>\t\t\t\t\t\t\t\t<\/a>\n\t\t\t\t\t\t\t\t\t\t\t\t\t\t\t<\/div>\n\t\t\t\t\t<\/div>\n\t\t<\/div>\n\t\t\t\t<div class=\"elementor-column elementor-col-33 elementor-top-column elementor-element elementor-element-0c21f80\" data-id=\"0c21f80\" data-element_type=\"column\" data-settings=\"{&quot;background_background&quot;:&quot;classic&quot;}\">\n\t\t\t<div class=\"elementor-widget-wrap elementor-element-populated\">\n\t\t\t\t\t\t<div class=\"elementor-element elementor-element-8afbad6 elementor-widget elementor-widget-exhibz-title\" data-id=\"8afbad6\" data-element_type=\"widget\" data-settings=\"{&quot;_animation&quot;:&quot;none&quot;,&quot;_animation_delay&quot;:&quot;350&quot;,&quot;ekit_we_effect_on&quot;:&quot;none&quot;}\" data-widget_type=\"exhibz-title.default\">\n\t\t\t\t<div class=\"elementor-widget-container\">\n\t\t\t\t\t\n    <div class=\"title-section-area\">\n        <h2 class=\"section-title\">\n            <span class=\"sub-title\">Directos General de Obras Naturales<\/span>\n\t\t\t<a href=\"https:\/\/foro-mundial.org\/web\/speaker\/gonzalo-diego-rosas-zelaya\/\" style=\"color: #3B1D82\">Gonzalo Diego Rosas Zelaya<\/a>        <\/h2>\n\t\t                    <\/div><!-- Section title -->\n    \n    \n\n    \t\t\t\t<\/div>\n\t\t\t\t<\/div>\n\t\t\t\t<div class=\"elementor-element elementor-element-7c1e1ff elementor-widget elementor-widget-text-editor\" data-id=\"7c1e1ff\" data-element_type=\"widget\" data-settings=\"{&quot;ekit_we_effect_on&quot;:&quot;none&quot;}\" data-widget_type=\"text-editor.default\">\n\t\t\t\t\t\t\t\t\t<p>\u201cEl sentido del Arte\u201d<\/p>\t\t\t\t\t\t\t\t<\/div>\n\t\t\t\t\t<\/div>\n\t\t<\/div>\n\t\t\t\t\t<\/div>\n\t\t<\/section>\n\t\t\t\t<section class=\"elementor-section elementor-top-section elementor-element elementor-element-1397aad elementor-section-boxed elementor-section-height-default elementor-section-height-default\" data-id=\"1397aad\" data-element_type=\"section\">\n\t\t\t\t\t\t<div class=\"elementor-container elementor-column-gap-default\">\n\t\t\t\t\t<div class=\"elementor-column elementor-col-33 elementor-top-column elementor-element elementor-element-93a7970\" data-id=\"93a7970\" data-element_type=\"column\" data-settings=\"{&quot;background_background&quot;:&quot;classic&quot;}\">\n\t\t\t<div class=\"elementor-widget-wrap elementor-element-populated\">\n\t\t\t\t\t\t<div class=\"elementor-element elementor-element-e98708d elementor-widget elementor-widget-heading\" data-id=\"e98708d\" data-element_type=\"widget\" data-settings=\"{&quot;_animation&quot;:&quot;none&quot;,&quot;_animation_delay&quot;:&quot;350&quot;,&quot;ekit_we_effect_on&quot;:&quot;none&quot;}\" data-widget_type=\"heading.default\">\n\t\t\t\t\t<h2 class=\"elementor-heading-title elementor-size-default\"><a href=\"https:\/\/academy.foro-mundial.org\/bundle_details\/47\/congreso-mundial-de-estudiantes-de-arte-y-cultura-canc%C3%BAn-2024-ticket-digital\" target=\"_blank\">CONFERENCIA MAGISTRAL VIRTUAL<\/a><\/h2>\t\t\t\t<\/div>\n\t\t\t\t<div class=\"elementor-element elementor-element-124e713 elementor-position-right elementor-vertical-align-middle elementor-widget__width-initial elementor-widget elementor-widget-image-box\" data-id=\"124e713\" data-element_type=\"widget\" data-settings=\"{&quot;_animation&quot;:&quot;none&quot;,&quot;_animation_delay&quot;:&quot;350&quot;,&quot;ekit_we_effect_on&quot;:&quot;none&quot;}\" data-widget_type=\"image-box.default\">\n\t\t\t\t\t<div class=\"elementor-image-box-wrapper\"><figure class=\"elementor-image-box-img\"><a href=\"https:\/\/academy.foro-mundial.org\/bundle_details\/47\/congreso-mundial-de-estudiantes-de-arte-y-cultura-canc%C3%BAn-2024-ticket-digital\" target=\"_blank\" tabindex=\"-1\"><img loading=\"lazy\" decoding=\"async\" width=\"330\" height=\"71\" src=\"https:\/\/foro-mundial.org\/web\/wp-content\/uploads\/2024\/02\/c73758de686279f745639eb7f81f6c51.png\" class=\"attachment-full size-full wp-image-13588\" alt=\"\" srcset=\"https:\/\/foro-mundial.org\/web\/wp-content\/uploads\/2024\/02\/c73758de686279f745639eb7f81f6c51.png 330w, https:\/\/foro-mundial.org\/web\/wp-content\/uploads\/2024\/02\/c73758de686279f745639eb7f81f6c51-300x65.png 300w\" sizes=\"(max-width: 330px) 100vw, 330px\" \/><\/a><\/figure><div class=\"elementor-image-box-content\"><span class=\"elementor-image-box-title\"><a href=\"https:\/\/academy.foro-mundial.org\/bundle_details\/47\/congreso-mundial-de-estudiantes-de-arte-y-cultura-canc%C3%BAn-2024-ticket-digital\" target=\"_blank\">VER EN<\/a><\/span><\/div><\/div>\t\t\t\t<\/div>\n\t\t\t\t\t<\/div>\n\t\t<\/div>\n\t\t\t\t<div class=\"elementor-column elementor-col-33 elementor-top-column elementor-element elementor-element-caed016\" data-id=\"caed016\" data-element_type=\"column\" data-settings=\"{&quot;background_background&quot;:&quot;classic&quot;}\">\n\t\t\t<div class=\"elementor-widget-wrap elementor-element-populated\">\n\t\t\t\t\t\t<div class=\"elementor-element elementor-element-d5b3a3e elementor-widget elementor-widget-image\" data-id=\"d5b3a3e\" data-element_type=\"widget\" data-settings=\"{&quot;ekit_we_effect_on&quot;:&quot;none&quot;}\" data-widget_type=\"image.default\">\n\t\t\t\t\t\t\t\t\t\t\t\t\t\t\t\t<a href=\"https:\/\/foro-mundial.org\/web\/speaker\/jaime-buhigas-tallon\/\" target=\"_blank\">\n\t\t\t\t\t\t\t<img loading=\"lazy\" decoding=\"async\" width=\"500\" height=\"500\" src=\"https:\/\/foro-mundial.org\/web\/wp-content\/uploads\/2023\/06\/Conferencista-Jaime-Buhigas-Tallon-.png\" class=\"attachment-large size-large wp-image-10967\" alt=\"\" srcset=\"https:\/\/foro-mundial.org\/web\/wp-content\/uploads\/2023\/06\/Conferencista-Jaime-Buhigas-Tallon-.png 500w, https:\/\/foro-mundial.org\/web\/wp-content\/uploads\/2023\/06\/Conferencista-Jaime-Buhigas-Tallon--300x300.png 300w, https:\/\/foro-mundial.org\/web\/wp-content\/uploads\/2023\/06\/Conferencista-Jaime-Buhigas-Tallon--150x150.png 150w\" sizes=\"(max-width: 500px) 100vw, 500px\" \/>\t\t\t\t\t\t\t\t<\/a>\n\t\t\t\t\t\t\t\t\t\t\t\t\t\t\t<\/div>\n\t\t\t\t\t<\/div>\n\t\t<\/div>\n\t\t\t\t<div class=\"elementor-column elementor-col-33 elementor-top-column elementor-element elementor-element-4ee4c4a\" data-id=\"4ee4c4a\" data-element_type=\"column\" data-settings=\"{&quot;background_background&quot;:&quot;classic&quot;}\">\n\t\t\t<div class=\"elementor-widget-wrap elementor-element-populated\">\n\t\t\t\t\t\t<div class=\"elementor-element elementor-element-41a3ddb elementor-widget elementor-widget-exhibz-title\" data-id=\"41a3ddb\" data-element_type=\"widget\" data-settings=\"{&quot;_animation&quot;:&quot;none&quot;,&quot;_animation_delay&quot;:&quot;350&quot;,&quot;ekit_we_effect_on&quot;:&quot;none&quot;}\" data-widget_type=\"exhibz-title.default\">\n\t\t\t\t<div class=\"elementor-widget-container\">\n\t\t\t\t\t\n    <div class=\"title-section-area\">\n        <h2 class=\"section-title\">\n            <span class=\"sub-title\">Arquitecto, dibujante, ilustrador, Escen\u00f3grafo<\/span>\n\t\t\t<a href=\"https:\/\/foro-mundial.org\/web\/speaker\/jaime-buhigas-tallon\/\" style=\"color: #3B1D82\">Jaime Buhigas Tall\u00f3n<\/a>        <\/h2>\n\t\t                    <\/div><!-- Section title -->\n    \n    \n\n    \t\t\t\t<\/div>\n\t\t\t\t<\/div>\n\t\t\t\t<div class=\"elementor-element elementor-element-52c592b elementor-widget elementor-widget-text-editor\" data-id=\"52c592b\" data-element_type=\"widget\" data-settings=\"{&quot;ekit_we_effect_on&quot;:&quot;none&quot;}\" data-widget_type=\"text-editor.default\">\n\t\t\t\t\t\t\t\t\t<p>\u201cOrden y Armon\u00eda: los n\u00fameros de la belleza\u201d<\/p>\t\t\t\t\t\t\t\t<\/div>\n\t\t\t\t\t<\/div>\n\t\t<\/div>\n\t\t\t\t\t<\/div>\n\t\t<\/section>\n\t\t\t\t<section class=\"elementor-section elementor-top-section elementor-element elementor-element-31170d1 elementor-section-boxed elementor-section-height-default elementor-section-height-default\" data-id=\"31170d1\" data-element_type=\"section\">\n\t\t\t\t\t\t<div class=\"elementor-container elementor-column-gap-default\">\n\t\t\t\t\t<div class=\"elementor-column elementor-col-33 elementor-top-column elementor-element elementor-element-304819d\" data-id=\"304819d\" data-element_type=\"column\" data-settings=\"{&quot;background_background&quot;:&quot;classic&quot;}\">\n\t\t\t<div class=\"elementor-widget-wrap elementor-element-populated\">\n\t\t\t\t\t\t<div class=\"elementor-element elementor-element-2106b44 elementor-widget elementor-widget-heading\" data-id=\"2106b44\" data-element_type=\"widget\" data-settings=\"{&quot;_animation&quot;:&quot;none&quot;,&quot;_animation_delay&quot;:&quot;350&quot;,&quot;ekit_we_effect_on&quot;:&quot;none&quot;}\" data-widget_type=\"heading.default\">\n\t\t\t\t\t<h2 class=\"elementor-heading-title elementor-size-default\"><a href=\"https:\/\/academy.foro-mundial.org\/bundle_details\/47\/congreso-mundial-de-estudiantes-de-arte-y-cultura-canc%C3%BAn-2024-ticket-digital\" target=\"_blank\">CONFERENCIA MAGISTRAL VIRTUAL<\/a><\/h2>\t\t\t\t<\/div>\n\t\t\t\t<div class=\"elementor-element elementor-element-41c9b8c elementor-position-right elementor-vertical-align-middle elementor-widget__width-initial elementor-widget elementor-widget-image-box\" data-id=\"41c9b8c\" data-element_type=\"widget\" data-settings=\"{&quot;_animation&quot;:&quot;none&quot;,&quot;_animation_delay&quot;:&quot;350&quot;,&quot;ekit_we_effect_on&quot;:&quot;none&quot;}\" data-widget_type=\"image-box.default\">\n\t\t\t\t\t<div class=\"elementor-image-box-wrapper\"><figure class=\"elementor-image-box-img\"><a href=\"https:\/\/academy.foro-mundial.org\/bundle_details\/47\/congreso-mundial-de-estudiantes-de-arte-y-cultura-canc%C3%BAn-2024-ticket-digital\" target=\"_blank\" tabindex=\"-1\"><img loading=\"lazy\" decoding=\"async\" width=\"330\" height=\"71\" src=\"https:\/\/foro-mundial.org\/web\/wp-content\/uploads\/2024\/02\/c73758de686279f745639eb7f81f6c51.png\" class=\"attachment-full size-full wp-image-13588\" alt=\"\" srcset=\"https:\/\/foro-mundial.org\/web\/wp-content\/uploads\/2024\/02\/c73758de686279f745639eb7f81f6c51.png 330w, https:\/\/foro-mundial.org\/web\/wp-content\/uploads\/2024\/02\/c73758de686279f745639eb7f81f6c51-300x65.png 300w\" sizes=\"(max-width: 330px) 100vw, 330px\" \/><\/a><\/figure><div class=\"elementor-image-box-content\"><span class=\"elementor-image-box-title\"><a href=\"https:\/\/academy.foro-mundial.org\/bundle_details\/47\/congreso-mundial-de-estudiantes-de-arte-y-cultura-canc%C3%BAn-2024-ticket-digital\" target=\"_blank\">VER EN<\/a><\/span><\/div><\/div>\t\t\t\t<\/div>\n\t\t\t\t\t<\/div>\n\t\t<\/div>\n\t\t\t\t<div class=\"elementor-column elementor-col-33 elementor-top-column elementor-element elementor-element-a113416\" data-id=\"a113416\" data-element_type=\"column\" data-settings=\"{&quot;background_background&quot;:&quot;classic&quot;}\">\n\t\t\t<div class=\"elementor-widget-wrap elementor-element-populated\">\n\t\t\t\t\t\t<div class=\"elementor-element elementor-element-7d4b99f elementor-widget elementor-widget-image\" data-id=\"7d4b99f\" data-element_type=\"widget\" data-settings=\"{&quot;ekit_we_effect_on&quot;:&quot;none&quot;}\" data-widget_type=\"image.default\">\n\t\t\t\t\t\t\t\t\t\t\t\t\t\t\t\t<a href=\"https:\/\/foro-mundial.org\/web\/speaker\/catalina-delmiro-estrada\/\" target=\"_blank\">\n\t\t\t\t\t\t\t<img loading=\"lazy\" decoding=\"async\" width=\"500\" height=\"500\" src=\"https:\/\/foro-mundial.org\/web\/wp-content\/uploads\/2023\/06\/Conferencista-Catalina-Delmiro-Estrada.png\" class=\"attachment-large size-large wp-image-10970\" alt=\"\" srcset=\"https:\/\/foro-mundial.org\/web\/wp-content\/uploads\/2023\/06\/Conferencista-Catalina-Delmiro-Estrada.png 500w, https:\/\/foro-mundial.org\/web\/wp-content\/uploads\/2023\/06\/Conferencista-Catalina-Delmiro-Estrada-300x300.png 300w, https:\/\/foro-mundial.org\/web\/wp-content\/uploads\/2023\/06\/Conferencista-Catalina-Delmiro-Estrada-150x150.png 150w\" sizes=\"(max-width: 500px) 100vw, 500px\" \/>\t\t\t\t\t\t\t\t<\/a>\n\t\t\t\t\t\t\t\t\t\t\t\t\t\t\t<\/div>\n\t\t\t\t\t<\/div>\n\t\t<\/div>\n\t\t\t\t<div class=\"elementor-column elementor-col-33 elementor-top-column elementor-element elementor-element-6178a77\" data-id=\"6178a77\" data-element_type=\"column\" data-settings=\"{&quot;background_background&quot;:&quot;classic&quot;}\">\n\t\t\t<div class=\"elementor-widget-wrap elementor-element-populated\">\n\t\t\t\t\t\t<div class=\"elementor-element elementor-element-99fa390 elementor-widget elementor-widget-exhibz-title\" data-id=\"99fa390\" data-element_type=\"widget\" data-settings=\"{&quot;_animation&quot;:&quot;none&quot;,&quot;_animation_delay&quot;:&quot;350&quot;,&quot;ekit_we_effect_on&quot;:&quot;none&quot;}\" data-widget_type=\"exhibz-title.default\">\n\t\t\t\t<div class=\"elementor-widget-container\">\n\t\t\t\t\t\n    <div class=\"title-section-area\">\n        <h2 class=\"section-title\">\n            <span class=\"sub-title\">Artista<\/span>\n\t\t\t<a href=\"https:\/\/foro-mundial.org\/web\/speaker\/catalina-delmiro-estrada\/\" style=\"color: #3B1D82\">Catalina Delmiro Estrada<\/a>        <\/h2>\n\t\t                    <\/div><!-- Section title -->\n    \n    \n\n    \t\t\t\t<\/div>\n\t\t\t\t<\/div>\n\t\t\t\t<div class=\"elementor-element elementor-element-9410b8d elementor-widget elementor-widget-text-editor\" data-id=\"9410b8d\" data-element_type=\"widget\" data-settings=\"{&quot;ekit_we_effect_on&quot;:&quot;none&quot;}\" data-widget_type=\"text-editor.default\">\n\t\t\t\t\t\t\t\t\t<p>\u201cTodos podemos ser grandes dibujantes\u201d<\/p>\t\t\t\t\t\t\t\t<\/div>\n\t\t\t\t\t<\/div>\n\t\t<\/div>\n\t\t\t\t\t<\/div>\n\t\t<\/section>\n\t\t\t\t<section class=\"elementor-section elementor-top-section elementor-element elementor-element-521fd55 elementor-section-boxed elementor-section-height-default elementor-section-height-default\" data-id=\"521fd55\" data-element_type=\"section\" data-settings=\"{&quot;background_background&quot;:&quot;classic&quot;}\">\n\t\t\t\t\t\t<div class=\"elementor-container elementor-column-gap-default\">\n\t\t\t\t\t<div class=\"elementor-column elementor-col-100 elementor-top-column elementor-element elementor-element-e35d5a9\" data-id=\"e35d5a9\" data-element_type=\"column\" data-settings=\"{&quot;background_background&quot;:&quot;classic&quot;}\">\n\t\t\t<div class=\"elementor-widget-wrap elementor-element-populated\">\n\t\t\t\t\t\t<div class=\"elementor-element elementor-element-cc06c0f elementor-widget elementor-widget-spacer\" data-id=\"cc06c0f\" data-element_type=\"widget\" data-settings=\"{&quot;ekit_we_effect_on&quot;:&quot;none&quot;}\" data-widget_type=\"spacer.default\">\n\t\t\t\t\t\t\t<div class=\"elementor-spacer\">\n\t\t\t<div class=\"elementor-spacer-inner\"><\/div>\n\t\t<\/div>\n\t\t\t\t\t\t<\/div>\n\t\t\t\t\t<\/div>\n\t\t<\/div>\n\t\t\t\t\t<\/div>\n\t\t<\/section>\n\t\t\t\t<section class=\"elementor-section elementor-top-section elementor-element elementor-element-958ae97 elementor-section-boxed elementor-section-height-default elementor-section-height-default\" data-id=\"958ae97\" data-element_type=\"section\">\n\t\t\t\t\t\t<div class=\"elementor-container elementor-column-gap-default\">\n\t\t\t\t\t<div class=\"elementor-column elementor-col-100 elementor-top-column elementor-element elementor-element-f80a571\" data-id=\"f80a571\" data-element_type=\"column\">\n\t\t\t<div class=\"elementor-widget-wrap elementor-element-populated\">\n\t\t\t\t\t\t<div class=\"elementor-element elementor-element-04865cd elementor-widget elementor-widget-spacer\" data-id=\"04865cd\" data-element_type=\"widget\" data-settings=\"{&quot;ekit_we_effect_on&quot;:&quot;none&quot;}\" data-widget_type=\"spacer.default\">\n\t\t\t\t\t\t\t<div class=\"elementor-spacer\">\n\t\t\t<div class=\"elementor-spacer-inner\"><\/div>\n\t\t<\/div>\n\t\t\t\t\t\t<\/div>\n\t\t\t\t\t<\/div>\n\t\t<\/div>\n\t\t\t\t\t<\/div>\n\t\t<\/section>\n\t\t\t\t<section class=\"elementor-section elementor-top-section elementor-element elementor-element-7571a5e elementor-section-boxed elementor-section-height-default elementor-section-height-default\" data-id=\"7571a5e\" data-element_type=\"section\" data-settings=\"{&quot;background_background&quot;:&quot;classic&quot;}\">\n\t\t\t\t\t\t<div class=\"elementor-container elementor-column-gap-default\">\n\t\t\t\t\t<div class=\"elementor-column elementor-col-50 elementor-top-column elementor-element elementor-element-4196772\" data-id=\"4196772\" data-element_type=\"column\">\n\t\t\t<div class=\"elementor-widget-wrap elementor-element-populated\">\n\t\t\t\t\t\t<div class=\"elementor-element elementor-element-c319852 elementor-widget elementor-widget-testimonial-carousel\" data-id=\"c319852\" data-element_type=\"widget\" data-settings=\"{&quot;ekit_we_effect_on&quot;:&quot;none&quot;}\" data-widget_type=\"testimonial-carousel.default\">\n\t\t\t\t<div class=\"elementor-widget-container\">\n\t\t\t\t\t \t\t\t\t<\/div>\n\t\t\t\t<\/div>\n\t\t\t\t\t<\/div>\n\t\t<\/div>\n\t\t\t\t<div class=\"elementor-column elementor-col-50 elementor-top-column elementor-element elementor-element-1a52d1e\" data-id=\"1a52d1e\" data-element_type=\"column\">\n\t\t\t<div class=\"elementor-widget-wrap elementor-element-populated\">\n\t\t\t\t\t\t<div class=\"elementor-element elementor-element-0674617 elementor-tabs-view-horizontal elementor-widget elementor-widget-tabs\" data-id=\"0674617\" data-element_type=\"widget\" data-settings=\"{&quot;ekit_we_effect_on&quot;:&quot;none&quot;}\" data-widget_type=\"tabs.default\">\n\t\t\t\t\t\t\t<div class=\"elementor-tabs\">\n\t\t\t<div class=\"elementor-tabs-wrapper\" role=\"tablist\" >\n\t\t\t\t\t\t\t\t\t<div id=\"elementor-tab-title-6761\" class=\"elementor-tab-title elementor-tab-desktop-title\" aria-selected=\"true\" data-tab=\"1\" role=\"tab\" tabindex=\"0\" aria-controls=\"elementor-tab-content-6761\" aria-expanded=\"false\">\u3164Inovaci\u00f3n<\/div>\n\t\t\t\t\t\t\t\t\t<div id=\"elementor-tab-title-6762\" class=\"elementor-tab-title elementor-tab-desktop-title\" aria-selected=\"false\" data-tab=\"2\" role=\"tab\" tabindex=\"-1\" aria-controls=\"elementor-tab-content-6762\" aria-expanded=\"false\">\u3164Liderazgo<\/div>\n\t\t\t\t\t\t\t\t\t<div id=\"elementor-tab-title-6763\" class=\"elementor-tab-title elementor-tab-desktop-title\" aria-selected=\"false\" data-tab=\"3\" role=\"tab\" tabindex=\"-1\" aria-controls=\"elementor-tab-content-6763\" aria-expanded=\"false\">\u3164Networking<\/div>\n\t\t\t\t\t\t\t<\/div>\n\t\t\t<div class=\"elementor-tabs-content-wrapper\" role=\"tablist\" aria-orientation=\"vertical\">\n\t\t\t\t\t\t\t\t\t<div class=\"elementor-tab-title elementor-tab-mobile-title\" aria-selected=\"true\" data-tab=\"1\" role=\"tab\" tabindex=\"0\" aria-controls=\"elementor-tab-content-6761\" aria-expanded=\"false\">\u3164Inovaci\u00f3n<\/div>\n\t\t\t\t\t<div id=\"elementor-tab-content-6761\" class=\"elementor-tab-content elementor-clearfix\" data-tab=\"1\" role=\"tabpanel\" aria-labelledby=\"elementor-tab-title-6761\" tabindex=\"0\" hidden=\"false\"><p><img loading=\"lazy\" decoding=\"async\" class=\"size-full wp-image-3615 aligncenter\" src=\"https:\/\/foro-mundial.org\/web\/wp-content\/uploads\/2023\/05\/hexagono-01.png\" alt=\"\" width=\"263\" height=\"260\" \/><\/p><p>En el\u00a0<strong>Congreso Mundial de Estudiantes de Arte y Cultura\u00a0<\/strong>encontraras innovaci\u00f3n en educaci\u00f3n de vanguardia donde sabemos que la \u00a0transformaci\u00f3n de la ense\u00f1anza debe caminar hacia la inclusi\u00f3n de metodolog\u00edas modernas.<\/p><\/div>\n\t\t\t\t\t\t\t\t\t<div class=\"elementor-tab-title elementor-tab-mobile-title\" aria-selected=\"false\" data-tab=\"2\" role=\"tab\" tabindex=\"-1\" aria-controls=\"elementor-tab-content-6762\" aria-expanded=\"false\">\u3164Liderazgo<\/div>\n\t\t\t\t\t<div id=\"elementor-tab-content-6762\" class=\"elementor-tab-content elementor-clearfix\" data-tab=\"2\" role=\"tabpanel\" aria-labelledby=\"elementor-tab-title-6762\" tabindex=\"0\" hidden=\"hidden\"><p><img loading=\"lazy\" decoding=\"async\" class=\"size-full wp-image-3616 aligncenter\" src=\"https:\/\/foro-mundial.org\/web\/wp-content\/uploads\/2023\/05\/hexagono-02.png\" alt=\"\" width=\"263\" height=\"260\" \/><\/p><p>El\u00a0<strong>Congreso Mundial de Estudiantes de Arte y Cultura\u00a0<\/strong>mantiene el liderazgo como el evento m\u00e1s grande e importante a nivel mundial para estudiantes de ciencias m\u00e9dicas que los vincula con reconocidos especialistas y expertos.<\/p><\/div>\n\t\t\t\t\t\t\t\t\t<div class=\"elementor-tab-title elementor-tab-mobile-title\" aria-selected=\"false\" data-tab=\"3\" role=\"tab\" tabindex=\"-1\" aria-controls=\"elementor-tab-content-6763\" aria-expanded=\"false\">\u3164Networking<\/div>\n\t\t\t\t\t<div id=\"elementor-tab-content-6763\" class=\"elementor-tab-content elementor-clearfix\" data-tab=\"3\" role=\"tabpanel\" aria-labelledby=\"elementor-tab-title-6763\" tabindex=\"0\" hidden=\"hidden\"><p><img loading=\"lazy\" decoding=\"async\" class=\"size-full wp-image-3617 aligncenter\" src=\"https:\/\/foro-mundial.org\/web\/wp-content\/uploads\/2023\/05\/hexagono-03.png\" alt=\"\" width=\"263\" height=\"260\" \/><\/p><p>El\u00a0<strong>Congreso Mundial de Estudiantes de Arte y Cultura\u00a0<\/strong>constituye la plataforma ideal para hacer amistad con estudiantes de otras partes del mundo, y crear una red \u00a0profesional de contactos a largo plazo.<\/p><\/div>\n\t\t\t\t\t\t\t<\/div>\n\t\t<\/div>\n\t\t\t\t\t\t<\/div>\n\t\t\t\t\t<\/div>\n\t\t<\/div>\n\t\t\t\t\t<\/div>\n\t\t<\/section>\n\t\t\t\t<section class=\"elementor-section elementor-top-section elementor-element elementor-element-dcfc3c4 elementor-section-boxed elementor-section-height-default elementor-section-height-default\" data-id=\"dcfc3c4\" data-element_type=\"section\" data-settings=\"{&quot;background_background&quot;:&quot;classic&quot;}\">\n\t\t\t\t\t\t<div class=\"elementor-container elementor-column-gap-no\">\n\t\t\t\t\t<div class=\"elementor-column elementor-col-100 elementor-top-column elementor-element elementor-element-9195d1e\" data-id=\"9195d1e\" data-element_type=\"column\" data-settings=\"{&quot;background_background&quot;:&quot;classic&quot;}\">\n\t\t\t<div class=\"elementor-widget-wrap elementor-element-populated\">\n\t\t\t\t\t\t<div class=\"elementor-element elementor-element-f971176 elementor-widget elementor-widget-image\" data-id=\"f971176\" data-element_type=\"widget\" data-settings=\"{&quot;ekit_we_effect_on&quot;:&quot;none&quot;}\" data-widget_type=\"image.default\">\n\t\t\t\t\t\t\t\t\t\t\t\t\t\t\t<img loading=\"lazy\" decoding=\"async\" width=\"2296\" height=\"609\" src=\"https:\/\/foro-mundial.org\/web\/wp-content\/uploads\/2023\/06\/top-paquete-octubre-2023.png\" class=\"attachment-full size-full wp-image-10049\" alt=\"\" srcset=\"https:\/\/foro-mundial.org\/web\/wp-content\/uploads\/2023\/06\/top-paquete-octubre-2023.png 2296w, https:\/\/foro-mundial.org\/web\/wp-content\/uploads\/2023\/06\/top-paquete-octubre-2023-300x80.png 300w, https:\/\/foro-mundial.org\/web\/wp-content\/uploads\/2023\/06\/top-paquete-octubre-2023-1024x272.png 1024w, https:\/\/foro-mundial.org\/web\/wp-content\/uploads\/2023\/06\/top-paquete-octubre-2023-768x204.png 768w, https:\/\/foro-mundial.org\/web\/wp-content\/uploads\/2023\/06\/top-paquete-octubre-2023-1536x407.png 1536w, https:\/\/foro-mundial.org\/web\/wp-content\/uploads\/2023\/06\/top-paquete-octubre-2023-2048x543.png 2048w\" sizes=\"(max-width: 2296px) 100vw, 2296px\" \/>\t\t\t\t\t\t\t\t\t\t\t\t\t\t\t<\/div>\n\t\t\t\t<div class=\"elementor-element elementor-element-c20fc55 elementor-invisible elementor-widget elementor-widget-exhibz-title\" data-id=\"c20fc55\" data-element_type=\"widget\" data-settings=\"{&quot;_animation&quot;:&quot;fadeInUp&quot;,&quot;ekit_we_effect_on&quot;:&quot;none&quot;}\" data-widget_type=\"exhibz-title.default\">\n\t\t\t\t<div class=\"elementor-widget-container\">\n\t\t\t\t\t\n    <div class=\"title-section-area\">\n        <h2 class=\"section-title\">\n            <span class=\"sub-title\">PAQUETE TODO INCLUIDO HOTEL GRAND OASIS<\/span>\n\t\t\tConoce el Paquete  B\u00e1sico        <\/h2>\n\t\t                    <span class=\"title-shape\">\n                  <svg xmlns='http:\/\/www.w3.org\/2000\/svg' xmlns:xlink='http:\/\/www.w3.org\/1999\/xlink' width='71px' height='11px'> <path fill-rule='evenodd' d='M59.669,10.710 L49.164,3.306 L39.428,10.681 L29.714,3.322 L20.006,10.682 L10.295,3.322 L1.185,10.228 L-0.010,8.578 L10.295,0.765 L20.006,8.125 L29.714,0.765 L39.428,8.125 L49.122,0.781 L59.680,8.223 L69.858,1.192 L70.982,2.895 L59.669,10.710 Z'\/><\/svg>\n            <\/span>\n                    <\/div><!-- Section title -->\n    \n    \n\n    \t\t\t\t<\/div>\n\t\t\t\t<\/div>\n\t\t\t\t<div class=\"elementor-element elementor-element-1647f05 elementor-widget__width-initial elementor-widget-mobile__width-inherit elementor-list-item-link-full_width elementor-widget elementor-widget-icon-list\" data-id=\"1647f05\" data-element_type=\"widget\" data-settings=\"{&quot;ekit_we_effect_on&quot;:&quot;none&quot;}\" data-widget_type=\"icon-list.default\">\n\t\t\t\t\t\t\t<ul class=\"elementor-icon-list-items\">\n\t\t\t\t\t\t\t<li class=\"elementor-icon-list-item\">\n\t\t\t\t\t\t\t\t\t\t\t<span class=\"elementor-icon-list-icon\">\n\t\t\t\t\t\t\t<svg aria-hidden=\"true\" class=\"e-font-icon-svg e-far-address-card\" viewBox=\"0 0 576 512\" xmlns=\"http:\/\/www.w3.org\/2000\/svg\"><path d=\"M528 32H48C21.5 32 0 53.5 0 80v352c0 26.5 21.5 48 48 48h480c26.5 0 48-21.5 48-48V80c0-26.5-21.5-48-48-48zm0 400H48V80h480v352zM208 256c35.3 0 64-28.7 64-64s-28.7-64-64-64-64 28.7-64 64 28.7 64 64 64zm-89.6 128h179.2c12.4 0 22.4-8.6 22.4-19.2v-19.2c0-31.8-30.1-57.6-67.2-57.6-10.8 0-18.7 8-44.8 8-26.9 0-33.4-8-44.8-8-37.1 0-67.2 25.8-67.2 57.6v19.2c0 10.6 10 19.2 22.4 19.2zM360 320h112c4.4 0 8-3.6 8-8v-16c0-4.4-3.6-8-8-8H360c-4.4 0-8 3.6-8 8v16c0 4.4 3.6 8 8 8zm0-64h112c4.4 0 8-3.6 8-8v-16c0-4.4-3.6-8-8-8H360c-4.4 0-8 3.6-8 8v16c0 4.4 3.6 8 8 8zm0-64h112c4.4 0 8-3.6 8-8v-16c0-4.4-3.6-8-8-8H360c-4.4 0-8 3.6-8 8v16c0 4.4 3.6 8 8 8z\"><\/path><\/svg>\t\t\t\t\t\t<\/span>\n\t\t\t\t\t\t\t\t\t\t<span class=\"elementor-icon-list-text\">Carnet Electr\u00f3nico de Acceso al Congreso<br>Material Did\u00e1ctico de Apoyo<\/span>\n\t\t\t\t\t\t\t\t\t<\/li>\n\t\t\t\t\t\t\t\t<li class=\"elementor-icon-list-item\">\n\t\t\t\t\t\t\t\t\t\t\t<span class=\"elementor-icon-list-icon\">\n\t\t\t\t\t\t\t<svg aria-hidden=\"true\" class=\"e-font-icon-svg e-fas-medal\" viewBox=\"0 0 512 512\" xmlns=\"http:\/\/www.w3.org\/2000\/svg\"><path d=\"M223.75 130.75L154.62 15.54A31.997 31.997 0 0 0 127.18 0H16.03C3.08 0-4.5 14.57 2.92 25.18l111.27 158.96c29.72-27.77 67.52-46.83 109.56-53.39zM495.97 0H384.82c-11.24 0-21.66 5.9-27.44 15.54l-69.13 115.21c42.04 6.56 79.84 25.62 109.56 53.38L509.08 25.18C516.5 14.57 508.92 0 495.97 0zM256 160c-97.2 0-176 78.8-176 176s78.8 176 176 176 176-78.8 176-176-78.8-176-176-176zm92.52 157.26l-37.93 36.96 8.97 52.22c1.6 9.36-8.26 16.51-16.65 12.09L256 393.88l-46.9 24.65c-8.4 4.45-18.25-2.74-16.65-12.09l8.97-52.22-37.93-36.96c-6.82-6.64-3.05-18.23 6.35-19.59l52.43-7.64 23.43-47.52c2.11-4.28 6.19-6.39 10.28-6.39 4.11 0 8.22 2.14 10.33 6.39l23.43 47.52 52.43 7.64c9.4 1.36 13.17 12.95 6.35 19.59z\"><\/path><\/svg>\t\t\t\t\t\t<\/span>\n\t\t\t\t\t\t\t\t\t\t<span class=\"elementor-icon-list-text\">Constancia Avalada y certificada con 20 puntos de Valor<br>Curricular por la WFUE <\/span>\n\t\t\t\t\t\t\t\t\t<\/li>\n\t\t\t\t\t\t\t\t<li class=\"elementor-icon-list-item\">\n\t\t\t\t\t\t\t\t\t\t\t<span class=\"elementor-icon-list-icon\">\n\t\t\t\t\t\t\t<svg aria-hidden=\"true\" class=\"e-font-icon-svg e-far-building\" viewBox=\"0 0 448 512\" xmlns=\"http:\/\/www.w3.org\/2000\/svg\"><path d=\"M128 148v-40c0-6.6 5.4-12 12-12h40c6.6 0 12 5.4 12 12v40c0 6.6-5.4 12-12 12h-40c-6.6 0-12-5.4-12-12zm140 12h40c6.6 0 12-5.4 12-12v-40c0-6.6-5.4-12-12-12h-40c-6.6 0-12 5.4-12 12v40c0 6.6 5.4 12 12 12zm-128 96h40c6.6 0 12-5.4 12-12v-40c0-6.6-5.4-12-12-12h-40c-6.6 0-12 5.4-12 12v40c0 6.6 5.4 12 12 12zm128 0h40c6.6 0 12-5.4 12-12v-40c0-6.6-5.4-12-12-12h-40c-6.6 0-12 5.4-12 12v40c0 6.6 5.4 12 12 12zm-76 84v-40c0-6.6-5.4-12-12-12h-40c-6.6 0-12 5.4-12 12v40c0 6.6 5.4 12 12 12h40c6.6 0 12-5.4 12-12zm76 12h40c6.6 0 12-5.4 12-12v-40c0-6.6-5.4-12-12-12h-40c-6.6 0-12 5.4-12 12v40c0 6.6 5.4 12 12 12zm180 124v36H0v-36c0-6.6 5.4-12 12-12h19.5V24c0-13.3 10.7-24 24-24h337c13.3 0 24 10.7 24 24v440H436c6.6 0 12 5.4 12 12zM79.5 463H192v-67c0-6.6 5.4-12 12-12h40c6.6 0 12 5.4 12 12v67h112.5V49L80 48l-.5 415z\"><\/path><\/svg>\t\t\t\t\t\t<\/span>\n\t\t\t\t\t\t\t\t\t\t<span class=\"elementor-icon-list-text\">3 D\u00edas y 2 Noches de Alojamiento en Plan Todo Incluido en el <br>Hotel Grand Oasis Canc\u00fan en Ocupaci\u00f3n Cu\u00e1druple<\/span>\n\t\t\t\t\t\t\t\t\t<\/li>\n\t\t\t\t\t\t<\/ul>\n\t\t\t\t\t\t<\/div>\n\t\t\t\t<div class=\"elementor-element elementor-element-bc2022d elementor-widget__width-initial elementor-widget-mobile__width-inherit elementor-list-item-link-full_width elementor-widget elementor-widget-icon-list\" data-id=\"bc2022d\" data-element_type=\"widget\" data-settings=\"{&quot;ekit_we_effect_on&quot;:&quot;none&quot;}\" data-widget_type=\"icon-list.default\">\n\t\t\t\t\t\t\t<ul class=\"elementor-icon-list-items\">\n\t\t\t\t\t\t\t<li class=\"elementor-icon-list-item\">\n\t\t\t\t\t\t\t\t\t\t\t<span class=\"elementor-icon-list-icon\">\n\t\t\t\t\t\t\t<i aria-hidden=\"true\" class=\"icon icon-dinner\"><\/i>\t\t\t\t\t\t<\/span>\n\t\t\t\t\t\t\t\t\t\t<span class=\"elementor-icon-list-text\">D\u00eda 1: Comida y Cena tipo Buffet, D\u00eda2: Desayuno, Comida y Cena tipo Buffet, D\u00eda 3: Desayuno tipo Buffet.<br><\/span>\n\t\t\t\t\t\t\t\t\t<\/li>\n\t\t\t\t\t\t\t\t<li class=\"elementor-icon-list-item\">\n\t\t\t\t\t\t\t\t\t\t\t<span class=\"elementor-icon-list-icon\">\n\t\t\t\t\t\t\t<svg aria-hidden=\"true\" class=\"e-font-icon-svg e-fas-cocktail\" viewBox=\"0 0 576 512\" xmlns=\"http:\/\/www.w3.org\/2000\/svg\"><path d=\"M296 464h-56V338.78l168.74-168.73c15.52-15.52 4.53-42.05-17.42-42.05H24.68c-21.95 0-32.94 26.53-17.42 42.05L176 338.78V464h-56c-22.09 0-40 17.91-40 40 0 4.42 3.58 8 8 8h240c4.42 0 8-3.58 8-8 0-22.09-17.91-40-40-40zM432 0c-62.61 0-115.35 40.2-135.18 96h52.54c16.65-28.55 47.27-48 82.64-48 52.93 0 96 43.06 96 96s-43.07 96-96 96c-14.04 0-27.29-3.2-39.32-8.64l-35.26 35.26C379.23 279.92 404.59 288 432 288c79.53 0 144-64.47 144-144S511.53 0 432 0z\"><\/path><\/svg>\t\t\t\t\t\t<\/span>\n\t\t\t\t\t\t\t\t\t\t<span class=\"elementor-icon-list-text\">Barra libre nacional durante la estancia.<br><\/span>\n\t\t\t\t\t\t\t\t\t<\/li>\n\t\t\t\t\t\t\t\t<li class=\"elementor-icon-list-item\">\n\t\t\t\t\t\t\t\t\t\t\t<span class=\"elementor-icon-list-icon\">\n\t\t\t\t\t\t\t<svg aria-hidden=\"true\" class=\"e-font-icon-svg e-fas-star-half-alt\" viewBox=\"0 0 536 512\" xmlns=\"http:\/\/www.w3.org\/2000\/svg\"><path d=\"M508.55 171.51L362.18 150.2 296.77 17.81C290.89 5.98 279.42 0 267.95 0c-11.4 0-22.79 5.9-28.69 17.81l-65.43 132.38-146.38 21.29c-26.25 3.8-36.77 36.09-17.74 54.59l105.89 103-25.06 145.48C86.98 495.33 103.57 512 122.15 512c4.93 0 10-1.17 14.87-3.75l130.95-68.68 130.94 68.7c4.86 2.55 9.92 3.71 14.83 3.71 18.6 0 35.22-16.61 31.66-37.4l-25.03-145.49 105.91-102.98c19.04-18.5 8.52-50.8-17.73-54.6zm-121.74 123.2l-18.12 17.62 4.28 24.88 19.52 113.45-102.13-53.59-22.38-11.74.03-317.19 51.03 103.29 11.18 22.63 25.01 3.64 114.23 16.63-82.65 80.38z\"><\/path><\/svg>\t\t\t\t\t\t<\/span>\n\t\t\t\t\t\t\t\t\t\t<span class=\"elementor-icon-list-text\">Show Acrob\u00e1tico estilo las Vegas \"El Renacer del Quetzal\"<br> *Show en Pir\u00e1mide sujeto a operaci\u00f3n del Hotel.<\/span>\n\t\t\t\t\t\t\t\t\t<\/li>\n\t\t\t\t\t\t<\/ul>\n\t\t\t\t\t\t<\/div>\n\t\t\t\t<div class=\"elementor-element elementor-element-8a2b644 elementor-widget__width-initial elementor-widget-mobile__width-initial elementor-widget elementor-widget-heading\" data-id=\"8a2b644\" data-element_type=\"widget\" data-settings=\"{&quot;ekit_we_effect_on&quot;:&quot;none&quot;}\" data-widget_type=\"heading.default\">\n\t\t\t\t\t<h2 class=\"elementor-heading-title elementor-size-default\">PROMOCIONES<\/h2>\t\t\t\t<\/div>\n\t\t\t\t<div class=\"elementor-element elementor-element-500e82c elementor-widget__width-initial elementor-widget-mobile__width-inherit elementor-list-item-link-full_width elementor-widget elementor-widget-icon-list\" data-id=\"500e82c\" data-element_type=\"widget\" data-settings=\"{&quot;ekit_we_effect_on&quot;:&quot;none&quot;}\" data-widget_type=\"icon-list.default\">\n\t\t\t\t\t\t\t<ul class=\"elementor-icon-list-items\">\n\t\t\t\t\t\t\t<li class=\"elementor-icon-list-item\">\n\t\t\t\t\t\t\t\t\t\t\t<span class=\"elementor-icon-list-icon\">\n\t\t\t\t\t\t\t<svg aria-hidden=\"true\" class=\"e-font-icon-svg e-fas-ticket-alt\" viewBox=\"0 0 576 512\" xmlns=\"http:\/\/www.w3.org\/2000\/svg\"><path d=\"M128 160h320v192H128V160zm400 96c0 26.51 21.49 48 48 48v96c0 26.51-21.49 48-48 48H48c-26.51 0-48-21.49-48-48v-96c26.51 0 48-21.49 48-48s-21.49-48-48-48v-96c0-26.51 21.49-48 48-48h480c26.51 0 48 21.49 48 48v96c-26.51 0-48 21.49-48 48zm-48-104c0-13.255-10.745-24-24-24H120c-13.255 0-24 10.745-24 24v208c0 13.255 10.745 24 24 24h336c13.255 0 24-10.745 24-24V152z\"><\/path><\/svg>\t\t\t\t\t\t<\/span>\n\t\t\t\t\t\t\t\t\t\t<span class=\"elementor-icon-list-text\">Entrada al Museo Maya de Canc\u00fan<br>*Al invitar un amigo al Congreso<\/span>\n\t\t\t\t\t\t\t\t\t<\/li>\n\t\t\t\t\t\t\t\t<li class=\"elementor-icon-list-item\">\n\t\t\t\t\t\t\t\t\t\t\t<span class=\"elementor-icon-list-icon\">\n\t\t\t\t\t\t\t<svg aria-hidden=\"true\" class=\"e-font-icon-svg e-fas-bed\" viewBox=\"0 0 640 512\" xmlns=\"http:\/\/www.w3.org\/2000\/svg\"><path d=\"M176 256c44.11 0 80-35.89 80-80s-35.89-80-80-80-80 35.89-80 80 35.89 80 80 80zm352-128H304c-8.84 0-16 7.16-16 16v144H64V80c0-8.84-7.16-16-16-16H16C7.16 64 0 71.16 0 80v352c0 8.84 7.16 16 16 16h32c8.84 0 16-7.16 16-16v-48h512v48c0 8.84 7.16 16 16 16h32c8.84 0 16-7.16 16-16V240c0-61.86-50.14-112-112-112z\"><\/path><\/svg>\t\t\t\t\t\t<\/span>\n\t\t\t\t\t\t\t\t\t\t<span class=\"elementor-icon-list-text\">Up Grade a ocupaci\u00f3n doble<br>*Al invitar 4 amigos al Congreso<\/span>\n\t\t\t\t\t\t\t\t\t<\/li>\n\t\t\t\t\t\t<\/ul>\n\t\t\t\t\t\t<\/div>\n\t\t\t\t<div class=\"elementor-element elementor-element-2f8785e elementor-widget__width-initial elementor-widget-mobile__width-inherit elementor-widget elementor-widget-heading\" data-id=\"2f8785e\" data-element_type=\"widget\" data-settings=\"{&quot;ekit_we_effect_on&quot;:&quot;none&quot;}\" data-widget_type=\"heading.default\">\n\t\t\t\t\t<h2 class=\"elementor-heading-title elementor-size-default\">CONSULTAR DISPONIBILIDA Y VIGENCIA DE LA PROMOCI\u00d3N<\/h2>\t\t\t\t<\/div>\n\t\t\t\t<div class=\"elementor-element elementor-element-de59e34 elementor-widget-mobile__width-inherit elementor-widget elementor-widget-image\" data-id=\"de59e34\" data-element_type=\"widget\" data-settings=\"{&quot;ekit_we_effect_on&quot;:&quot;none&quot;}\" data-widget_type=\"image.default\">\n\t\t\t\t\t\t\t\t\t\t\t\t\t\t\t<img loading=\"lazy\" decoding=\"async\" width=\"2296\" height=\"602\" src=\"https:\/\/foro-mundial.org\/web\/wp-content\/uploads\/2023\/06\/paquete-octubre-2023.png\" class=\"attachment-full size-full wp-image-10055\" alt=\"\" srcset=\"https:\/\/foro-mundial.org\/web\/wp-content\/uploads\/2023\/06\/paquete-octubre-2023.png 2296w, https:\/\/foro-mundial.org\/web\/wp-content\/uploads\/2023\/06\/paquete-octubre-2023-300x79.png 300w, https:\/\/foro-mundial.org\/web\/wp-content\/uploads\/2023\/06\/paquete-octubre-2023-1024x268.png 1024w, https:\/\/foro-mundial.org\/web\/wp-content\/uploads\/2023\/06\/paquete-octubre-2023-768x201.png 768w, https:\/\/foro-mundial.org\/web\/wp-content\/uploads\/2023\/06\/paquete-octubre-2023-1536x403.png 1536w, https:\/\/foro-mundial.org\/web\/wp-content\/uploads\/2023\/06\/paquete-octubre-2023-2048x537.png 2048w\" sizes=\"(max-width: 2296px) 100vw, 2296px\" \/>\t\t\t\t\t\t\t\t\t\t\t\t\t\t\t<\/div>\n\t\t\t\t\t<\/div>\n\t\t<\/div>\n\t\t\t\t\t<\/div>\n\t\t<\/section>\n\t\t\t\t<section class=\"elementor-section elementor-top-section elementor-element elementor-element-ad6984e elementor-hidden-desktop elementor-hidden-tablet elementor-hidden-mobile elementor-section-boxed elementor-section-height-default elementor-section-height-default\" data-id=\"ad6984e\" data-element_type=\"section\" data-settings=\"{&quot;background_background&quot;:&quot;classic&quot;}\">\n\t\t\t\t\t\t\t<div class=\"elementor-background-overlay\"><\/div>\n\t\t\t\t\t\t\t<div class=\"elementor-container elementor-column-gap-default\">\n\t\t\t\t\t<div class=\"elementor-column elementor-col-100 elementor-top-column elementor-element elementor-element-8d4e59b\" data-id=\"8d4e59b\" data-element_type=\"column\">\n\t\t\t<div class=\"elementor-widget-wrap elementor-element-populated\">\n\t\t\t\t\t\t<div class=\"elementor-element elementor-element-c6ab25c elementor-invisible elementor-widget elementor-widget-exhibz-title\" data-id=\"c6ab25c\" data-element_type=\"widget\" data-settings=\"{&quot;_animation&quot;:&quot;fadeInUp&quot;,&quot;ekit_we_effect_on&quot;:&quot;none&quot;}\" data-widget_type=\"exhibz-title.default\">\n\t\t\t\t<div class=\"elementor-widget-container\">\n\t\t\t\t\t\n    <div class=\"title-section-area\">\n        <h2 class=\"section-title\">\n            <span class=\"sub-title\">PAQUETE HOTEL GRAND OASIS<\/span>\n\t\t\tPrecios y Paquete Disponible\n        <\/h2>\n\t\t                    <span class=\"title-shape\">\n                  <svg xmlns='http:\/\/www.w3.org\/2000\/svg' xmlns:xlink='http:\/\/www.w3.org\/1999\/xlink' width='71px' height='11px'> <path fill-rule='evenodd' d='M59.669,10.710 L49.164,3.306 L39.428,10.681 L29.714,3.322 L20.006,10.682 L10.295,3.322 L1.185,10.228 L-0.010,8.578 L10.295,0.765 L20.006,8.125 L29.714,0.765 L39.428,8.125 L49.122,0.781 L59.680,8.223 L69.858,1.192 L70.982,2.895 L59.669,10.710 Z'\/><\/svg>\n            <\/span>\n                    <\/div><!-- Section title -->\n    \n    \n\n    \t\t\t\t<\/div>\n\t\t\t\t<\/div>\n\t\t\t\t<section class=\"elementor-section elementor-inner-section elementor-element elementor-element-2b6f0cc elementor-section-boxed elementor-section-height-default elementor-section-height-default\" data-id=\"2b6f0cc\" data-element_type=\"section\">\n\t\t\t\t\t\t<div class=\"elementor-container elementor-column-gap-default\">\n\t\t\t\t\t<div class=\"elementor-column elementor-col-33 elementor-inner-column elementor-element elementor-element-a56f3a9\" data-id=\"a56f3a9\" data-element_type=\"column\">\n\t\t\t<div class=\"elementor-widget-wrap elementor-element-populated\">\n\t\t\t\t\t\t<div class=\"elementor-element elementor-element-bd0ff86 elementor-widget-tablet__width-initial elementor-widget elementor-widget-image\" data-id=\"bd0ff86\" data-element_type=\"widget\" data-settings=\"{&quot;ekit_we_effect_on&quot;:&quot;none&quot;}\" data-widget_type=\"image.default\">\n\t\t\t\t\t\t\t\t\t\t\t\t\t\t\t<img loading=\"lazy\" decoding=\"async\" width=\"387\" height=\"1024\" src=\"https:\/\/foro-mundial.org\/web\/wp-content\/uploads\/2023\/06\/Primer-Paquete-Planes-2023-387x1024.png\" class=\"attachment-large size-large wp-image-10150\" alt=\"\" srcset=\"https:\/\/foro-mundial.org\/web\/wp-content\/uploads\/2023\/06\/Primer-Paquete-Planes-2023-387x1024.png 387w, https:\/\/foro-mundial.org\/web\/wp-content\/uploads\/2023\/06\/Primer-Paquete-Planes-2023-113x300.png 113w, https:\/\/foro-mundial.org\/web\/wp-content\/uploads\/2023\/06\/Primer-Paquete-Planes-2023.png 540w\" sizes=\"(max-width: 387px) 100vw, 387px\" \/>\t\t\t\t\t\t\t\t\t\t\t\t\t\t\t<\/div>\n\t\t\t\t<div class=\"elementor-element elementor-element-d2d5279 elementor-widget elementor-widget-image\" data-id=\"d2d5279\" data-element_type=\"widget\" data-settings=\"{&quot;ekit_we_effect_on&quot;:&quot;none&quot;}\" data-widget_type=\"image.default\">\n\t\t\t\t\t\t\t\t\t\t\t\t\t\t\t\t<a href=\"https:\/\/foro-mundial.org\/web\/registro-sesion\/\" target=\"_blank\">\n\t\t\t\t\t\t\t<img loading=\"lazy\" decoding=\"async\" width=\"540\" height=\"262\" src=\"https:\/\/foro-mundial.org\/web\/wp-content\/uploads\/2023\/05\/banner-registrate_.png\" class=\"attachment-large size-large wp-image-7038\" alt=\"\" srcset=\"https:\/\/foro-mundial.org\/web\/wp-content\/uploads\/2023\/05\/banner-registrate_.png 540w, https:\/\/foro-mundial.org\/web\/wp-content\/uploads\/2023\/05\/banner-registrate_-300x146.png 300w\" sizes=\"(max-width: 540px) 100vw, 540px\" \/>\t\t\t\t\t\t\t\t<\/a>\n\t\t\t\t\t\t\t\t\t\t\t\t\t\t\t<\/div>\n\t\t\t\t\t<\/div>\n\t\t<\/div>\n\t\t\t\t<div class=\"elementor-column elementor-col-33 elementor-inner-column elementor-element elementor-element-6479661\" data-id=\"6479661\" data-element_type=\"column\">\n\t\t\t<div class=\"elementor-widget-wrap elementor-element-populated\">\n\t\t\t\t\t\t<div class=\"elementor-element elementor-element-b6c3a20 elementor-widget-tablet__width-initial elementor-widget elementor-widget-image\" data-id=\"b6c3a20\" data-element_type=\"widget\" data-settings=\"{&quot;ekit_we_effect_on&quot;:&quot;none&quot;}\" data-widget_type=\"image.default\">\n\t\t\t\t\t\t\t\t\t\t\t\t\t\t\t<img loading=\"lazy\" decoding=\"async\" width=\"387\" height=\"1024\" src=\"https:\/\/foro-mundial.org\/web\/wp-content\/uploads\/2023\/06\/Sagundo-Paquete-Planes-2023-387x1024.png\" class=\"attachment-large size-large wp-image-10151\" alt=\"\" srcset=\"https:\/\/foro-mundial.org\/web\/wp-content\/uploads\/2023\/06\/Sagundo-Paquete-Planes-2023-387x1024.png 387w, https:\/\/foro-mundial.org\/web\/wp-content\/uploads\/2023\/06\/Sagundo-Paquete-Planes-2023-113x300.png 113w, https:\/\/foro-mundial.org\/web\/wp-content\/uploads\/2023\/06\/Sagundo-Paquete-Planes-2023.png 540w\" sizes=\"(max-width: 387px) 100vw, 387px\" \/>\t\t\t\t\t\t\t\t\t\t\t\t\t\t\t<\/div>\n\t\t\t\t<div class=\"elementor-element elementor-element-d6c7b60 elementor-widget elementor-widget-image\" data-id=\"d6c7b60\" data-element_type=\"widget\" data-settings=\"{&quot;ekit_we_effect_on&quot;:&quot;none&quot;}\" data-widget_type=\"image.default\">\n\t\t\t\t\t\t\t\t\t\t\t\t\t\t\t\t<a href=\"https:\/\/foro-mundial.org\/web\/registro-sesion\/\" target=\"_blank\">\n\t\t\t\t\t\t\t<img loading=\"lazy\" decoding=\"async\" width=\"540\" height=\"262\" src=\"https:\/\/foro-mundial.org\/web\/wp-content\/uploads\/2023\/06\/banner-registrate-segundo-.png\" class=\"attachment-large size-large wp-image-8411\" alt=\"\" srcset=\"https:\/\/foro-mundial.org\/web\/wp-content\/uploads\/2023\/06\/banner-registrate-segundo-.png 540w, https:\/\/foro-mundial.org\/web\/wp-content\/uploads\/2023\/06\/banner-registrate-segundo--300x146.png 300w\" sizes=\"(max-width: 540px) 100vw, 540px\" \/>\t\t\t\t\t\t\t\t<\/a>\n\t\t\t\t\t\t\t\t\t\t\t\t\t\t\t<\/div>\n\t\t\t\t\t<\/div>\n\t\t<\/div>\n\t\t\t\t<div class=\"elementor-column elementor-col-33 elementor-inner-column elementor-element elementor-element-3eac3eb\" data-id=\"3eac3eb\" data-element_type=\"column\">\n\t\t\t<div class=\"elementor-widget-wrap elementor-element-populated\">\n\t\t\t\t\t\t<div class=\"elementor-element elementor-element-4d01594 elementor-widget-tablet__width-initial elementor-widget elementor-widget-image\" data-id=\"4d01594\" data-element_type=\"widget\" data-settings=\"{&quot;ekit_we_effect_on&quot;:&quot;none&quot;}\" data-widget_type=\"image.default\">\n\t\t\t\t\t\t\t\t\t\t\t\t\t\t\t<img loading=\"lazy\" decoding=\"async\" width=\"387\" height=\"1024\" src=\"https:\/\/foro-mundial.org\/web\/wp-content\/uploads\/2023\/06\/Tercer-Paquete-Planes-2023-387x1024.png\" class=\"attachment-large size-large wp-image-10152\" alt=\"\" srcset=\"https:\/\/foro-mundial.org\/web\/wp-content\/uploads\/2023\/06\/Tercer-Paquete-Planes-2023-387x1024.png 387w, https:\/\/foro-mundial.org\/web\/wp-content\/uploads\/2023\/06\/Tercer-Paquete-Planes-2023-113x300.png 113w, https:\/\/foro-mundial.org\/web\/wp-content\/uploads\/2023\/06\/Tercer-Paquete-Planes-2023.png 540w\" sizes=\"(max-width: 387px) 100vw, 387px\" \/>\t\t\t\t\t\t\t\t\t\t\t\t\t\t\t<\/div>\n\t\t\t\t<div class=\"elementor-element elementor-element-108d46c elementor-widget elementor-widget-image\" data-id=\"108d46c\" data-element_type=\"widget\" data-settings=\"{&quot;ekit_we_effect_on&quot;:&quot;none&quot;}\" data-widget_type=\"image.default\">\n\t\t\t\t\t\t\t\t\t\t\t\t\t\t\t\t<a href=\"https:\/\/foro-mundial.org\/web\/registro-sesion\/\" target=\"_blank\">\n\t\t\t\t\t\t\t<img loading=\"lazy\" decoding=\"async\" width=\"540\" height=\"262\" src=\"https:\/\/foro-mundial.org\/web\/wp-content\/uploads\/2023\/06\/tercero-.png\" class=\"attachment-large size-large wp-image-8412\" alt=\"\" srcset=\"https:\/\/foro-mundial.org\/web\/wp-content\/uploads\/2023\/06\/tercero-.png 540w, https:\/\/foro-mundial.org\/web\/wp-content\/uploads\/2023\/06\/tercero--300x146.png 300w\" sizes=\"(max-width: 540px) 100vw, 540px\" \/>\t\t\t\t\t\t\t\t<\/a>\n\t\t\t\t\t\t\t\t\t\t\t\t\t\t\t<\/div>\n\t\t\t\t\t<\/div>\n\t\t<\/div>\n\t\t\t\t\t<\/div>\n\t\t<\/section>\n\t\t\t\t\t<\/div>\n\t\t<\/div>\n\t\t\t\t\t<\/div>\n\t\t<\/section>\n\t\t\t\t<section class=\"elementor-section elementor-top-section elementor-element elementor-element-a78191d elementor-section-boxed elementor-section-height-default elementor-section-height-default\" data-id=\"a78191d\" data-element_type=\"section\" data-settings=\"{&quot;background_background&quot;:&quot;classic&quot;}\">\n\t\t\t\t\t\t<div class=\"elementor-container elementor-column-gap-default\">\n\t\t\t\t\t<div class=\"elementor-column elementor-col-100 elementor-top-column elementor-element elementor-element-9866929\" data-id=\"9866929\" data-element_type=\"column\">\n\t\t\t<div class=\"elementor-widget-wrap elementor-element-populated\">\n\t\t\t\t\t\t<div class=\"elementor-element elementor-element-eebe0fa elementor-invisible elementor-widget elementor-widget-exhibz-title\" data-id=\"eebe0fa\" data-element_type=\"widget\" data-settings=\"{&quot;_animation&quot;:&quot;slideInUp&quot;,&quot;ekit_we_effect_on&quot;:&quot;none&quot;}\" data-widget_type=\"exhibz-title.default\">\n\t\t\t\t<div class=\"elementor-widget-container\">\n\t\t\t\t\t\n    <div class=\"title-section-area\">\n        <h2 class=\"section-title\">\n            <span class=\"sub-title\">QUIENES APOYAN ESTE GRAN EVENTO<\/span>\n\t\t\tSocios Comerciales\n        <\/h2>\n\t\t                    <span class=\"title-shape\">\n                  <svg xmlns='http:\/\/www.w3.org\/2000\/svg' xmlns:xlink='http:\/\/www.w3.org\/1999\/xlink' width='71px' height='11px'> <path fill-rule='evenodd' d='M59.669,10.710 L49.164,3.306 L39.428,10.681 L29.714,3.322 L20.006,10.682 L10.295,3.322 L1.185,10.228 L-0.010,8.578 L10.295,0.765 L20.006,8.125 L29.714,0.765 L39.428,8.125 L49.122,0.781 L59.680,8.223 L69.858,1.192 L70.982,2.895 L59.669,10.710 Z'\/><\/svg>\n            <\/span>\n                    <\/div><!-- Section title -->\n    \n    \n\n    \t\t\t\t<\/div>\n\t\t\t\t<\/div>\n\t\t\t\t<section class=\"elementor-section elementor-inner-section elementor-element elementor-element-c4a3216 elementor-section-content-middle elementor-section-boxed elementor-section-height-default elementor-section-height-default elementor-invisible\" data-id=\"c4a3216\" data-element_type=\"section\" data-settings=\"{&quot;animation&quot;:&quot;fadeInUp&quot;,&quot;animation_delay&quot;:&quot;400&quot;}\">\n\t\t\t\t\t\t<div class=\"elementor-container elementor-column-gap-default\">\n\t\t\t\t\t<div class=\"elementor-column elementor-col-100 elementor-inner-column elementor-element elementor-element-e3f3759\" data-id=\"e3f3759\" data-element_type=\"column\">\n\t\t\t<div class=\"elementor-widget-wrap elementor-element-populated\">\n\t\t\t\t\t\t<div class=\"elementor-element elementor-element-809a394 elementor-widget elementor-widget-image\" data-id=\"809a394\" data-element_type=\"widget\" data-settings=\"{&quot;ekit_we_effect_on&quot;:&quot;none&quot;}\" data-widget_type=\"image.default\">\n\t\t\t\t\t\t\t\t\t\t\t\t\t\t\t<img loading=\"lazy\" decoding=\"async\" width=\"800\" height=\"52\" src=\"https:\/\/foro-mundial.org\/web\/wp-content\/uploads\/2023\/05\/socioscomerciales.png\" class=\"attachment-large size-large wp-image-2862\" alt=\"\" srcset=\"https:\/\/foro-mundial.org\/web\/wp-content\/uploads\/2023\/05\/socioscomerciales.png 1024w, https:\/\/foro-mundial.org\/web\/wp-content\/uploads\/2023\/05\/socioscomerciales-300x20.png 300w, https:\/\/foro-mundial.org\/web\/wp-content\/uploads\/2023\/05\/socioscomerciales-768x50.png 768w\" sizes=\"(max-width: 800px) 100vw, 800px\" \/>\t\t\t\t\t\t\t\t\t\t\t\t\t\t\t<\/div>\n\t\t\t\t\t<\/div>\n\t\t<\/div>\n\t\t\t\t\t<\/div>\n\t\t<\/section>\n\t\t\t\t<section class=\"elementor-section elementor-inner-section elementor-element elementor-element-f0efc13 elementor-section-content-middle elementor-section-boxed elementor-section-height-default elementor-section-height-default elementor-invisible\" data-id=\"f0efc13\" data-element_type=\"section\" data-settings=\"{&quot;animation&quot;:&quot;fadeInUp&quot;,&quot;animation_delay&quot;:&quot;400&quot;}\">\n\t\t\t\t\t\t<div class=\"elementor-container elementor-column-gap-default\">\n\t\t\t\t\t<div class=\"elementor-column elementor-col-100 elementor-inner-column elementor-element elementor-element-ae15fcd\" data-id=\"ae15fcd\" data-element_type=\"column\">\n\t\t\t<div class=\"elementor-widget-wrap elementor-element-populated\">\n\t\t\t\t\t\t<div class=\"elementor-element elementor-element-f4bd8ac elementor-align-center elementor-invisible elementor-widget elementor-widget-button\" data-id=\"f4bd8ac\" data-element_type=\"widget\" data-settings=\"{&quot;_animation&quot;:&quot;fadeInUp&quot;,&quot;_animation_delay&quot;:&quot;400&quot;,&quot;ekit_we_effect_on&quot;:&quot;none&quot;}\" data-widget_type=\"button.default\">\n\t\t\t\t\t\t\t\t\t\t<a class=\"elementor-button elementor-button-link elementor-size-md\" href=\"https:\/\/socioscomerciales.foro-mundial.org\/\" target=\"_blank\">\n\t\t\t\t\t\t<span class=\"elementor-button-content-wrapper\">\n\t\t\t\t\t\t\t\t\t<span class=\"elementor-button-text\">PARTICIPA COMO SOCIO COMERCIAL<\/span>\n\t\t\t\t\t<\/span>\n\t\t\t\t\t<\/a>\n\t\t\t\t\t\t\t\t<\/div>\n\t\t\t\t\t<\/div>\n\t\t<\/div>\n\t\t\t\t\t<\/div>\n\t\t<\/section>\n\t\t\t\t\t<\/div>\n\t\t<\/div>\n\t\t\t\t\t<\/div>\n\t\t<\/section>\n\t\t\t\t<section class=\"elementor-section elementor-top-section elementor-element elementor-element-ee0f340 elementor-section-boxed elementor-section-height-default elementor-section-height-default\" data-id=\"ee0f340\" data-element_type=\"section\" data-settings=\"{&quot;background_background&quot;:&quot;classic&quot;}\">\n\t\t\t\t\t\t\t<div class=\"elementor-background-overlay\"><\/div>\n\t\t\t\t\t\t\t<div class=\"elementor-container elementor-column-gap-default\">\n\t\t\t\t\t<div class=\"elementor-column elementor-col-50 elementor-top-column elementor-element elementor-element-f215dee\" data-id=\"f215dee\" data-element_type=\"column\">\n\t\t\t<div class=\"elementor-widget-wrap elementor-element-populated\">\n\t\t\t\t\t\t<div class=\"elementor-element elementor-element-6372faf elementor-widget elementor-widget-exhibz-title\" data-id=\"6372faf\" data-element_type=\"widget\" data-settings=\"{&quot;ekit_we_effect_on&quot;:&quot;none&quot;}\" data-widget_type=\"exhibz-title.default\">\n\t\t\t\t<div class=\"elementor-widget-container\">\n\t\t\t\t\t\n    <div class=\"title-section-area\">\n        <h2 class=\"section-title\">\n            <span class=\"sub-title\">UBICACI\u00d3N <\/span>\n\t\t\tHOTEL SEDE\n        <\/h2>\n\t\t                    <span class=\"title-shape\">\n                  <svg xmlns='http:\/\/www.w3.org\/2000\/svg' xmlns:xlink='http:\/\/www.w3.org\/1999\/xlink' width='71px' height='11px'> <path fill-rule='evenodd' d='M59.669,10.710 L49.164,3.306 L39.428,10.681 L29.714,3.322 L20.006,10.682 L10.295,3.322 L1.185,10.228 L-0.010,8.578 L10.295,0.765 L20.006,8.125 L29.714,0.765 L39.428,8.125 L49.122,0.781 L59.680,8.223 L69.858,1.192 L70.982,2.895 L59.669,10.710 Z'\/><\/svg>\n            <\/span>\n                    <\/div><!-- Section title -->\n    \n    \n\n    \t\t\t\t<\/div>\n\t\t\t\t<\/div>\n\t\t\t\t<div class=\"elementor-element elementor-element-235ab36 ts-map-tabs elementor-tabs-alignment-center elementor-tabs-view-horizontal elementor-invisible elementor-widget elementor-widget-tabs\" data-id=\"235ab36\" data-element_type=\"widget\" data-settings=\"{&quot;_animation&quot;:&quot;fadeIn&quot;,&quot;ekit_we_effect_on&quot;:&quot;none&quot;}\" data-widget_type=\"tabs.default\">\n\t\t\t\t\t\t\t<div class=\"elementor-tabs\">\n\t\t\t<div class=\"elementor-tabs-wrapper\" role=\"tablist\" >\n\t\t\t\t\t\t\t\t\t<div id=\"elementor-tab-title-3701\" class=\"elementor-tab-title elementor-tab-desktop-title\" aria-selected=\"true\" data-tab=\"1\" role=\"tab\" tabindex=\"0\" aria-controls=\"elementor-tab-content-3701\" aria-expanded=\"false\">HOTEL GRAND OASIS CANC\u00daN<\/div>\n\t\t\t\t\t\t\t<\/div>\n\t\t\t<div class=\"elementor-tabs-content-wrapper\" role=\"tablist\" aria-orientation=\"vertical\">\n\t\t\t\t\t\t\t\t\t<div class=\"elementor-tab-title elementor-tab-mobile-title\" aria-selected=\"true\" data-tab=\"1\" role=\"tab\" tabindex=\"0\" aria-controls=\"elementor-tab-content-3701\" aria-expanded=\"false\">HOTEL GRAND OASIS CANC\u00daN<\/div>\n\t\t\t\t\t<div id=\"elementor-tab-content-3701\" class=\"elementor-tab-content elementor-clearfix\" data-tab=\"1\" role=\"tabpanel\" aria-labelledby=\"elementor-tab-title-3701\" tabindex=\"0\" hidden=\"false\"><h4>\u00a0ZONA HOTELERA CANC\u00daN<\/h4><p>\u00a0Blvd. Kukulcan Km 16.5-Lt45-47<\/p><p>Zona Hotelera, 77500 Canc\u00fan, Quintana Roo; M\u00e9xico.<\/p><div><div><div><h3>Soporte<\/h3><p>Conmutador\/WhatsApp: +52 55 444 00 666<\/p><p>Email: info@foro-mundial.org<\/p><\/div><\/div><div><div><h3>Grupos y Organizadores Foraneos<\/h3><p>Conmutador\/WhatsApp:\u00a0<span style=\"color: var( --e-global-color-text ); font-family: var( --e-global-typography-text-font-family ), Sans-serif; font-weight: var( --e-global-typography-text-font-weight );\">+<\/span><span style=\"color: var( --e-global-color-text ); font-family: var( --e-global-typography-text-font-family ), Sans-serif; font-weight: var( --e-global-typography-text-font-weight );\">52 984 470 4852<\/span><\/p><p>Email: grupos@foro-mundial.org<\/p><\/div><\/div><\/div><\/div>\n\t\t\t\t\t\t\t<\/div>\n\t\t<\/div>\n\t\t\t\t\t\t<\/div>\n\t\t\t\t\t<\/div>\n\t\t<\/div>\n\t\t\t\t<div class=\"elementor-column elementor-col-50 elementor-top-column elementor-element elementor-element-8547df8 ts-tab-map\" data-id=\"8547df8\" data-element_type=\"column\">\n\t\t\t<div class=\"elementor-widget-wrap elementor-element-populated\">\n\t\t\t\t\t\t<div class=\"elementor-element elementor-element-b1c6a69 elementor-widget elementor-widget-video\" data-id=\"b1c6a69\" data-element_type=\"widget\" data-settings=\"{&quot;youtube_url&quot;:&quot;https:\\\/\\\/youtu.be\\\/WSNF64CdHg8&quot;,&quot;video_type&quot;:&quot;youtube&quot;,&quot;controls&quot;:&quot;yes&quot;,&quot;ekit_we_effect_on&quot;:&quot;none&quot;}\" data-widget_type=\"video.default\">\n\t\t\t\t\t\t\t<div class=\"elementor-wrapper elementor-open-inline\">\n\t\t\t<div class=\"elementor-video\"><\/div>\t\t<\/div>\n\t\t\t\t\t\t<\/div>\n\t\t\t\t\t<\/div>\n\t\t<\/div>\n\t\t\t\t\t<\/div>\n\t\t<\/section>\n\t\t\t\t<section class=\"elementor-section elementor-top-section elementor-element elementor-element-6c2364a elementor-hidden-desktop elementor-hidden-tablet elementor-hidden-mobile elementor-section-boxed elementor-section-height-default elementor-section-height-default\" data-id=\"6c2364a\" data-element_type=\"section\" data-settings=\"{&quot;background_background&quot;:&quot;classic&quot;}\">\n\t\t\t\t\t\t<div class=\"elementor-container elementor-column-gap-default\">\n\t\t\t\t\t<div class=\"elementor-column elementor-col-100 elementor-top-column elementor-element elementor-element-2dae3de\" data-id=\"2dae3de\" data-element_type=\"column\">\n\t\t\t<div class=\"elementor-widget-wrap elementor-element-populated\">\n\t\t\t\t\t\t<div class=\"elementor-element elementor-element-75279a6 elementor-widget__width-initial elementor-widget elementor-widget-image\" data-id=\"75279a6\" data-element_type=\"widget\" data-settings=\"{&quot;ekit_we_effect_on&quot;:&quot;none&quot;}\" data-widget_type=\"image.default\">\n\t\t\t\t\t\t\t\t\t\t\t\t\t\t\t<img loading=\"lazy\" decoding=\"async\" width=\"800\" height=\"296\" src=\"https:\/\/foro-mundial.org\/web\/wp-content\/uploads\/2023\/05\/banner-arte-cultura-2024.png\" class=\"attachment-large size-large wp-image-5649\" alt=\"\" srcset=\"https:\/\/foro-mundial.org\/web\/wp-content\/uploads\/2023\/05\/banner-arte-cultura-2024.png 1024w, https:\/\/foro-mundial.org\/web\/wp-content\/uploads\/2023\/05\/banner-arte-cultura-2024-300x111.png 300w, https:\/\/foro-mundial.org\/web\/wp-content\/uploads\/2023\/05\/banner-arte-cultura-2024-768x284.png 768w\" sizes=\"(max-width: 800px) 100vw, 800px\" \/>\t\t\t\t\t\t\t\t\t\t\t\t\t\t\t<\/div>\n\t\t\t\t\t<\/div>\n\t\t<\/div>\n\t\t\t\t\t<\/div>\n\t\t<\/section>\n\t\t\t\t<section class=\"elementor-section elementor-top-section elementor-element elementor-element-1bb2f57 elementor-section-boxed elementor-section-height-default elementor-section-height-default\" data-id=\"1bb2f57\" data-element_type=\"section\" data-settings=\"{&quot;background_background&quot;:&quot;classic&quot;}\">\n\t\t\t\t\t\t\t<div class=\"elementor-background-overlay\"><\/div>\n\t\t\t\t\t\t\t<div class=\"elementor-container elementor-column-gap-default\">\n\t\t\t\t\t<div class=\"elementor-column elementor-col-50 elementor-top-column elementor-element elementor-element-c743c91\" data-id=\"c743c91\" data-element_type=\"column\" data-settings=\"{&quot;background_background&quot;:&quot;classic&quot;}\">\n\t\t\t<div class=\"elementor-widget-wrap elementor-element-populated\">\n\t\t\t\t\t\t<div class=\"elementor-element elementor-element-88849d6 elementor-hidden-desktop elementor-hidden-tablet elementor-hidden-mobile elementor-widget elementor-widget-image\" data-id=\"88849d6\" data-element_type=\"widget\" data-settings=\"{&quot;ekit_we_effect_on&quot;:&quot;none&quot;}\" data-widget_type=\"image.default\">\n\t\t\t\t\t\t\t\t\t\t\t\t\t\t\t<img loading=\"lazy\" decoding=\"async\" width=\"679\" height=\"867\" src=\"https:\/\/foro-mundial.org\/web\/wp-content\/uploads\/2023\/05\/arte-y-cultura-2024.png\" class=\"attachment-large size-large wp-image-3825\" alt=\"\" srcset=\"https:\/\/foro-mundial.org\/web\/wp-content\/uploads\/2023\/05\/arte-y-cultura-2024.png 679w, https:\/\/foro-mundial.org\/web\/wp-content\/uploads\/2023\/05\/arte-y-cultura-2024-235x300.png 235w\" sizes=\"(max-width: 679px) 100vw, 679px\" \/>\t\t\t\t\t\t\t\t\t\t\t\t\t\t\t<\/div>\n\t\t\t\t\t<\/div>\n\t\t<\/div>\n\t\t\t\t<div class=\"elementor-column elementor-col-50 elementor-top-column elementor-element elementor-element-41e3d63\" data-id=\"41e3d63\" data-element_type=\"column\">\n\t\t\t<div class=\"elementor-widget-wrap elementor-element-populated\">\n\t\t\t\t\t\t<div class=\"elementor-element elementor-element-167de1e elementor-widget elementor-widget-spacer\" data-id=\"167de1e\" data-element_type=\"widget\" data-settings=\"{&quot;ekit_we_effect_on&quot;:&quot;none&quot;}\" data-widget_type=\"spacer.default\">\n\t\t\t\t\t\t\t<div class=\"elementor-spacer\">\n\t\t\t<div class=\"elementor-spacer-inner\"><\/div>\n\t\t<\/div>\n\t\t\t\t\t\t<\/div>\n\t\t\t\t<div class=\"elementor-element elementor-element-9735972 elementor-invisible elementor-widget elementor-widget-exhibz-title\" data-id=\"9735972\" data-element_type=\"widget\" data-settings=\"{&quot;_animation&quot;:&quot;fadeInDown&quot;,&quot;_animation_delay&quot;:&quot;300&quot;,&quot;ekit_we_effect_on&quot;:&quot;none&quot;}\" data-widget_type=\"exhibz-title.default\">\n\t\t\t\t<div class=\"elementor-widget-container\">\n\t\t\t\t\t\n    <div class=\"title-section-area\">\n        <h2 class=\"section-title\">\n            <span class=\"sub-title\">VIVE LA EXPERIENCIA<\/span>\n\t\t\tParticipa en este magnifico evento y vive la mejor experiencia acad\u00e9mica de tu vida\n        <\/h2>\n\t\t                    <span class=\"title-shape\">\n                  <svg xmlns='http:\/\/www.w3.org\/2000\/svg' xmlns:xlink='http:\/\/www.w3.org\/1999\/xlink' width='71px' height='11px'> <path fill-rule='evenodd' d='M59.669,10.710 L49.164,3.306 L39.428,10.681 L29.714,3.322 L20.006,10.682 L10.295,3.322 L1.185,10.228 L-0.010,8.578 L10.295,0.765 L20.006,8.125 L29.714,0.765 L39.428,8.125 L49.122,0.781 L59.680,8.223 L69.858,1.192 L70.982,2.895 L59.669,10.710 Z'\/><\/svg>\n            <\/span>\n                    <\/div><!-- Section title -->\n    \n    \n\n    \t\t\t\t<\/div>\n\t\t\t\t<\/div>\n\t\t\t\t<div class=\"elementor-element elementor-element-09b073b elementor-align-center elementor-invisible elementor-widget elementor-widget-button\" data-id=\"09b073b\" data-element_type=\"widget\" data-settings=\"{&quot;_animation&quot;:&quot;fadeInUp&quot;,&quot;_animation_delay&quot;:&quot;400&quot;,&quot;ekit_we_effect_on&quot;:&quot;none&quot;}\" data-widget_type=\"button.default\">\n\t\t\t\t\t\t\t\t\t\t<a class=\"elementor-button elementor-button-link elementor-size-md\" href=\"https:\/\/foro-mundial.org\/web\/wp-content\/uploads\/2023\/05\/Folleto-Arte-y-Cultura-en-Pesos.pdf\" target=\"_blank\">\n\t\t\t\t\t\t<span class=\"elementor-button-content-wrapper\">\n\t\t\t\t\t\t\t\t\t<span class=\"elementor-button-text\">FOLLETO PESOS MX<\/span>\n\t\t\t\t\t<\/span>\n\t\t\t\t\t<\/a>\n\t\t\t\t\t\t\t\t<\/div>\n\t\t\t\t<div class=\"elementor-element elementor-element-911f742 elementor-align-center elementor-invisible elementor-widget elementor-widget-button\" data-id=\"911f742\" data-element_type=\"widget\" data-settings=\"{&quot;_animation&quot;:&quot;fadeInUp&quot;,&quot;_animation_delay&quot;:&quot;400&quot;,&quot;ekit_we_effect_on&quot;:&quot;none&quot;}\" data-widget_type=\"button.default\">\n\t\t\t\t\t\t\t\t\t\t<a class=\"elementor-button elementor-button-link elementor-size-md\" href=\"https:\/\/foro-mundial.org\/web\/wp-content\/uploads\/2023\/05\/Folleto-Arte-yCultura-Dolares.pdf\" target=\"_blank\">\n\t\t\t\t\t\t<span class=\"elementor-button-content-wrapper\">\n\t\t\t\t\t\t\t\t\t<span class=\"elementor-button-text\">FOLLETO DOLARES USD<\/span>\n\t\t\t\t\t<\/span>\n\t\t\t\t\t<\/a>\n\t\t\t\t\t\t\t\t<\/div>\n\t\t\t\t\t<\/div>\n\t\t<\/div>\n\t\t\t\t\t<\/div>\n\t\t<\/section>\n\t\t\t\t<section class=\"elementor-section elementor-top-section elementor-element elementor-element-dfc2617 elementor-section-boxed elementor-section-height-default elementor-section-height-default\" data-id=\"dfc2617\" data-element_type=\"section\" data-settings=\"{&quot;background_background&quot;:&quot;classic&quot;}\">\n\t\t\t\t\t\t<div class=\"elementor-container elementor-column-gap-default\">\n\t\t\t\t\t<div class=\"elementor-column elementor-col-50 elementor-top-column elementor-element elementor-element-e8f0ce3\" data-id=\"e8f0ce3\" data-element_type=\"column\">\n\t\t\t<div class=\"elementor-widget-wrap elementor-element-populated\">\n\t\t\t\t\t\t<div class=\"elementor-element elementor-element-bee40b1 elementor-widget elementor-widget-video\" data-id=\"bee40b1\" data-element_type=\"widget\" data-settings=\"{&quot;youtube_url&quot;:&quot;https:\\\/\\\/youtu.be\\\/y50ob5-rRDc&quot;,&quot;video_type&quot;:&quot;youtube&quot;,&quot;controls&quot;:&quot;yes&quot;,&quot;ekit_we_effect_on&quot;:&quot;none&quot;}\" data-widget_type=\"video.default\">\n\t\t\t\t\t\t\t<div class=\"elementor-wrapper elementor-open-inline\">\n\t\t\t<div class=\"elementor-video\"><\/div>\t\t<\/div>\n\t\t\t\t\t\t<\/div>\n\t\t\t\t\t<\/div>\n\t\t<\/div>\n\t\t\t\t<div class=\"elementor-column elementor-col-50 elementor-top-column elementor-element elementor-element-306842c\" data-id=\"306842c\" data-element_type=\"column\">\n\t\t\t<div class=\"elementor-widget-wrap elementor-element-populated\">\n\t\t\t\t\t\t<div class=\"elementor-element elementor-element-ddc1b0a elementor-invisible elementor-widget elementor-widget-exhibz-title\" data-id=\"ddc1b0a\" data-element_type=\"widget\" data-settings=\"{&quot;_animation&quot;:&quot;slideInUp&quot;,&quot;_animation_delay&quot;:&quot;350&quot;,&quot;ekit_we_effect_on&quot;:&quot;none&quot;}\" data-widget_type=\"exhibz-title.default\">\n\t\t\t\t<div class=\"elementor-widget-container\">\n\t\t\t\t\t\n    <div class=\"title-section-area\">\n        <h2 class=\"section-title\">\n            <span class=\"sub-title\"><\/span>\n\t\t\t\u00bfTe gustar\u00eda obtener una beca para\nparticipar en el congreso?         <\/h2>\n\t\t                    <span class=\"title-shape\">\n                  <svg xmlns='http:\/\/www.w3.org\/2000\/svg' xmlns:xlink='http:\/\/www.w3.org\/1999\/xlink' width='71px' height='11px'> <path fill-rule='evenodd' d='M59.669,10.710 L49.164,3.306 L39.428,10.681 L29.714,3.322 L20.006,10.682 L10.295,3.322 L1.185,10.228 L-0.010,8.578 L10.295,0.765 L20.006,8.125 L29.714,0.765 L39.428,8.125 L49.122,0.781 L59.680,8.223 L69.858,1.192 L70.982,2.895 L59.669,10.710 Z'\/><\/svg>\n            <\/span>\n                    <\/div><!-- Section title -->\n    \n    \n\n    \t\t\t\t<\/div>\n\t\t\t\t<\/div>\n\t\t\t\t<div class=\"elementor-element elementor-element-e067821 elementor-invisible elementor-widget elementor-widget-text-editor\" data-id=\"e067821\" data-element_type=\"widget\" data-settings=\"{&quot;_animation&quot;:&quot;slideInRight&quot;,&quot;_animation_delay&quot;:&quot;350&quot;,&quot;ekit_we_effect_on&quot;:&quot;none&quot;}\" data-widget_type=\"text-editor.default\">\n\t\t\t\t\t\t\t\t\t<p>Participa en la promoci\u00f3n de los congresos\u00a0del Foro Mundial de Universitarios,\u00a0integr\u00e1ndote a la red de organizadores\u00a0for\u00e1neos del C\u00edrculo Mundial de L\u00edderes Universitarios, re\u00fane un grupo de 20\u00a0personas y<strong>\u00a0<span style=\"color: var( --e-global-color-8939758 );font-family: var( --e-global-typography-text-font-family ), Sans-serif\">\u00a1Gana tu beca! As\u00ed de sencillo.<\/span><\/strong><\/p>\t\t\t\t\t\t\t\t<\/div>\n\t\t\t\t<div class=\"elementor-element elementor-element-a6c3f13 elementor-align-center elementor-invisible elementor-widget elementor-widget-button\" data-id=\"a6c3f13\" data-element_type=\"widget\" data-settings=\"{&quot;_animation&quot;:&quot;fadeInUp&quot;,&quot;_animation_delay&quot;:&quot;400&quot;,&quot;ekit_we_effect_on&quot;:&quot;none&quot;}\" data-widget_type=\"button.default\">\n\t\t\t\t\t\t\t\t\t\t<a class=\"elementor-button elementor-button-link elementor-size-md\" href=\"https:\/\/foro-mundial.org\/web\/precios-programa-becas\/\" target=\"_blank\">\n\t\t\t\t\t\t<span class=\"elementor-button-content-wrapper\">\n\t\t\t\t\t\t\t\t\t<span class=\"elementor-button-text\">M\u00e1s informaci\u00f3n<\/span>\n\t\t\t\t\t<\/span>\n\t\t\t\t\t<\/a>\n\t\t\t\t\t\t\t\t<\/div>\n\t\t\t\t\t<\/div>\n\t\t<\/div>\n\t\t\t\t\t<\/div>\n\t\t<\/section>\n\t\t\t\t<section class=\"elementor-section elementor-top-section elementor-element elementor-element-d8a2883 elementor-section-boxed elementor-section-height-default elementor-section-height-default\" data-id=\"d8a2883\" data-element_type=\"section\">\n\t\t\t\t\t\t<div class=\"elementor-container elementor-column-gap-default\">\n\t\t\t\t\t<div class=\"elementor-column elementor-col-100 elementor-top-column elementor-element elementor-element-c0e1d2a\" data-id=\"c0e1d2a\" data-element_type=\"column\">\n\t\t\t<div class=\"elementor-widget-wrap elementor-element-populated\">\n\t\t\t\t\t\t<div class=\"elementor-element elementor-element-b2e5115 elementor-widget__width-inherit elementor-widget elementor-widget-text-editor\" data-id=\"b2e5115\" data-element_type=\"widget\" data-settings=\"{&quot;ekit_we_effect_on&quot;:&quot;none&quot;}\" data-widget_type=\"text-editor.default\">\n\t\t\t\t\t\t\t\t\t<div class=\"BackTo\"><a href=\"#\" class=\"icon icon-chevron-up\"><\/a><\/div>\t\t\t\t\t\t\t\t<\/div>\n\t\t\t\t\t<\/div>\n\t\t<\/div>\n\t\t\t\t\t<\/div>\n\t\t<\/section>\n\t\t\t\t<\/div>\n\t\t","protected":false},"excerpt":{"rendered":"<p>CONGRESO MUNDIAL DE ESTUDIANTES DE ARTE Y CULTURA 2025 19 al 21 de septiembre 2025 CANC\u00daN, QUINTANA ROO M\u00c9XICO 00 Days 00 Hours 00 Minutes 00 Seconds REG\u00cdSTRATE AHORA Vive la Experiencia \u00a1Mucho que Aprender, Mucho que Disfrutar! Conocimiento y Experiencia a Tu Alcance Conferencias Magistrales de T\u00f3picos Selectos: Arte y cultura digital Creatividad e [&hellip;]<\/p>\n","protected":false},"author":1,"featured_media":13199,"parent":0,"menu_order":0,"comment_status":"closed","ping_status":"closed","template":"template\/homepage-template.php","meta":{"footnotes":""},"class_list":["post-3019","page","type-page","status-publish","has-post-thumbnail","hentry"],"aioseo_notices":[],"jetpack_sharing_enabled":true,"_links":{"self":[{"href":"https:\/\/foro-mundial.org\/web\/wp-json\/wp\/v2\/pages\/3019","targetHints":{"allow":["GET"]}}],"collection":[{"href":"https:\/\/foro-mundial.org\/web\/wp-json\/wp\/v2\/pages"}],"about":[{"href":"https:\/\/foro-mundial.org\/web\/wp-json\/wp\/v2\/types\/page"}],"author":[{"embeddable":true,"href":"https:\/\/foro-mundial.org\/web\/wp-json\/wp\/v2\/users\/1"}],"replies":[{"embeddable":true,"href":"https:\/\/foro-mundial.org\/web\/wp-json\/wp\/v2\/comments?post=3019"}],"version-history":[{"count":253,"href":"https:\/\/foro-mundial.org\/web\/wp-json\/wp\/v2\/pages\/3019\/revisions"}],"predecessor-version":[{"id":13987,"href":"https:\/\/foro-mundial.org\/web\/wp-json\/wp\/v2\/pages\/3019\/revisions\/13987"}],"wp:featuredmedia":[{"embeddable":true,"href":"https:\/\/foro-mundial.org\/web\/wp-json\/wp\/v2\/media\/13199"}],"wp:attachment":[{"href":"https:\/\/foro-mundial.org\/web\/wp-json\/wp\/v2\/media?parent=3019"}],"curies":[{"name":"wp","href":"https:\/\/api.w.org\/{rel}","templated":true}]}}