{"id":3016,"date":"2023-05-18T03:35:54","date_gmt":"2023-05-18T03:35:54","guid":{"rendered":"https:\/\/foro-mundial.org\/web\/?page_id=3016"},"modified":"2025-03-13T04:24:15","modified_gmt":"2025-03-13T04:24:15","slug":"congreso-mundial-de-estudiantes-de-ciencias-de-la-comunicacion-2025","status":"publish","type":"page","link":"https:\/\/foro-mundial.org\/web\/congreso-mundial-de-estudiantes-de-ciencias-de-la-comunicacion-2025\/","title":{"rendered":"CONGRESO MUNDIAL DE ESTUDIANTES DE CIENCIAS DE LA COMUNICACI\u00d3N 2025"},"content":{"rendered":"\t\t<div data-elementor-type=\"wp-page\" data-elementor-id=\"3016\" class=\"elementor elementor-3016\">\n\t\t\t\t\t\t<section class=\"elementor-section elementor-top-section elementor-element elementor-element-953cac9 elementor-section-height-full elementor-section-boxed elementor-section-height-default elementor-section-items-middle\" data-id=\"953cac9\" data-element_type=\"section\" data-settings=\"{&quot;background_background&quot;:&quot;classic&quot;,&quot;ekit_section_parallax_multi&quot;:&quot;yes&quot;,&quot;ekit_section_parallax_multi_items&quot;:[{&quot;parallax_style&quot;:&quot;mousemove&quot;,&quot;image&quot;:null,&quot;animation_iteration_count&quot;:&quot;unset&quot;,&quot;parallax_speed&quot;:&quot;100&quot;,&quot;zindex&quot;:&quot;0&quot;,&quot;_id&quot;:&quot;cbe8986&quot;,&quot;shape&quot;:null,&quot;width_type&quot;:&quot;&quot;,&quot;animation&quot;:null,&quot;animation_tablet&quot;:null,&quot;animation_mobile&quot;:null,&quot;item_opacity&quot;:&quot;1&quot;,&quot;animation_speed&quot;:null,&quot;parallax_transform&quot;:null,&quot;parallax_transform_value&quot;:null,&quot;smoothness&quot;:null,&quot;offsettop&quot;:null,&quot;offsetbottom&quot;:null,&quot;maxtilt&quot;:null,&quot;scale&quot;:null,&quot;disableaxis&quot;:null}]}\">\n\t\t\t\t\t\t\t<div class=\"elementor-background-overlay\"><\/div>\n\t\t\t\t\t\t\t<div class=\"elementor-container elementor-column-gap-default\">\n\t\t\t\t\t<div class=\"elementor-column elementor-col-66 elementor-top-column elementor-element elementor-element-8384f74\" data-id=\"8384f74\" data-element_type=\"column\">\n\t\t\t<div class=\"elementor-widget-wrap elementor-element-populated\">\n\t\t\t\t\t\t<div class=\"elementor-element elementor-element-417114a elementor-invisible elementor-widget elementor-widget-text-editor\" data-id=\"417114a\" data-element_type=\"widget\" data-settings=\"{&quot;_animation&quot;:&quot;fadeInUp&quot;,&quot;_animation_delay&quot;:&quot;300&quot;,&quot;ekit_we_effect_on&quot;:&quot;none&quot;}\" data-widget_type=\"text-editor.default\">\n\t\t\t\t\t\t\t\t\t<p>CONGRESO MUNDIAL DE ESTUDIANTES DE CIENCIAS DE LA COMUNICACI\u00d3N 2025<\/p><p>12 al 14 de septiembre 2025<\/p>\t\t\t\t\t\t\t\t<\/div>\n\t\t\t\t<div class=\"elementor-element elementor-element-6dce215 elementor-invisible elementor-widget elementor-widget-heading\" data-id=\"6dce215\" data-element_type=\"widget\" data-settings=\"{&quot;_animation&quot;:&quot;fadeInUp&quot;,&quot;_animation_delay&quot;:&quot;350&quot;,&quot;ekit_we_effect_on&quot;:&quot;none&quot;}\" data-widget_type=\"heading.default\">\n\t\t\t\t\t<h1 class=\"elementor-heading-title elementor-size-default\">CANC\u00daN, QUINTANA ROO\nM\u00c9XICO<\/h1>\t\t\t\t<\/div>\n\t\t\t\t<div class=\"elementor-element elementor-element-ae51ad0 elementor-invisible elementor-widget elementor-widget-exhibz-countdown\" data-id=\"ae51ad0\" data-element_type=\"widget\" data-settings=\"{&quot;_animation&quot;:&quot;fadeInUp&quot;,&quot;_animation_delay&quot;:&quot;400&quot;,&quot;ekit_we_effect_on&quot;:&quot;none&quot;}\" data-widget_type=\"exhibz-countdown.default\">\n\t\t\t\t<div class=\"elementor-widget-container\">\n\t\t\t\t\t    \n     <div data-start-date=\"12 Sep 2025 00:00:00\" class=\"countdown etn-countdown-wrap fadeInUp\" data-wow-duration=\"1.5s\" data-wow-delay=\"800ms\">\n        <div class=\"counter-item\">\n            <i class=\"day-circle icon icon-ring-1Asset-1\"><\/i>\n            <span class=\"day-count days countdown-number\">00<\/span>\n            <div class=\"smalltext\">Days<\/div>\n        <\/div>\n        <div class=\"counter-item\">\n            <i class=\"hr-circle icon icon-ring-4Asset-3\"><\/i>\n            <span class=\"hr-count hours countdown-number\">00<\/span>\n            <div class=\"smalltext\">Hours<\/div>\n        <\/div>\n        <div class=\"counter-item\">\n            <i class=\"min-circle icon icon-ring-3Asset-2\"><\/i>\n            <span class=\"min-count minutes countdown-number\">00<\/span>\n            <div class=\"smalltext\">Minutes<\/div>\n        <\/div>\n        <div class=\"counter-item\">\n            <i class=\"sec-circle icon icon-ring-4Asset-3\"><\/i>\n            <span class=\"sec-count seconds countdown-number\">00<\/span>\n            <div class=\"smalltext\">Seconds<\/div>\n        <\/div>\n    <\/div>\n      \n\n    \t\t\t\t<\/div>\n\t\t\t\t<\/div>\n\t\t\t\t<div class=\"elementor-element elementor-element-86c0da8 elementor-align-left elementor-mobile-align-center elementor-widget elementor-widget-button\" data-id=\"86c0da8\" data-element_type=\"widget\" data-settings=\"{&quot;ekit_we_effect_on&quot;:&quot;none&quot;}\" data-widget_type=\"button.default\">\n\t\t\t\t\t\t\t\t\t\t<a class=\"elementor-button elementor-button-link elementor-size-md\" href=\"https:\/\/foro-mundial.org\/web\/registro-sesion\/\" target=\"_blank\">\n\t\t\t\t\t\t<span class=\"elementor-button-content-wrapper\">\n\t\t\t\t\t\t\t\t\t<span class=\"elementor-button-text\">REG\u00cdSTRATE AHORA<\/span>\n\t\t\t\t\t<\/span>\n\t\t\t\t\t<\/a>\n\t\t\t\t\t\t\t\t<\/div>\n\t\t\t\t\t<\/div>\n\t\t<\/div>\n\t\t\t\t<div class=\"elementor-column elementor-col-33 elementor-top-column elementor-element elementor-element-7d8b38a\" data-id=\"7d8b38a\" data-element_type=\"column\">\n\t\t\t<div class=\"elementor-widget-wrap elementor-element-populated\">\n\t\t\t\t\t\t\t<\/div>\n\t\t<\/div>\n\t\t\t\t\t<\/div>\n\t\t<\/section>\n\t\t\t\t<section class=\"elementor-section elementor-top-section elementor-element elementor-element-1eaaec3 elementor-section-boxed elementor-section-height-default elementor-section-height-default\" data-id=\"1eaaec3\" data-element_type=\"section\">\n\t\t\t\t\t\t<div class=\"elementor-container elementor-column-gap-default\">\n\t\t\t\t\t<div class=\"elementor-column elementor-col-100 elementor-top-column elementor-element elementor-element-eeb48f1\" data-id=\"eeb48f1\" data-element_type=\"column\">\n\t\t\t<div class=\"elementor-widget-wrap elementor-element-populated\">\n\t\t\t\t\t\t<div class=\"elementor-element elementor-element-e8cbee3 elementor-widget elementor-widget-spacer\" data-id=\"e8cbee3\" data-element_type=\"widget\" data-settings=\"{&quot;ekit_we_effect_on&quot;:&quot;none&quot;}\" data-widget_type=\"spacer.default\">\n\t\t\t\t\t\t\t<div class=\"elementor-spacer\">\n\t\t\t<div class=\"elementor-spacer-inner\"><\/div>\n\t\t<\/div>\n\t\t\t\t\t\t<\/div>\n\t\t\t\t<div class=\"elementor-element elementor-element-4e81949 elementor-invisible elementor-widget elementor-widget-heading\" data-id=\"4e81949\" data-element_type=\"widget\" data-settings=\"{&quot;_animation&quot;:&quot;fadeInUp&quot;,&quot;_animation_delay&quot;:&quot;350&quot;,&quot;ekit_we_effect_on&quot;:&quot;none&quot;}\" data-widget_type=\"heading.default\">\n\t\t\t\t\t<h1 class=\"elementor-heading-title elementor-size-default\">Vive La Experiencia <\/h1>\t\t\t\t<\/div>\n\t\t\t\t<div class=\"elementor-element elementor-element-3362fd2 elementor-invisible elementor-widget elementor-widget-heading\" data-id=\"3362fd2\" data-element_type=\"widget\" data-settings=\"{&quot;_animation&quot;:&quot;fadeInUp&quot;,&quot;_animation_delay&quot;:&quot;350&quot;,&quot;ekit_we_effect_on&quot;:&quot;none&quot;}\" data-widget_type=\"heading.default\">\n\t\t\t\t\t<h2 class=\"elementor-heading-title elementor-size-default\">\u00a1Mucho que Aprender, Mucho que Disfrutar!<\/h2>\t\t\t\t<\/div>\n\t\t\t\t<div class=\"elementor-element elementor-element-d441fb5 elementor-widget elementor-widget-video\" data-id=\"d441fb5\" data-element_type=\"widget\" data-settings=\"{&quot;youtube_url&quot;:&quot;https:\\\/\\\/www.youtube.com\\\/watch?v=0m1_J63qpoc&quot;,&quot;start&quot;:&quot;8&quot;,&quot;autoplay&quot;:&quot;yes&quot;,&quot;loop&quot;:&quot;yes&quot;,&quot;play_on_mobile&quot;:&quot;yes&quot;,&quot;video_type&quot;:&quot;youtube&quot;,&quot;ekit_we_effect_on&quot;:&quot;none&quot;}\" data-widget_type=\"video.default\">\n\t\t\t\t\t\t\t<div class=\"elementor-wrapper elementor-open-inline\">\n\t\t\t<div class=\"elementor-video\"><\/div>\t\t<\/div>\n\t\t\t\t\t\t<\/div>\n\t\t\t\t\t<\/div>\n\t\t<\/div>\n\t\t\t\t\t<\/div>\n\t\t<\/section>\n\t\t\t\t<section class=\"elementor-section elementor-top-section elementor-element elementor-element-4c8252c elementor-section-boxed elementor-section-height-default elementor-section-height-default\" data-id=\"4c8252c\" data-element_type=\"section\">\n\t\t\t\t\t\t<div class=\"elementor-container elementor-column-gap-default\">\n\t\t\t\t\t<div class=\"elementor-column elementor-col-100 elementor-top-column elementor-element elementor-element-3cc746c\" data-id=\"3cc746c\" data-element_type=\"column\">\n\t\t\t<div class=\"elementor-widget-wrap elementor-element-populated\">\n\t\t\t\t\t\t<div class=\"elementor-element elementor-element-525c5e4 elementor-widget elementor-widget-spacer\" data-id=\"525c5e4\" data-element_type=\"widget\" data-settings=\"{&quot;ekit_we_effect_on&quot;:&quot;none&quot;}\" data-widget_type=\"spacer.default\">\n\t\t\t\t\t\t\t<div class=\"elementor-spacer\">\n\t\t\t<div class=\"elementor-spacer-inner\"><\/div>\n\t\t<\/div>\n\t\t\t\t\t\t<\/div>\n\t\t\t\t\t<\/div>\n\t\t<\/div>\n\t\t\t\t\t<\/div>\n\t\t<\/section>\n\t\t\t\t<section class=\"elementor-section elementor-top-section elementor-element elementor-element-8892d65 elementor-section-boxed elementor-section-height-default elementor-section-height-default\" data-id=\"8892d65\" data-element_type=\"section\">\n\t\t\t\t\t\t<div class=\"elementor-container elementor-column-gap-default\">\n\t\t\t\t\t<div class=\"elementor-column elementor-col-100 elementor-top-column elementor-element elementor-element-824b9bf\" data-id=\"824b9bf\" data-element_type=\"column\">\n\t\t\t<div class=\"elementor-widget-wrap elementor-element-populated\">\n\t\t\t\t\t\t<div class=\"elementor-element elementor-element-20bd285 elementor-invisible elementor-widget elementor-widget-exhibz-title\" data-id=\"20bd285\" data-element_type=\"widget\" data-settings=\"{&quot;_animation&quot;:&quot;slideInUp&quot;,&quot;_animation_delay&quot;:&quot;350&quot;,&quot;ekit_we_effect_on&quot;:&quot;none&quot;}\" data-widget_type=\"exhibz-title.default\">\n\t\t\t\t<div class=\"elementor-widget-container\">\n\t\t\t\t\t\n    <div class=\"title-section-area\">\n        <h2 class=\"section-title\">\n            <span class=\"sub-title\"><\/span>\n\t\t\tConocimiento y Experiencia a Tu Alcance        <\/h2>\n\t\t                    <span class=\"title-shape\">\n                  <svg xmlns='http:\/\/www.w3.org\/2000\/svg' xmlns:xlink='http:\/\/www.w3.org\/1999\/xlink' width='71px' height='11px'> <path fill-rule='evenodd' d='M59.669,10.710 L49.164,3.306 L39.428,10.681 L29.714,3.322 L20.006,10.682 L10.295,3.322 L1.185,10.228 L-0.010,8.578 L10.295,0.765 L20.006,8.125 L29.714,0.765 L39.428,8.125 L49.122,0.781 L59.680,8.223 L69.858,1.192 L70.982,2.895 L59.669,10.710 Z'\/><\/svg>\n            <\/span>\n                    <\/div><!-- Section title -->\n    \n    \n\n    \t\t\t\t<\/div>\n\t\t\t\t<\/div>\n\t\t\t\t\t<\/div>\n\t\t<\/div>\n\t\t\t\t\t<\/div>\n\t\t<\/section>\n\t\t\t\t<section class=\"elementor-section elementor-top-section elementor-element elementor-element-c5a5c09 elementor-section-full_width elementor-section-height-min-height elementor-section-items-stretch elementor-section-height-default\" data-id=\"c5a5c09\" data-element_type=\"section\" data-settings=\"{&quot;background_background&quot;:&quot;gradient&quot;}\">\n\t\t\t\t\t\t<div class=\"elementor-container elementor-column-gap-default\">\n\t\t\t\t\t<div class=\"elementor-column elementor-col-50 elementor-top-column elementor-element elementor-element-ca1f0aa\" data-id=\"ca1f0aa\" data-element_type=\"column\" data-settings=\"{&quot;background_background&quot;:&quot;slideshow&quot;,&quot;background_slideshow_gallery&quot;:[{&quot;id&quot;:&quot;7425&quot;,&quot;url&quot;:&quot;https:\\\/\\\/foro-mundial.org\\\/web\\\/wp-content\\\/uploads\\\/2023\\\/06\\\/topico-comunicacion-v2-1.png&quot;}],&quot;background_slideshow_loop&quot;:&quot;yes&quot;,&quot;background_slideshow_slide_duration&quot;:5000,&quot;background_slideshow_slide_transition&quot;:&quot;fade&quot;,&quot;background_slideshow_transition_duration&quot;:500}\">\n\t\t\t<div class=\"elementor-widget-wrap elementor-element-populated\">\n\t\t\t\t\t<div class=\"elementor-background-overlay\"><\/div>\n\t\t\t\t\t\t<div class=\"elementor-element elementor-element-1b8cbdc elementor-widget elementor-widget-image\" data-id=\"1b8cbdc\" data-element_type=\"widget\" data-settings=\"{&quot;ekit_we_effect_on&quot;:&quot;none&quot;}\" data-widget_type=\"image.default\">\n\t\t\t\t\t\t\t\t\t\t\t\t\t\t\t<img fetchpriority=\"high\" decoding=\"async\" width=\"512\" height=\"512\" src=\"https:\/\/foro-mundial.org\/web\/wp-content\/uploads\/2023\/05\/Agregar-un-titulo-1.png\" class=\"attachment-large size-large wp-image-3664\" alt=\"\" srcset=\"https:\/\/foro-mundial.org\/web\/wp-content\/uploads\/2023\/05\/Agregar-un-titulo-1.png 512w, https:\/\/foro-mundial.org\/web\/wp-content\/uploads\/2023\/05\/Agregar-un-titulo-1-300x300.png 300w, https:\/\/foro-mundial.org\/web\/wp-content\/uploads\/2023\/05\/Agregar-un-titulo-1-150x150.png 150w\" sizes=\"(max-width: 512px) 100vw, 512px\" \/>\t\t\t\t\t\t\t\t\t\t\t\t\t\t\t<\/div>\n\t\t\t\t\t<\/div>\n\t\t<\/div>\n\t\t\t\t<div class=\"elementor-column elementor-col-50 elementor-top-column elementor-element elementor-element-b448217\" data-id=\"b448217\" data-element_type=\"column\" data-settings=\"{&quot;background_background&quot;:&quot;classic&quot;}\">\n\t\t\t<div class=\"elementor-widget-wrap elementor-element-populated\">\n\t\t\t\t\t<div class=\"elementor-background-overlay\"><\/div>\n\t\t\t\t\t\t<div class=\"elementor-element elementor-element-45cd0a7 elementor-widget__width-initial elementor-invisible elementor-widget elementor-widget-heading\" data-id=\"45cd0a7\" data-element_type=\"widget\" data-settings=\"{&quot;_animation&quot;:&quot;slideInRight&quot;,&quot;_animation_delay&quot;:&quot;350&quot;,&quot;ekit_we_effect_on&quot;:&quot;none&quot;}\" data-widget_type=\"heading.default\">\n\t\t\t\t\t<h3 class=\"elementor-heading-title elementor-size-default\">Conferencias Magistrales de T\u00f3picos Selectos:<\/h3>\t\t\t\t<\/div>\n\t\t\t\t<div class=\"elementor-element elementor-element-df48345 elementor-widget__width-initial elementor-icon-list--layout-traditional elementor-list-item-link-full_width elementor-widget elementor-widget-icon-list\" data-id=\"df48345\" data-element_type=\"widget\" data-settings=\"{&quot;ekit_we_effect_on&quot;:&quot;none&quot;}\" data-widget_type=\"icon-list.default\">\n\t\t\t\t\t\t\t<ul class=\"elementor-icon-list-items\">\n\t\t\t\t\t\t\t<li class=\"elementor-icon-list-item\">\n\t\t\t\t\t\t\t\t\t\t\t<span class=\"elementor-icon-list-icon\">\n\t\t\t\t\t\t\t<svg aria-hidden=\"true\" class=\"e-font-icon-svg e-fas-check\" viewBox=\"0 0 512 512\" xmlns=\"http:\/\/www.w3.org\/2000\/svg\"><path d=\"M173.898 439.404l-166.4-166.4c-9.997-9.997-9.997-26.206 0-36.204l36.203-36.204c9.997-9.998 26.207-9.998 36.204 0L192 312.69 432.095 72.596c9.997-9.997 26.207-9.997 36.204 0l36.203 36.204c9.997 9.997 9.997 26.206 0 36.204l-294.4 294.401c-9.998 9.997-26.207 9.997-36.204-.001z\"><\/path><\/svg>\t\t\t\t\t\t<\/span>\n\t\t\t\t\t\t\t\t\t\t<span class=\"elementor-icon-list-text\">Periodismo <\/span>\n\t\t\t\t\t\t\t\t\t<\/li>\n\t\t\t\t\t\t\t\t<li class=\"elementor-icon-list-item\">\n\t\t\t\t\t\t\t\t\t\t\t<span class=\"elementor-icon-list-icon\">\n\t\t\t\t\t\t\t<svg aria-hidden=\"true\" class=\"e-font-icon-svg e-fas-check\" viewBox=\"0 0 512 512\" xmlns=\"http:\/\/www.w3.org\/2000\/svg\"><path d=\"M173.898 439.404l-166.4-166.4c-9.997-9.997-9.997-26.206 0-36.204l36.203-36.204c9.997-9.998 26.207-9.998 36.204 0L192 312.69 432.095 72.596c9.997-9.997 26.207-9.997 36.204 0l36.203 36.204c9.997 9.997 9.997 26.206 0 36.204l-294.4 294.401c-9.998 9.997-26.207 9.997-36.204-.001z\"><\/path><\/svg>\t\t\t\t\t\t<\/span>\n\t\t\t\t\t\t\t\t\t\t<span class=\"elementor-icon-list-text\">Imagen P\u00fablica <\/span>\n\t\t\t\t\t\t\t\t\t<\/li>\n\t\t\t\t\t\t\t\t<li class=\"elementor-icon-list-item\">\n\t\t\t\t\t\t\t\t\t\t\t<span class=\"elementor-icon-list-icon\">\n\t\t\t\t\t\t\t<svg aria-hidden=\"true\" class=\"e-font-icon-svg e-fas-check\" viewBox=\"0 0 512 512\" xmlns=\"http:\/\/www.w3.org\/2000\/svg\"><path d=\"M173.898 439.404l-166.4-166.4c-9.997-9.997-9.997-26.206 0-36.204l36.203-36.204c9.997-9.998 26.207-9.998 36.204 0L192 312.69 432.095 72.596c9.997-9.997 26.207-9.997 36.204 0l36.203 36.204c9.997 9.997 9.997 26.206 0 36.204l-294.4 294.401c-9.998 9.997-26.207 9.997-36.204-.001z\"><\/path><\/svg>\t\t\t\t\t\t<\/span>\n\t\t\t\t\t\t\t\t\t\t<span class=\"elementor-icon-list-text\">Locuci\u00f3n <\/span>\n\t\t\t\t\t\t\t\t\t<\/li>\n\t\t\t\t\t\t\t\t<li class=\"elementor-icon-list-item\">\n\t\t\t\t\t\t\t\t\t\t\t<span class=\"elementor-icon-list-icon\">\n\t\t\t\t\t\t\t<svg aria-hidden=\"true\" class=\"e-font-icon-svg e-fas-check\" viewBox=\"0 0 512 512\" xmlns=\"http:\/\/www.w3.org\/2000\/svg\"><path d=\"M173.898 439.404l-166.4-166.4c-9.997-9.997-9.997-26.206 0-36.204l36.203-36.204c9.997-9.998 26.207-9.998 36.204 0L192 312.69 432.095 72.596c9.997-9.997 26.207-9.997 36.204 0l36.203 36.204c9.997 9.997 9.997 26.206 0 36.204l-294.4 294.401c-9.998 9.997-26.207 9.997-36.204-.001z\"><\/path><\/svg>\t\t\t\t\t\t<\/span>\n\t\t\t\t\t\t\t\t\t\t<span class=\"elementor-icon-list-text\">Fotograf\u00eda <\/span>\n\t\t\t\t\t\t\t\t\t<\/li>\n\t\t\t\t\t\t\t\t<li class=\"elementor-icon-list-item\">\n\t\t\t\t\t\t\t\t\t\t\t<span class=\"elementor-icon-list-icon\">\n\t\t\t\t\t\t\t<svg aria-hidden=\"true\" class=\"e-font-icon-svg e-fas-check\" viewBox=\"0 0 512 512\" xmlns=\"http:\/\/www.w3.org\/2000\/svg\"><path d=\"M173.898 439.404l-166.4-166.4c-9.997-9.997-9.997-26.206 0-36.204l36.203-36.204c9.997-9.998 26.207-9.998 36.204 0L192 312.69 432.095 72.596c9.997-9.997 26.207-9.997 36.204 0l36.203 36.204c9.997 9.997 9.997 26.206 0 36.204l-294.4 294.401c-9.998 9.997-26.207 9.997-36.204-.001z\"><\/path><\/svg>\t\t\t\t\t\t<\/span>\n\t\t\t\t\t\t\t\t\t\t<span class=\"elementor-icon-list-text\">Producci\u00f3n radiof\u00f3nica y televisiva <\/span>\n\t\t\t\t\t\t\t\t\t<\/li>\n\t\t\t\t\t\t\t\t<li class=\"elementor-icon-list-item\">\n\t\t\t\t\t\t\t\t\t\t\t<span class=\"elementor-icon-list-icon\">\n\t\t\t\t\t\t\t<svg aria-hidden=\"true\" class=\"e-font-icon-svg e-fas-check\" viewBox=\"0 0 512 512\" xmlns=\"http:\/\/www.w3.org\/2000\/svg\"><path d=\"M173.898 439.404l-166.4-166.4c-9.997-9.997-9.997-26.206 0-36.204l36.203-36.204c9.997-9.998 26.207-9.998 36.204 0L192 312.69 432.095 72.596c9.997-9.997 26.207-9.997 36.204 0l36.203 36.204c9.997 9.997 9.997 26.206 0 36.204l-294.4 294.401c-9.998 9.997-26.207 9.997-36.204-.001z\"><\/path><\/svg>\t\t\t\t\t\t<\/span>\n\t\t\t\t\t\t\t\t\t\t<span class=\"elementor-icon-list-text\">Comunicaci\u00f3n Social <\/span>\n\t\t\t\t\t\t\t\t\t<\/li>\n\t\t\t\t\t\t\t\t<li class=\"elementor-icon-list-item\">\n\t\t\t\t\t\t\t\t\t\t\t<span class=\"elementor-icon-list-icon\">\n\t\t\t\t\t\t\t<svg aria-hidden=\"true\" class=\"e-font-icon-svg e-fas-check\" viewBox=\"0 0 512 512\" xmlns=\"http:\/\/www.w3.org\/2000\/svg\"><path d=\"M173.898 439.404l-166.4-166.4c-9.997-9.997-9.997-26.206 0-36.204l36.203-36.204c9.997-9.998 26.207-9.998 36.204 0L192 312.69 432.095 72.596c9.997-9.997 26.207-9.997 36.204 0l36.203 36.204c9.997 9.997 9.997 26.206 0 36.204l-294.4 294.401c-9.998 9.997-26.207 9.997-36.204-.001z\"><\/path><\/svg>\t\t\t\t\t\t<\/span>\n\t\t\t\t\t\t\t\t\t\t<span class=\"elementor-icon-list-text\">Comunicaci\u00f3n organizacional <\/span>\n\t\t\t\t\t\t\t\t\t<\/li>\n\t\t\t\t\t\t<\/ul>\n\t\t\t\t\t\t<\/div>\n\t\t\t\t\t<\/div>\n\t\t<\/div>\n\t\t\t\t\t<\/div>\n\t\t<\/section>\n\t\t\t\t<section class=\"elementor-section elementor-top-section elementor-element elementor-element-b4ac464 elementor-section-height-min-height elementor-section-boxed elementor-section-height-default elementor-section-items-middle\" data-id=\"b4ac464\" data-element_type=\"section\" data-settings=\"{&quot;background_background&quot;:&quot;classic&quot;}\">\n\t\t\t\t\t\t<div class=\"elementor-container elementor-column-gap-default\">\n\t\t\t\t\t<div class=\"elementor-column elementor-col-50 elementor-top-column elementor-element elementor-element-0378f29 elementor-invisible\" data-id=\"0378f29\" data-element_type=\"column\" data-settings=\"{&quot;animation&quot;:&quot;fadeInLeft&quot;,&quot;animation_delay&quot;:&quot;350&quot;}\">\n\t\t\t<div class=\"elementor-widget-wrap elementor-element-populated\">\n\t\t\t\t\t\t<div class=\"elementor-element elementor-element-35b5490 elementor-widget elementor-widget-exhibz-title\" data-id=\"35b5490\" data-element_type=\"widget\" data-settings=\"{&quot;ekit_we_effect_on&quot;:&quot;none&quot;}\" data-widget_type=\"exhibz-title.default\">\n\t\t\t\t<div class=\"elementor-widget-container\">\n\t\t\t\t\t\n    <div class=\"title-section-area\">\n        <h2 class=\"section-title\">\n            <span class=\"sub-title\">REENCONTREMONOS<\/span>\n\t\t\t\u00a1Por la alegr\u00eda de vivir y aprender!        <\/h2>\n\t\t                    <span class=\"title-shape\">\n                  <svg xmlns='http:\/\/www.w3.org\/2000\/svg' xmlns:xlink='http:\/\/www.w3.org\/1999\/xlink' width='71px' height='11px'> <path fill-rule='evenodd' d='M59.669,10.710 L49.164,3.306 L39.428,10.681 L29.714,3.322 L20.006,10.682 L10.295,3.322 L1.185,10.228 L-0.010,8.578 L10.295,0.765 L20.006,8.125 L29.714,0.765 L39.428,8.125 L49.122,0.781 L59.680,8.223 L69.858,1.192 L70.982,2.895 L59.669,10.710 Z'\/><\/svg>\n            <\/span>\n                    <\/div><!-- Section title -->\n    \n    \n\n    \t\t\t\t<\/div>\n\t\t\t\t<\/div>\n\t\t\t\t<div class=\"elementor-element elementor-element-4c8facf elementor-widget elementor-widget-text-editor\" data-id=\"4c8facf\" data-element_type=\"widget\" data-settings=\"{&quot;ekit_we_effect_on&quot;:&quot;none&quot;}\" data-widget_type=\"text-editor.default\">\n\t\t\t\t\t\t\t\t\t<p>Regresa el evento acad\u00e9mico mas grande e importante del mundo con una edici\u00f3n especial tras pasar la pandemia donde participaran m\u00e1s de 16,000 universitarios.<\/p>\t\t\t\t\t\t\t\t<\/div>\n\t\t\t\t<div class=\"elementor-element elementor-element-d682595 elementor-align-center elementor-mobile-align-center elementor-widget elementor-widget-button\" data-id=\"d682595\" data-element_type=\"widget\" data-settings=\"{&quot;ekit_we_effect_on&quot;:&quot;none&quot;}\" data-widget_type=\"button.default\">\n\t\t\t\t\t\t\t\t\t\t<a class=\"elementor-button elementor-button-link elementor-size-md\" href=\"https:\/\/foro-mundial.org\/web\/registro-sesion\/\" target=\"_blank\">\n\t\t\t\t\t\t<span class=\"elementor-button-content-wrapper\">\n\t\t\t\t\t\t\t\t\t<span class=\"elementor-button-text\">rEGISTRATE AHORA<\/span>\n\t\t\t\t\t<\/span>\n\t\t\t\t\t<\/a>\n\t\t\t\t\t\t\t\t<\/div>\n\t\t\t\t\t<\/div>\n\t\t<\/div>\n\t\t\t\t<div class=\"elementor-column elementor-col-50 elementor-top-column elementor-element elementor-element-4390d9b elementor-invisible\" data-id=\"4390d9b\" data-element_type=\"column\" data-settings=\"{&quot;animation&quot;:&quot;fadeInRight&quot;,&quot;animation_delay&quot;:&quot;400&quot;}\">\n\t\t\t<div class=\"elementor-widget-wrap elementor-element-populated\">\n\t\t\t\t\t\t<section class=\"elementor-section elementor-inner-section elementor-element elementor-element-08f8ed3 elementor-section-boxed elementor-section-height-default elementor-section-height-default\" data-id=\"08f8ed3\" data-element_type=\"section\">\n\t\t\t\t\t\t<div class=\"elementor-container elementor-column-gap-default\">\n\t\t\t\t\t<div class=\"elementor-column elementor-col-100 elementor-inner-column elementor-element elementor-element-ee6a854\" data-id=\"ee6a854\" data-element_type=\"column\">\n\t\t\t<div class=\"elementor-widget-wrap elementor-element-populated\">\n\t\t\t\t\t\t<div class=\"elementor-element elementor-element-c638784 elementor-widget elementor-widget-exhibz-feature\" data-id=\"c638784\" data-element_type=\"widget\" data-settings=\"{&quot;ekit_we_effect_on&quot;:&quot;none&quot;}\" data-widget_type=\"exhibz-feature.default\">\n\t\t\t\t<div class=\"elementor-widget-container\">\n\t\t\t\t\t \n    \t\t<div class=\"single-intro-text mb-70\">\n\t\t\t<i class=\"icon icon-netwrorking\"><\/i>\n\t\t\t<h3 class=\"ts-title\"> Canc\u00fan, M\u00e9xico<\/h3>\n\t\t\t<p>\n\t\t     \tLa hermosa ciudad de playas de arena blanca ba\u00f1adas por el azul turquesa del Mar Caribe se vestir\u00e1 de gala\ncon este magno evento.\n\n\t\t\t<\/p>\n\t\t\t<span class=\"count-number\">1<\/span>\n\t\t<\/div><!-- single intro text end-->\n    \n    \n\t\n\t\n\t \n\n    \n    \t\t\t\t<\/div>\n\t\t\t\t<\/div>\n\t\t\t\t<div class=\"elementor-element elementor-element-cb9ad5c elementor-widget elementor-widget-exhibz-feature\" data-id=\"cb9ad5c\" data-element_type=\"widget\" data-settings=\"{&quot;ekit_we_effect_on&quot;:&quot;none&quot;}\" data-widget_type=\"exhibz-feature.default\">\n\t\t\t\t<div class=\"elementor-widget-container\">\n\t\t\t\t\t \n    \t\t<div class=\"single-intro-text mb-70\">\n\t\t\t<i class=\"icon icon-people\"><\/i>\n\t\t\t<h3 class=\"ts-title\">Magn\u00edficos Speakers<\/h3>\n\t\t\t<p>\n\t\t     \tAprende de primera mano de los m\u00e1s reconocidos conferencistas entre los que destacan premios nobel, empresarios y grandes especialistas.\t\t\t<\/p>\n\t\t\t<span class=\"count-number\">2<\/span>\n\t\t<\/div><!-- single intro text end-->\n    \n    \n\t\n\t\n\t \n\n    \n    \t\t\t\t<\/div>\n\t\t\t\t<\/div>\n\t\t\t\t<div class=\"elementor-element elementor-element-8683b71 elementor-widget-tablet__width-initial elementor-widget elementor-widget-exhibz-feature\" data-id=\"8683b71\" data-element_type=\"widget\" data-settings=\"{&quot;ekit_we_effect_on&quot;:&quot;none&quot;}\" data-widget_type=\"exhibz-feature.default\">\n\t\t\t\t<div class=\"elementor-widget-container\">\n\t\t\t\t\t \n    \t\t<div class=\"single-intro-text mb-70\">\n\t\t\t<i class=\"icon icon-speaker\"><\/i>\n\t\t\t<h3 class=\"ts-title\">El m\u00e1s grande del mundo<\/h3>\n\t\t\t<p>\n\t\t     \tVive esta espectacular experiencia donde participan 16,000 universitarios de m\u00e1s de 1000 universidades de todo el mundo.\t\t\t<\/p>\n\t\t\t<span class=\"count-number\">3<\/span>\n\t\t<\/div><!-- single intro text end-->\n    \n    \n\t\n\t\n\t \n\n    \n    \t\t\t\t<\/div>\n\t\t\t\t<\/div>\n\t\t\t\t<div class=\"elementor-element elementor-element-cb800d0 elementor-widget elementor-widget-exhibz-feature\" data-id=\"cb800d0\" data-element_type=\"widget\" data-settings=\"{&quot;ekit_we_effect_on&quot;:&quot;none&quot;}\" data-widget_type=\"exhibz-feature.default\">\n\t\t\t\t<div class=\"elementor-widget-container\">\n\t\t\t\t\t \n    \t\t<div class=\"single-intro-text mb-70\">\n\t\t\t<i class=\"icon icon-fun\"><\/i>\n\t\t\t<h3 class=\"ts-title\">Cultura y Diversi\u00f3n<\/h3>\n\t\t\t<p>\n\t\t     \tDisfruta de las actividades culturales para conocer la imponente Cultura Maya as\u00ed como de las actividades de\nintegraci\u00f3n en la espectacular vida nocturna de Canc\u00fan.\t\t\t<\/p>\n\t\t\t<span class=\"count-number\">4<\/span>\n\t\t<\/div><!-- single intro text end-->\n    \n    \n\t\n\t\n\t \n\n    \n    \t\t\t\t<\/div>\n\t\t\t\t<\/div>\n\t\t\t\t\t<\/div>\n\t\t<\/div>\n\t\t\t\t\t<\/div>\n\t\t<\/section>\n\t\t\t\t\t<\/div>\n\t\t<\/div>\n\t\t\t\t\t<\/div>\n\t\t<\/section>\n\t\t\t\t<section class=\"elementor-section elementor-top-section elementor-element elementor-element-a80f6c0 elementor-section-boxed elementor-section-height-default elementor-section-height-default\" data-id=\"a80f6c0\" data-element_type=\"section\">\n\t\t\t\t\t\t<div class=\"elementor-container elementor-column-gap-default\">\n\t\t\t\t\t<div class=\"elementor-column elementor-col-100 elementor-top-column elementor-element elementor-element-167ff59\" data-id=\"167ff59\" data-element_type=\"column\">\n\t\t\t<div class=\"elementor-widget-wrap elementor-element-populated\">\n\t\t\t\t\t\t<div class=\"elementor-element elementor-element-1d943d4 elementor-invisible elementor-widget elementor-widget-exhibz-title\" data-id=\"1d943d4\" data-element_type=\"widget\" data-settings=\"{&quot;_animation&quot;:&quot;slideInUp&quot;,&quot;_animation_delay&quot;:&quot;350&quot;,&quot;ekit_we_effect_on&quot;:&quot;none&quot;}\" data-widget_type=\"exhibz-title.default\">\n\t\t\t\t<div class=\"elementor-widget-container\">\n\t\t\t\t\t\n    <div class=\"title-section-area\">\n        <h2 class=\"section-title\">\n            <span class=\"sub-title\">CONOCE A ALGUNOS DE NUESTROS<\/span>\n\t\t\tConferencistas Internacionales\n        <\/h2>\n\t\t                    <span class=\"title-shape\">\n                  <svg xmlns='http:\/\/www.w3.org\/2000\/svg' xmlns:xlink='http:\/\/www.w3.org\/1999\/xlink' width='71px' height='11px'> <path fill-rule='evenodd' d='M59.669,10.710 L49.164,3.306 L39.428,10.681 L29.714,3.322 L20.006,10.682 L10.295,3.322 L1.185,10.228 L-0.010,8.578 L10.295,0.765 L20.006,8.125 L29.714,0.765 L39.428,8.125 L49.122,0.781 L59.680,8.223 L69.858,1.192 L70.982,2.895 L59.669,10.710 Z'\/><\/svg>\n            <\/span>\n                    <\/div><!-- Section title -->\n    \n    \n\n    \t\t\t\t<\/div>\n\t\t\t\t<\/div>\n\t\t\t\t<div class=\"elementor-element elementor-element-9c06cb2 elementor-widget elementor-widget-text-editor\" data-id=\"9c06cb2\" data-element_type=\"widget\" data-settings=\"{&quot;ekit_we_effect_on&quot;:&quot;none&quot;}\" data-widget_type=\"text-editor.default\">\n\t\t\t\t\t\t\t\t\t<p>Reconocidos especialistas y expertos acad\u00e9micos de talla mundial de distinguidas instituciones se dar\u00e1n cita para<br \/>compartir e intercambiar conocimientos de primera mano.<\/p>\t\t\t\t\t\t\t\t<\/div>\n\t\t\t\t<section class=\"elementor-section elementor-inner-section elementor-element elementor-element-4ccb739 elementor-section-boxed elementor-section-height-default elementor-section-height-default elementor-invisible\" data-id=\"4ccb739\" data-element_type=\"section\" data-settings=\"{&quot;animation&quot;:&quot;slideInUp&quot;,&quot;animation_delay&quot;:&quot;450&quot;}\">\n\t\t\t\t\t\t<div class=\"elementor-container elementor-column-gap-default\">\n\t\t\t\t\t<div class=\"elementor-column elementor-col-25 elementor-inner-column elementor-element elementor-element-155d0d8\" data-id=\"155d0d8\" data-element_type=\"column\">\n\t\t\t<div class=\"elementor-widget-wrap elementor-element-populated\">\n\t\t\t\t\t\t<div class=\"elementor-element elementor-element-38e5dcc elementor-widget elementor-widget-exhibz-speaker\" data-id=\"38e5dcc\" data-element_type=\"widget\" data-settings=\"{&quot;ekit_we_effect_on&quot;:&quot;none&quot;}\" data-widget_type=\"exhibz-speaker.default\">\n\t\t\t\t<div class=\"elementor-widget-container\">\n\t\t\t\t\t                        <div class=\"ts-speaker\" style=\"--speaker-color: #25cd44\">\n                <div class=\"speaker-img\">\n                                            <img decoding=\"async\" width=\"500\" height=\"500\" src=\"https:\/\/foro-mundial.org\/web\/wp-content\/uploads\/2023\/06\/Conferencista-Javier-Cebreiros-1.png\" class=\"img-fluid\" alt=\"\" srcset=\"https:\/\/foro-mundial.org\/web\/wp-content\/uploads\/2023\/06\/Conferencista-Javier-Cebreiros-1.png 500w, https:\/\/foro-mundial.org\/web\/wp-content\/uploads\/2023\/06\/Conferencista-Javier-Cebreiros-1-300x300.png 300w, https:\/\/foro-mundial.org\/web\/wp-content\/uploads\/2023\/06\/Conferencista-Javier-Cebreiros-1-150x150.png 150w\" sizes=\"(max-width: 500px) 100vw, 500px\" \/>                                        <a href=\"#popup_38e5dcc9358\"\n                       class=\"view-speaker ts-image-popup\" data-effect=\"mfp-zoom-in\">\n                        <i class=\"icon icon-plus\"><\/i>\n                    <\/a>\n                <\/div>\n                <div class=\"ts-speaker-info\">\n                    <h3 class=\"ts-title\"><a\n                                href=\"https:\/\/foro-mundial.org\/web\/speaker\/javier-cebreiros\/\"> Javier Cebreiros <\/a>\n                    <\/h3>\n                    <p>\n                        Doctor en Comunicaci\u00f3n                    <\/p>\n                <\/div>\n                <!--- speaker info end -->\n                <!-- popup start-->\n                <div id=\"popup_38e5dcc9358\"\n                     class=\"container ts-speaker-popup mfp-hide\">\n                    <div class=\"row\">\n                        <div class=\"col-lg-6\">\n                            <div class=\"ts-speaker-popup-img\">\n                                                                    <img decoding=\"async\" width=\"500\" height=\"500\" src=\"https:\/\/foro-mundial.org\/web\/wp-content\/uploads\/2023\/06\/Conferencista-Javier-Cebreiros-1.png\" class=\"attachment-full size-full\" alt=\"\" srcset=\"https:\/\/foro-mundial.org\/web\/wp-content\/uploads\/2023\/06\/Conferencista-Javier-Cebreiros-1.png 500w, https:\/\/foro-mundial.org\/web\/wp-content\/uploads\/2023\/06\/Conferencista-Javier-Cebreiros-1-300x300.png 300w, https:\/\/foro-mundial.org\/web\/wp-content\/uploads\/2023\/06\/Conferencista-Javier-Cebreiros-1-150x150.png 150w\" sizes=\"(max-width: 500px) 100vw, 500px\" \/>                                                            <\/div>\n                        <\/div>\n                        <!-- col end-->\n                        <div class=\"col-lg-6\">\n                            <div class=\"ts-speaker-popup-content\">\n                                <h3 class=\"ts-title\"><a\n                                            href=\"https:\/\/foro-mundial.org\/web\/speaker\/javier-cebreiros\/\"> Javier Cebreiros <\/a>\n                                <\/h3>\n                                <span class=\"speakder-designation\"> Doctor en Comunicaci\u00f3n<\/span>\n                                \n                                    <img loading=\"lazy\" decoding=\"async\" width=\"150\" height=\"75\" src=\"https:\/\/foro-mundial.org\/web\/wp-content\/uploads\/2023\/06\/16.png\" class=\"company-logo\" alt=\"\" srcset=\"https:\/\/foro-mundial.org\/web\/wp-content\/uploads\/2023\/06\/16.png 360w, https:\/\/foro-mundial.org\/web\/wp-content\/uploads\/2023\/06\/16-300x151.png 300w\" sizes=\"(max-width: 150px) 100vw, 150px\" \/>                                                                <p>\n                                    <p>Graduado en direcci\u00f3n de empresas y Doctor en comunicaci\u00f3n por la Universidad de Vigo, est\u00e1 especializado en el \u00e1rea emocional. Autor del libro Olvida tu lenguaje corporal (12\u00aa Edici\u00f3n), ha colaborado en medios de comunicaci\u00f3n como La voz de Galicia o La 2 (TVE). Fundador de ensaia, en 2018 fue uno de los 25 participantes seleccionados por las Naciones Unidas para su programa \u00abEmprendedores para el cambio social\u00bb.Defiende un modelo de comunicaci\u00f3n basado en la m\u00e1xima de que \u00abpara ser mejor comunicador, hay que trabajar por ser mejor persona\u00bb y lo ha aplicado y compartido con \u00e9xito en m\u00faltiples organizaciones, universidades, pa\u00edses y grupos humanos.<\/p>                                <\/p>\n                                <div class=\"ts-speakers-social\">\n                                                                                                                        <a href=\"\" target=\"_blank\" rel=\"noreferrer\">\n                                               <i class=\"fa fa-youtube\"><\/i>                                               \n                                            <\/a>\n                                                                                    <a href=\"\" target=\"_blank\" rel=\"noreferrer\">\n                                               <i class=\"fa fa-file-pdf-o\"><\/i>                                               \n                                            <\/a>\n                                                                                    <a href=\"\" target=\"_blank\" rel=\"noreferrer\">\n                                               <i class=\"fa fa-play-circle-o\"><\/i>                                               \n                                            <\/a>\n                                                                                                            <\/div>\n                            <\/div>\n                            <!-- ts-speaker-popup-content end-->\n                        <\/div>\n                        <!-- col end-->\n                    <\/div>\n                    <!-- row end-->\n                <\/div>\n                <!-- popup end-->\n            <\/div>\n            <!-- ts-speaker end  -->\n        \n\n            \n            \n            \n\n        \t\t\t\t<\/div>\n\t\t\t\t<\/div>\n\t\t\t\t\t<\/div>\n\t\t<\/div>\n\t\t\t\t<div class=\"elementor-column elementor-col-25 elementor-inner-column elementor-element elementor-element-f497c9b\" data-id=\"f497c9b\" data-element_type=\"column\">\n\t\t\t<div class=\"elementor-widget-wrap elementor-element-populated\">\n\t\t\t\t\t\t<div class=\"elementor-element elementor-element-63c8975 elementor-widget elementor-widget-exhibz-speaker\" data-id=\"63c8975\" data-element_type=\"widget\" data-settings=\"{&quot;ekit_we_effect_on&quot;:&quot;none&quot;}\" data-widget_type=\"exhibz-speaker.default\">\n\t\t\t\t<div class=\"elementor-widget-container\">\n\t\t\t\t\t                        <div class=\"ts-speaker\" style=\"--speaker-color: #25cd44\">\n                <div class=\"speaker-img\">\n                                            <img loading=\"lazy\" decoding=\"async\" width=\"500\" height=\"500\" src=\"https:\/\/foro-mundial.org\/web\/wp-content\/uploads\/2023\/06\/Conferencista-Rosa-Calaf.png\" class=\"img-fluid\" alt=\"\" srcset=\"https:\/\/foro-mundial.org\/web\/wp-content\/uploads\/2023\/06\/Conferencista-Rosa-Calaf.png 500w, https:\/\/foro-mundial.org\/web\/wp-content\/uploads\/2023\/06\/Conferencista-Rosa-Calaf-300x300.png 300w, https:\/\/foro-mundial.org\/web\/wp-content\/uploads\/2023\/06\/Conferencista-Rosa-Calaf-150x150.png 150w\" sizes=\"(max-width: 500px) 100vw, 500px\" \/>                                        <a href=\"#popup_63c89759368\"\n                       class=\"view-speaker ts-image-popup\" data-effect=\"mfp-zoom-in\">\n                        <i class=\"icon icon-plus\"><\/i>\n                    <\/a>\n                <\/div>\n                <div class=\"ts-speaker-info\">\n                    <h3 class=\"ts-title\"><a\n                                href=\"https:\/\/foro-mundial.org\/web\/speaker\/rosa-maria-calaf\/\"> Rosa Mar\u00eda Calaf <\/a>\n                    <\/h3>\n                    <p>\n                        Periodista                     <\/p>\n                <\/div>\n                <!--- speaker info end -->\n                <!-- popup start-->\n                <div id=\"popup_63c89759368\"\n                     class=\"container ts-speaker-popup mfp-hide\">\n                    <div class=\"row\">\n                        <div class=\"col-lg-6\">\n                            <div class=\"ts-speaker-popup-img\">\n                                                                    <img loading=\"lazy\" decoding=\"async\" width=\"500\" height=\"500\" src=\"https:\/\/foro-mundial.org\/web\/wp-content\/uploads\/2023\/06\/Conferencista-Rosa-Calaf.png\" class=\"attachment-full size-full\" alt=\"\" srcset=\"https:\/\/foro-mundial.org\/web\/wp-content\/uploads\/2023\/06\/Conferencista-Rosa-Calaf.png 500w, https:\/\/foro-mundial.org\/web\/wp-content\/uploads\/2023\/06\/Conferencista-Rosa-Calaf-300x300.png 300w, https:\/\/foro-mundial.org\/web\/wp-content\/uploads\/2023\/06\/Conferencista-Rosa-Calaf-150x150.png 150w\" sizes=\"(max-width: 500px) 100vw, 500px\" \/>                                                            <\/div>\n                        <\/div>\n                        <!-- col end-->\n                        <div class=\"col-lg-6\">\n                            <div class=\"ts-speaker-popup-content\">\n                                <h3 class=\"ts-title\"><a\n                                            href=\"https:\/\/foro-mundial.org\/web\/speaker\/rosa-maria-calaf\/\"> Rosa Mar\u00eda Calaf <\/a>\n                                <\/h3>\n                                <span class=\"speakder-designation\"> Periodista <\/span>\n                                \n                                    <img loading=\"lazy\" decoding=\"async\" width=\"150\" height=\"75\" src=\"https:\/\/foro-mundial.org\/web\/wp-content\/uploads\/2023\/06\/16.png\" class=\"company-logo\" alt=\"\" srcset=\"https:\/\/foro-mundial.org\/web\/wp-content\/uploads\/2023\/06\/16.png 360w, https:\/\/foro-mundial.org\/web\/wp-content\/uploads\/2023\/06\/16-300x151.png 300w\" sizes=\"(max-width: 150px) 100vw, 150px\" \/>                                                                <p>\n                                    <p><em>Licenciada en Derecho y Periodismo y M\u00e1ster en Instituciones Europeas, la periodista\u00a0Rosa Mar\u00eda Calaf\u00a0ha sido\u00a0la corresponsal con m\u00e1s larga trayectoria de TVE, con veinticinco a\u00f1os de carrera en el exterior. Abri\u00f3 la corresponsal\u00eda de Mosc\u00fa para la Uni\u00f3n Sovi\u00e9tica en 1987, y fue tambi\u00e9n corresponsal\u00a0de Roma para Italia y Vaticano, Viena para los pa\u00edses del Este-Balcanes, Hong Kong para la regi\u00f3n Asia-Pac\u00edfico y Pek\u00edn para China y Asia. Adem\u00e1s, fue corresponsal en Nueva York para Estados Unidos y Canad\u00e1, durante la \u00e9poca Reagan, y reestructur\u00f3 la corresponsal\u00eda de Buenos Aires para Am\u00e9rica del Sur. Adem\u00e1s, form\u00f3 parte del equipo fundador de TV3 y\u00a0fue su directora de programaci\u00f3n en 1983. Ha sido galardonada con el Premio Ondas 2001\u00a0a la mejor labor profesional, el premio de periodismo Cirilo Rodr\u00edguez, el premio Nacional de Periodismo de Catalu\u00f1a, el premio Club Internacional de Prensa a la mejor labor en el extranjero, el premio Jos\u00e9 Couso a la Libertad de Prensa y la Medalla de Oro de Cruz Roja 2017. En la actualidad se dedica a la docencia y la divulgaci\u00f3n, y colabora con diversas instituciones y ONGs.<\/em><\/p>                                <\/p>\n                                <div class=\"ts-speakers-social\">\n                                                                                                                        <a href=\"\" target=\"_blank\" rel=\"noreferrer\">\n                                               <i class=\"fa fa-youtube\"><\/i>                                               \n                                            <\/a>\n                                                                                    <a href=\"\" target=\"_blank\" rel=\"noreferrer\">\n                                               <i class=\"fa fa-file-pdf-o\"><\/i>                                               \n                                            <\/a>\n                                                                                    <a href=\"\" target=\"_blank\" rel=\"noreferrer\">\n                                               <i class=\"fa fa-play-circle-o\"><\/i>                                               \n                                            <\/a>\n                                                                                                            <\/div>\n                            <\/div>\n                            <!-- ts-speaker-popup-content end-->\n                        <\/div>\n                        <!-- col end-->\n                    <\/div>\n                    <!-- row end-->\n                <\/div>\n                <!-- popup end-->\n            <\/div>\n            <!-- ts-speaker end  -->\n        \n\n            \n            \n            \n\n        \t\t\t\t<\/div>\n\t\t\t\t<\/div>\n\t\t\t\t\t<\/div>\n\t\t<\/div>\n\t\t\t\t<div class=\"elementor-column elementor-col-25 elementor-inner-column elementor-element elementor-element-04e33b2\" data-id=\"04e33b2\" data-element_type=\"column\">\n\t\t\t<div class=\"elementor-widget-wrap elementor-element-populated\">\n\t\t\t\t\t\t<div class=\"elementor-element elementor-element-970909e elementor-widget elementor-widget-exhibz-speaker\" data-id=\"970909e\" data-element_type=\"widget\" data-settings=\"{&quot;ekit_we_effect_on&quot;:&quot;none&quot;}\" data-widget_type=\"exhibz-speaker.default\">\n\t\t\t\t<div class=\"elementor-widget-container\">\n\t\t\t\t\t                        <div class=\"ts-speaker\" style=\"--speaker-color: #25cd44\">\n                <div class=\"speaker-img\">\n                                            <img loading=\"lazy\" decoding=\"async\" width=\"500\" height=\"500\" src=\"https:\/\/foro-mundial.org\/web\/wp-content\/uploads\/2023\/06\/Conferencista-Magdalena-Bandera-Conejo-.png\" class=\"img-fluid\" alt=\"\" srcset=\"https:\/\/foro-mundial.org\/web\/wp-content\/uploads\/2023\/06\/Conferencista-Magdalena-Bandera-Conejo-.png 500w, https:\/\/foro-mundial.org\/web\/wp-content\/uploads\/2023\/06\/Conferencista-Magdalena-Bandera-Conejo--300x300.png 300w, https:\/\/foro-mundial.org\/web\/wp-content\/uploads\/2023\/06\/Conferencista-Magdalena-Bandera-Conejo--150x150.png 150w\" sizes=\"(max-width: 500px) 100vw, 500px\" \/>                                        <a href=\"#popup_970909e9372\"\n                       class=\"view-speaker ts-image-popup\" data-effect=\"mfp-zoom-in\">\n                        <i class=\"icon icon-plus\"><\/i>\n                    <\/a>\n                <\/div>\n                <div class=\"ts-speaker-info\">\n                    <h3 class=\"ts-title\"><a\n                                href=\"https:\/\/foro-mundial.org\/web\/speaker\/magdalena-bandera-conejo\/\"> Magdalena Bandera Conejo <\/a>\n                    <\/h3>\n                    <p>\n                        Directora de la Revista La Marea                     <\/p>\n                <\/div>\n                <!--- speaker info end -->\n                <!-- popup start-->\n                <div id=\"popup_970909e9372\"\n                     class=\"container ts-speaker-popup mfp-hide\">\n                    <div class=\"row\">\n                        <div class=\"col-lg-6\">\n                            <div class=\"ts-speaker-popup-img\">\n                                                                    <img loading=\"lazy\" decoding=\"async\" width=\"500\" height=\"500\" src=\"https:\/\/foro-mundial.org\/web\/wp-content\/uploads\/2023\/06\/Conferencista-Magdalena-Bandera-Conejo-.png\" class=\"attachment-full size-full\" alt=\"\" srcset=\"https:\/\/foro-mundial.org\/web\/wp-content\/uploads\/2023\/06\/Conferencista-Magdalena-Bandera-Conejo-.png 500w, https:\/\/foro-mundial.org\/web\/wp-content\/uploads\/2023\/06\/Conferencista-Magdalena-Bandera-Conejo--300x300.png 300w, https:\/\/foro-mundial.org\/web\/wp-content\/uploads\/2023\/06\/Conferencista-Magdalena-Bandera-Conejo--150x150.png 150w\" sizes=\"(max-width: 500px) 100vw, 500px\" \/>                                                            <\/div>\n                        <\/div>\n                        <!-- col end-->\n                        <div class=\"col-lg-6\">\n                            <div class=\"ts-speaker-popup-content\">\n                                <h3 class=\"ts-title\"><a\n                                            href=\"https:\/\/foro-mundial.org\/web\/speaker\/magdalena-bandera-conejo\/\"> Magdalena Bandera Conejo <\/a>\n                                <\/h3>\n                                <span class=\"speakder-designation\"> Directora de la Revista La Marea <\/span>\n                                \n                                    <img loading=\"lazy\" decoding=\"async\" width=\"150\" height=\"75\" src=\"https:\/\/foro-mundial.org\/web\/wp-content\/uploads\/2023\/06\/16.png\" class=\"company-logo\" alt=\"\" srcset=\"https:\/\/foro-mundial.org\/web\/wp-content\/uploads\/2023\/06\/16.png 360w, https:\/\/foro-mundial.org\/web\/wp-content\/uploads\/2023\/06\/16-300x151.png 300w\" sizes=\"(max-width: 150px) 100vw, 150px\" \/>                                                                <p>\n                                    <p>Magdalena Bandera Conejo es una escritora, ensayista, novelista y periodista espa\u00f1ola. Naci\u00f3 el 8 de diciembre de 1970 en San Baudilio de Llobregat, provincia de Barcelona, Espa\u00f1a. Obtuvo el t\u00edtulo de Licenciada en Periodismo en la Universitat Aut\u00f2noma de Barcelona. Trabaj\u00f3 un tiempo para los diarios catalanismos La Vanguardia de Barcelona y El Peri\u00f3dico de Catalunya. Trabaja actualmente en el diario izquierdista El P\u00fablico de Madrid.<\/p>                                <\/p>\n                                <div class=\"ts-speakers-social\">\n                                                                                                                        <a href=\"\" target=\"_blank\" rel=\"noreferrer\">\n                                               <i class=\"fa fa-youtube\"><\/i>                                               \n                                            <\/a>\n                                                                                    <a href=\"\" target=\"_blank\" rel=\"noreferrer\">\n                                               <i class=\"fa fa-file-pdf-o\"><\/i>                                               \n                                            <\/a>\n                                                                                    <a href=\"\" target=\"_blank\" rel=\"noreferrer\">\n                                               <i class=\"fa fa-play-circle-o\"><\/i>                                               \n                                            <\/a>\n                                                                                                            <\/div>\n                            <\/div>\n                            <!-- ts-speaker-popup-content end-->\n                        <\/div>\n                        <!-- col end-->\n                    <\/div>\n                    <!-- row end-->\n                <\/div>\n                <!-- popup end-->\n            <\/div>\n            <!-- ts-speaker end  -->\n        \n\n            \n            \n            \n\n        \t\t\t\t<\/div>\n\t\t\t\t<\/div>\n\t\t\t\t\t<\/div>\n\t\t<\/div>\n\t\t\t\t<div class=\"elementor-column elementor-col-25 elementor-inner-column elementor-element elementor-element-469227a\" data-id=\"469227a\" data-element_type=\"column\">\n\t\t\t<div class=\"elementor-widget-wrap elementor-element-populated\">\n\t\t\t\t\t\t<div class=\"elementor-element elementor-element-6ee16d7 elementor-widget elementor-widget-exhibz-speaker\" data-id=\"6ee16d7\" data-element_type=\"widget\" data-settings=\"{&quot;ekit_we_effect_on&quot;:&quot;none&quot;}\" data-widget_type=\"exhibz-speaker.default\">\n\t\t\t\t<div class=\"elementor-widget-container\">\n\t\t\t\t\t                        <div class=\"ts-speaker\" style=\"--speaker-color: #25cd44\">\n                <div class=\"speaker-img\">\n                                            <img loading=\"lazy\" decoding=\"async\" width=\"500\" height=\"500\" src=\"https:\/\/foro-mundial.org\/web\/wp-content\/uploads\/2023\/06\/Conferencista-David-Montalvo-.png\" class=\"img-fluid\" alt=\"\" srcset=\"https:\/\/foro-mundial.org\/web\/wp-content\/uploads\/2023\/06\/Conferencista-David-Montalvo-.png 500w, https:\/\/foro-mundial.org\/web\/wp-content\/uploads\/2023\/06\/Conferencista-David-Montalvo--300x300.png 300w, https:\/\/foro-mundial.org\/web\/wp-content\/uploads\/2023\/06\/Conferencista-David-Montalvo--150x150.png 150w\" sizes=\"(max-width: 500px) 100vw, 500px\" \/>                                        <a href=\"#popup_6ee16d79375\"\n                       class=\"view-speaker ts-image-popup\" data-effect=\"mfp-zoom-in\">\n                        <i class=\"icon icon-plus\"><\/i>\n                    <\/a>\n                <\/div>\n                <div class=\"ts-speaker-info\">\n                    <h3 class=\"ts-title\"><a\n                                href=\"https:\/\/foro-mundial.org\/web\/speaker\/david-montalvo\/\"> David Montalvo <\/a>\n                    <\/h3>\n                    <p>\n                        Comunicador, Autor y Conferencista                    <\/p>\n                <\/div>\n                <!--- speaker info end -->\n                <!-- popup start-->\n                <div id=\"popup_6ee16d79375\"\n                     class=\"container ts-speaker-popup mfp-hide\">\n                    <div class=\"row\">\n                        <div class=\"col-lg-6\">\n                            <div class=\"ts-speaker-popup-img\">\n                                                                    <img loading=\"lazy\" decoding=\"async\" width=\"500\" height=\"500\" src=\"https:\/\/foro-mundial.org\/web\/wp-content\/uploads\/2023\/06\/Conferencista-David-Montalvo-.png\" class=\"attachment-full size-full\" alt=\"\" srcset=\"https:\/\/foro-mundial.org\/web\/wp-content\/uploads\/2023\/06\/Conferencista-David-Montalvo-.png 500w, https:\/\/foro-mundial.org\/web\/wp-content\/uploads\/2023\/06\/Conferencista-David-Montalvo--300x300.png 300w, https:\/\/foro-mundial.org\/web\/wp-content\/uploads\/2023\/06\/Conferencista-David-Montalvo--150x150.png 150w\" sizes=\"(max-width: 500px) 100vw, 500px\" \/>                                                            <\/div>\n                        <\/div>\n                        <!-- col end-->\n                        <div class=\"col-lg-6\">\n                            <div class=\"ts-speaker-popup-content\">\n                                <h3 class=\"ts-title\"><a\n                                            href=\"https:\/\/foro-mundial.org\/web\/speaker\/david-montalvo\/\"> David Montalvo <\/a>\n                                <\/h3>\n                                <span class=\"speakder-designation\"> Comunicador, Autor y Conferencista<\/span>\n                                \n                                    <img loading=\"lazy\" decoding=\"async\" width=\"150\" height=\"75\" src=\"https:\/\/foro-mundial.org\/web\/wp-content\/uploads\/2023\/06\/16.png\" class=\"company-logo\" alt=\"\" srcset=\"https:\/\/foro-mundial.org\/web\/wp-content\/uploads\/2023\/06\/16.png 360w, https:\/\/foro-mundial.org\/web\/wp-content\/uploads\/2023\/06\/16-300x151.png 300w\" sizes=\"(max-width: 150px) 100vw, 150px\" \/>                                                                <p>\n                                    <p>David Montalvo es coach de cambio (personal | empresarial), tanat\u00f3logo y conferencista internacional. Desde hace 22 a\u00f1os su mensaje inspirador ha sido escuchado y le\u00eddo por m\u00e1s de un mill\u00f3n de personas y cientos de organizaciones, que buscan fortalecerse y ser m\u00e1s resilientes frente al cambio y la adversidad.<\/p>                                <\/p>\n                                <div class=\"ts-speakers-social\">\n                                                                                                                        <a href=\"\" target=\"_blank\" rel=\"noreferrer\">\n                                               <i class=\"fa fa-youtube\"><\/i>                                               \n                                            <\/a>\n                                                                                    <a href=\"\" target=\"_blank\" rel=\"noreferrer\">\n                                               <i class=\"fa fa-file-pdf-o\"><\/i>                                               \n                                            <\/a>\n                                                                                    <a href=\"\" target=\"_blank\" rel=\"noreferrer\">\n                                               <i class=\"fa fa-play-circle-o\"><\/i>                                               \n                                            <\/a>\n                                                                                                            <\/div>\n                            <\/div>\n                            <!-- ts-speaker-popup-content end-->\n                        <\/div>\n                        <!-- col end-->\n                    <\/div>\n                    <!-- row end-->\n                <\/div>\n                <!-- popup end-->\n            <\/div>\n            <!-- ts-speaker end  -->\n        \n\n            \n            \n            \n\n        \t\t\t\t<\/div>\n\t\t\t\t<\/div>\n\t\t\t\t\t<\/div>\n\t\t<\/div>\n\t\t\t\t\t<\/div>\n\t\t<\/section>\n\t\t\t\t<section class=\"elementor-section elementor-inner-section elementor-element elementor-element-ec56398 elementor-section-boxed elementor-section-height-default elementor-section-height-default elementor-invisible\" data-id=\"ec56398\" data-element_type=\"section\" data-settings=\"{&quot;animation&quot;:&quot;slideInUp&quot;,&quot;animation_delay&quot;:&quot;450&quot;}\">\n\t\t\t\t\t\t<div class=\"elementor-container elementor-column-gap-default\">\n\t\t\t\t\t<div class=\"elementor-column elementor-col-25 elementor-inner-column elementor-element elementor-element-5e177bb\" data-id=\"5e177bb\" data-element_type=\"column\">\n\t\t\t<div class=\"elementor-widget-wrap elementor-element-populated\">\n\t\t\t\t\t\t<div class=\"elementor-element elementor-element-e201fca elementor-widget elementor-widget-exhibz-speaker\" data-id=\"e201fca\" data-element_type=\"widget\" data-settings=\"{&quot;ekit_we_effect_on&quot;:&quot;none&quot;}\" data-widget_type=\"exhibz-speaker.default\">\n\t\t\t\t<div class=\"elementor-widget-container\">\n\t\t\t\t\t                        <div class=\"ts-speaker\" style=\"--speaker-color: #25cd44\">\n                <div class=\"speaker-img\">\n                                            <img loading=\"lazy\" decoding=\"async\" width=\"500\" height=\"500\" src=\"https:\/\/foro-mundial.org\/web\/wp-content\/uploads\/2023\/06\/Conferencista-Norma-Correa-Aste.png\" class=\"img-fluid\" alt=\"\" srcset=\"https:\/\/foro-mundial.org\/web\/wp-content\/uploads\/2023\/06\/Conferencista-Norma-Correa-Aste.png 500w, https:\/\/foro-mundial.org\/web\/wp-content\/uploads\/2023\/06\/Conferencista-Norma-Correa-Aste-300x300.png 300w, https:\/\/foro-mundial.org\/web\/wp-content\/uploads\/2023\/06\/Conferencista-Norma-Correa-Aste-150x150.png 150w\" sizes=\"(max-width: 500px) 100vw, 500px\" \/>                                        <a href=\"#popup_e201fca9378\"\n                       class=\"view-speaker ts-image-popup\" data-effect=\"mfp-zoom-in\">\n                        <i class=\"icon icon-plus\"><\/i>\n                    <\/a>\n                <\/div>\n                <div class=\"ts-speaker-info\">\n                    <h3 class=\"ts-title\"><a\n                                href=\"https:\/\/foro-mundial.org\/web\/speaker\/norma-correa-aste\/\"> Norma Correa Aste <\/a>\n                    <\/h3>\n                    <p>\n                        Profesora e Investigadora en la Pontifica Universidad Cat\u00f3lica de Per\u00fa                     <\/p>\n                <\/div>\n                <!--- speaker info end -->\n                <!-- popup start-->\n                <div id=\"popup_e201fca9378\"\n                     class=\"container ts-speaker-popup mfp-hide\">\n                    <div class=\"row\">\n                        <div class=\"col-lg-6\">\n                            <div class=\"ts-speaker-popup-img\">\n                                                                    <img loading=\"lazy\" decoding=\"async\" width=\"500\" height=\"500\" src=\"https:\/\/foro-mundial.org\/web\/wp-content\/uploads\/2023\/06\/Conferencista-Norma-Correa-Aste.png\" class=\"attachment-full size-full\" alt=\"\" srcset=\"https:\/\/foro-mundial.org\/web\/wp-content\/uploads\/2023\/06\/Conferencista-Norma-Correa-Aste.png 500w, https:\/\/foro-mundial.org\/web\/wp-content\/uploads\/2023\/06\/Conferencista-Norma-Correa-Aste-300x300.png 300w, https:\/\/foro-mundial.org\/web\/wp-content\/uploads\/2023\/06\/Conferencista-Norma-Correa-Aste-150x150.png 150w\" sizes=\"(max-width: 500px) 100vw, 500px\" \/>                                                            <\/div>\n                        <\/div>\n                        <!-- col end-->\n                        <div class=\"col-lg-6\">\n                            <div class=\"ts-speaker-popup-content\">\n                                <h3 class=\"ts-title\"><a\n                                            href=\"https:\/\/foro-mundial.org\/web\/speaker\/norma-correa-aste\/\"> Norma Correa Aste <\/a>\n                                <\/h3>\n                                <span class=\"speakder-designation\"> Profesora e Investigadora en la Pontifica Universidad Cat\u00f3lica de Per\u00fa <\/span>\n                                \n                                    <img loading=\"lazy\" decoding=\"async\" width=\"150\" height=\"75\" src=\"https:\/\/foro-mundial.org\/web\/wp-content\/uploads\/2023\/06\/16.png\" class=\"company-logo\" alt=\"\" srcset=\"https:\/\/foro-mundial.org\/web\/wp-content\/uploads\/2023\/06\/16.png 360w, https:\/\/foro-mundial.org\/web\/wp-content\/uploads\/2023\/06\/16-300x151.png 300w\" sizes=\"(max-width: 150px) 100vw, 150px\" \/>                                                                <p>\n                                    <p>Norma Correa Aste es cient\u00edfica social dedicada a construir puentes entre la Antropolog\u00eda, las Pol\u00edticas P\u00fablicas, la Econom\u00eda y la Innovaci\u00f3n para avanzar en la reducci\u00f3n de pobreza e incrementar la prosperidad social.Investigadora Principal y Profesora del Departamento de Ciencias Sociales de la Pontificia Universidad Cat\u00f3lica del Per\u00fa (PUCP).Mag\u00edster en Pol\u00edtica Social y Desarrollo por London School of Economics y Licenciada en Antropolog\u00eda PUCP.Especializada en pol\u00edticas sociales, desarrollo econ\u00f3mico e interculturalidad. Es promotora de la aplicaci\u00f3n de metodolog\u00edas etnogr\u00e1ficas y cualitativas para el dise\u00f1o, implementaci\u00f3n y evaluaci\u00f3n de pol\u00edticas, programas y servicios en el sector p\u00fablico y en el sector privado.Miembro de la Alianza para la Eliminaci\u00f3n de la Pobreza Rural en Am\u00e9rica Latina, del Consejo Asesor Internacional de Onthinktanks.org y cofundadora del Grupo Sofia \u2013 Red de Mujeres Profesionales en Ciencias Sociales del Per\u00fa.<\/p>                                <\/p>\n                                <div class=\"ts-speakers-social\">\n                                                                                                                        <a href=\"\" target=\"_blank\" rel=\"noreferrer\">\n                                               <i class=\"fa fa-youtube\"><\/i>                                               \n                                            <\/a>\n                                                                                    <a href=\"\" target=\"_blank\" rel=\"noreferrer\">\n                                               <i class=\"fa fa-file-pdf-o\"><\/i>                                               \n                                            <\/a>\n                                                                                    <a href=\"\" target=\"_blank\" rel=\"noreferrer\">\n                                               <i class=\"fa fa-play-circle-o\"><\/i>                                               \n                                            <\/a>\n                                                                                                            <\/div>\n                            <\/div>\n                            <!-- ts-speaker-popup-content end-->\n                        <\/div>\n                        <!-- col end-->\n                    <\/div>\n                    <!-- row end-->\n                <\/div>\n                <!-- popup end-->\n            <\/div>\n            <!-- ts-speaker end  -->\n        \n\n            \n            \n            \n\n        \t\t\t\t<\/div>\n\t\t\t\t<\/div>\n\t\t\t\t\t<\/div>\n\t\t<\/div>\n\t\t\t\t<div class=\"elementor-column elementor-col-25 elementor-inner-column elementor-element elementor-element-624665b\" data-id=\"624665b\" data-element_type=\"column\">\n\t\t\t<div class=\"elementor-widget-wrap elementor-element-populated\">\n\t\t\t\t\t\t<div class=\"elementor-element elementor-element-3b93077 elementor-widget elementor-widget-exhibz-speaker\" data-id=\"3b93077\" data-element_type=\"widget\" data-settings=\"{&quot;ekit_we_effect_on&quot;:&quot;none&quot;}\" data-widget_type=\"exhibz-speaker.default\">\n\t\t\t\t<div class=\"elementor-widget-container\">\n\t\t\t\t\t                        <div class=\"ts-speaker\" style=\"--speaker-color: #25cd44\">\n                <div class=\"speaker-img\">\n                                            <img loading=\"lazy\" decoding=\"async\" width=\"500\" height=\"500\" src=\"https:\/\/foro-mundial.org\/web\/wp-content\/uploads\/2023\/06\/Conferencista-Javier-Moral.png\" class=\"img-fluid\" alt=\"\" srcset=\"https:\/\/foro-mundial.org\/web\/wp-content\/uploads\/2023\/06\/Conferencista-Javier-Moral.png 500w, https:\/\/foro-mundial.org\/web\/wp-content\/uploads\/2023\/06\/Conferencista-Javier-Moral-300x300.png 300w, https:\/\/foro-mundial.org\/web\/wp-content\/uploads\/2023\/06\/Conferencista-Javier-Moral-150x150.png 150w\" sizes=\"(max-width: 500px) 100vw, 500px\" \/>                                        <a href=\"#popup_3b930779381\"\n                       class=\"view-speaker ts-image-popup\" data-effect=\"mfp-zoom-in\">\n                        <i class=\"icon icon-plus\"><\/i>\n                    <\/a>\n                <\/div>\n                <div class=\"ts-speaker-info\">\n                    <h3 class=\"ts-title\"><a\n                                href=\"https:\/\/foro-mundial.org\/web\/speaker\/javier-fernandez-del-moral\/\"> Javier Fern\u00e1ndez del Moral <\/a>\n                    <\/h3>\n                    <p>\n                        Catedr\u00e1tico de Periodismo Especializado en la Facultad de Ciencias de la Informaci\u00f3n de la Universidad Complutense de Madrid                     <\/p>\n                <\/div>\n                <!--- speaker info end -->\n                <!-- popup start-->\n                <div id=\"popup_3b930779381\"\n                     class=\"container ts-speaker-popup mfp-hide\">\n                    <div class=\"row\">\n                        <div class=\"col-lg-6\">\n                            <div class=\"ts-speaker-popup-img\">\n                                                                    <img loading=\"lazy\" decoding=\"async\" width=\"500\" height=\"500\" src=\"https:\/\/foro-mundial.org\/web\/wp-content\/uploads\/2023\/06\/Conferencista-Javier-Moral.png\" class=\"attachment-full size-full\" alt=\"\" srcset=\"https:\/\/foro-mundial.org\/web\/wp-content\/uploads\/2023\/06\/Conferencista-Javier-Moral.png 500w, https:\/\/foro-mundial.org\/web\/wp-content\/uploads\/2023\/06\/Conferencista-Javier-Moral-300x300.png 300w, https:\/\/foro-mundial.org\/web\/wp-content\/uploads\/2023\/06\/Conferencista-Javier-Moral-150x150.png 150w\" sizes=\"(max-width: 500px) 100vw, 500px\" \/>                                                            <\/div>\n                        <\/div>\n                        <!-- col end-->\n                        <div class=\"col-lg-6\">\n                            <div class=\"ts-speaker-popup-content\">\n                                <h3 class=\"ts-title\"><a\n                                            href=\"https:\/\/foro-mundial.org\/web\/speaker\/javier-fernandez-del-moral\/\"> Javier Fern\u00e1ndez del Moral <\/a>\n                                <\/h3>\n                                <span class=\"speakder-designation\"> Catedr\u00e1tico de Periodismo Especializado en la Facultad de Ciencias de la Informaci\u00f3n de la Universidad Complutense de Madrid <\/span>\n                                \n                                    <img loading=\"lazy\" decoding=\"async\" width=\"150\" height=\"75\" src=\"https:\/\/foro-mundial.org\/web\/wp-content\/uploads\/2023\/06\/16.png\" class=\"company-logo\" alt=\"\" srcset=\"https:\/\/foro-mundial.org\/web\/wp-content\/uploads\/2023\/06\/16.png 360w, https:\/\/foro-mundial.org\/web\/wp-content\/uploads\/2023\/06\/16-300x151.png 300w\" sizes=\"(max-width: 150px) 100vw, 150px\" \/>                                                                <p>\n                                    <p>Periodista experto en pol\u00edtica nacional, seguridad, defensa e informaci\u00f3n internacional. Delegado en Madrid de la Asociaci\u00f3n de Amistad Espa\u00f1a-Argelia. Director de Informativos y Programas de Punto Radio (2004-2010), es actualmente director de la revista \u201cAtalayar entre dos orillas\u201d, colaborador en el programa \"Buenos d\u00edas, Madrid\", de Onda Madrid y analista pol\u00edtico en TVE 24 Horas, Telemadrid, Diariocr\u00edtico y Vocento. Fue subdirector de la agencia Colpisa (1998-2004); subdirector de Informativos de Onda Cero (1992-1998) y corresponsal diplom\u00e1tico e internacional en COPE (1979-1990) y en El Independiente (1990-1991).Es director de Espama Comunicaci\u00f3n S.L. En los \u00faltimos 6 a\u00f1os ha dirigido un curso de verano de la UCM en El Escorial, dedicado al empleo y los aut\u00f3nomos emprendedores. Es director del estudio \u201cC\u00f3mo informar sobre violencia contra la mujer en las relaciones de pareja\u201d, un manual de orientaci\u00f3n y consulta para todos los profesionales relacionados con la lacra de la violencia de g\u00e9nero en Espa\u00f1a. Tambi\u00e9n es director del estudio \u201cC\u00f3mo informar sobre infancia y violencia\u201d.<\/p>                                <\/p>\n                                <div class=\"ts-speakers-social\">\n                                                                                                                        <a href=\"\" target=\"_blank\" rel=\"noreferrer\">\n                                               <i class=\"fa fa-youtube\"><\/i>                                               \n                                            <\/a>\n                                                                                    <a href=\"\" target=\"_blank\" rel=\"noreferrer\">\n                                               <i class=\"fa fa-file-pdf-o\"><\/i>                                               \n                                            <\/a>\n                                                                                    <a href=\"\" target=\"_blank\" rel=\"noreferrer\">\n                                               <i class=\"fa fa-play-circle-o\"><\/i>                                               \n                                            <\/a>\n                                                                                                            <\/div>\n                            <\/div>\n                            <!-- ts-speaker-popup-content end-->\n                        <\/div>\n                        <!-- col end-->\n                    <\/div>\n                    <!-- row end-->\n                <\/div>\n                <!-- popup end-->\n            <\/div>\n            <!-- ts-speaker end  -->\n        \n\n            \n            \n            \n\n        \t\t\t\t<\/div>\n\t\t\t\t<\/div>\n\t\t\t\t\t<\/div>\n\t\t<\/div>\n\t\t\t\t<div class=\"elementor-column elementor-col-25 elementor-inner-column elementor-element elementor-element-b35447d\" data-id=\"b35447d\" data-element_type=\"column\">\n\t\t\t<div class=\"elementor-widget-wrap elementor-element-populated\">\n\t\t\t\t\t\t<div class=\"elementor-element elementor-element-e9aee0c elementor-widget elementor-widget-exhibz-speaker\" data-id=\"e9aee0c\" data-element_type=\"widget\" data-settings=\"{&quot;ekit_we_effect_on&quot;:&quot;none&quot;}\" data-widget_type=\"exhibz-speaker.default\">\n\t\t\t\t<div class=\"elementor-widget-container\">\n\t\t\t\t\t                        <div class=\"ts-speaker\" style=\"--speaker-color: #25cd44\">\n                <div class=\"speaker-img\">\n                                            <img loading=\"lazy\" decoding=\"async\" width=\"500\" height=\"500\" src=\"https:\/\/foro-mundial.org\/web\/wp-content\/uploads\/2023\/06\/Conferencista-Javier-Arribas.png\" class=\"img-fluid\" alt=\"\" srcset=\"https:\/\/foro-mundial.org\/web\/wp-content\/uploads\/2023\/06\/Conferencista-Javier-Arribas.png 500w, https:\/\/foro-mundial.org\/web\/wp-content\/uploads\/2023\/06\/Conferencista-Javier-Arribas-300x300.png 300w, https:\/\/foro-mundial.org\/web\/wp-content\/uploads\/2023\/06\/Conferencista-Javier-Arribas-150x150.png 150w\" sizes=\"(max-width: 500px) 100vw, 500px\" \/>                                        <a href=\"#popup_e9aee0c9384\"\n                       class=\"view-speaker ts-image-popup\" data-effect=\"mfp-zoom-in\">\n                        <i class=\"icon icon-plus\"><\/i>\n                    <\/a>\n                <\/div>\n                <div class=\"ts-speaker-info\">\n                    <h3 class=\"ts-title\"><a\n                                href=\"https:\/\/foro-mundial.org\/web\/speaker\/javier-fernandez-arribas\/\"> Javier Fern\u00e1ndez Arribas <\/a>\n                    <\/h3>\n                    <p>\n                        Director de la revista Atalayar                    <\/p>\n                <\/div>\n                <!--- speaker info end -->\n                <!-- popup start-->\n                <div id=\"popup_e9aee0c9384\"\n                     class=\"container ts-speaker-popup mfp-hide\">\n                    <div class=\"row\">\n                        <div class=\"col-lg-6\">\n                            <div class=\"ts-speaker-popup-img\">\n                                                                    <img loading=\"lazy\" decoding=\"async\" width=\"500\" height=\"500\" src=\"https:\/\/foro-mundial.org\/web\/wp-content\/uploads\/2023\/06\/Conferencista-Javier-Arribas.png\" class=\"attachment-full size-full\" alt=\"\" srcset=\"https:\/\/foro-mundial.org\/web\/wp-content\/uploads\/2023\/06\/Conferencista-Javier-Arribas.png 500w, https:\/\/foro-mundial.org\/web\/wp-content\/uploads\/2023\/06\/Conferencista-Javier-Arribas-300x300.png 300w, https:\/\/foro-mundial.org\/web\/wp-content\/uploads\/2023\/06\/Conferencista-Javier-Arribas-150x150.png 150w\" sizes=\"(max-width: 500px) 100vw, 500px\" \/>                                                            <\/div>\n                        <\/div>\n                        <!-- col end-->\n                        <div class=\"col-lg-6\">\n                            <div class=\"ts-speaker-popup-content\">\n                                <h3 class=\"ts-title\"><a\n                                            href=\"https:\/\/foro-mundial.org\/web\/speaker\/javier-fernandez-arribas\/\"> Javier Fern\u00e1ndez Arribas <\/a>\n                                <\/h3>\n                                <span class=\"speakder-designation\"> Director de la revista Atalayar<\/span>\n                                \n                                    <img loading=\"lazy\" decoding=\"async\" width=\"150\" height=\"75\" src=\"https:\/\/foro-mundial.org\/web\/wp-content\/uploads\/2023\/06\/16.png\" class=\"company-logo\" alt=\"\" srcset=\"https:\/\/foro-mundial.org\/web\/wp-content\/uploads\/2023\/06\/16.png 360w, https:\/\/foro-mundial.org\/web\/wp-content\/uploads\/2023\/06\/16-300x151.png 300w\" sizes=\"(max-width: 150px) 100vw, 150px\" \/>                                                                <p>\n                                    <p>Periodista experto en pol\u00edtica nacional, seguridad, defensa e informaci\u00f3n internacional. Delegado en Madrid de la Asociaci\u00f3n de Amistad Espa\u00f1a-Argelia. Director de Informativos y Programas de Punto Radio (2004-2010), es actualmente director de la revista \u201cAtalayar entre dos orillas\u201d, colaborador en el programa \"Buenos d\u00edas, Madrid\", de Onda Madrid y analista pol\u00edtico en TVE 24 Horas, Telemadrid, Diariocr\u00edtico y Vocento. Fue subdirector de la agencia Colpisa (1998-2004); subdirector de Informativos de Onda Cero (1992-1998) y corresponsal diplom\u00e1tico e internacional en COPE (1979-1990) y en El Independiente (1990-1991).Es director de Espama Comunicaci\u00f3n S.L. En los \u00faltimos 6 a\u00f1os ha dirigido un curso de verano de la UCM en El Escorial, dedicado al empleo y los aut\u00f3nomos emprendedores. Es director del estudio \u201cC\u00f3mo informar sobre violencia contra la mujer en las relaciones de pareja\u201d, un manual de orientaci\u00f3n y consulta para todos los profesionales relacionados con la lacra de la violencia de g\u00e9nero en Espa\u00f1a. Tambi\u00e9n es director del estudio \u201cC\u00f3mo informar sobre infancia y violencia\u201d.<\/p>                                <\/p>\n                                <div class=\"ts-speakers-social\">\n                                                                                                                        <a href=\"\" target=\"_blank\" rel=\"noreferrer\">\n                                               <i class=\"fa fa-youtube\"><\/i>                                               \n                                            <\/a>\n                                                                                    <a href=\"\" target=\"_blank\" rel=\"noreferrer\">\n                                               <i class=\"fa fa-file-pdf-o\"><\/i>                                               \n                                            <\/a>\n                                                                                    <a href=\"\" target=\"_blank\" rel=\"noreferrer\">\n                                               <i class=\"fa fa-play-circle-o\"><\/i>                                               \n                                            <\/a>\n                                                                                                            <\/div>\n                            <\/div>\n                            <!-- ts-speaker-popup-content end-->\n                        <\/div>\n                        <!-- col end-->\n                    <\/div>\n                    <!-- row end-->\n                <\/div>\n                <!-- popup end-->\n            <\/div>\n            <!-- ts-speaker end  -->\n        \n\n            \n            \n            \n\n        \t\t\t\t<\/div>\n\t\t\t\t<\/div>\n\t\t\t\t\t<\/div>\n\t\t<\/div>\n\t\t\t\t<div class=\"elementor-column elementor-col-25 elementor-inner-column elementor-element elementor-element-8bf26fa\" data-id=\"8bf26fa\" data-element_type=\"column\">\n\t\t\t<div class=\"elementor-widget-wrap elementor-element-populated\">\n\t\t\t\t\t\t<div class=\"elementor-element elementor-element-cc98695 elementor-widget elementor-widget-exhibz-speaker\" data-id=\"cc98695\" data-element_type=\"widget\" data-settings=\"{&quot;ekit_we_effect_on&quot;:&quot;none&quot;}\" data-widget_type=\"exhibz-speaker.default\">\n\t\t\t\t<div class=\"elementor-widget-container\">\n\t\t\t\t\t                        <div class=\"ts-speaker\" style=\"--speaker-color: #25cd44\">\n                <div class=\"speaker-img\">\n                                            <img loading=\"lazy\" decoding=\"async\" width=\"500\" height=\"500\" src=\"https:\/\/foro-mundial.org\/web\/wp-content\/uploads\/2023\/06\/Conferencista-David-Llorentes.png\" class=\"img-fluid\" alt=\"\" srcset=\"https:\/\/foro-mundial.org\/web\/wp-content\/uploads\/2023\/06\/Conferencista-David-Llorentes.png 500w, https:\/\/foro-mundial.org\/web\/wp-content\/uploads\/2023\/06\/Conferencista-David-Llorentes-300x300.png 300w, https:\/\/foro-mundial.org\/web\/wp-content\/uploads\/2023\/06\/Conferencista-David-Llorentes-150x150.png 150w\" sizes=\"(max-width: 500px) 100vw, 500px\" \/>                                        <a href=\"#popup_cc986959387\"\n                       class=\"view-speaker ts-image-popup\" data-effect=\"mfp-zoom-in\">\n                        <i class=\"icon icon-plus\"><\/i>\n                    <\/a>\n                <\/div>\n                <div class=\"ts-speaker-info\">\n                    <h3 class=\"ts-title\"><a\n                                href=\"https:\/\/foro-mundial.org\/web\/speaker\/david-llorentes\/\"> David Llorentes <\/a>\n                    <\/h3>\n                    <p>\n                        Co-Founder &amp; CEO, Narrativa                    <\/p>\n                <\/div>\n                <!--- speaker info end -->\n                <!-- popup start-->\n                <div id=\"popup_cc986959387\"\n                     class=\"container ts-speaker-popup mfp-hide\">\n                    <div class=\"row\">\n                        <div class=\"col-lg-6\">\n                            <div class=\"ts-speaker-popup-img\">\n                                                                    <img loading=\"lazy\" decoding=\"async\" width=\"500\" height=\"500\" src=\"https:\/\/foro-mundial.org\/web\/wp-content\/uploads\/2023\/06\/Conferencista-David-Llorentes.png\" class=\"attachment-full size-full\" alt=\"\" srcset=\"https:\/\/foro-mundial.org\/web\/wp-content\/uploads\/2023\/06\/Conferencista-David-Llorentes.png 500w, https:\/\/foro-mundial.org\/web\/wp-content\/uploads\/2023\/06\/Conferencista-David-Llorentes-300x300.png 300w, https:\/\/foro-mundial.org\/web\/wp-content\/uploads\/2023\/06\/Conferencista-David-Llorentes-150x150.png 150w\" sizes=\"(max-width: 500px) 100vw, 500px\" \/>                                                            <\/div>\n                        <\/div>\n                        <!-- col end-->\n                        <div class=\"col-lg-6\">\n                            <div class=\"ts-speaker-popup-content\">\n                                <h3 class=\"ts-title\"><a\n                                            href=\"https:\/\/foro-mundial.org\/web\/speaker\/david-llorentes\/\"> David Llorentes <\/a>\n                                <\/h3>\n                                <span class=\"speakder-designation\"> Co-Founder &amp; CEO, Narrativa<\/span>\n                                \n                                    <img loading=\"lazy\" decoding=\"async\" width=\"150\" height=\"75\" src=\"https:\/\/foro-mundial.org\/web\/wp-content\/uploads\/2023\/06\/16.png\" class=\"company-logo\" alt=\"\" srcset=\"https:\/\/foro-mundial.org\/web\/wp-content\/uploads\/2023\/06\/16.png 360w, https:\/\/foro-mundial.org\/web\/wp-content\/uploads\/2023\/06\/16-300x151.png 300w\" sizes=\"(max-width: 150px) 100vw, 150px\" \/>                                                                <p>\n                                    <p>David Llorente es el fundador y CEO de Narrativa. Con m\u00e1s de 15 a\u00f1os de experiencia en desarrolloempresarial, David es un emprendedor en serie apasionado por la innovaci\u00f3n y la tecnolog\u00eda disruptivas.<br \/>Ha fundado cuatro nuevas empresas, incluida una salida exitosa. Antes de comenzar su carrera empresarial, David ocup\u00f3 cargos ejecutivos en Desarrollo de Estrategia y Negocios para empresas l\u00edderes en la industria del juego en l\u00ednea en Europa, EE. UU. y Am\u00e9rica Latina. David tambi\u00e9n ha trabajado como investigador especializado en Inteligencia Artificial.<\/p>                                <\/p>\n                                <div class=\"ts-speakers-social\">\n                                                                                                                        <a href=\"\" target=\"_blank\" rel=\"noreferrer\">\n                                               <i class=\"fa fa-youtube\"><\/i>                                               \n                                            <\/a>\n                                                                                    <a href=\"\" target=\"_blank\" rel=\"noreferrer\">\n                                               <i class=\"fa fa-file-pdf-o\"><\/i>                                               \n                                            <\/a>\n                                                                                    <a href=\"\" target=\"_blank\" rel=\"noreferrer\">\n                                               <i class=\"fa fa-play-circle-o\"><\/i>                                               \n                                            <\/a>\n                                                                                                            <\/div>\n                            <\/div>\n                            <!-- ts-speaker-popup-content end-->\n                        <\/div>\n                        <!-- col end-->\n                    <\/div>\n                    <!-- row end-->\n                <\/div>\n                <!-- popup end-->\n            <\/div>\n            <!-- ts-speaker end  -->\n        \n\n            \n            \n            \n\n        \t\t\t\t<\/div>\n\t\t\t\t<\/div>\n\t\t\t\t\t<\/div>\n\t\t<\/div>\n\t\t\t\t\t<\/div>\n\t\t<\/section>\n\t\t\t\t\t<\/div>\n\t\t<\/div>\n\t\t\t\t\t<\/div>\n\t\t<\/section>\n\t\t\t\t<section class=\"elementor-section elementor-top-section elementor-element elementor-element-1e23a81 elementor-section-full_width elementor-section-height-default elementor-section-height-default\" data-id=\"1e23a81\" data-element_type=\"section\" data-settings=\"{&quot;background_background&quot;:&quot;gradient&quot;}\">\n\t\t\t\t\t\t<div class=\"elementor-container elementor-column-gap-default\">\n\t\t\t\t\t<div class=\"elementor-column elementor-col-50 elementor-top-column elementor-element elementor-element-24d19e2\" data-id=\"24d19e2\" data-element_type=\"column\" data-settings=\"{&quot;background_background&quot;:&quot;classic&quot;}\">\n\t\t\t<div class=\"elementor-widget-wrap elementor-element-populated\">\n\t\t\t\t\t<div class=\"elementor-background-overlay\"><\/div>\n\t\t\t\t\t\t<div class=\"elementor-element elementor-element-2ab7b42 elementor-widget elementor-widget-image\" data-id=\"2ab7b42\" data-element_type=\"widget\" data-settings=\"{&quot;ekit_we_effect_on&quot;:&quot;none&quot;}\" data-widget_type=\"image.default\">\n\t\t\t\t\t\t\t\t\t\t\t\t\t\t\t<img fetchpriority=\"high\" decoding=\"async\" width=\"512\" height=\"512\" src=\"https:\/\/foro-mundial.org\/web\/wp-content\/uploads\/2023\/05\/Agregar-un-titulo-1.png\" class=\"attachment-large size-large wp-image-3664\" alt=\"\" srcset=\"https:\/\/foro-mundial.org\/web\/wp-content\/uploads\/2023\/05\/Agregar-un-titulo-1.png 512w, https:\/\/foro-mundial.org\/web\/wp-content\/uploads\/2023\/05\/Agregar-un-titulo-1-300x300.png 300w, https:\/\/foro-mundial.org\/web\/wp-content\/uploads\/2023\/05\/Agregar-un-titulo-1-150x150.png 150w\" sizes=\"(max-width: 512px) 100vw, 512px\" \/>\t\t\t\t\t\t\t\t\t\t\t\t\t\t\t<\/div>\n\t\t\t\t\t<\/div>\n\t\t<\/div>\n\t\t\t\t<div class=\"elementor-column elementor-col-50 elementor-top-column elementor-element elementor-element-be9fe56\" data-id=\"be9fe56\" data-element_type=\"column\" data-settings=\"{&quot;background_background&quot;:&quot;classic&quot;}\">\n\t\t\t<div class=\"elementor-widget-wrap elementor-element-populated\">\n\t\t\t\t\t<div class=\"elementor-background-overlay\"><\/div>\n\t\t\t\t\t\t<div class=\"elementor-element elementor-element-b8896e5 elementor-invisible elementor-widget elementor-widget-text-editor\" data-id=\"b8896e5\" data-element_type=\"widget\" data-settings=\"{&quot;_animation&quot;:&quot;slideInRight&quot;,&quot;_animation_delay&quot;:&quot;350&quot;,&quot;ekit_we_effect_on&quot;:&quot;none&quot;}\" data-widget_type=\"text-editor.default\">\n\t\t\t\t\t\t\t\t\t<p>CERTIFICACI\u00d3N INTERNACIONAL<\/p>\t\t\t\t\t\t\t\t<\/div>\n\t\t\t\t<div class=\"elementor-element elementor-element-e9475fd elementor-invisible elementor-widget elementor-widget-heading\" data-id=\"e9475fd\" data-element_type=\"widget\" data-settings=\"{&quot;_animation&quot;:&quot;slideInRight&quot;,&quot;_animation_delay&quot;:&quot;350&quot;,&quot;ekit_we_effect_on&quot;:&quot;none&quot;}\" data-widget_type=\"heading.default\">\n\t\t\t\t\t<h3 class=\"elementor-heading-title elementor-size-default\">!Las mejores oportunidades son para los m\u00e1s preparados!<\/h3>\t\t\t\t<\/div>\n\t\t\t\t<div class=\"elementor-element elementor-element-268f86e elementor-invisible elementor-widget elementor-widget-text-editor\" data-id=\"268f86e\" data-element_type=\"widget\" data-settings=\"{&quot;_animation&quot;:&quot;slideInRight&quot;,&quot;_animation_delay&quot;:&quot;350&quot;,&quot;ekit_we_effect_on&quot;:&quot;none&quot;}\" data-widget_type=\"text-editor.default\">\n\t\t\t\t\t\t\t\t\t<p>Congreso Mundial de Estudiantes de Comunicaci\u00f3n 2025 se encuentra certificado internacionalmente por la World Federation for University Education con 20 puntos de valor curricular (Registro Federal en el Estado de Florida, USA EIN: 90-0986555) y avalado por el Sistema de Registro de la Capacitaci\u00f3n Empresarial (SIC110307957-0013) de la STPS (Secretar\u00eda del Trabajo y Previsi\u00f3n Social) en M\u00e9xico.\u00a0<\/p>\t\t\t\t\t\t\t\t<\/div>\n\t\t\t\t\t<\/div>\n\t\t<\/div>\n\t\t\t\t\t<\/div>\n\t\t<\/section>\n\t\t\t\t<section class=\"elementor-section elementor-top-section elementor-element elementor-element-ea38749 elementor-section-boxed elementor-section-height-default elementor-section-height-default\" data-id=\"ea38749\" data-element_type=\"section\">\n\t\t\t\t\t\t<div class=\"elementor-container elementor-column-gap-default\">\n\t\t\t\t\t<div class=\"elementor-column elementor-col-100 elementor-top-column elementor-element elementor-element-83466fe\" data-id=\"83466fe\" data-element_type=\"column\">\n\t\t\t<div class=\"elementor-widget-wrap elementor-element-populated\">\n\t\t\t\t\t\t<div class=\"elementor-element elementor-element-b84a7fa elementor-widget elementor-widget-spacer\" data-id=\"b84a7fa\" data-element_type=\"widget\" data-settings=\"{&quot;ekit_we_effect_on&quot;:&quot;none&quot;}\" data-widget_type=\"spacer.default\">\n\t\t\t\t\t\t\t<div class=\"elementor-spacer\">\n\t\t\t<div class=\"elementor-spacer-inner\"><\/div>\n\t\t<\/div>\n\t\t\t\t\t\t<\/div>\n\t\t\t\t\t<\/div>\n\t\t<\/div>\n\t\t\t\t\t<\/div>\n\t\t<\/section>\n\t\t\t\t<section class=\"elementor-section elementor-top-section elementor-element elementor-element-549ca4d elementor-section-boxed elementor-section-height-default elementor-section-height-default\" data-id=\"549ca4d\" data-element_type=\"section\">\n\t\t\t\t\t\t<div class=\"elementor-container elementor-column-gap-default\">\n\t\t\t\t\t<div class=\"elementor-column elementor-col-50 elementor-top-column elementor-element elementor-element-e674046\" data-id=\"e674046\" data-element_type=\"column\">\n\t\t\t<div class=\"elementor-widget-wrap elementor-element-populated\">\n\t\t\t\t\t\t<div class=\"elementor-element elementor-element-f776088 elementor-invisible elementor-widget elementor-widget-exhibz-title\" data-id=\"f776088\" data-element_type=\"widget\" data-settings=\"{&quot;_animation&quot;:&quot;slideInUp&quot;,&quot;_animation_delay&quot;:&quot;350&quot;,&quot;ekit_we_effect_on&quot;:&quot;none&quot;}\" data-widget_type=\"exhibz-title.default\">\n\t\t\t\t<div class=\"elementor-widget-container\">\n\t\t\t\t\t\n    <div class=\"title-section-area\">\n        <h2 class=\"section-title\">\n            <span class=\"sub-title\">INFORMACI\u00d3N DEL EVENTO <\/span>\n\t\t\tConoce nuestro modelo de Educaci\u00f3n Integral        <\/h2>\n\t\t                    <\/div><!-- Section title -->\n    \n    \n\n    \t\t\t\t<\/div>\n\t\t\t\t<\/div>\n\t\t\t\t<div class=\"elementor-element elementor-element-8311092 elementor-invisible elementor-widget elementor-widget-text-editor\" data-id=\"8311092\" data-element_type=\"widget\" data-settings=\"{&quot;_animation&quot;:&quot;slideInRight&quot;,&quot;_animation_delay&quot;:&quot;350&quot;,&quot;ekit_we_effect_on&quot;:&quot;none&quot;}\" data-widget_type=\"text-editor.default\">\n\t\t\t\t\t\t\t\t\t<p>Nuestro modele de ense\u00f1anza de educaci\u00f3n extracurricular tiene como caracter\u00edstica la integraci\u00f3n de habilidades sociales, intelectuales profesionales y humanas en el aprendizaje de los estudiantes universitarios. A trav\u00e9s de este proceso educativo los estudiantes entran en contacto con un entorno din\u00e1mico de aprendizaje grupal en el cual se promueve la toma de\u00a0 decisiones conscientes, la introspecci\u00f3n personal,\u00a0 el autodescubrimiento y el respeto por las diferencias y culturas individuales.<\/p>\t\t\t\t\t\t\t\t<\/div>\n\t\t\t\t<div class=\"elementor-element elementor-element-b247098 elementor-align-center elementor-invisible elementor-widget elementor-widget-button\" data-id=\"b247098\" data-element_type=\"widget\" data-settings=\"{&quot;_animation&quot;:&quot;fadeInUp&quot;,&quot;_animation_delay&quot;:&quot;400&quot;,&quot;ekit_we_effect_on&quot;:&quot;none&quot;}\" data-widget_type=\"button.default\">\n\t\t\t\t\t\t\t\t\t\t<a class=\"elementor-button elementor-button-link elementor-size-md\" href=\"https:\/\/foro-mundial.org\/web\/informacion-del-evento\/\" target=\"_blank\">\n\t\t\t\t\t\t<span class=\"elementor-button-content-wrapper\">\n\t\t\t\t\t\t\t\t\t<span class=\"elementor-button-text\">M\u00e1s informaci\u00f3n<\/span>\n\t\t\t\t\t<\/span>\n\t\t\t\t\t<\/a>\n\t\t\t\t\t\t\t\t<\/div>\n\t\t\t\t\t<\/div>\n\t\t<\/div>\n\t\t\t\t<div class=\"elementor-column elementor-col-50 elementor-top-column elementor-element elementor-element-e6444da\" data-id=\"e6444da\" data-element_type=\"column\">\n\t\t\t<div class=\"elementor-widget-wrap elementor-element-populated\">\n\t\t\t\t\t\t<div class=\"elementor-element elementor-element-1374c68 elementor-widget elementor-widget-slides\" data-id=\"1374c68\" data-element_type=\"widget\" data-settings=\"{&quot;ekit_we_effect_on&quot;:&quot;none&quot;}\" data-widget_type=\"slides.default\">\n\t\t\t\t<div class=\"elementor-widget-container\">\n\t\t\t\t\t \t\t\t\t<\/div>\n\t\t\t\t<\/div>\n\t\t\t\t\t<\/div>\n\t\t<\/div>\n\t\t\t\t\t<\/div>\n\t\t<\/section>\n\t\t\t\t<section class=\"elementor-section elementor-top-section elementor-element elementor-element-a5faf4c elementor-section-boxed elementor-section-height-default elementor-section-height-default\" data-id=\"a5faf4c\" data-element_type=\"section\">\n\t\t\t\t\t\t<div class=\"elementor-container elementor-column-gap-default\">\n\t\t\t\t\t<div class=\"elementor-column elementor-col-100 elementor-top-column elementor-element elementor-element-582c7c6\" data-id=\"582c7c6\" data-element_type=\"column\">\n\t\t\t<div class=\"elementor-widget-wrap elementor-element-populated\">\n\t\t\t\t\t\t<div class=\"elementor-element elementor-element-c2a21a7 elementor-widget elementor-widget-spacer\" data-id=\"c2a21a7\" data-element_type=\"widget\" data-settings=\"{&quot;ekit_we_effect_on&quot;:&quot;none&quot;}\" data-widget_type=\"spacer.default\">\n\t\t\t\t\t\t\t<div class=\"elementor-spacer\">\n\t\t\t<div class=\"elementor-spacer-inner\"><\/div>\n\t\t<\/div>\n\t\t\t\t\t\t<\/div>\n\t\t\t\t\t<\/div>\n\t\t<\/div>\n\t\t\t\t\t<\/div>\n\t\t<\/section>\n\t\t\t\t<section class=\"elementor-section elementor-top-section elementor-element elementor-element-dc0938f elementor-section-boxed elementor-section-height-default elementor-section-height-default\" data-id=\"dc0938f\" data-element_type=\"section\" data-settings=\"{&quot;background_background&quot;:&quot;classic&quot;}\">\n\t\t\t\t\t\t<div class=\"elementor-container elementor-column-gap-default\">\n\t\t\t\t\t<div class=\"elementor-column elementor-col-100 elementor-top-column elementor-element elementor-element-a192ac3\" data-id=\"a192ac3\" data-element_type=\"column\" data-settings=\"{&quot;background_background&quot;:&quot;classic&quot;}\">\n\t\t\t<div class=\"elementor-widget-wrap elementor-element-populated\">\n\t\t\t\t\t\t<div class=\"elementor-element elementor-element-4e2e8e6 elementor-invisible elementor-widget elementor-widget-exhibz-title\" data-id=\"4e2e8e6\" data-element_type=\"widget\" data-settings=\"{&quot;_animation&quot;:&quot;slideInUp&quot;,&quot;_animation_delay&quot;:&quot;350&quot;,&quot;ekit_we_effect_on&quot;:&quot;none&quot;}\" data-widget_type=\"exhibz-title.default\">\n\t\t\t\t<div class=\"elementor-widget-container\">\n\t\t\t\t\t\n    <div class=\"title-section-area\">\n        <h2 class=\"section-title\">\n            <span class=\"sub-title\"><\/span>\n\t\t\tConferencias Magistrales        <\/h2>\n\t\t                    <span class=\"title-shape\">\n                  <svg xmlns='http:\/\/www.w3.org\/2000\/svg' xmlns:xlink='http:\/\/www.w3.org\/1999\/xlink' width='71px' height='11px'> <path fill-rule='evenodd' d='M59.669,10.710 L49.164,3.306 L39.428,10.681 L29.714,3.322 L20.006,10.682 L10.295,3.322 L1.185,10.228 L-0.010,8.578 L10.295,0.765 L20.006,8.125 L29.714,0.765 L39.428,8.125 L49.122,0.781 L59.680,8.223 L69.858,1.192 L70.982,2.895 L59.669,10.710 Z'\/><\/svg>\n            <\/span>\n                    <\/div><!-- Section title -->\n    \n    \n\n    \t\t\t\t<\/div>\n\t\t\t\t<\/div>\n\t\t\t\t\t<\/div>\n\t\t<\/div>\n\t\t\t\t\t<\/div>\n\t\t<\/section>\n\t\t\t\t<section class=\"elementor-section elementor-top-section elementor-element elementor-element-2cb0527 elementor-section-boxed elementor-section-height-default elementor-section-height-default\" data-id=\"2cb0527\" data-element_type=\"section\">\n\t\t\t\t\t\t<div class=\"elementor-container elementor-column-gap-default\">\n\t\t\t\t\t<div class=\"elementor-column elementor-col-33 elementor-top-column elementor-element elementor-element-02195ee\" data-id=\"02195ee\" data-element_type=\"column\" data-settings=\"{&quot;background_background&quot;:&quot;classic&quot;}\">\n\t\t\t<div class=\"elementor-widget-wrap elementor-element-populated\">\n\t\t\t\t\t\t<div class=\"elementor-element elementor-element-4268a2d elementor-widget elementor-widget-heading\" data-id=\"4268a2d\" data-element_type=\"widget\" data-settings=\"{&quot;_animation&quot;:&quot;none&quot;,&quot;_animation_delay&quot;:&quot;350&quot;,&quot;ekit_we_effect_on&quot;:&quot;none&quot;}\" data-widget_type=\"heading.default\">\n\t\t\t\t\t<h2 class=\"elementor-heading-title elementor-size-default\">CONFERENCIA MAGISTRAL PRESENCIAL<\/h2>\t\t\t\t<\/div>\n\t\t\t\t\t<\/div>\n\t\t<\/div>\n\t\t\t\t<div class=\"elementor-column elementor-col-33 elementor-top-column elementor-element elementor-element-afe8ffd\" data-id=\"afe8ffd\" data-element_type=\"column\" data-settings=\"{&quot;background_background&quot;:&quot;classic&quot;}\">\n\t\t\t<div class=\"elementor-widget-wrap elementor-element-populated\">\n\t\t\t\t\t\t<div class=\"elementor-element elementor-element-22a2559 elementor-widget elementor-widget-image\" data-id=\"22a2559\" data-element_type=\"widget\" data-settings=\"{&quot;ekit_we_effect_on&quot;:&quot;none&quot;}\" data-widget_type=\"image.default\">\n\t\t\t\t\t\t\t\t\t\t\t\t\t\t\t\t<a href=\"https:\/\/foro-mundial.org\/web\/speaker\/javier-cebreiros\/\" target=\"_blank\">\n\t\t\t\t\t\t\t<img loading=\"lazy\" decoding=\"async\" width=\"500\" height=\"500\" src=\"https:\/\/foro-mundial.org\/web\/wp-content\/uploads\/2023\/06\/Conferencista-Javier-Cebreiros-1.png\" class=\"attachment-large size-large wp-image-9374\" alt=\"\" srcset=\"https:\/\/foro-mundial.org\/web\/wp-content\/uploads\/2023\/06\/Conferencista-Javier-Cebreiros-1.png 500w, https:\/\/foro-mundial.org\/web\/wp-content\/uploads\/2023\/06\/Conferencista-Javier-Cebreiros-1-300x300.png 300w, https:\/\/foro-mundial.org\/web\/wp-content\/uploads\/2023\/06\/Conferencista-Javier-Cebreiros-1-150x150.png 150w\" sizes=\"(max-width: 500px) 100vw, 500px\" \/>\t\t\t\t\t\t\t\t<\/a>\n\t\t\t\t\t\t\t\t\t\t\t\t\t\t\t<\/div>\n\t\t\t\t\t<\/div>\n\t\t<\/div>\n\t\t\t\t<div class=\"elementor-column elementor-col-33 elementor-top-column elementor-element elementor-element-eb2e80c\" data-id=\"eb2e80c\" data-element_type=\"column\" data-settings=\"{&quot;background_background&quot;:&quot;classic&quot;}\">\n\t\t\t<div class=\"elementor-widget-wrap elementor-element-populated\">\n\t\t\t\t\t\t<div class=\"elementor-element elementor-element-f818986 elementor-widget elementor-widget-exhibz-title\" data-id=\"f818986\" data-element_type=\"widget\" data-settings=\"{&quot;_animation&quot;:&quot;none&quot;,&quot;_animation_delay&quot;:&quot;350&quot;,&quot;ekit_we_effect_on&quot;:&quot;none&quot;}\" data-widget_type=\"exhibz-title.default\">\n\t\t\t\t<div class=\"elementor-widget-container\">\n\t\t\t\t\t\n    <div class=\"title-section-area\">\n        <h2 class=\"section-title\">\n            <span class=\"sub-title\">Doctor en Comunicaci\u00f3n<\/span>\n\t\t\t<a href=\"https:\/\/foro-mundial.org\/web\/speaker\/javier-cebreiros\/\" style=\"color: #3B1D82\">Javier Cebreiros\n<\/a>        <\/h2>\n\t\t                    <\/div><!-- Section title -->\n    \n    \n\n    \t\t\t\t<\/div>\n\t\t\t\t<\/div>\n\t\t\t\t<div class=\"elementor-element elementor-element-bb1d455 elementor-widget elementor-widget-text-editor\" data-id=\"bb1d455\" data-element_type=\"widget\" data-settings=\"{&quot;ekit_we_effect_on&quot;:&quot;none&quot;}\" data-widget_type=\"text-editor.default\">\n\t\t\t\t\t\t\t\t\t<p>\u201c\u00bfQu\u00e9 hace \u00fanico a un comunicador?\u201d<\/p>\t\t\t\t\t\t\t\t<\/div>\n\t\t\t\t\t<\/div>\n\t\t<\/div>\n\t\t\t\t\t<\/div>\n\t\t<\/section>\n\t\t\t\t<section class=\"elementor-section elementor-top-section elementor-element elementor-element-69adb35 elementor-section-boxed elementor-section-height-default elementor-section-height-default\" data-id=\"69adb35\" data-element_type=\"section\">\n\t\t\t\t\t\t<div class=\"elementor-container elementor-column-gap-default\">\n\t\t\t\t\t<div class=\"elementor-column elementor-col-33 elementor-top-column elementor-element elementor-element-2d19807\" data-id=\"2d19807\" data-element_type=\"column\" data-settings=\"{&quot;background_background&quot;:&quot;classic&quot;}\">\n\t\t\t<div class=\"elementor-widget-wrap elementor-element-populated\">\n\t\t\t\t\t\t<div class=\"elementor-element elementor-element-6d64925 elementor-widget elementor-widget-heading\" data-id=\"6d64925\" data-element_type=\"widget\" data-settings=\"{&quot;_animation&quot;:&quot;none&quot;,&quot;_animation_delay&quot;:&quot;350&quot;,&quot;ekit_we_effect_on&quot;:&quot;none&quot;}\" data-widget_type=\"heading.default\">\n\t\t\t\t\t<h2 class=\"elementor-heading-title elementor-size-default\"><a href=\"https:\/\/academy.foro-mundial.org\/bundle_details\/43\/congreso-mundial-de-estudiantes-de-comunicaci%C3%B3n-canc%C3%BAn-2024-ticket-digital\" target=\"_blank\">CONFERENCIA MAGISTRAL VIRTUAL<\/a><\/h2>\t\t\t\t<\/div>\n\t\t\t\t<div class=\"elementor-element elementor-element-bb66bfa elementor-position-right elementor-vertical-align-middle elementor-widget__width-initial elementor-widget elementor-widget-image-box\" data-id=\"bb66bfa\" data-element_type=\"widget\" data-settings=\"{&quot;_animation&quot;:&quot;none&quot;,&quot;_animation_delay&quot;:&quot;350&quot;,&quot;ekit_we_effect_on&quot;:&quot;none&quot;}\" data-widget_type=\"image-box.default\">\n\t\t\t\t\t<div class=\"elementor-image-box-wrapper\"><figure class=\"elementor-image-box-img\"><a href=\"https:\/\/academy.foro-mundial.org\/bundle_details\/43\/congreso-mundial-de-estudiantes-de-comunicaci%C3%B3n-canc%C3%BAn-2024-ticket-digital\" target=\"_blank\" tabindex=\"-1\"><img loading=\"lazy\" decoding=\"async\" width=\"330\" height=\"71\" src=\"https:\/\/foro-mundial.org\/web\/wp-content\/uploads\/2024\/02\/c73758de686279f745639eb7f81f6c51.png\" class=\"attachment-full size-full wp-image-13588\" alt=\"\" srcset=\"https:\/\/foro-mundial.org\/web\/wp-content\/uploads\/2024\/02\/c73758de686279f745639eb7f81f6c51.png 330w, https:\/\/foro-mundial.org\/web\/wp-content\/uploads\/2024\/02\/c73758de686279f745639eb7f81f6c51-300x65.png 300w\" sizes=\"(max-width: 330px) 100vw, 330px\" \/><\/a><\/figure><div class=\"elementor-image-box-content\"><span class=\"elementor-image-box-title\"><a href=\"https:\/\/academy.foro-mundial.org\/bundle_details\/43\/congreso-mundial-de-estudiantes-de-comunicaci%C3%B3n-canc%C3%BAn-2024-ticket-digital\" target=\"_blank\">VER EN<\/a><\/span><\/div><\/div>\t\t\t\t<\/div>\n\t\t\t\t\t<\/div>\n\t\t<\/div>\n\t\t\t\t<div class=\"elementor-column elementor-col-33 elementor-top-column elementor-element elementor-element-dfc0d53\" data-id=\"dfc0d53\" data-element_type=\"column\" data-settings=\"{&quot;background_background&quot;:&quot;classic&quot;}\">\n\t\t\t<div class=\"elementor-widget-wrap elementor-element-populated\">\n\t\t\t\t\t\t<div class=\"elementor-element elementor-element-ccac62f elementor-widget elementor-widget-image\" data-id=\"ccac62f\" data-element_type=\"widget\" data-settings=\"{&quot;ekit_we_effect_on&quot;:&quot;none&quot;}\" data-widget_type=\"image.default\">\n\t\t\t\t\t\t\t\t\t\t\t\t\t\t\t\t<a href=\"https:\/\/foro-mundial.org\/web\/speaker\/rosa-maria-calaf\/\" target=\"_blank\">\n\t\t\t\t\t\t\t<img loading=\"lazy\" decoding=\"async\" width=\"500\" height=\"500\" src=\"https:\/\/foro-mundial.org\/web\/wp-content\/uploads\/2023\/06\/Conferencista-Rosa-Calaf.png\" class=\"attachment-large size-large wp-image-9373\" alt=\"\" srcset=\"https:\/\/foro-mundial.org\/web\/wp-content\/uploads\/2023\/06\/Conferencista-Rosa-Calaf.png 500w, https:\/\/foro-mundial.org\/web\/wp-content\/uploads\/2023\/06\/Conferencista-Rosa-Calaf-300x300.png 300w, https:\/\/foro-mundial.org\/web\/wp-content\/uploads\/2023\/06\/Conferencista-Rosa-Calaf-150x150.png 150w\" sizes=\"(max-width: 500px) 100vw, 500px\" \/>\t\t\t\t\t\t\t\t<\/a>\n\t\t\t\t\t\t\t\t\t\t\t\t\t\t\t<\/div>\n\t\t\t\t\t<\/div>\n\t\t<\/div>\n\t\t\t\t<div class=\"elementor-column elementor-col-33 elementor-top-column elementor-element elementor-element-3c78785\" data-id=\"3c78785\" data-element_type=\"column\" data-settings=\"{&quot;background_background&quot;:&quot;classic&quot;}\">\n\t\t\t<div class=\"elementor-widget-wrap elementor-element-populated\">\n\t\t\t\t\t\t<div class=\"elementor-element elementor-element-82fd26e elementor-widget elementor-widget-exhibz-title\" data-id=\"82fd26e\" data-element_type=\"widget\" data-settings=\"{&quot;_animation&quot;:&quot;none&quot;,&quot;_animation_delay&quot;:&quot;350&quot;,&quot;ekit_we_effect_on&quot;:&quot;none&quot;}\" data-widget_type=\"exhibz-title.default\">\n\t\t\t\t<div class=\"elementor-widget-container\">\n\t\t\t\t\t\n    <div class=\"title-section-area\">\n        <h2 class=\"section-title\">\n            <span class=\"sub-title\">Periodista<\/span>\n\t\t\t<a href=\"https:\/\/foro-mundial.org\/web\/speaker\/rosa-maria-calaf\/\" style=\"color: #3B1D82\">Rosa Mar\u00eda Calaf\n<\/a>        <\/h2>\n\t\t                    <\/div><!-- Section title -->\n    \n    \n\n    \t\t\t\t<\/div>\n\t\t\t\t<\/div>\n\t\t\t\t<div class=\"elementor-element elementor-element-29cf512 elementor-widget elementor-widget-text-editor\" data-id=\"29cf512\" data-element_type=\"widget\" data-settings=\"{&quot;ekit_we_effect_on&quot;:&quot;none&quot;}\" data-widget_type=\"text-editor.default\">\n\t\t\t\t\t\t\t\t\t<p><em>\u201cSer cr\u00edticos con la informaci\u00f3n nos convierte en ciudadanos libres\u201d<\/em><\/p>\t\t\t\t\t\t\t\t<\/div>\n\t\t\t\t\t<\/div>\n\t\t<\/div>\n\t\t\t\t\t<\/div>\n\t\t<\/section>\n\t\t\t\t<section class=\"elementor-section elementor-top-section elementor-element elementor-element-c6b79e4 elementor-section-boxed elementor-section-height-default elementor-section-height-default\" data-id=\"c6b79e4\" data-element_type=\"section\">\n\t\t\t\t\t\t<div class=\"elementor-container elementor-column-gap-default\">\n\t\t\t\t\t<div class=\"elementor-column elementor-col-33 elementor-top-column elementor-element elementor-element-27356e5\" data-id=\"27356e5\" data-element_type=\"column\" data-settings=\"{&quot;background_background&quot;:&quot;classic&quot;}\">\n\t\t\t<div class=\"elementor-widget-wrap elementor-element-populated\">\n\t\t\t\t\t\t<div class=\"elementor-element elementor-element-a353108 elementor-widget elementor-widget-heading\" data-id=\"a353108\" data-element_type=\"widget\" data-settings=\"{&quot;_animation&quot;:&quot;none&quot;,&quot;_animation_delay&quot;:&quot;350&quot;,&quot;ekit_we_effect_on&quot;:&quot;none&quot;}\" data-widget_type=\"heading.default\">\n\t\t\t\t\t<h2 class=\"elementor-heading-title elementor-size-default\"><a href=\"https:\/\/academy.foro-mundial.org\/bundle_details\/43\/congreso-mundial-de-estudiantes-de-comunicaci%C3%B3n-canc%C3%BAn-2024-ticket-digital\" target=\"_blank\">CONFERENCIA MAGISTRAL VIRTUAL<\/a><\/h2>\t\t\t\t<\/div>\n\t\t\t\t<div class=\"elementor-element elementor-element-6c3f1d2 elementor-position-right elementor-vertical-align-middle elementor-widget__width-initial elementor-widget elementor-widget-image-box\" data-id=\"6c3f1d2\" data-element_type=\"widget\" data-settings=\"{&quot;_animation&quot;:&quot;none&quot;,&quot;_animation_delay&quot;:&quot;350&quot;,&quot;ekit_we_effect_on&quot;:&quot;none&quot;}\" data-widget_type=\"image-box.default\">\n\t\t\t\t\t<div class=\"elementor-image-box-wrapper\"><figure class=\"elementor-image-box-img\"><a href=\"https:\/\/academy.foro-mundial.org\/bundle_details\/43\/congreso-mundial-de-estudiantes-de-comunicaci%C3%B3n-canc%C3%BAn-2024-ticket-digital\" target=\"_blank\" tabindex=\"-1\"><img loading=\"lazy\" decoding=\"async\" width=\"330\" height=\"71\" src=\"https:\/\/foro-mundial.org\/web\/wp-content\/uploads\/2024\/02\/c73758de686279f745639eb7f81f6c51.png\" class=\"attachment-full size-full wp-image-13588\" alt=\"\" srcset=\"https:\/\/foro-mundial.org\/web\/wp-content\/uploads\/2024\/02\/c73758de686279f745639eb7f81f6c51.png 330w, https:\/\/foro-mundial.org\/web\/wp-content\/uploads\/2024\/02\/c73758de686279f745639eb7f81f6c51-300x65.png 300w\" sizes=\"(max-width: 330px) 100vw, 330px\" \/><\/a><\/figure><div class=\"elementor-image-box-content\"><span class=\"elementor-image-box-title\"><a href=\"https:\/\/academy.foro-mundial.org\/bundle_details\/43\/congreso-mundial-de-estudiantes-de-comunicaci%C3%B3n-canc%C3%BAn-2024-ticket-digital\" target=\"_blank\">VER EN<\/a><\/span><\/div><\/div>\t\t\t\t<\/div>\n\t\t\t\t\t<\/div>\n\t\t<\/div>\n\t\t\t\t<div class=\"elementor-column elementor-col-33 elementor-top-column elementor-element elementor-element-b792406\" data-id=\"b792406\" data-element_type=\"column\" data-settings=\"{&quot;background_background&quot;:&quot;classic&quot;}\">\n\t\t\t<div class=\"elementor-widget-wrap elementor-element-populated\">\n\t\t\t\t\t\t<div class=\"elementor-element elementor-element-db0b559 elementor-widget elementor-widget-image\" data-id=\"db0b559\" data-element_type=\"widget\" data-settings=\"{&quot;ekit_we_effect_on&quot;:&quot;none&quot;}\" data-widget_type=\"image.default\">\n\t\t\t\t\t\t\t\t\t\t\t\t\t\t\t\t<a href=\"https:\/\/foro-mundial.org\/web\/speaker\/magdalena-bandera-conejo\/\" target=\"_blank\">\n\t\t\t\t\t\t\t<img loading=\"lazy\" decoding=\"async\" width=\"500\" height=\"500\" src=\"https:\/\/foro-mundial.org\/web\/wp-content\/uploads\/2023\/06\/Conferencista-Magdalena-Bandera-Conejo-.png\" class=\"attachment-large size-large wp-image-9376\" alt=\"\" srcset=\"https:\/\/foro-mundial.org\/web\/wp-content\/uploads\/2023\/06\/Conferencista-Magdalena-Bandera-Conejo-.png 500w, https:\/\/foro-mundial.org\/web\/wp-content\/uploads\/2023\/06\/Conferencista-Magdalena-Bandera-Conejo--300x300.png 300w, https:\/\/foro-mundial.org\/web\/wp-content\/uploads\/2023\/06\/Conferencista-Magdalena-Bandera-Conejo--150x150.png 150w\" sizes=\"(max-width: 500px) 100vw, 500px\" \/>\t\t\t\t\t\t\t\t<\/a>\n\t\t\t\t\t\t\t\t\t\t\t\t\t\t\t<\/div>\n\t\t\t\t\t<\/div>\n\t\t<\/div>\n\t\t\t\t<div class=\"elementor-column elementor-col-33 elementor-top-column elementor-element elementor-element-7733d2c\" data-id=\"7733d2c\" data-element_type=\"column\" data-settings=\"{&quot;background_background&quot;:&quot;classic&quot;}\">\n\t\t\t<div class=\"elementor-widget-wrap elementor-element-populated\">\n\t\t\t\t\t\t<div class=\"elementor-element elementor-element-a263237 elementor-widget elementor-widget-exhibz-title\" data-id=\"a263237\" data-element_type=\"widget\" data-settings=\"{&quot;_animation&quot;:&quot;none&quot;,&quot;_animation_delay&quot;:&quot;350&quot;,&quot;ekit_we_effect_on&quot;:&quot;none&quot;}\" data-widget_type=\"exhibz-title.default\">\n\t\t\t\t<div class=\"elementor-widget-container\">\n\t\t\t\t\t\n    <div class=\"title-section-area\">\n        <h2 class=\"section-title\">\n            <span class=\"sub-title\">Directora de la Revista La Marea<\/span>\n\t\t\t<a href=\"https:\/\/foro-mundial.org\/web\/speaker\/magdalena-bandera-conejo\/\" style=\"color: #3B1D82\">Magdalena Bandera Conejo\n<\/a>        <\/h2>\n\t\t                    <\/div><!-- Section title -->\n    \n    \n\n    \t\t\t\t<\/div>\n\t\t\t\t<\/div>\n\t\t\t\t<div class=\"elementor-element elementor-element-75743f4 elementor-widget elementor-widget-text-editor\" data-id=\"75743f4\" data-element_type=\"widget\" data-settings=\"{&quot;ekit_we_effect_on&quot;:&quot;none&quot;}\" data-widget_type=\"text-editor.default\">\n\t\t\t\t\t\t\t\t\t<p>\u201c\u00bfC\u00f3mo informar sin caer en estereotipos?\u201d<\/p>\t\t\t\t\t\t\t\t<\/div>\n\t\t\t\t\t<\/div>\n\t\t<\/div>\n\t\t\t\t\t<\/div>\n\t\t<\/section>\n\t\t\t\t<section class=\"elementor-section elementor-top-section elementor-element elementor-element-0fa6cd8 elementor-section-boxed elementor-section-height-default elementor-section-height-default\" data-id=\"0fa6cd8\" data-element_type=\"section\">\n\t\t\t\t\t\t<div class=\"elementor-container elementor-column-gap-default\">\n\t\t\t\t\t<div class=\"elementor-column elementor-col-33 elementor-top-column elementor-element elementor-element-b42bae0\" data-id=\"b42bae0\" data-element_type=\"column\" data-settings=\"{&quot;background_background&quot;:&quot;classic&quot;}\">\n\t\t\t<div class=\"elementor-widget-wrap elementor-element-populated\">\n\t\t\t\t\t\t<div class=\"elementor-element elementor-element-4b97fde elementor-widget elementor-widget-heading\" data-id=\"4b97fde\" data-element_type=\"widget\" data-settings=\"{&quot;_animation&quot;:&quot;none&quot;,&quot;_animation_delay&quot;:&quot;350&quot;,&quot;ekit_we_effect_on&quot;:&quot;none&quot;}\" data-widget_type=\"heading.default\">\n\t\t\t\t\t<h2 class=\"elementor-heading-title elementor-size-default\"><a href=\"https:\/\/academy.foro-mundial.org\/bundle_details\/43\/congreso-mundial-de-estudiantes-de-comunicaci%C3%B3n-canc%C3%BAn-2024-ticket-digital\" target=\"_blank\">CONFERENCIA MAGISTRAL VIRTUAL<\/a><\/h2>\t\t\t\t<\/div>\n\t\t\t\t<div class=\"elementor-element elementor-element-95cbb63 elementor-position-right elementor-vertical-align-middle elementor-widget__width-initial elementor-widget elementor-widget-image-box\" data-id=\"95cbb63\" data-element_type=\"widget\" data-settings=\"{&quot;_animation&quot;:&quot;none&quot;,&quot;_animation_delay&quot;:&quot;350&quot;,&quot;ekit_we_effect_on&quot;:&quot;none&quot;}\" data-widget_type=\"image-box.default\">\n\t\t\t\t\t<div class=\"elementor-image-box-wrapper\"><figure class=\"elementor-image-box-img\"><a href=\"https:\/\/academy.foro-mundial.org\/bundle_details\/43\/congreso-mundial-de-estudiantes-de-comunicaci%C3%B3n-canc%C3%BAn-2024-ticket-digital\" target=\"_blank\" tabindex=\"-1\"><img loading=\"lazy\" decoding=\"async\" width=\"330\" height=\"71\" src=\"https:\/\/foro-mundial.org\/web\/wp-content\/uploads\/2024\/02\/c73758de686279f745639eb7f81f6c51.png\" class=\"attachment-full size-full wp-image-13588\" alt=\"\" srcset=\"https:\/\/foro-mundial.org\/web\/wp-content\/uploads\/2024\/02\/c73758de686279f745639eb7f81f6c51.png 330w, https:\/\/foro-mundial.org\/web\/wp-content\/uploads\/2024\/02\/c73758de686279f745639eb7f81f6c51-300x65.png 300w\" sizes=\"(max-width: 330px) 100vw, 330px\" \/><\/a><\/figure><div class=\"elementor-image-box-content\"><span class=\"elementor-image-box-title\"><a href=\"https:\/\/academy.foro-mundial.org\/bundle_details\/43\/congreso-mundial-de-estudiantes-de-comunicaci%C3%B3n-canc%C3%BAn-2024-ticket-digital\" target=\"_blank\">VER EN<\/a><\/span><\/div><\/div>\t\t\t\t<\/div>\n\t\t\t\t\t<\/div>\n\t\t<\/div>\n\t\t\t\t<div class=\"elementor-column elementor-col-33 elementor-top-column elementor-element elementor-element-cd44ca6\" data-id=\"cd44ca6\" data-element_type=\"column\" data-settings=\"{&quot;background_background&quot;:&quot;classic&quot;}\">\n\t\t\t<div class=\"elementor-widget-wrap elementor-element-populated\">\n\t\t\t\t\t\t<div class=\"elementor-element elementor-element-49203f9 elementor-widget elementor-widget-image\" data-id=\"49203f9\" data-element_type=\"widget\" data-settings=\"{&quot;ekit_we_effect_on&quot;:&quot;none&quot;}\" data-widget_type=\"image.default\">\n\t\t\t\t\t\t\t\t\t\t\t\t\t\t\t\t<a href=\"https:\/\/foro-mundial.org\/web\/speaker\/david-montalvo\/\" target=\"_blank\">\n\t\t\t\t\t\t\t<img loading=\"lazy\" decoding=\"async\" width=\"500\" height=\"500\" src=\"https:\/\/foro-mundial.org\/web\/wp-content\/uploads\/2023\/06\/Conferencista-David-Montalvo-.png\" class=\"attachment-large size-large wp-image-9379\" alt=\"\" srcset=\"https:\/\/foro-mundial.org\/web\/wp-content\/uploads\/2023\/06\/Conferencista-David-Montalvo-.png 500w, https:\/\/foro-mundial.org\/web\/wp-content\/uploads\/2023\/06\/Conferencista-David-Montalvo--300x300.png 300w, https:\/\/foro-mundial.org\/web\/wp-content\/uploads\/2023\/06\/Conferencista-David-Montalvo--150x150.png 150w\" sizes=\"(max-width: 500px) 100vw, 500px\" \/>\t\t\t\t\t\t\t\t<\/a>\n\t\t\t\t\t\t\t\t\t\t\t\t\t\t\t<\/div>\n\t\t\t\t\t<\/div>\n\t\t<\/div>\n\t\t\t\t<div class=\"elementor-column elementor-col-33 elementor-top-column elementor-element elementor-element-573deba\" data-id=\"573deba\" data-element_type=\"column\" data-settings=\"{&quot;background_background&quot;:&quot;classic&quot;}\">\n\t\t\t<div class=\"elementor-widget-wrap elementor-element-populated\">\n\t\t\t\t\t\t<div class=\"elementor-element elementor-element-e5aaf9f elementor-widget elementor-widget-exhibz-title\" data-id=\"e5aaf9f\" data-element_type=\"widget\" data-settings=\"{&quot;_animation&quot;:&quot;none&quot;,&quot;_animation_delay&quot;:&quot;350&quot;,&quot;ekit_we_effect_on&quot;:&quot;none&quot;}\" data-widget_type=\"exhibz-title.default\">\n\t\t\t\t<div class=\"elementor-widget-container\">\n\t\t\t\t\t\n    <div class=\"title-section-area\">\n        <h2 class=\"section-title\">\n            <span class=\"sub-title\">Comunicador, Autor y Conferencista<\/span>\n\t\t\t<a href=\"https:\/\/foro-mundial.org\/web\/speaker\/david-montalvo\/\" style=\"color: #3B1D82\">David Montalvo\n<\/a>        <\/h2>\n\t\t                    <\/div><!-- Section title -->\n    \n    \n\n    \t\t\t\t<\/div>\n\t\t\t\t<\/div>\n\t\t\t\t<div class=\"elementor-element elementor-element-8ac5627 elementor-widget elementor-widget-text-editor\" data-id=\"8ac5627\" data-element_type=\"widget\" data-settings=\"{&quot;ekit_we_effect_on&quot;:&quot;none&quot;}\" data-widget_type=\"text-editor.default\">\n\t\t\t\t\t\t\t\t\t<p>\u201cLos lunes tambi\u00e9n son viernes\u201d<\/p>\t\t\t\t\t\t\t\t<\/div>\n\t\t\t\t\t<\/div>\n\t\t<\/div>\n\t\t\t\t\t<\/div>\n\t\t<\/section>\n\t\t\t\t<section class=\"elementor-section elementor-top-section elementor-element elementor-element-7c52e44 elementor-section-boxed elementor-section-height-default elementor-section-height-default\" data-id=\"7c52e44\" data-element_type=\"section\">\n\t\t\t\t\t\t<div class=\"elementor-container elementor-column-gap-default\">\n\t\t\t\t\t<div class=\"elementor-column elementor-col-33 elementor-top-column elementor-element elementor-element-a1e65e1\" data-id=\"a1e65e1\" data-element_type=\"column\" data-settings=\"{&quot;background_background&quot;:&quot;classic&quot;}\">\n\t\t\t<div class=\"elementor-widget-wrap elementor-element-populated\">\n\t\t\t\t\t\t<div class=\"elementor-element elementor-element-66de717 elementor-widget elementor-widget-heading\" data-id=\"66de717\" data-element_type=\"widget\" data-settings=\"{&quot;_animation&quot;:&quot;none&quot;,&quot;_animation_delay&quot;:&quot;350&quot;,&quot;ekit_we_effect_on&quot;:&quot;none&quot;}\" data-widget_type=\"heading.default\">\n\t\t\t\t\t<h2 class=\"elementor-heading-title elementor-size-default\"><a href=\"https:\/\/academy.foro-mundial.org\/bundle_details\/43\/congreso-mundial-de-estudiantes-de-comunicaci%C3%B3n-canc%C3%BAn-2024-ticket-digital\" target=\"_blank\">CONFERENCIA MAGISTRAL VIRTUAL<\/a><\/h2>\t\t\t\t<\/div>\n\t\t\t\t<div class=\"elementor-element elementor-element-4ccefe9 elementor-position-right elementor-vertical-align-middle elementor-widget__width-initial elementor-widget elementor-widget-image-box\" data-id=\"4ccefe9\" data-element_type=\"widget\" data-settings=\"{&quot;_animation&quot;:&quot;none&quot;,&quot;_animation_delay&quot;:&quot;350&quot;,&quot;ekit_we_effect_on&quot;:&quot;none&quot;}\" data-widget_type=\"image-box.default\">\n\t\t\t\t\t<div class=\"elementor-image-box-wrapper\"><figure class=\"elementor-image-box-img\"><a href=\"https:\/\/academy.foro-mundial.org\/bundle_details\/43\/congreso-mundial-de-estudiantes-de-comunicaci%C3%B3n-canc%C3%BAn-2024-ticket-digital\" target=\"_blank\" tabindex=\"-1\"><img loading=\"lazy\" decoding=\"async\" width=\"330\" height=\"71\" src=\"https:\/\/foro-mundial.org\/web\/wp-content\/uploads\/2024\/02\/c73758de686279f745639eb7f81f6c51.png\" class=\"attachment-full size-full wp-image-13588\" alt=\"\" srcset=\"https:\/\/foro-mundial.org\/web\/wp-content\/uploads\/2024\/02\/c73758de686279f745639eb7f81f6c51.png 330w, https:\/\/foro-mundial.org\/web\/wp-content\/uploads\/2024\/02\/c73758de686279f745639eb7f81f6c51-300x65.png 300w\" sizes=\"(max-width: 330px) 100vw, 330px\" \/><\/a><\/figure><div class=\"elementor-image-box-content\"><span class=\"elementor-image-box-title\"><a href=\"https:\/\/academy.foro-mundial.org\/bundle_details\/43\/congreso-mundial-de-estudiantes-de-comunicaci%C3%B3n-canc%C3%BAn-2024-ticket-digital\" target=\"_blank\">VER EN<\/a><\/span><\/div><\/div>\t\t\t\t<\/div>\n\t\t\t\t\t<\/div>\n\t\t<\/div>\n\t\t\t\t<div class=\"elementor-column elementor-col-33 elementor-top-column elementor-element elementor-element-c7c63e0\" data-id=\"c7c63e0\" data-element_type=\"column\" data-settings=\"{&quot;background_background&quot;:&quot;classic&quot;}\">\n\t\t\t<div class=\"elementor-widget-wrap elementor-element-populated\">\n\t\t\t\t\t\t<div class=\"elementor-element elementor-element-64f07d8 elementor-widget elementor-widget-image\" data-id=\"64f07d8\" data-element_type=\"widget\" data-settings=\"{&quot;ekit_we_effect_on&quot;:&quot;none&quot;}\" data-widget_type=\"image.default\">\n\t\t\t\t\t\t\t\t\t\t\t\t\t\t\t\t<a href=\"https:\/\/foro-mundial.org\/web\/speaker\/norma-correa-aste\/\" target=\"_blank\">\n\t\t\t\t\t\t\t<img loading=\"lazy\" decoding=\"async\" width=\"500\" height=\"500\" src=\"https:\/\/foro-mundial.org\/web\/wp-content\/uploads\/2023\/06\/Conferencista-Norma-Correa-Aste.png\" class=\"attachment-large size-large wp-image-9382\" alt=\"\" srcset=\"https:\/\/foro-mundial.org\/web\/wp-content\/uploads\/2023\/06\/Conferencista-Norma-Correa-Aste.png 500w, https:\/\/foro-mundial.org\/web\/wp-content\/uploads\/2023\/06\/Conferencista-Norma-Correa-Aste-300x300.png 300w, https:\/\/foro-mundial.org\/web\/wp-content\/uploads\/2023\/06\/Conferencista-Norma-Correa-Aste-150x150.png 150w\" sizes=\"(max-width: 500px) 100vw, 500px\" \/>\t\t\t\t\t\t\t\t<\/a>\n\t\t\t\t\t\t\t\t\t\t\t\t\t\t\t<\/div>\n\t\t\t\t\t<\/div>\n\t\t<\/div>\n\t\t\t\t<div class=\"elementor-column elementor-col-33 elementor-top-column elementor-element elementor-element-2f078f1\" data-id=\"2f078f1\" data-element_type=\"column\" data-settings=\"{&quot;background_background&quot;:&quot;classic&quot;}\">\n\t\t\t<div class=\"elementor-widget-wrap elementor-element-populated\">\n\t\t\t\t\t\t<div class=\"elementor-element elementor-element-d036013 elementor-widget elementor-widget-exhibz-title\" data-id=\"d036013\" data-element_type=\"widget\" data-settings=\"{&quot;_animation&quot;:&quot;none&quot;,&quot;_animation_delay&quot;:&quot;350&quot;,&quot;ekit_we_effect_on&quot;:&quot;none&quot;}\" data-widget_type=\"exhibz-title.default\">\n\t\t\t\t<div class=\"elementor-widget-container\">\n\t\t\t\t\t\n    <div class=\"title-section-area\">\n        <h2 class=\"section-title\">\n            <span class=\"sub-title\">Profesora e Investigadora en la Pontifica Universidad Cat\u00f3lica de Per\u00fa<\/span>\n\t\t\t<a href=\"https:\/\/foro-mundial.org\/web\/speaker\/norma-correa-aste\/\" style=\"color: #3B1D82\">Norma Correa Aste\n<\/a>        <\/h2>\n\t\t                    <\/div><!-- Section title -->\n    \n    \n\n    \t\t\t\t<\/div>\n\t\t\t\t<\/div>\n\t\t\t\t<div class=\"elementor-element elementor-element-ed49da2 elementor-widget elementor-widget-text-editor\" data-id=\"ed49da2\" data-element_type=\"widget\" data-settings=\"{&quot;ekit_we_effect_on&quot;:&quot;none&quot;}\" data-widget_type=\"text-editor.default\">\n\t\t\t\t\t\t\t\t\t<p>\u201cCiencias Sociales para comprender m\u00e1s y mejor\u201d<\/p>\t\t\t\t\t\t\t\t<\/div>\n\t\t\t\t\t<\/div>\n\t\t<\/div>\n\t\t\t\t\t<\/div>\n\t\t<\/section>\n\t\t\t\t<section class=\"elementor-section elementor-top-section elementor-element elementor-element-126c1d5 elementor-section-boxed elementor-section-height-default elementor-section-height-default\" data-id=\"126c1d5\" data-element_type=\"section\">\n\t\t\t\t\t\t<div class=\"elementor-container elementor-column-gap-default\">\n\t\t\t\t\t<div class=\"elementor-column elementor-col-33 elementor-top-column elementor-element elementor-element-423b400\" data-id=\"423b400\" data-element_type=\"column\" data-settings=\"{&quot;background_background&quot;:&quot;classic&quot;}\">\n\t\t\t<div class=\"elementor-widget-wrap elementor-element-populated\">\n\t\t\t\t\t\t<div class=\"elementor-element elementor-element-8ecae1b elementor-widget elementor-widget-heading\" data-id=\"8ecae1b\" data-element_type=\"widget\" data-settings=\"{&quot;_animation&quot;:&quot;none&quot;,&quot;_animation_delay&quot;:&quot;350&quot;,&quot;ekit_we_effect_on&quot;:&quot;none&quot;}\" data-widget_type=\"heading.default\">\n\t\t\t\t\t<h2 class=\"elementor-heading-title elementor-size-default\"><a href=\"https:\/\/academy.foro-mundial.org\/bundle_details\/43\/congreso-mundial-de-estudiantes-de-comunicaci%C3%B3n-canc%C3%BAn-2024-ticket-digital\" target=\"_blank\">CONFERENCIA MAGISTRAL VIRTUAL<\/a><\/h2>\t\t\t\t<\/div>\n\t\t\t\t<div class=\"elementor-element elementor-element-e6059bb elementor-position-right elementor-vertical-align-middle elementor-widget__width-initial elementor-widget elementor-widget-image-box\" data-id=\"e6059bb\" data-element_type=\"widget\" data-settings=\"{&quot;_animation&quot;:&quot;none&quot;,&quot;_animation_delay&quot;:&quot;350&quot;,&quot;ekit_we_effect_on&quot;:&quot;none&quot;}\" data-widget_type=\"image-box.default\">\n\t\t\t\t\t<div class=\"elementor-image-box-wrapper\"><figure class=\"elementor-image-box-img\"><a href=\"https:\/\/academy.foro-mundial.org\/bundle_details\/43\/congreso-mundial-de-estudiantes-de-comunicaci%C3%B3n-canc%C3%BAn-2024-ticket-digital\" target=\"_blank\" tabindex=\"-1\"><img loading=\"lazy\" decoding=\"async\" width=\"330\" height=\"71\" src=\"https:\/\/foro-mundial.org\/web\/wp-content\/uploads\/2024\/02\/c73758de686279f745639eb7f81f6c51.png\" class=\"attachment-full size-full wp-image-13588\" alt=\"\" srcset=\"https:\/\/foro-mundial.org\/web\/wp-content\/uploads\/2024\/02\/c73758de686279f745639eb7f81f6c51.png 330w, https:\/\/foro-mundial.org\/web\/wp-content\/uploads\/2024\/02\/c73758de686279f745639eb7f81f6c51-300x65.png 300w\" sizes=\"(max-width: 330px) 100vw, 330px\" \/><\/a><\/figure><div class=\"elementor-image-box-content\"><span class=\"elementor-image-box-title\"><a href=\"https:\/\/academy.foro-mundial.org\/bundle_details\/43\/congreso-mundial-de-estudiantes-de-comunicaci%C3%B3n-canc%C3%BAn-2024-ticket-digital\" target=\"_blank\">VER EN<\/a><\/span><\/div><\/div>\t\t\t\t<\/div>\n\t\t\t\t\t<\/div>\n\t\t<\/div>\n\t\t\t\t<div class=\"elementor-column elementor-col-33 elementor-top-column elementor-element elementor-element-cbe92c0\" data-id=\"cbe92c0\" data-element_type=\"column\" data-settings=\"{&quot;background_background&quot;:&quot;classic&quot;}\">\n\t\t\t<div class=\"elementor-widget-wrap elementor-element-populated\">\n\t\t\t\t\t\t<div class=\"elementor-element elementor-element-906d71a elementor-widget elementor-widget-image\" data-id=\"906d71a\" data-element_type=\"widget\" data-settings=\"{&quot;ekit_we_effect_on&quot;:&quot;none&quot;}\" data-widget_type=\"image.default\">\n\t\t\t\t\t\t\t\t\t\t\t\t\t\t\t\t<a href=\"https:\/\/foro-mundial.org\/web\/speaker\/javier-fernandez-del-moral\/\" target=\"_blank\">\n\t\t\t\t\t\t\t<img loading=\"lazy\" decoding=\"async\" width=\"500\" height=\"500\" src=\"https:\/\/foro-mundial.org\/web\/wp-content\/uploads\/2023\/06\/Conferencista-Javier-Moral.png\" class=\"attachment-large size-large wp-image-9385\" alt=\"\" srcset=\"https:\/\/foro-mundial.org\/web\/wp-content\/uploads\/2023\/06\/Conferencista-Javier-Moral.png 500w, https:\/\/foro-mundial.org\/web\/wp-content\/uploads\/2023\/06\/Conferencista-Javier-Moral-300x300.png 300w, https:\/\/foro-mundial.org\/web\/wp-content\/uploads\/2023\/06\/Conferencista-Javier-Moral-150x150.png 150w\" sizes=\"(max-width: 500px) 100vw, 500px\" \/>\t\t\t\t\t\t\t\t<\/a>\n\t\t\t\t\t\t\t\t\t\t\t\t\t\t\t<\/div>\n\t\t\t\t\t<\/div>\n\t\t<\/div>\n\t\t\t\t<div class=\"elementor-column elementor-col-33 elementor-top-column elementor-element elementor-element-9de97b8\" data-id=\"9de97b8\" data-element_type=\"column\" data-settings=\"{&quot;background_background&quot;:&quot;classic&quot;}\">\n\t\t\t<div class=\"elementor-widget-wrap elementor-element-populated\">\n\t\t\t\t\t\t<div class=\"elementor-element elementor-element-09d1460 elementor-widget elementor-widget-exhibz-title\" data-id=\"09d1460\" data-element_type=\"widget\" data-settings=\"{&quot;_animation&quot;:&quot;none&quot;,&quot;_animation_delay&quot;:&quot;350&quot;,&quot;ekit_we_effect_on&quot;:&quot;none&quot;}\" data-widget_type=\"exhibz-title.default\">\n\t\t\t\t<div class=\"elementor-widget-container\">\n\t\t\t\t\t\n    <div class=\"title-section-area\">\n        <h2 class=\"section-title\">\n            <span class=\"sub-title\">Catedr\u00e1tico de Periodismo Especializado en la Facultad de Ciencias de la Informaci\u00f3n de la Universidad Complutense de Madrid<\/span>\n\t\t\t<a href=\"https:\/\/foro-mundial.org\/web\/speaker\/javier-fernandez-del-moral\/\" style=\"color: #3B1D82\">Javier Fern\u00e1ndez del Moral\n<\/a>        <\/h2>\n\t\t                    <\/div><!-- Section title -->\n    \n    \n\n    \t\t\t\t<\/div>\n\t\t\t\t<\/div>\n\t\t\t\t<div class=\"elementor-element elementor-element-fcacb8d elementor-widget elementor-widget-text-editor\" data-id=\"fcacb8d\" data-element_type=\"widget\" data-settings=\"{&quot;ekit_we_effect_on&quot;:&quot;none&quot;}\" data-widget_type=\"text-editor.default\">\n\t\t\t\t\t\t\t\t\t<p>\u201c\u00c1reas de Especializaci\u00f3n Period\u00edstica\u201d<\/p>\t\t\t\t\t\t\t\t<\/div>\n\t\t\t\t\t<\/div>\n\t\t<\/div>\n\t\t\t\t\t<\/div>\n\t\t<\/section>\n\t\t\t\t<section class=\"elementor-section elementor-top-section elementor-element elementor-element-4168244 elementor-section-boxed elementor-section-height-default elementor-section-height-default\" data-id=\"4168244\" data-element_type=\"section\">\n\t\t\t\t\t\t<div class=\"elementor-container elementor-column-gap-default\">\n\t\t\t\t\t<div class=\"elementor-column elementor-col-33 elementor-top-column elementor-element elementor-element-f793005\" data-id=\"f793005\" data-element_type=\"column\" data-settings=\"{&quot;background_background&quot;:&quot;classic&quot;}\">\n\t\t\t<div class=\"elementor-widget-wrap elementor-element-populated\">\n\t\t\t\t\t\t<div class=\"elementor-element elementor-element-f1882c8 elementor-widget elementor-widget-heading\" data-id=\"f1882c8\" data-element_type=\"widget\" data-settings=\"{&quot;_animation&quot;:&quot;none&quot;,&quot;_animation_delay&quot;:&quot;350&quot;,&quot;ekit_we_effect_on&quot;:&quot;none&quot;}\" data-widget_type=\"heading.default\">\n\t\t\t\t\t<h2 class=\"elementor-heading-title elementor-size-default\"><a href=\"https:\/\/academy.foro-mundial.org\/bundle_details\/43\/congreso-mundial-de-estudiantes-de-comunicaci%C3%B3n-canc%C3%BAn-2024-ticket-digital\" target=\"_blank\">CONFERENCIA MAGISTRAL VIRTUAL<\/a><\/h2>\t\t\t\t<\/div>\n\t\t\t\t<div class=\"elementor-element elementor-element-26bfaf1 elementor-position-right elementor-vertical-align-middle elementor-widget__width-initial elementor-widget elementor-widget-image-box\" data-id=\"26bfaf1\" data-element_type=\"widget\" data-settings=\"{&quot;_animation&quot;:&quot;none&quot;,&quot;_animation_delay&quot;:&quot;350&quot;,&quot;ekit_we_effect_on&quot;:&quot;none&quot;}\" data-widget_type=\"image-box.default\">\n\t\t\t\t\t<div class=\"elementor-image-box-wrapper\"><figure class=\"elementor-image-box-img\"><a href=\"https:\/\/academy.foro-mundial.org\/bundle_details\/43\/congreso-mundial-de-estudiantes-de-comunicaci%C3%B3n-canc%C3%BAn-2024-ticket-digital\" target=\"_blank\" tabindex=\"-1\"><img loading=\"lazy\" decoding=\"async\" width=\"330\" height=\"71\" src=\"https:\/\/foro-mundial.org\/web\/wp-content\/uploads\/2024\/02\/c73758de686279f745639eb7f81f6c51.png\" class=\"attachment-full size-full wp-image-13588\" alt=\"\" srcset=\"https:\/\/foro-mundial.org\/web\/wp-content\/uploads\/2024\/02\/c73758de686279f745639eb7f81f6c51.png 330w, https:\/\/foro-mundial.org\/web\/wp-content\/uploads\/2024\/02\/c73758de686279f745639eb7f81f6c51-300x65.png 300w\" sizes=\"(max-width: 330px) 100vw, 330px\" \/><\/a><\/figure><div class=\"elementor-image-box-content\"><span class=\"elementor-image-box-title\"><a href=\"https:\/\/academy.foro-mundial.org\/bundle_details\/43\/congreso-mundial-de-estudiantes-de-comunicaci%C3%B3n-canc%C3%BAn-2024-ticket-digital\" target=\"_blank\">VER EN<\/a><\/span><\/div><\/div>\t\t\t\t<\/div>\n\t\t\t\t\t<\/div>\n\t\t<\/div>\n\t\t\t\t<div class=\"elementor-column elementor-col-33 elementor-top-column elementor-element elementor-element-bb22497\" data-id=\"bb22497\" data-element_type=\"column\" data-settings=\"{&quot;background_background&quot;:&quot;classic&quot;}\">\n\t\t\t<div class=\"elementor-widget-wrap elementor-element-populated\">\n\t\t\t\t\t\t<div class=\"elementor-element elementor-element-d456df3 elementor-widget elementor-widget-image\" data-id=\"d456df3\" data-element_type=\"widget\" data-settings=\"{&quot;ekit_we_effect_on&quot;:&quot;none&quot;}\" data-widget_type=\"image.default\">\n\t\t\t\t\t\t\t\t\t\t\t\t\t\t\t\t<a href=\"https:\/\/foro-mundial.org\/web\/speaker\/javier-fernandez-arribas\/\" target=\"_blank\">\n\t\t\t\t\t\t\t<img loading=\"lazy\" decoding=\"async\" width=\"500\" height=\"500\" src=\"https:\/\/foro-mundial.org\/web\/wp-content\/uploads\/2023\/06\/Conferencista-Javier-Arribas.png\" class=\"attachment-large size-large wp-image-9388\" alt=\"\" srcset=\"https:\/\/foro-mundial.org\/web\/wp-content\/uploads\/2023\/06\/Conferencista-Javier-Arribas.png 500w, https:\/\/foro-mundial.org\/web\/wp-content\/uploads\/2023\/06\/Conferencista-Javier-Arribas-300x300.png 300w, https:\/\/foro-mundial.org\/web\/wp-content\/uploads\/2023\/06\/Conferencista-Javier-Arribas-150x150.png 150w\" sizes=\"(max-width: 500px) 100vw, 500px\" \/>\t\t\t\t\t\t\t\t<\/a>\n\t\t\t\t\t\t\t\t\t\t\t\t\t\t\t<\/div>\n\t\t\t\t\t<\/div>\n\t\t<\/div>\n\t\t\t\t<div class=\"elementor-column elementor-col-33 elementor-top-column elementor-element elementor-element-f549b13\" data-id=\"f549b13\" data-element_type=\"column\" data-settings=\"{&quot;background_background&quot;:&quot;classic&quot;}\">\n\t\t\t<div class=\"elementor-widget-wrap elementor-element-populated\">\n\t\t\t\t\t\t<div class=\"elementor-element elementor-element-a532a90 elementor-widget elementor-widget-exhibz-title\" data-id=\"a532a90\" data-element_type=\"widget\" data-settings=\"{&quot;_animation&quot;:&quot;none&quot;,&quot;_animation_delay&quot;:&quot;350&quot;,&quot;ekit_we_effect_on&quot;:&quot;none&quot;}\" data-widget_type=\"exhibz-title.default\">\n\t\t\t\t<div class=\"elementor-widget-container\">\n\t\t\t\t\t\n    <div class=\"title-section-area\">\n        <h2 class=\"section-title\">\n            <span class=\"sub-title\">Director de la revista Atalayar<\/span>\n\t\t\t<a href=\"https:\/\/foro-mundial.org\/web\/speaker\/javier-fernandez-arribas\/\" style=\"color: #3B1D82\">Javier Fern\u00e1ndez Arribas\n<\/a>        <\/h2>\n\t\t                    <\/div><!-- Section title -->\n    \n    \n\n    \t\t\t\t<\/div>\n\t\t\t\t<\/div>\n\t\t\t\t<div class=\"elementor-element elementor-element-6de2a87 elementor-widget elementor-widget-text-editor\" data-id=\"6de2a87\" data-element_type=\"widget\" data-settings=\"{&quot;ekit_we_effect_on&quot;:&quot;none&quot;}\" data-widget_type=\"text-editor.default\">\n\t\t\t\t\t\t\t\t\t<p>\u201cLa informaci\u00f3n es un arma m\u00e1s\u201d<\/p>\t\t\t\t\t\t\t\t<\/div>\n\t\t\t\t\t<\/div>\n\t\t<\/div>\n\t\t\t\t\t<\/div>\n\t\t<\/section>\n\t\t\t\t<section class=\"elementor-section elementor-top-section elementor-element elementor-element-3436a2c elementor-section-boxed elementor-section-height-default elementor-section-height-default\" data-id=\"3436a2c\" data-element_type=\"section\">\n\t\t\t\t\t\t<div class=\"elementor-container elementor-column-gap-default\">\n\t\t\t\t\t<div class=\"elementor-column elementor-col-33 elementor-top-column elementor-element elementor-element-44d66c9\" data-id=\"44d66c9\" data-element_type=\"column\" data-settings=\"{&quot;background_background&quot;:&quot;classic&quot;}\">\n\t\t\t<div class=\"elementor-widget-wrap elementor-element-populated\">\n\t\t\t\t\t\t<div class=\"elementor-element elementor-element-c62e5f6 elementor-widget elementor-widget-heading\" data-id=\"c62e5f6\" data-element_type=\"widget\" data-settings=\"{&quot;_animation&quot;:&quot;none&quot;,&quot;_animation_delay&quot;:&quot;350&quot;,&quot;ekit_we_effect_on&quot;:&quot;none&quot;}\" data-widget_type=\"heading.default\">\n\t\t\t\t\t<h2 class=\"elementor-heading-title elementor-size-default\"><a href=\"https:\/\/academy.foro-mundial.org\/bundle_details\/43\/congreso-mundial-de-estudiantes-de-comunicaci%C3%B3n-canc%C3%BAn-2024-ticket-digital\" target=\"_blank\">CONFERENCIA MAGISTRAL VIRTUAL<\/a><\/h2>\t\t\t\t<\/div>\n\t\t\t\t<div class=\"elementor-element elementor-element-2f46f08 elementor-position-right elementor-vertical-align-middle elementor-widget__width-initial elementor-widget elementor-widget-image-box\" data-id=\"2f46f08\" data-element_type=\"widget\" data-settings=\"{&quot;_animation&quot;:&quot;none&quot;,&quot;_animation_delay&quot;:&quot;350&quot;,&quot;ekit_we_effect_on&quot;:&quot;none&quot;}\" data-widget_type=\"image-box.default\">\n\t\t\t\t\t<div class=\"elementor-image-box-wrapper\"><figure class=\"elementor-image-box-img\"><a href=\"https:\/\/academy.foro-mundial.org\/bundle_details\/43\/congreso-mundial-de-estudiantes-de-comunicaci%C3%B3n-canc%C3%BAn-2024-ticket-digital\" target=\"_blank\" tabindex=\"-1\"><img loading=\"lazy\" decoding=\"async\" width=\"330\" height=\"71\" src=\"https:\/\/foro-mundial.org\/web\/wp-content\/uploads\/2024\/02\/c73758de686279f745639eb7f81f6c51.png\" class=\"attachment-full size-full wp-image-13588\" alt=\"\" srcset=\"https:\/\/foro-mundial.org\/web\/wp-content\/uploads\/2024\/02\/c73758de686279f745639eb7f81f6c51.png 330w, https:\/\/foro-mundial.org\/web\/wp-content\/uploads\/2024\/02\/c73758de686279f745639eb7f81f6c51-300x65.png 300w\" sizes=\"(max-width: 330px) 100vw, 330px\" \/><\/a><\/figure><div class=\"elementor-image-box-content\"><span class=\"elementor-image-box-title\"><a href=\"https:\/\/academy.foro-mundial.org\/bundle_details\/43\/congreso-mundial-de-estudiantes-de-comunicaci%C3%B3n-canc%C3%BAn-2024-ticket-digital\" target=\"_blank\">VER EN<\/a><\/span><\/div><\/div>\t\t\t\t<\/div>\n\t\t\t\t\t<\/div>\n\t\t<\/div>\n\t\t\t\t<div class=\"elementor-column elementor-col-33 elementor-top-column elementor-element elementor-element-6c810bd\" data-id=\"6c810bd\" data-element_type=\"column\" data-settings=\"{&quot;background_background&quot;:&quot;classic&quot;}\">\n\t\t\t<div class=\"elementor-widget-wrap elementor-element-populated\">\n\t\t\t\t\t\t<div class=\"elementor-element elementor-element-4aea0fc elementor-widget elementor-widget-image\" data-id=\"4aea0fc\" data-element_type=\"widget\" data-settings=\"{&quot;ekit_we_effect_on&quot;:&quot;none&quot;}\" data-widget_type=\"image.default\">\n\t\t\t\t\t\t\t\t\t\t\t\t\t\t\t\t<a href=\"https:\/\/foro-mundial.org\/web\/speaker\/david-llorentes\/\" target=\"_blank\">\n\t\t\t\t\t\t\t<img loading=\"lazy\" decoding=\"async\" width=\"500\" height=\"500\" src=\"https:\/\/foro-mundial.org\/web\/wp-content\/uploads\/2023\/06\/Conferencista-David-Llorentes.png\" class=\"attachment-large size-large wp-image-9390\" alt=\"\" srcset=\"https:\/\/foro-mundial.org\/web\/wp-content\/uploads\/2023\/06\/Conferencista-David-Llorentes.png 500w, https:\/\/foro-mundial.org\/web\/wp-content\/uploads\/2023\/06\/Conferencista-David-Llorentes-300x300.png 300w, https:\/\/foro-mundial.org\/web\/wp-content\/uploads\/2023\/06\/Conferencista-David-Llorentes-150x150.png 150w\" sizes=\"(max-width: 500px) 100vw, 500px\" \/>\t\t\t\t\t\t\t\t<\/a>\n\t\t\t\t\t\t\t\t\t\t\t\t\t\t\t<\/div>\n\t\t\t\t\t<\/div>\n\t\t<\/div>\n\t\t\t\t<div class=\"elementor-column elementor-col-33 elementor-top-column elementor-element elementor-element-8588ef4\" data-id=\"8588ef4\" data-element_type=\"column\" data-settings=\"{&quot;background_background&quot;:&quot;classic&quot;}\">\n\t\t\t<div class=\"elementor-widget-wrap elementor-element-populated\">\n\t\t\t\t\t\t<div class=\"elementor-element elementor-element-7dc6e96 elementor-widget elementor-widget-exhibz-title\" data-id=\"7dc6e96\" data-element_type=\"widget\" data-settings=\"{&quot;_animation&quot;:&quot;none&quot;,&quot;_animation_delay&quot;:&quot;350&quot;,&quot;ekit_we_effect_on&quot;:&quot;none&quot;}\" data-widget_type=\"exhibz-title.default\">\n\t\t\t\t<div class=\"elementor-widget-container\">\n\t\t\t\t\t\n    <div class=\"title-section-area\">\n        <h2 class=\"section-title\">\n            <span class=\"sub-title\">Co-Founder &amp; CEO, Narrativa<\/span>\n\t\t\t<a href=\"https:\/\/foro-mundial.org\/web\/speaker\/david-llorentes\/\" style=\"color: #3B1D82\">David Llorentes\n<\/a>        <\/h2>\n\t\t                    <\/div><!-- Section title -->\n    \n    \n\n    \t\t\t\t<\/div>\n\t\t\t\t<\/div>\n\t\t\t\t<div class=\"elementor-element elementor-element-3c5d378 elementor-widget elementor-widget-text-editor\" data-id=\"3c5d378\" data-element_type=\"widget\" data-settings=\"{&quot;ekit_we_effect_on&quot;:&quot;none&quot;}\" data-widget_type=\"text-editor.default\">\n\t\t\t\t\t\t\t\t\t<p>\u201cEl periodismo ante la inteligencia artificial\u201d<\/p>\t\t\t\t\t\t\t\t<\/div>\n\t\t\t\t\t<\/div>\n\t\t<\/div>\n\t\t\t\t\t<\/div>\n\t\t<\/section>\n\t\t\t\t<section class=\"elementor-section elementor-top-section elementor-element elementor-element-4afd60b elementor-section-boxed elementor-section-height-default elementor-section-height-default\" data-id=\"4afd60b\" data-element_type=\"section\" data-settings=\"{&quot;background_background&quot;:&quot;classic&quot;}\">\n\t\t\t\t\t\t<div class=\"elementor-container elementor-column-gap-default\">\n\t\t\t\t\t<div class=\"elementor-column elementor-col-100 elementor-top-column elementor-element elementor-element-a406a18\" data-id=\"a406a18\" data-element_type=\"column\" data-settings=\"{&quot;background_background&quot;:&quot;classic&quot;}\">\n\t\t\t<div class=\"elementor-widget-wrap elementor-element-populated\">\n\t\t\t\t\t\t<div class=\"elementor-element elementor-element-e97fd60 elementor-widget elementor-widget-spacer\" data-id=\"e97fd60\" data-element_type=\"widget\" data-settings=\"{&quot;ekit_we_effect_on&quot;:&quot;none&quot;}\" data-widget_type=\"spacer.default\">\n\t\t\t\t\t\t\t<div class=\"elementor-spacer\">\n\t\t\t<div class=\"elementor-spacer-inner\"><\/div>\n\t\t<\/div>\n\t\t\t\t\t\t<\/div>\n\t\t\t\t\t<\/div>\n\t\t<\/div>\n\t\t\t\t\t<\/div>\n\t\t<\/section>\n\t\t\t\t<section class=\"elementor-section elementor-top-section elementor-element elementor-element-5267d9d elementor-section-boxed elementor-section-height-default elementor-section-height-default\" data-id=\"5267d9d\" data-element_type=\"section\" data-settings=\"{&quot;background_background&quot;:&quot;classic&quot;}\">\n\t\t\t\t\t\t<div class=\"elementor-container elementor-column-gap-default\">\n\t\t\t\t\t<div class=\"elementor-column elementor-col-50 elementor-top-column elementor-element elementor-element-9592003\" data-id=\"9592003\" data-element_type=\"column\">\n\t\t\t<div class=\"elementor-widget-wrap elementor-element-populated\">\n\t\t\t\t\t\t<div class=\"elementor-element elementor-element-edd1285 elementor-widget elementor-widget-testimonial-carousel\" data-id=\"edd1285\" data-element_type=\"widget\" data-settings=\"{&quot;ekit_we_effect_on&quot;:&quot;none&quot;}\" data-widget_type=\"testimonial-carousel.default\">\n\t\t\t\t<div class=\"elementor-widget-container\">\n\t\t\t\t\t \t\t\t\t<\/div>\n\t\t\t\t<\/div>\n\t\t\t\t\t<\/div>\n\t\t<\/div>\n\t\t\t\t<div class=\"elementor-column elementor-col-50 elementor-top-column elementor-element elementor-element-b10d199\" data-id=\"b10d199\" data-element_type=\"column\">\n\t\t\t<div class=\"elementor-widget-wrap elementor-element-populated\">\n\t\t\t\t\t\t<div class=\"elementor-element elementor-element-51fdc21 elementor-tabs-view-horizontal elementor-widget elementor-widget-tabs\" data-id=\"51fdc21\" data-element_type=\"widget\" data-settings=\"{&quot;ekit_we_effect_on&quot;:&quot;none&quot;}\" data-widget_type=\"tabs.default\">\n\t\t\t\t\t\t\t<div class=\"elementor-tabs\">\n\t\t\t<div class=\"elementor-tabs-wrapper\" role=\"tablist\" >\n\t\t\t\t\t\t\t\t\t<div id=\"elementor-tab-title-8591\" class=\"elementor-tab-title elementor-tab-desktop-title\" aria-selected=\"true\" data-tab=\"1\" role=\"tab\" tabindex=\"0\" aria-controls=\"elementor-tab-content-8591\" aria-expanded=\"false\">\u3164Inovaci\u00f3n<\/div>\n\t\t\t\t\t\t\t\t\t<div id=\"elementor-tab-title-8592\" class=\"elementor-tab-title elementor-tab-desktop-title\" aria-selected=\"false\" data-tab=\"2\" role=\"tab\" tabindex=\"-1\" aria-controls=\"elementor-tab-content-8592\" aria-expanded=\"false\">\u3164Liderazgo<\/div>\n\t\t\t\t\t\t\t\t\t<div id=\"elementor-tab-title-8593\" class=\"elementor-tab-title elementor-tab-desktop-title\" aria-selected=\"false\" data-tab=\"3\" role=\"tab\" tabindex=\"-1\" aria-controls=\"elementor-tab-content-8593\" aria-expanded=\"false\">\u3164Networking<\/div>\n\t\t\t\t\t\t\t<\/div>\n\t\t\t<div class=\"elementor-tabs-content-wrapper\" role=\"tablist\" aria-orientation=\"vertical\">\n\t\t\t\t\t\t\t\t\t<div class=\"elementor-tab-title elementor-tab-mobile-title\" aria-selected=\"true\" data-tab=\"1\" role=\"tab\" tabindex=\"0\" aria-controls=\"elementor-tab-content-8591\" aria-expanded=\"false\">\u3164Inovaci\u00f3n<\/div>\n\t\t\t\t\t<div id=\"elementor-tab-content-8591\" class=\"elementor-tab-content elementor-clearfix\" data-tab=\"1\" role=\"tabpanel\" aria-labelledby=\"elementor-tab-title-8591\" tabindex=\"0\" hidden=\"false\"><p><img loading=\"lazy\" decoding=\"async\" class=\"size-full wp-image-3615 aligncenter\" src=\"https:\/\/foro-mundial.org\/web\/wp-content\/uploads\/2023\/05\/hexagono-01.png\" alt=\"\" width=\"263\" height=\"260\" \/><\/p><p>En el\u00a0<strong>Congreso Mundial de Estudiantes de Ciencias de la Comunicaci\u00f3n\u00a0<\/strong>encontraras innovaci\u00f3n en educaci\u00f3n de vanguardia donde sabemos que la \u00a0transformaci\u00f3n de la ense\u00f1anza debe caminar hacia la inclusi\u00f3n de metodolog\u00edas modernas.<\/p><\/div>\n\t\t\t\t\t\t\t\t\t<div class=\"elementor-tab-title elementor-tab-mobile-title\" aria-selected=\"false\" data-tab=\"2\" role=\"tab\" tabindex=\"-1\" aria-controls=\"elementor-tab-content-8592\" aria-expanded=\"false\">\u3164Liderazgo<\/div>\n\t\t\t\t\t<div id=\"elementor-tab-content-8592\" class=\"elementor-tab-content elementor-clearfix\" data-tab=\"2\" role=\"tabpanel\" aria-labelledby=\"elementor-tab-title-8592\" tabindex=\"0\" hidden=\"hidden\"><p><img loading=\"lazy\" decoding=\"async\" class=\"size-full wp-image-3616 aligncenter\" src=\"https:\/\/foro-mundial.org\/web\/wp-content\/uploads\/2023\/05\/hexagono-02.png\" alt=\"\" width=\"263\" height=\"260\" \/><\/p><p>El\u00a0<strong>Congreso Mundial de Estudiantes de Ciencias de la Comunicaci\u00f3n\u00a0<\/strong>mantiene el liderazgo como el evento m\u00e1s grande e importante a nivel mundial para estudiantes de ciencias m\u00e9dicas que los vincula con reconocidos especialistas y expertos.<\/p><\/div>\n\t\t\t\t\t\t\t\t\t<div class=\"elementor-tab-title elementor-tab-mobile-title\" aria-selected=\"false\" data-tab=\"3\" role=\"tab\" tabindex=\"-1\" aria-controls=\"elementor-tab-content-8593\" aria-expanded=\"false\">\u3164Networking<\/div>\n\t\t\t\t\t<div id=\"elementor-tab-content-8593\" class=\"elementor-tab-content elementor-clearfix\" data-tab=\"3\" role=\"tabpanel\" aria-labelledby=\"elementor-tab-title-8593\" tabindex=\"0\" hidden=\"hidden\"><p><img loading=\"lazy\" decoding=\"async\" class=\"size-full wp-image-3617 aligncenter\" src=\"https:\/\/foro-mundial.org\/web\/wp-content\/uploads\/2023\/05\/hexagono-03.png\" alt=\"\" width=\"263\" height=\"260\" \/><\/p><p>El\u00a0<strong>Congreso Mundial de Estudiantes de Ciencias de la Comunicaci\u00f3n\u00a0<\/strong>constituye la plataforma ideal para hacer amistad con estudiantes de otras partes del mundo, y crear una red \u00a0profesional de contactos a largo plazo.<\/p><\/div>\n\t\t\t\t\t\t\t<\/div>\n\t\t<\/div>\n\t\t\t\t\t\t<\/div>\n\t\t\t\t\t<\/div>\n\t\t<\/div>\n\t\t\t\t\t<\/div>\n\t\t<\/section>\n\t\t\t\t<section class=\"elementor-section elementor-top-section elementor-element elementor-element-e7f3909 elementor-section-boxed elementor-section-height-default elementor-section-height-default\" data-id=\"e7f3909\" data-element_type=\"section\" data-settings=\"{&quot;background_background&quot;:&quot;classic&quot;}\">\n\t\t\t\t\t\t<div class=\"elementor-container elementor-column-gap-no\">\n\t\t\t\t\t<div class=\"elementor-column elementor-col-100 elementor-top-column elementor-element elementor-element-362446c\" data-id=\"362446c\" data-element_type=\"column\" data-settings=\"{&quot;background_background&quot;:&quot;classic&quot;}\">\n\t\t\t<div class=\"elementor-widget-wrap elementor-element-populated\">\n\t\t\t\t\t\t<div class=\"elementor-element elementor-element-a2599ee elementor-widget elementor-widget-image\" data-id=\"a2599ee\" data-element_type=\"widget\" data-settings=\"{&quot;ekit_we_effect_on&quot;:&quot;none&quot;}\" data-widget_type=\"image.default\">\n\t\t\t\t\t\t\t\t\t\t\t\t\t\t\t<img loading=\"lazy\" decoding=\"async\" width=\"2296\" height=\"609\" src=\"https:\/\/foro-mundial.org\/web\/wp-content\/uploads\/2023\/06\/top-paquete-octubre-2023.png\" class=\"attachment-full size-full wp-image-10049\" alt=\"\" srcset=\"https:\/\/foro-mundial.org\/web\/wp-content\/uploads\/2023\/06\/top-paquete-octubre-2023.png 2296w, https:\/\/foro-mundial.org\/web\/wp-content\/uploads\/2023\/06\/top-paquete-octubre-2023-300x80.png 300w, https:\/\/foro-mundial.org\/web\/wp-content\/uploads\/2023\/06\/top-paquete-octubre-2023-1024x272.png 1024w, https:\/\/foro-mundial.org\/web\/wp-content\/uploads\/2023\/06\/top-paquete-octubre-2023-768x204.png 768w, https:\/\/foro-mundial.org\/web\/wp-content\/uploads\/2023\/06\/top-paquete-octubre-2023-1536x407.png 1536w, https:\/\/foro-mundial.org\/web\/wp-content\/uploads\/2023\/06\/top-paquete-octubre-2023-2048x543.png 2048w\" sizes=\"(max-width: 2296px) 100vw, 2296px\" \/>\t\t\t\t\t\t\t\t\t\t\t\t\t\t\t<\/div>\n\t\t\t\t<div class=\"elementor-element elementor-element-e7fafee elementor-invisible elementor-widget elementor-widget-exhibz-title\" data-id=\"e7fafee\" data-element_type=\"widget\" data-settings=\"{&quot;_animation&quot;:&quot;fadeInUp&quot;,&quot;ekit_we_effect_on&quot;:&quot;none&quot;}\" data-widget_type=\"exhibz-title.default\">\n\t\t\t\t<div class=\"elementor-widget-container\">\n\t\t\t\t\t\n    <div class=\"title-section-area\">\n        <h2 class=\"section-title\">\n            <span class=\"sub-title\">PAQUETE TODO INCLUIDO HOTEL GRAND OASIS<\/span>\n\t\t\tConoce el Paquete  B\u00e1sico        <\/h2>\n\t\t                    <span class=\"title-shape\">\n                  <svg xmlns='http:\/\/www.w3.org\/2000\/svg' xmlns:xlink='http:\/\/www.w3.org\/1999\/xlink' width='71px' height='11px'> <path fill-rule='evenodd' d='M59.669,10.710 L49.164,3.306 L39.428,10.681 L29.714,3.322 L20.006,10.682 L10.295,3.322 L1.185,10.228 L-0.010,8.578 L10.295,0.765 L20.006,8.125 L29.714,0.765 L39.428,8.125 L49.122,0.781 L59.680,8.223 L69.858,1.192 L70.982,2.895 L59.669,10.710 Z'\/><\/svg>\n            <\/span>\n                    <\/div><!-- Section title -->\n    \n    \n\n    \t\t\t\t<\/div>\n\t\t\t\t<\/div>\n\t\t\t\t<div class=\"elementor-element elementor-element-92acaba elementor-widget__width-initial elementor-widget-mobile__width-inherit elementor-list-item-link-full_width elementor-widget elementor-widget-icon-list\" data-id=\"92acaba\" data-element_type=\"widget\" data-settings=\"{&quot;ekit_we_effect_on&quot;:&quot;none&quot;}\" data-widget_type=\"icon-list.default\">\n\t\t\t\t\t\t\t<ul class=\"elementor-icon-list-items\">\n\t\t\t\t\t\t\t<li class=\"elementor-icon-list-item\">\n\t\t\t\t\t\t\t\t\t\t\t<span class=\"elementor-icon-list-icon\">\n\t\t\t\t\t\t\t<svg aria-hidden=\"true\" class=\"e-font-icon-svg e-far-address-card\" viewBox=\"0 0 576 512\" xmlns=\"http:\/\/www.w3.org\/2000\/svg\"><path d=\"M528 32H48C21.5 32 0 53.5 0 80v352c0 26.5 21.5 48 48 48h480c26.5 0 48-21.5 48-48V80c0-26.5-21.5-48-48-48zm0 400H48V80h480v352zM208 256c35.3 0 64-28.7 64-64s-28.7-64-64-64-64 28.7-64 64 28.7 64 64 64zm-89.6 128h179.2c12.4 0 22.4-8.6 22.4-19.2v-19.2c0-31.8-30.1-57.6-67.2-57.6-10.8 0-18.7 8-44.8 8-26.9 0-33.4-8-44.8-8-37.1 0-67.2 25.8-67.2 57.6v19.2c0 10.6 10 19.2 22.4 19.2zM360 320h112c4.4 0 8-3.6 8-8v-16c0-4.4-3.6-8-8-8H360c-4.4 0-8 3.6-8 8v16c0 4.4 3.6 8 8 8zm0-64h112c4.4 0 8-3.6 8-8v-16c0-4.4-3.6-8-8-8H360c-4.4 0-8 3.6-8 8v16c0 4.4 3.6 8 8 8zm0-64h112c4.4 0 8-3.6 8-8v-16c0-4.4-3.6-8-8-8H360c-4.4 0-8 3.6-8 8v16c0 4.4 3.6 8 8 8z\"><\/path><\/svg>\t\t\t\t\t\t<\/span>\n\t\t\t\t\t\t\t\t\t\t<span class=\"elementor-icon-list-text\">Carnet Electr\u00f3nico de Acceso al Congreso<br>Material Did\u00e1ctico de Apoyo<\/span>\n\t\t\t\t\t\t\t\t\t<\/li>\n\t\t\t\t\t\t\t\t<li class=\"elementor-icon-list-item\">\n\t\t\t\t\t\t\t\t\t\t\t<span class=\"elementor-icon-list-icon\">\n\t\t\t\t\t\t\t<svg aria-hidden=\"true\" class=\"e-font-icon-svg e-fas-medal\" viewBox=\"0 0 512 512\" xmlns=\"http:\/\/www.w3.org\/2000\/svg\"><path d=\"M223.75 130.75L154.62 15.54A31.997 31.997 0 0 0 127.18 0H16.03C3.08 0-4.5 14.57 2.92 25.18l111.27 158.96c29.72-27.77 67.52-46.83 109.56-53.39zM495.97 0H384.82c-11.24 0-21.66 5.9-27.44 15.54l-69.13 115.21c42.04 6.56 79.84 25.62 109.56 53.38L509.08 25.18C516.5 14.57 508.92 0 495.97 0zM256 160c-97.2 0-176 78.8-176 176s78.8 176 176 176 176-78.8 176-176-78.8-176-176-176zm92.52 157.26l-37.93 36.96 8.97 52.22c1.6 9.36-8.26 16.51-16.65 12.09L256 393.88l-46.9 24.65c-8.4 4.45-18.25-2.74-16.65-12.09l8.97-52.22-37.93-36.96c-6.82-6.64-3.05-18.23 6.35-19.59l52.43-7.64 23.43-47.52c2.11-4.28 6.19-6.39 10.28-6.39 4.11 0 8.22 2.14 10.33 6.39l23.43 47.52 52.43 7.64c9.4 1.36 13.17 12.95 6.35 19.59z\"><\/path><\/svg>\t\t\t\t\t\t<\/span>\n\t\t\t\t\t\t\t\t\t\t<span class=\"elementor-icon-list-text\">Constancia Avalada y certificada con 20 puntos de Valor<br>Curricular por la WFUE <\/span>\n\t\t\t\t\t\t\t\t\t<\/li>\n\t\t\t\t\t\t\t\t<li class=\"elementor-icon-list-item\">\n\t\t\t\t\t\t\t\t\t\t\t<span class=\"elementor-icon-list-icon\">\n\t\t\t\t\t\t\t<svg aria-hidden=\"true\" class=\"e-font-icon-svg e-far-building\" viewBox=\"0 0 448 512\" xmlns=\"http:\/\/www.w3.org\/2000\/svg\"><path d=\"M128 148v-40c0-6.6 5.4-12 12-12h40c6.6 0 12 5.4 12 12v40c0 6.6-5.4 12-12 12h-40c-6.6 0-12-5.4-12-12zm140 12h40c6.6 0 12-5.4 12-12v-40c0-6.6-5.4-12-12-12h-40c-6.6 0-12 5.4-12 12v40c0 6.6 5.4 12 12 12zm-128 96h40c6.6 0 12-5.4 12-12v-40c0-6.6-5.4-12-12-12h-40c-6.6 0-12 5.4-12 12v40c0 6.6 5.4 12 12 12zm128 0h40c6.6 0 12-5.4 12-12v-40c0-6.6-5.4-12-12-12h-40c-6.6 0-12 5.4-12 12v40c0 6.6 5.4 12 12 12zm-76 84v-40c0-6.6-5.4-12-12-12h-40c-6.6 0-12 5.4-12 12v40c0 6.6 5.4 12 12 12h40c6.6 0 12-5.4 12-12zm76 12h40c6.6 0 12-5.4 12-12v-40c0-6.6-5.4-12-12-12h-40c-6.6 0-12 5.4-12 12v40c0 6.6 5.4 12 12 12zm180 124v36H0v-36c0-6.6 5.4-12 12-12h19.5V24c0-13.3 10.7-24 24-24h337c13.3 0 24 10.7 24 24v440H436c6.6 0 12 5.4 12 12zM79.5 463H192v-67c0-6.6 5.4-12 12-12h40c6.6 0 12 5.4 12 12v67h112.5V49L80 48l-.5 415z\"><\/path><\/svg>\t\t\t\t\t\t<\/span>\n\t\t\t\t\t\t\t\t\t\t<span class=\"elementor-icon-list-text\">3 D\u00edas y 2 Noches de Alojamiento en Plan Todo Incluido en el <br>Hotel Grand Oasis Canc\u00fan en Ocupaci\u00f3n Cu\u00e1druple<\/span>\n\t\t\t\t\t\t\t\t\t<\/li>\n\t\t\t\t\t\t<\/ul>\n\t\t\t\t\t\t<\/div>\n\t\t\t\t<div class=\"elementor-element elementor-element-3638ce8 elementor-widget__width-initial elementor-widget-mobile__width-inherit elementor-list-item-link-full_width elementor-widget elementor-widget-icon-list\" data-id=\"3638ce8\" data-element_type=\"widget\" data-settings=\"{&quot;ekit_we_effect_on&quot;:&quot;none&quot;}\" data-widget_type=\"icon-list.default\">\n\t\t\t\t\t\t\t<ul class=\"elementor-icon-list-items\">\n\t\t\t\t\t\t\t<li class=\"elementor-icon-list-item\">\n\t\t\t\t\t\t\t\t\t\t\t<span class=\"elementor-icon-list-icon\">\n\t\t\t\t\t\t\t<i aria-hidden=\"true\" class=\"icon icon-dinner\"><\/i>\t\t\t\t\t\t<\/span>\n\t\t\t\t\t\t\t\t\t\t<span class=\"elementor-icon-list-text\">D\u00eda 1: Comida y Cena tipo Buffet, D\u00eda2: Desayuno, Comida y Cena tipo Buffet, D\u00eda 3: Desayuno tipo Buffet.<br><\/span>\n\t\t\t\t\t\t\t\t\t<\/li>\n\t\t\t\t\t\t\t\t<li class=\"elementor-icon-list-item\">\n\t\t\t\t\t\t\t\t\t\t\t<span class=\"elementor-icon-list-icon\">\n\t\t\t\t\t\t\t<svg aria-hidden=\"true\" class=\"e-font-icon-svg e-fas-cocktail\" viewBox=\"0 0 576 512\" xmlns=\"http:\/\/www.w3.org\/2000\/svg\"><path d=\"M296 464h-56V338.78l168.74-168.73c15.52-15.52 4.53-42.05-17.42-42.05H24.68c-21.95 0-32.94 26.53-17.42 42.05L176 338.78V464h-56c-22.09 0-40 17.91-40 40 0 4.42 3.58 8 8 8h240c4.42 0 8-3.58 8-8 0-22.09-17.91-40-40-40zM432 0c-62.61 0-115.35 40.2-135.18 96h52.54c16.65-28.55 47.27-48 82.64-48 52.93 0 96 43.06 96 96s-43.07 96-96 96c-14.04 0-27.29-3.2-39.32-8.64l-35.26 35.26C379.23 279.92 404.59 288 432 288c79.53 0 144-64.47 144-144S511.53 0 432 0z\"><\/path><\/svg>\t\t\t\t\t\t<\/span>\n\t\t\t\t\t\t\t\t\t\t<span class=\"elementor-icon-list-text\">Barra libre nacional durante la estancia.<br><\/span>\n\t\t\t\t\t\t\t\t\t<\/li>\n\t\t\t\t\t\t\t\t<li class=\"elementor-icon-list-item\">\n\t\t\t\t\t\t\t\t\t\t\t<span class=\"elementor-icon-list-icon\">\n\t\t\t\t\t\t\t<svg aria-hidden=\"true\" class=\"e-font-icon-svg e-fas-star-half-alt\" viewBox=\"0 0 536 512\" xmlns=\"http:\/\/www.w3.org\/2000\/svg\"><path d=\"M508.55 171.51L362.18 150.2 296.77 17.81C290.89 5.98 279.42 0 267.95 0c-11.4 0-22.79 5.9-28.69 17.81l-65.43 132.38-146.38 21.29c-26.25 3.8-36.77 36.09-17.74 54.59l105.89 103-25.06 145.48C86.98 495.33 103.57 512 122.15 512c4.93 0 10-1.17 14.87-3.75l130.95-68.68 130.94 68.7c4.86 2.55 9.92 3.71 14.83 3.71 18.6 0 35.22-16.61 31.66-37.4l-25.03-145.49 105.91-102.98c19.04-18.5 8.52-50.8-17.73-54.6zm-121.74 123.2l-18.12 17.62 4.28 24.88 19.52 113.45-102.13-53.59-22.38-11.74.03-317.19 51.03 103.29 11.18 22.63 25.01 3.64 114.23 16.63-82.65 80.38z\"><\/path><\/svg>\t\t\t\t\t\t<\/span>\n\t\t\t\t\t\t\t\t\t\t<span class=\"elementor-icon-list-text\">Show Acrob\u00e1tico estilo las Vegas \"El Renacer del Quetzal\"<br> *Show en Pir\u00e1mide sujeto a operaci\u00f3n del Hotel.<\/span>\n\t\t\t\t\t\t\t\t\t<\/li>\n\t\t\t\t\t\t<\/ul>\n\t\t\t\t\t\t<\/div>\n\t\t\t\t<div class=\"elementor-element elementor-element-12b1fd6 elementor-widget__width-initial elementor-widget-mobile__width-initial elementor-widget elementor-widget-heading\" data-id=\"12b1fd6\" data-element_type=\"widget\" data-settings=\"{&quot;ekit_we_effect_on&quot;:&quot;none&quot;}\" data-widget_type=\"heading.default\">\n\t\t\t\t\t<h2 class=\"elementor-heading-title elementor-size-default\">PROMOCIONES<\/h2>\t\t\t\t<\/div>\n\t\t\t\t<div class=\"elementor-element elementor-element-d3f11fe elementor-widget__width-initial elementor-widget-mobile__width-inherit elementor-list-item-link-full_width elementor-widget elementor-widget-icon-list\" data-id=\"d3f11fe\" data-element_type=\"widget\" data-settings=\"{&quot;ekit_we_effect_on&quot;:&quot;none&quot;}\" data-widget_type=\"icon-list.default\">\n\t\t\t\t\t\t\t<ul class=\"elementor-icon-list-items\">\n\t\t\t\t\t\t\t<li class=\"elementor-icon-list-item\">\n\t\t\t\t\t\t\t\t\t\t\t<span class=\"elementor-icon-list-icon\">\n\t\t\t\t\t\t\t<svg aria-hidden=\"true\" class=\"e-font-icon-svg e-fas-ticket-alt\" viewBox=\"0 0 576 512\" xmlns=\"http:\/\/www.w3.org\/2000\/svg\"><path d=\"M128 160h320v192H128V160zm400 96c0 26.51 21.49 48 48 48v96c0 26.51-21.49 48-48 48H48c-26.51 0-48-21.49-48-48v-96c26.51 0 48-21.49 48-48s-21.49-48-48-48v-96c0-26.51 21.49-48 48-48h480c26.51 0 48 21.49 48 48v96c-26.51 0-48 21.49-48 48zm-48-104c0-13.255-10.745-24-24-24H120c-13.255 0-24 10.745-24 24v208c0 13.255 10.745 24 24 24h336c13.255 0 24-10.745 24-24V152z\"><\/path><\/svg>\t\t\t\t\t\t<\/span>\n\t\t\t\t\t\t\t\t\t\t<span class=\"elementor-icon-list-text\">Entrada al Museo Maya de Canc\u00fan<br>*Al invitar un amigo al Congreso<\/span>\n\t\t\t\t\t\t\t\t\t<\/li>\n\t\t\t\t\t\t\t\t<li class=\"elementor-icon-list-item\">\n\t\t\t\t\t\t\t\t\t\t\t<span class=\"elementor-icon-list-icon\">\n\t\t\t\t\t\t\t<svg aria-hidden=\"true\" class=\"e-font-icon-svg e-fas-bed\" viewBox=\"0 0 640 512\" xmlns=\"http:\/\/www.w3.org\/2000\/svg\"><path d=\"M176 256c44.11 0 80-35.89 80-80s-35.89-80-80-80-80 35.89-80 80 35.89 80 80 80zm352-128H304c-8.84 0-16 7.16-16 16v144H64V80c0-8.84-7.16-16-16-16H16C7.16 64 0 71.16 0 80v352c0 8.84 7.16 16 16 16h32c8.84 0 16-7.16 16-16v-48h512v48c0 8.84 7.16 16 16 16h32c8.84 0 16-7.16 16-16V240c0-61.86-50.14-112-112-112z\"><\/path><\/svg>\t\t\t\t\t\t<\/span>\n\t\t\t\t\t\t\t\t\t\t<span class=\"elementor-icon-list-text\">Up Grade a ocupaci\u00f3n doble<br>*Al invitar 4 amigos al Congreso<\/span>\n\t\t\t\t\t\t\t\t\t<\/li>\n\t\t\t\t\t\t<\/ul>\n\t\t\t\t\t\t<\/div>\n\t\t\t\t<div class=\"elementor-element elementor-element-d7db102 elementor-widget__width-initial elementor-widget-mobile__width-inherit elementor-widget elementor-widget-heading\" data-id=\"d7db102\" data-element_type=\"widget\" data-settings=\"{&quot;ekit_we_effect_on&quot;:&quot;none&quot;}\" data-widget_type=\"heading.default\">\n\t\t\t\t\t<h2 class=\"elementor-heading-title elementor-size-default\">CONSULTAR DISPONIBILIDA Y VIGENCIA DE LA PROMOCI\u00d3N<\/h2>\t\t\t\t<\/div>\n\t\t\t\t<div class=\"elementor-element elementor-element-ae3abb5 elementor-widget-mobile__width-inherit elementor-widget elementor-widget-image\" data-id=\"ae3abb5\" data-element_type=\"widget\" data-settings=\"{&quot;ekit_we_effect_on&quot;:&quot;none&quot;}\" data-widget_type=\"image.default\">\n\t\t\t\t\t\t\t\t\t\t\t\t\t\t\t<img loading=\"lazy\" decoding=\"async\" width=\"2296\" height=\"602\" src=\"https:\/\/foro-mundial.org\/web\/wp-content\/uploads\/2023\/06\/paquete-octubre-2023.png\" class=\"attachment-full size-full wp-image-10055\" alt=\"\" srcset=\"https:\/\/foro-mundial.org\/web\/wp-content\/uploads\/2023\/06\/paquete-octubre-2023.png 2296w, https:\/\/foro-mundial.org\/web\/wp-content\/uploads\/2023\/06\/paquete-octubre-2023-300x79.png 300w, https:\/\/foro-mundial.org\/web\/wp-content\/uploads\/2023\/06\/paquete-octubre-2023-1024x268.png 1024w, https:\/\/foro-mundial.org\/web\/wp-content\/uploads\/2023\/06\/paquete-octubre-2023-768x201.png 768w, https:\/\/foro-mundial.org\/web\/wp-content\/uploads\/2023\/06\/paquete-octubre-2023-1536x403.png 1536w, https:\/\/foro-mundial.org\/web\/wp-content\/uploads\/2023\/06\/paquete-octubre-2023-2048x537.png 2048w\" sizes=\"(max-width: 2296px) 100vw, 2296px\" \/>\t\t\t\t\t\t\t\t\t\t\t\t\t\t\t<\/div>\n\t\t\t\t\t<\/div>\n\t\t<\/div>\n\t\t\t\t\t<\/div>\n\t\t<\/section>\n\t\t\t\t<section class=\"elementor-section elementor-top-section elementor-element elementor-element-85f805e elementor-hidden-desktop elementor-hidden-tablet elementor-hidden-mobile elementor-section-boxed elementor-section-height-default elementor-section-height-default\" data-id=\"85f805e\" data-element_type=\"section\" data-settings=\"{&quot;background_background&quot;:&quot;classic&quot;}\">\n\t\t\t\t\t\t\t<div class=\"elementor-background-overlay\"><\/div>\n\t\t\t\t\t\t\t<div class=\"elementor-container elementor-column-gap-default\">\n\t\t\t\t\t<div class=\"elementor-column elementor-col-100 elementor-top-column elementor-element elementor-element-e095a5f\" data-id=\"e095a5f\" data-element_type=\"column\">\n\t\t\t<div class=\"elementor-widget-wrap elementor-element-populated\">\n\t\t\t\t\t\t<div class=\"elementor-element elementor-element-fd59513 elementor-invisible elementor-widget elementor-widget-exhibz-title\" data-id=\"fd59513\" data-element_type=\"widget\" data-settings=\"{&quot;_animation&quot;:&quot;fadeInUp&quot;,&quot;ekit_we_effect_on&quot;:&quot;none&quot;}\" data-widget_type=\"exhibz-title.default\">\n\t\t\t\t<div class=\"elementor-widget-container\">\n\t\t\t\t\t\n    <div class=\"title-section-area\">\n        <h2 class=\"section-title\">\n            <span class=\"sub-title\">PAQUETE HOTEL GRAND OASIS<\/span>\n\t\t\tPrecios y Paquete Disponible\n        <\/h2>\n\t\t                    <span class=\"title-shape\">\n                  <svg xmlns='http:\/\/www.w3.org\/2000\/svg' xmlns:xlink='http:\/\/www.w3.org\/1999\/xlink' width='71px' height='11px'> <path fill-rule='evenodd' d='M59.669,10.710 L49.164,3.306 L39.428,10.681 L29.714,3.322 L20.006,10.682 L10.295,3.322 L1.185,10.228 L-0.010,8.578 L10.295,0.765 L20.006,8.125 L29.714,0.765 L39.428,8.125 L49.122,0.781 L59.680,8.223 L69.858,1.192 L70.982,2.895 L59.669,10.710 Z'\/><\/svg>\n            <\/span>\n                    <\/div><!-- Section title -->\n    \n    \n\n    \t\t\t\t<\/div>\n\t\t\t\t<\/div>\n\t\t\t\t<section class=\"elementor-section elementor-inner-section elementor-element elementor-element-691f7ce elementor-section-boxed elementor-section-height-default elementor-section-height-default\" data-id=\"691f7ce\" data-element_type=\"section\">\n\t\t\t\t\t\t<div class=\"elementor-container elementor-column-gap-default\">\n\t\t\t\t\t<div class=\"elementor-column elementor-col-33 elementor-inner-column elementor-element elementor-element-13f0b50\" data-id=\"13f0b50\" data-element_type=\"column\">\n\t\t\t<div class=\"elementor-widget-wrap elementor-element-populated\">\n\t\t\t\t\t\t<div class=\"elementor-element elementor-element-d778135 elementor-widget-tablet__width-initial elementor-widget elementor-widget-image\" data-id=\"d778135\" data-element_type=\"widget\" data-settings=\"{&quot;ekit_we_effect_on&quot;:&quot;none&quot;}\" data-widget_type=\"image.default\">\n\t\t\t\t\t\t\t\t\t\t\t\t\t\t\t<img loading=\"lazy\" decoding=\"async\" width=\"387\" height=\"1024\" src=\"https:\/\/foro-mundial.org\/web\/wp-content\/uploads\/2023\/06\/Primer-Paquete-Planes-2023-387x1024.png\" class=\"attachment-large size-large wp-image-10150\" alt=\"\" srcset=\"https:\/\/foro-mundial.org\/web\/wp-content\/uploads\/2023\/06\/Primer-Paquete-Planes-2023-387x1024.png 387w, https:\/\/foro-mundial.org\/web\/wp-content\/uploads\/2023\/06\/Primer-Paquete-Planes-2023-113x300.png 113w, https:\/\/foro-mundial.org\/web\/wp-content\/uploads\/2023\/06\/Primer-Paquete-Planes-2023.png 540w\" sizes=\"(max-width: 387px) 100vw, 387px\" \/>\t\t\t\t\t\t\t\t\t\t\t\t\t\t\t<\/div>\n\t\t\t\t<div class=\"elementor-element elementor-element-cc90ba1 elementor-widget elementor-widget-image\" data-id=\"cc90ba1\" data-element_type=\"widget\" data-settings=\"{&quot;ekit_we_effect_on&quot;:&quot;none&quot;}\" data-widget_type=\"image.default\">\n\t\t\t\t\t\t\t\t\t\t\t\t\t\t\t\t<a href=\"https:\/\/foro-mundial.org\/web\/registro-sesion\/\" target=\"_blank\">\n\t\t\t\t\t\t\t<img loading=\"lazy\" decoding=\"async\" width=\"540\" height=\"262\" src=\"https:\/\/foro-mundial.org\/web\/wp-content\/uploads\/2023\/05\/banner-registrate_.png\" class=\"attachment-large size-large wp-image-7038\" alt=\"\" srcset=\"https:\/\/foro-mundial.org\/web\/wp-content\/uploads\/2023\/05\/banner-registrate_.png 540w, https:\/\/foro-mundial.org\/web\/wp-content\/uploads\/2023\/05\/banner-registrate_-300x146.png 300w\" sizes=\"(max-width: 540px) 100vw, 540px\" \/>\t\t\t\t\t\t\t\t<\/a>\n\t\t\t\t\t\t\t\t\t\t\t\t\t\t\t<\/div>\n\t\t\t\t\t<\/div>\n\t\t<\/div>\n\t\t\t\t<div class=\"elementor-column elementor-col-33 elementor-inner-column elementor-element elementor-element-8c62892\" data-id=\"8c62892\" data-element_type=\"column\">\n\t\t\t<div class=\"elementor-widget-wrap elementor-element-populated\">\n\t\t\t\t\t\t<div class=\"elementor-element elementor-element-0d76889 elementor-widget-tablet__width-initial elementor-widget elementor-widget-image\" data-id=\"0d76889\" data-element_type=\"widget\" data-settings=\"{&quot;ekit_we_effect_on&quot;:&quot;none&quot;}\" data-widget_type=\"image.default\">\n\t\t\t\t\t\t\t\t\t\t\t\t\t\t\t<img loading=\"lazy\" decoding=\"async\" width=\"387\" height=\"1024\" src=\"https:\/\/foro-mundial.org\/web\/wp-content\/uploads\/2023\/06\/Sagundo-Paquete-Planes-2023-387x1024.png\" class=\"attachment-large size-large wp-image-10151\" alt=\"\" srcset=\"https:\/\/foro-mundial.org\/web\/wp-content\/uploads\/2023\/06\/Sagundo-Paquete-Planes-2023-387x1024.png 387w, https:\/\/foro-mundial.org\/web\/wp-content\/uploads\/2023\/06\/Sagundo-Paquete-Planes-2023-113x300.png 113w, https:\/\/foro-mundial.org\/web\/wp-content\/uploads\/2023\/06\/Sagundo-Paquete-Planes-2023.png 540w\" sizes=\"(max-width: 387px) 100vw, 387px\" \/>\t\t\t\t\t\t\t\t\t\t\t\t\t\t\t<\/div>\n\t\t\t\t<div class=\"elementor-element elementor-element-14be292 elementor-widget elementor-widget-image\" data-id=\"14be292\" data-element_type=\"widget\" data-settings=\"{&quot;ekit_we_effect_on&quot;:&quot;none&quot;}\" data-widget_type=\"image.default\">\n\t\t\t\t\t\t\t\t\t\t\t\t\t\t\t\t<a href=\"https:\/\/foro-mundial.org\/web\/registro-sesion\/\" target=\"_blank\">\n\t\t\t\t\t\t\t<img loading=\"lazy\" decoding=\"async\" width=\"540\" height=\"262\" src=\"https:\/\/foro-mundial.org\/web\/wp-content\/uploads\/2023\/06\/banner-registrate-segundo-.png\" class=\"attachment-large size-large wp-image-8411\" alt=\"\" srcset=\"https:\/\/foro-mundial.org\/web\/wp-content\/uploads\/2023\/06\/banner-registrate-segundo-.png 540w, https:\/\/foro-mundial.org\/web\/wp-content\/uploads\/2023\/06\/banner-registrate-segundo--300x146.png 300w\" sizes=\"(max-width: 540px) 100vw, 540px\" \/>\t\t\t\t\t\t\t\t<\/a>\n\t\t\t\t\t\t\t\t\t\t\t\t\t\t\t<\/div>\n\t\t\t\t\t<\/div>\n\t\t<\/div>\n\t\t\t\t<div class=\"elementor-column elementor-col-33 elementor-inner-column elementor-element elementor-element-f3730fd\" data-id=\"f3730fd\" data-element_type=\"column\">\n\t\t\t<div class=\"elementor-widget-wrap elementor-element-populated\">\n\t\t\t\t\t\t<div class=\"elementor-element elementor-element-4b3bf75 elementor-widget-tablet__width-initial elementor-widget elementor-widget-image\" data-id=\"4b3bf75\" data-element_type=\"widget\" data-settings=\"{&quot;ekit_we_effect_on&quot;:&quot;none&quot;}\" data-widget_type=\"image.default\">\n\t\t\t\t\t\t\t\t\t\t\t\t\t\t\t<img loading=\"lazy\" decoding=\"async\" width=\"387\" height=\"1024\" src=\"https:\/\/foro-mundial.org\/web\/wp-content\/uploads\/2023\/06\/Tercer-Paquete-Planes-2023-387x1024.png\" class=\"attachment-large size-large wp-image-10152\" alt=\"\" srcset=\"https:\/\/foro-mundial.org\/web\/wp-content\/uploads\/2023\/06\/Tercer-Paquete-Planes-2023-387x1024.png 387w, https:\/\/foro-mundial.org\/web\/wp-content\/uploads\/2023\/06\/Tercer-Paquete-Planes-2023-113x300.png 113w, https:\/\/foro-mundial.org\/web\/wp-content\/uploads\/2023\/06\/Tercer-Paquete-Planes-2023.png 540w\" sizes=\"(max-width: 387px) 100vw, 387px\" \/>\t\t\t\t\t\t\t\t\t\t\t\t\t\t\t<\/div>\n\t\t\t\t<div class=\"elementor-element elementor-element-acf4b42 elementor-widget elementor-widget-image\" data-id=\"acf4b42\" data-element_type=\"widget\" data-settings=\"{&quot;ekit_we_effect_on&quot;:&quot;none&quot;}\" data-widget_type=\"image.default\">\n\t\t\t\t\t\t\t\t\t\t\t\t\t\t\t\t<a href=\"https:\/\/foro-mundial.org\/web\/registro-sesion\/\" target=\"_blank\">\n\t\t\t\t\t\t\t<img loading=\"lazy\" decoding=\"async\" width=\"540\" height=\"262\" src=\"https:\/\/foro-mundial.org\/web\/wp-content\/uploads\/2023\/06\/tercero-.png\" class=\"attachment-large size-large wp-image-8412\" alt=\"\" srcset=\"https:\/\/foro-mundial.org\/web\/wp-content\/uploads\/2023\/06\/tercero-.png 540w, https:\/\/foro-mundial.org\/web\/wp-content\/uploads\/2023\/06\/tercero--300x146.png 300w\" sizes=\"(max-width: 540px) 100vw, 540px\" \/>\t\t\t\t\t\t\t\t<\/a>\n\t\t\t\t\t\t\t\t\t\t\t\t\t\t\t<\/div>\n\t\t\t\t\t<\/div>\n\t\t<\/div>\n\t\t\t\t\t<\/div>\n\t\t<\/section>\n\t\t\t\t\t<\/div>\n\t\t<\/div>\n\t\t\t\t\t<\/div>\n\t\t<\/section>\n\t\t\t\t<section class=\"elementor-section elementor-top-section elementor-element elementor-element-287c9bc elementor-section-boxed elementor-section-height-default elementor-section-height-default\" data-id=\"287c9bc\" data-element_type=\"section\" data-settings=\"{&quot;background_background&quot;:&quot;classic&quot;}\">\n\t\t\t\t\t\t<div class=\"elementor-container elementor-column-gap-default\">\n\t\t\t\t\t<div class=\"elementor-column elementor-col-100 elementor-top-column elementor-element elementor-element-fe26862\" data-id=\"fe26862\" data-element_type=\"column\">\n\t\t\t<div class=\"elementor-widget-wrap elementor-element-populated\">\n\t\t\t\t\t\t<div class=\"elementor-element elementor-element-9d48289 elementor-invisible elementor-widget elementor-widget-exhibz-title\" data-id=\"9d48289\" data-element_type=\"widget\" data-settings=\"{&quot;_animation&quot;:&quot;slideInUp&quot;,&quot;ekit_we_effect_on&quot;:&quot;none&quot;}\" data-widget_type=\"exhibz-title.default\">\n\t\t\t\t<div class=\"elementor-widget-container\">\n\t\t\t\t\t\n    <div class=\"title-section-area\">\n        <h2 class=\"section-title\">\n            <span class=\"sub-title\">QUIENES APOYAN ESTE GRAN EVENTO<\/span>\n\t\t\tSocios Comerciales\n        <\/h2>\n\t\t                    <span class=\"title-shape\">\n                  <svg xmlns='http:\/\/www.w3.org\/2000\/svg' xmlns:xlink='http:\/\/www.w3.org\/1999\/xlink' width='71px' height='11px'> <path fill-rule='evenodd' d='M59.669,10.710 L49.164,3.306 L39.428,10.681 L29.714,3.322 L20.006,10.682 L10.295,3.322 L1.185,10.228 L-0.010,8.578 L10.295,0.765 L20.006,8.125 L29.714,0.765 L39.428,8.125 L49.122,0.781 L59.680,8.223 L69.858,1.192 L70.982,2.895 L59.669,10.710 Z'\/><\/svg>\n            <\/span>\n                    <\/div><!-- Section title -->\n    \n    \n\n    \t\t\t\t<\/div>\n\t\t\t\t<\/div>\n\t\t\t\t<section class=\"elementor-section elementor-inner-section elementor-element elementor-element-e487910 elementor-section-content-middle elementor-section-boxed elementor-section-height-default elementor-section-height-default elementor-invisible\" data-id=\"e487910\" data-element_type=\"section\" data-settings=\"{&quot;animation&quot;:&quot;fadeInUp&quot;,&quot;animation_delay&quot;:&quot;400&quot;}\">\n\t\t\t\t\t\t<div class=\"elementor-container elementor-column-gap-default\">\n\t\t\t\t\t<div class=\"elementor-column elementor-col-100 elementor-inner-column elementor-element elementor-element-0909f6e\" data-id=\"0909f6e\" data-element_type=\"column\">\n\t\t\t<div class=\"elementor-widget-wrap elementor-element-populated\">\n\t\t\t\t\t\t<div class=\"elementor-element elementor-element-b20a98b elementor-widget elementor-widget-image\" data-id=\"b20a98b\" data-element_type=\"widget\" data-settings=\"{&quot;ekit_we_effect_on&quot;:&quot;none&quot;}\" data-widget_type=\"image.default\">\n\t\t\t\t\t\t\t\t\t\t\t\t\t\t\t<img loading=\"lazy\" decoding=\"async\" width=\"800\" height=\"52\" src=\"https:\/\/foro-mundial.org\/web\/wp-content\/uploads\/2023\/05\/socioscomerciales.png\" class=\"attachment-large size-large wp-image-2862\" alt=\"\" srcset=\"https:\/\/foro-mundial.org\/web\/wp-content\/uploads\/2023\/05\/socioscomerciales.png 1024w, https:\/\/foro-mundial.org\/web\/wp-content\/uploads\/2023\/05\/socioscomerciales-300x20.png 300w, https:\/\/foro-mundial.org\/web\/wp-content\/uploads\/2023\/05\/socioscomerciales-768x50.png 768w\" sizes=\"(max-width: 800px) 100vw, 800px\" \/>\t\t\t\t\t\t\t\t\t\t\t\t\t\t\t<\/div>\n\t\t\t\t\t<\/div>\n\t\t<\/div>\n\t\t\t\t\t<\/div>\n\t\t<\/section>\n\t\t\t\t<section class=\"elementor-section elementor-inner-section elementor-element elementor-element-8f37338 elementor-section-content-middle elementor-section-boxed elementor-section-height-default elementor-section-height-default elementor-invisible\" data-id=\"8f37338\" data-element_type=\"section\" data-settings=\"{&quot;animation&quot;:&quot;fadeInUp&quot;,&quot;animation_delay&quot;:&quot;400&quot;}\">\n\t\t\t\t\t\t<div class=\"elementor-container elementor-column-gap-default\">\n\t\t\t\t\t<div class=\"elementor-column elementor-col-100 elementor-inner-column elementor-element elementor-element-7e8e1da\" data-id=\"7e8e1da\" data-element_type=\"column\">\n\t\t\t<div class=\"elementor-widget-wrap elementor-element-populated\">\n\t\t\t\t\t\t<div class=\"elementor-element elementor-element-ece0ba5 elementor-align-center elementor-invisible elementor-widget elementor-widget-button\" data-id=\"ece0ba5\" data-element_type=\"widget\" data-settings=\"{&quot;_animation&quot;:&quot;fadeInUp&quot;,&quot;_animation_delay&quot;:&quot;400&quot;,&quot;ekit_we_effect_on&quot;:&quot;none&quot;}\" data-widget_type=\"button.default\">\n\t\t\t\t\t\t\t\t\t\t<a class=\"elementor-button elementor-button-link elementor-size-md\" href=\"https:\/\/socioscomerciales.foro-mundial.org\/\" target=\"_blank\">\n\t\t\t\t\t\t<span class=\"elementor-button-content-wrapper\">\n\t\t\t\t\t\t\t\t\t<span class=\"elementor-button-text\">PARTICIPA COMO SOCIO COMERCIAL<\/span>\n\t\t\t\t\t<\/span>\n\t\t\t\t\t<\/a>\n\t\t\t\t\t\t\t\t<\/div>\n\t\t\t\t\t<\/div>\n\t\t<\/div>\n\t\t\t\t\t<\/div>\n\t\t<\/section>\n\t\t\t\t\t<\/div>\n\t\t<\/div>\n\t\t\t\t\t<\/div>\n\t\t<\/section>\n\t\t\t\t<section class=\"elementor-section elementor-top-section elementor-element elementor-element-a7f4c36 elementor-section-boxed elementor-section-height-default elementor-section-height-default\" data-id=\"a7f4c36\" data-element_type=\"section\" data-settings=\"{&quot;background_background&quot;:&quot;classic&quot;}\">\n\t\t\t\t\t\t\t<div class=\"elementor-background-overlay\"><\/div>\n\t\t\t\t\t\t\t<div class=\"elementor-container elementor-column-gap-default\">\n\t\t\t\t\t<div class=\"elementor-column elementor-col-50 elementor-top-column elementor-element elementor-element-85e2890\" data-id=\"85e2890\" data-element_type=\"column\">\n\t\t\t<div class=\"elementor-widget-wrap elementor-element-populated\">\n\t\t\t\t\t\t<div class=\"elementor-element elementor-element-0163404 elementor-widget elementor-widget-exhibz-title\" data-id=\"0163404\" data-element_type=\"widget\" data-settings=\"{&quot;ekit_we_effect_on&quot;:&quot;none&quot;}\" data-widget_type=\"exhibz-title.default\">\n\t\t\t\t<div class=\"elementor-widget-container\">\n\t\t\t\t\t\n    <div class=\"title-section-area\">\n        <h2 class=\"section-title\">\n            <span class=\"sub-title\">UBICACI\u00d3N <\/span>\n\t\t\tHOTEL SEDE\n        <\/h2>\n\t\t                    <span class=\"title-shape\">\n                  <svg xmlns='http:\/\/www.w3.org\/2000\/svg' xmlns:xlink='http:\/\/www.w3.org\/1999\/xlink' width='71px' height='11px'> <path fill-rule='evenodd' d='M59.669,10.710 L49.164,3.306 L39.428,10.681 L29.714,3.322 L20.006,10.682 L10.295,3.322 L1.185,10.228 L-0.010,8.578 L10.295,0.765 L20.006,8.125 L29.714,0.765 L39.428,8.125 L49.122,0.781 L59.680,8.223 L69.858,1.192 L70.982,2.895 L59.669,10.710 Z'\/><\/svg>\n            <\/span>\n                    <\/div><!-- Section title -->\n    \n    \n\n    \t\t\t\t<\/div>\n\t\t\t\t<\/div>\n\t\t\t\t<div class=\"elementor-element elementor-element-0e2e171 ts-map-tabs elementor-tabs-alignment-center elementor-tabs-view-horizontal elementor-invisible elementor-widget elementor-widget-tabs\" data-id=\"0e2e171\" data-element_type=\"widget\" data-settings=\"{&quot;_animation&quot;:&quot;fadeIn&quot;,&quot;ekit_we_effect_on&quot;:&quot;none&quot;}\" data-widget_type=\"tabs.default\">\n\t\t\t\t\t\t\t<div class=\"elementor-tabs\">\n\t\t\t<div class=\"elementor-tabs-wrapper\" role=\"tablist\" >\n\t\t\t\t\t\t\t\t\t<div id=\"elementor-tab-title-1481\" class=\"elementor-tab-title elementor-tab-desktop-title\" aria-selected=\"true\" data-tab=\"1\" role=\"tab\" tabindex=\"0\" aria-controls=\"elementor-tab-content-1481\" aria-expanded=\"false\">HOTEL GRAND OASIS CANC\u00daN<\/div>\n\t\t\t\t\t\t\t<\/div>\n\t\t\t<div class=\"elementor-tabs-content-wrapper\" role=\"tablist\" aria-orientation=\"vertical\">\n\t\t\t\t\t\t\t\t\t<div class=\"elementor-tab-title elementor-tab-mobile-title\" aria-selected=\"true\" data-tab=\"1\" role=\"tab\" tabindex=\"0\" aria-controls=\"elementor-tab-content-1481\" aria-expanded=\"false\">HOTEL GRAND OASIS CANC\u00daN<\/div>\n\t\t\t\t\t<div id=\"elementor-tab-content-1481\" class=\"elementor-tab-content elementor-clearfix\" data-tab=\"1\" role=\"tabpanel\" aria-labelledby=\"elementor-tab-title-1481\" tabindex=\"0\" hidden=\"false\"><h4>\u00a0ZONA HOTELERA CANC\u00daN<\/h4><p>\u00a0Blvd. Kukulcan Km 16.5-Lt45-47<\/p><p>Zona Hotelera, 77500 Canc\u00fan, Quintana Roo; M\u00e9xico.<\/p><div><div><div><h3>Soporte<\/h3><p>Conmutador\/WhatsApp: +52 55 444 00 666<\/p><p>Email: info@foro-mundial.org<\/p><\/div><\/div><div><div><h3>Grupos y Organizadores For\u00e1neos<\/h3><p>Conmutador\/WhatsApp:\u00a0<span style=\"color: var( --e-global-color-text ); font-family: var( --e-global-typography-text-font-family ), Sans-serif; font-weight: var( --e-global-typography-text-font-weight );\">+<\/span><span style=\"color: var( --e-global-color-text ); font-family: var( --e-global-typography-text-font-family ), Sans-serif; font-weight: var( --e-global-typography-text-font-weight );\">52 984 470 4852<\/span><\/p><p>Email: grupos@foro-mundial.org<\/p><\/div><\/div><\/div><\/div>\n\t\t\t\t\t\t\t<\/div>\n\t\t<\/div>\n\t\t\t\t\t\t<\/div>\n\t\t\t\t\t<\/div>\n\t\t<\/div>\n\t\t\t\t<div class=\"elementor-column elementor-col-50 elementor-top-column elementor-element elementor-element-5e13a8a ts-tab-map\" data-id=\"5e13a8a\" data-element_type=\"column\">\n\t\t\t<div class=\"elementor-widget-wrap elementor-element-populated\">\n\t\t\t\t\t\t<div class=\"elementor-element elementor-element-f2c3694 elementor-widget elementor-widget-video\" data-id=\"f2c3694\" data-element_type=\"widget\" data-settings=\"{&quot;youtube_url&quot;:&quot;https:\\\/\\\/youtu.be\\\/WSNF64CdHg8&quot;,&quot;video_type&quot;:&quot;youtube&quot;,&quot;controls&quot;:&quot;yes&quot;,&quot;ekit_we_effect_on&quot;:&quot;none&quot;}\" data-widget_type=\"video.default\">\n\t\t\t\t\t\t\t<div class=\"elementor-wrapper elementor-open-inline\">\n\t\t\t<div class=\"elementor-video\"><\/div>\t\t<\/div>\n\t\t\t\t\t\t<\/div>\n\t\t\t\t\t<\/div>\n\t\t<\/div>\n\t\t\t\t\t<\/div>\n\t\t<\/section>\n\t\t\t\t<section class=\"elementor-section elementor-top-section elementor-element elementor-element-feafaca elementor-hidden-desktop elementor-hidden-tablet elementor-hidden-mobile elementor-section-boxed elementor-section-height-default elementor-section-height-default\" data-id=\"feafaca\" data-element_type=\"section\" data-settings=\"{&quot;background_background&quot;:&quot;classic&quot;}\">\n\t\t\t\t\t\t<div class=\"elementor-container elementor-column-gap-default\">\n\t\t\t\t\t<div class=\"elementor-column elementor-col-100 elementor-top-column elementor-element elementor-element-3c3952a\" data-id=\"3c3952a\" data-element_type=\"column\">\n\t\t\t<div class=\"elementor-widget-wrap elementor-element-populated\">\n\t\t\t\t\t\t<div class=\"elementor-element elementor-element-f67ea66 elementor-widget__width-initial elementor-widget elementor-widget-image\" data-id=\"f67ea66\" data-element_type=\"widget\" data-settings=\"{&quot;ekit_we_effect_on&quot;:&quot;none&quot;}\" data-widget_type=\"image.default\">\n\t\t\t\t\t\t\t\t\t\t\t\t\t\t\t<img loading=\"lazy\" decoding=\"async\" width=\"800\" height=\"296\" src=\"https:\/\/foro-mundial.org\/web\/wp-content\/uploads\/2023\/05\/banner-comunicacion-2024.png\" class=\"attachment-large size-large wp-image-4774\" alt=\"\" srcset=\"https:\/\/foro-mundial.org\/web\/wp-content\/uploads\/2023\/05\/banner-comunicacion-2024.png 1024w, https:\/\/foro-mundial.org\/web\/wp-content\/uploads\/2023\/05\/banner-comunicacion-2024-300x111.png 300w, https:\/\/foro-mundial.org\/web\/wp-content\/uploads\/2023\/05\/banner-comunicacion-2024-768x284.png 768w\" sizes=\"(max-width: 800px) 100vw, 800px\" \/>\t\t\t\t\t\t\t\t\t\t\t\t\t\t\t<\/div>\n\t\t\t\t\t<\/div>\n\t\t<\/div>\n\t\t\t\t\t<\/div>\n\t\t<\/section>\n\t\t\t\t<section class=\"elementor-section elementor-top-section elementor-element elementor-element-e005893 elementor-section-boxed elementor-section-height-default elementor-section-height-default\" data-id=\"e005893\" data-element_type=\"section\" data-settings=\"{&quot;background_background&quot;:&quot;classic&quot;}\">\n\t\t\t\t\t\t\t<div class=\"elementor-background-overlay\"><\/div>\n\t\t\t\t\t\t\t<div class=\"elementor-container elementor-column-gap-default\">\n\t\t\t\t\t<div class=\"elementor-column elementor-col-50 elementor-top-column elementor-element elementor-element-46c00b4\" data-id=\"46c00b4\" data-element_type=\"column\" data-settings=\"{&quot;background_background&quot;:&quot;classic&quot;}\">\n\t\t\t<div class=\"elementor-widget-wrap elementor-element-populated\">\n\t\t\t\t\t\t<div class=\"elementor-element elementor-element-26313d0 elementor-hidden-desktop elementor-hidden-tablet elementor-hidden-mobile elementor-widget elementor-widget-image\" data-id=\"26313d0\" data-element_type=\"widget\" data-settings=\"{&quot;ekit_we_effect_on&quot;:&quot;none&quot;}\" data-widget_type=\"image.default\">\n\t\t\t\t\t\t\t\t\t\t\t\t\t\t\t<img loading=\"lazy\" decoding=\"async\" width=\"679\" height=\"867\" src=\"https:\/\/foro-mundial.org\/web\/wp-content\/uploads\/2023\/05\/comunicacion-2024.png\" class=\"attachment-large size-large wp-image-3872\" alt=\"\" srcset=\"https:\/\/foro-mundial.org\/web\/wp-content\/uploads\/2023\/05\/comunicacion-2024.png 679w, https:\/\/foro-mundial.org\/web\/wp-content\/uploads\/2023\/05\/comunicacion-2024-235x300.png 235w\" sizes=\"(max-width: 679px) 100vw, 679px\" \/>\t\t\t\t\t\t\t\t\t\t\t\t\t\t\t<\/div>\n\t\t\t\t\t<\/div>\n\t\t<\/div>\n\t\t\t\t<div class=\"elementor-column elementor-col-50 elementor-top-column elementor-element elementor-element-2f5d789\" data-id=\"2f5d789\" data-element_type=\"column\">\n\t\t\t<div class=\"elementor-widget-wrap elementor-element-populated\">\n\t\t\t\t\t\t<div class=\"elementor-element elementor-element-2c20b44 elementor-widget elementor-widget-spacer\" data-id=\"2c20b44\" data-element_type=\"widget\" data-settings=\"{&quot;ekit_we_effect_on&quot;:&quot;none&quot;}\" data-widget_type=\"spacer.default\">\n\t\t\t\t\t\t\t<div class=\"elementor-spacer\">\n\t\t\t<div class=\"elementor-spacer-inner\"><\/div>\n\t\t<\/div>\n\t\t\t\t\t\t<\/div>\n\t\t\t\t<div class=\"elementor-element elementor-element-14b5882 elementor-invisible elementor-widget elementor-widget-exhibz-title\" data-id=\"14b5882\" data-element_type=\"widget\" data-settings=\"{&quot;_animation&quot;:&quot;fadeInDown&quot;,&quot;_animation_delay&quot;:&quot;300&quot;,&quot;ekit_we_effect_on&quot;:&quot;none&quot;}\" data-widget_type=\"exhibz-title.default\">\n\t\t\t\t<div class=\"elementor-widget-container\">\n\t\t\t\t\t\n    <div class=\"title-section-area\">\n        <h2 class=\"section-title\">\n            <span class=\"sub-title\">VIVE LA EXPERIENCIA<\/span>\n\t\t\tParticipa en este magnifico evento y vive la mejor experiencia acad\u00e9mica de tu vida\n        <\/h2>\n\t\t                    <span class=\"title-shape\">\n                  <svg xmlns='http:\/\/www.w3.org\/2000\/svg' xmlns:xlink='http:\/\/www.w3.org\/1999\/xlink' width='71px' height='11px'> <path fill-rule='evenodd' d='M59.669,10.710 L49.164,3.306 L39.428,10.681 L29.714,3.322 L20.006,10.682 L10.295,3.322 L1.185,10.228 L-0.010,8.578 L10.295,0.765 L20.006,8.125 L29.714,0.765 L39.428,8.125 L49.122,0.781 L59.680,8.223 L69.858,1.192 L70.982,2.895 L59.669,10.710 Z'\/><\/svg>\n            <\/span>\n                    <\/div><!-- Section title -->\n    \n    \n\n    \t\t\t\t<\/div>\n\t\t\t\t<\/div>\n\t\t\t\t<div class=\"elementor-element elementor-element-ea84eba elementor-align-center elementor-invisible elementor-widget elementor-widget-button\" data-id=\"ea84eba\" data-element_type=\"widget\" data-settings=\"{&quot;_animation&quot;:&quot;fadeInUp&quot;,&quot;_animation_delay&quot;:&quot;400&quot;,&quot;ekit_we_effect_on&quot;:&quot;none&quot;}\" data-widget_type=\"button.default\">\n\t\t\t\t\t\t\t\t\t\t<a class=\"elementor-button elementor-button-link elementor-size-md\" href=\"https:\/\/foro-mundial.org\/web\/wp-content\/uploads\/2023\/05\/Folleto-Arte-y-Cultura-en-Pesos.pdf\" target=\"_blank\">\n\t\t\t\t\t\t<span class=\"elementor-button-content-wrapper\">\n\t\t\t\t\t\t\t\t\t<span class=\"elementor-button-text\">FOLLETO PESOS MX<\/span>\n\t\t\t\t\t<\/span>\n\t\t\t\t\t<\/a>\n\t\t\t\t\t\t\t\t<\/div>\n\t\t\t\t<div class=\"elementor-element elementor-element-43a7257 elementor-align-center elementor-invisible elementor-widget elementor-widget-button\" data-id=\"43a7257\" data-element_type=\"widget\" data-settings=\"{&quot;_animation&quot;:&quot;fadeInUp&quot;,&quot;_animation_delay&quot;:&quot;400&quot;,&quot;ekit_we_effect_on&quot;:&quot;none&quot;}\" data-widget_type=\"button.default\">\n\t\t\t\t\t\t\t\t\t\t<a class=\"elementor-button elementor-button-link elementor-size-md\" href=\"https:\/\/foro-mundial.org\/web\/wp-content\/uploads\/2023\/05\/folleto-ciencias-comunicacion-Dolares.pdf\" target=\"_blank\">\n\t\t\t\t\t\t<span class=\"elementor-button-content-wrapper\">\n\t\t\t\t\t\t\t\t\t<span class=\"elementor-button-text\">FOLLETO DOLARES USD<\/span>\n\t\t\t\t\t<\/span>\n\t\t\t\t\t<\/a>\n\t\t\t\t\t\t\t\t<\/div>\n\t\t\t\t\t<\/div>\n\t\t<\/div>\n\t\t\t\t\t<\/div>\n\t\t<\/section>\n\t\t\t\t<section class=\"elementor-section elementor-top-section elementor-element elementor-element-845bed5 elementor-section-boxed elementor-section-height-default elementor-section-height-default\" data-id=\"845bed5\" data-element_type=\"section\" data-settings=\"{&quot;background_background&quot;:&quot;classic&quot;}\">\n\t\t\t\t\t\t<div class=\"elementor-container elementor-column-gap-default\">\n\t\t\t\t\t<div class=\"elementor-column elementor-col-50 elementor-top-column elementor-element elementor-element-553aac6\" data-id=\"553aac6\" data-element_type=\"column\">\n\t\t\t<div class=\"elementor-widget-wrap elementor-element-populated\">\n\t\t\t\t\t\t<div class=\"elementor-element elementor-element-469f092 elementor-widget elementor-widget-video\" data-id=\"469f092\" data-element_type=\"widget\" data-settings=\"{&quot;youtube_url&quot;:&quot;https:\\\/\\\/youtu.be\\\/y50ob5-rRDc&quot;,&quot;video_type&quot;:&quot;youtube&quot;,&quot;controls&quot;:&quot;yes&quot;,&quot;ekit_we_effect_on&quot;:&quot;none&quot;}\" data-widget_type=\"video.default\">\n\t\t\t\t\t\t\t<div class=\"elementor-wrapper elementor-open-inline\">\n\t\t\t<div class=\"elementor-video\"><\/div>\t\t<\/div>\n\t\t\t\t\t\t<\/div>\n\t\t\t\t\t<\/div>\n\t\t<\/div>\n\t\t\t\t<div class=\"elementor-column elementor-col-50 elementor-top-column elementor-element elementor-element-5a4eee9\" data-id=\"5a4eee9\" data-element_type=\"column\">\n\t\t\t<div class=\"elementor-widget-wrap elementor-element-populated\">\n\t\t\t\t\t\t<div class=\"elementor-element elementor-element-0f20662 elementor-invisible elementor-widget elementor-widget-exhibz-title\" data-id=\"0f20662\" data-element_type=\"widget\" data-settings=\"{&quot;_animation&quot;:&quot;slideInUp&quot;,&quot;_animation_delay&quot;:&quot;350&quot;,&quot;ekit_we_effect_on&quot;:&quot;none&quot;}\" data-widget_type=\"exhibz-title.default\">\n\t\t\t\t<div class=\"elementor-widget-container\">\n\t\t\t\t\t\n    <div class=\"title-section-area\">\n        <h2 class=\"section-title\">\n            <span class=\"sub-title\"><\/span>\n\t\t\t\u00bfTe gustar\u00eda obtener una beca para\nparticipar en el congreso?         <\/h2>\n\t\t                    <span class=\"title-shape\">\n                  <svg xmlns='http:\/\/www.w3.org\/2000\/svg' xmlns:xlink='http:\/\/www.w3.org\/1999\/xlink' width='71px' height='11px'> <path fill-rule='evenodd' d='M59.669,10.710 L49.164,3.306 L39.428,10.681 L29.714,3.322 L20.006,10.682 L10.295,3.322 L1.185,10.228 L-0.010,8.578 L10.295,0.765 L20.006,8.125 L29.714,0.765 L39.428,8.125 L49.122,0.781 L59.680,8.223 L69.858,1.192 L70.982,2.895 L59.669,10.710 Z'\/><\/svg>\n            <\/span>\n                    <\/div><!-- Section title -->\n    \n    \n\n    \t\t\t\t<\/div>\n\t\t\t\t<\/div>\n\t\t\t\t<div class=\"elementor-element elementor-element-dd99231 elementor-invisible elementor-widget elementor-widget-text-editor\" data-id=\"dd99231\" data-element_type=\"widget\" data-settings=\"{&quot;_animation&quot;:&quot;slideInRight&quot;,&quot;_animation_delay&quot;:&quot;350&quot;,&quot;ekit_we_effect_on&quot;:&quot;none&quot;}\" data-widget_type=\"text-editor.default\">\n\t\t\t\t\t\t\t\t\t<p>Participa en la promoci\u00f3n de los congresos\u00a0del Foro Mundial de Universitarios,\u00a0integr\u00e1ndote a la red de organizadores\u00a0for\u00e1neos del C\u00edrculo Mundial de L\u00edderes Universitarios, re\u00fane un grupo de 20\u00a0personas y<strong>\u00a0<span style=\"color: var( --e-global-color-8939758 );font-family: var( --e-global-typography-text-font-family ), Sans-serif\">\u00a1Gana tu beca! As\u00ed de sencillo.<\/span><\/strong><\/p>\t\t\t\t\t\t\t\t<\/div>\n\t\t\t\t<div class=\"elementor-element elementor-element-08a011b elementor-align-center elementor-invisible elementor-widget elementor-widget-button\" data-id=\"08a011b\" data-element_type=\"widget\" data-settings=\"{&quot;_animation&quot;:&quot;fadeInUp&quot;,&quot;_animation_delay&quot;:&quot;400&quot;,&quot;ekit_we_effect_on&quot;:&quot;none&quot;}\" data-widget_type=\"button.default\">\n\t\t\t\t\t\t\t\t\t\t<a class=\"elementor-button elementor-button-link elementor-size-md\" href=\"https:\/\/foro-mundial.org\/web\/precios-programa-becas\/\" target=\"_blank\">\n\t\t\t\t\t\t<span class=\"elementor-button-content-wrapper\">\n\t\t\t\t\t\t\t\t\t<span class=\"elementor-button-text\">M\u00e1s informaci\u00f3n<\/span>\n\t\t\t\t\t<\/span>\n\t\t\t\t\t<\/a>\n\t\t\t\t\t\t\t\t<\/div>\n\t\t\t\t\t<\/div>\n\t\t<\/div>\n\t\t\t\t\t<\/div>\n\t\t<\/section>\n\t\t\t\t<section class=\"elementor-section elementor-top-section elementor-element elementor-element-95646c4 elementor-section-boxed elementor-section-height-default elementor-section-height-default\" data-id=\"95646c4\" data-element_type=\"section\">\n\t\t\t\t\t\t<div class=\"elementor-container elementor-column-gap-default\">\n\t\t\t\t\t<div class=\"elementor-column elementor-col-100 elementor-top-column elementor-element elementor-element-75a7855\" data-id=\"75a7855\" data-element_type=\"column\">\n\t\t\t<div class=\"elementor-widget-wrap elementor-element-populated\">\n\t\t\t\t\t\t<div class=\"elementor-element elementor-element-4806d35 elementor-widget__width-inherit elementor-widget elementor-widget-text-editor\" data-id=\"4806d35\" data-element_type=\"widget\" data-settings=\"{&quot;ekit_we_effect_on&quot;:&quot;none&quot;}\" data-widget_type=\"text-editor.default\">\n\t\t\t\t\t\t\t\t\t<div class=\"BackTo\"><a href=\"#\" class=\"icon icon-chevron-up\"><\/a><\/div>\t\t\t\t\t\t\t\t<\/div>\n\t\t\t\t\t<\/div>\n\t\t<\/div>\n\t\t\t\t\t<\/div>\n\t\t<\/section>\n\t\t\t\t<\/div>\n\t\t","protected":false},"excerpt":{"rendered":"<p>CONGRESO MUNDIAL DE ESTUDIANTES DE CIENCIAS DE LA COMUNICACI\u00d3N 2025 12 al 14 de septiembre 2025 CANC\u00daN, QUINTANA ROO M\u00c9XICO 00 Days 00 Hours 00 Minutes 00 Seconds REG\u00cdSTRATE AHORA Vive La Experiencia \u00a1Mucho que Aprender, Mucho que Disfrutar! Conocimiento y Experiencia a Tu Alcance Conferencias Magistrales de T\u00f3picos Selectos: Periodismo Imagen P\u00fablica Locuci\u00f3n Fotograf\u00eda [&hellip;]<\/p>\n","protected":false},"author":1,"featured_media":13199,"parent":0,"menu_order":0,"comment_status":"closed","ping_status":"closed","template":"template\/homepage-template.php","meta":{"footnotes":""},"class_list":["post-3016","page","type-page","status-publish","has-post-thumbnail","hentry"],"aioseo_notices":[],"jetpack_sharing_enabled":true,"_links":{"self":[{"href":"https:\/\/foro-mundial.org\/web\/wp-json\/wp\/v2\/pages\/3016","targetHints":{"allow":["GET"]}}],"collection":[{"href":"https:\/\/foro-mundial.org\/web\/wp-json\/wp\/v2\/pages"}],"about":[{"href":"https:\/\/foro-mundial.org\/web\/wp-json\/wp\/v2\/types\/page"}],"author":[{"embeddable":true,"href":"https:\/\/foro-mundial.org\/web\/wp-json\/wp\/v2\/users\/1"}],"replies":[{"embeddable":true,"href":"https:\/\/foro-mundial.org\/web\/wp-json\/wp\/v2\/comments?post=3016"}],"version-history":[{"count":121,"href":"https:\/\/foro-mundial.org\/web\/wp-json\/wp\/v2\/pages\/3016\/revisions"}],"predecessor-version":[{"id":13972,"href":"https:\/\/foro-mundial.org\/web\/wp-json\/wp\/v2\/pages\/3016\/revisions\/13972"}],"wp:featuredmedia":[{"embeddable":true,"href":"https:\/\/foro-mundial.org\/web\/wp-json\/wp\/v2\/media\/13199"}],"wp:attachment":[{"href":"https:\/\/foro-mundial.org\/web\/wp-json\/wp\/v2\/media?parent=3016"}],"curies":[{"name":"wp","href":"https:\/\/api.w.org\/{rel}","templated":true}]}}