{"id":2215,"date":"2022-02-14T15:15:57","date_gmt":"2022-02-14T15:15:57","guid":{"rendered":"https:\/\/foro-mundial.org\/web\/?page_id=2215"},"modified":"2023-12-10T01:42:39","modified_gmt":"2023-12-10T01:42:39","slug":"quito-ecuador","status":"publish","type":"page","link":"https:\/\/foro-mundial.org\/web\/quito-ecuador\/","title":{"rendered":"Quito-Ecuador"},"content":{"rendered":"\t\t<div data-elementor-type=\"wp-page\" data-elementor-id=\"2215\" class=\"elementor elementor-2215\">\n\t\t\t\t\t\t<section class=\"elementor-section elementor-top-section elementor-element elementor-element-dca91a3 elementor-section-height-min-height elementor-section-boxed elementor-section-height-default elementor-section-items-middle\" data-id=\"dca91a3\" data-element_type=\"section\" data-settings=\"{&quot;background_background&quot;:&quot;classic&quot;,&quot;ekit_section_parallax_multi&quot;:&quot;yes&quot;,&quot;ekit_section_parallax_multi_items&quot;:[{&quot;parallax_style&quot;:&quot;mousemove&quot;,&quot;image&quot;:null,&quot;pos_x&quot;:{&quot;unit&quot;:&quot;%&quot;,&quot;size&quot;:&quot;0&quot;,&quot;sizes&quot;:[]},&quot;animation_iteration_count&quot;:&quot;unset&quot;,&quot;parallax_speed&quot;:&quot;100&quot;,&quot;zindex&quot;:&quot;22&quot;,&quot;_id&quot;:&quot;69b9520&quot;,&quot;shape&quot;:null,&quot;width_type&quot;:&quot;&quot;,&quot;animation&quot;:null,&quot;animation_tablet&quot;:null,&quot;animation_mobile&quot;:null,&quot;item_opacity&quot;:&quot;1&quot;,&quot;animation_speed&quot;:null,&quot;parallax_transform&quot;:null,&quot;parallax_transform_value&quot;:null,&quot;smoothness&quot;:null,&quot;offsettop&quot;:null,&quot;offsetbottom&quot;:null,&quot;maxtilt&quot;:null,&quot;scale&quot;:null,&quot;disableaxis&quot;:null}],&quot;ekit_section_parallax_bg&quot;:&quot;yes&quot;,&quot;ekit_section_parallax_bg_speed&quot;:0.5}\">\n\t\t\t\t\t\t<div class=\"elementor-container elementor-column-gap-default\">\n\t\t\t\t\t<div class=\"elementor-column elementor-col-100 elementor-top-column elementor-element elementor-element-b09a9aa\" data-id=\"b09a9aa\" data-element_type=\"column\">\n\t\t\t<div class=\"elementor-widget-wrap elementor-element-populated\">\n\t\t\t\t\t\t<div class=\"elementor-element elementor-element-c0c93fc elementor-widget-mobile__width-initial elementor-invisible elementor-widget elementor-widget-heading\" data-id=\"c0c93fc\" data-element_type=\"widget\" data-settings=\"{&quot;_animation&quot;:&quot;fadeInUp&quot;,&quot;_animation_delay&quot;:&quot;350&quot;,&quot;ekit_we_effect_on&quot;:&quot;none&quot;}\" data-widget_type=\"heading.default\">\n\t\t\t\t\t<h1 class=\"elementor-heading-title elementor-size-default\">QUITO<\/h1>\t\t\t\t<\/div>\n\t\t\t\t<div class=\"elementor-element elementor-element-25bffea elementor-widget__width-initial elementor-widget-tablet__width-initial elementor-widget-mobile__width-initial elementor-invisible elementor-widget elementor-widget-heading\" data-id=\"25bffea\" data-element_type=\"widget\" data-settings=\"{&quot;_animation&quot;:&quot;fadeInUp&quot;,&quot;_animation_delay&quot;:&quot;350&quot;,&quot;ekit_we_effect_on&quot;:&quot;none&quot;}\" data-widget_type=\"heading.default\">\n\t\t\t\t\t<h1 class=\"elementor-heading-title elementor-size-default\">ECUADOR<\/h1>\t\t\t\t<\/div>\n\t\t\t\t\t<\/div>\n\t\t<\/div>\n\t\t\t\t\t<\/div>\n\t\t<\/section>\n\t\t\t\t<section class=\"elementor-section elementor-top-section elementor-element elementor-element-68c4657 elementor-section-boxed elementor-section-height-default elementor-section-height-default\" data-id=\"68c4657\" data-element_type=\"section\">\n\t\t\t\t\t\t<div class=\"elementor-container elementor-column-gap-default\">\n\t\t\t\t\t<div class=\"elementor-column elementor-col-100 elementor-top-column elementor-element elementor-element-7efb9a5\" data-id=\"7efb9a5\" data-element_type=\"column\">\n\t\t\t<div class=\"elementor-widget-wrap elementor-element-populated\">\n\t\t\t\t\t\t<div class=\"elementor-element elementor-element-41911ea elementor-invisible elementor-widget elementor-widget-exhibz-title\" data-id=\"41911ea\" data-element_type=\"widget\" data-settings=\"{&quot;_animation&quot;:&quot;slideInUp&quot;,&quot;_animation_delay&quot;:&quot;350&quot;,&quot;ekit_we_effect_on&quot;:&quot;none&quot;}\" data-widget_type=\"exhibz-title.default\">\n\t\t\t\t<div class=\"elementor-widget-container\">\n\t\t\t\t\t\n    <div class=\"title-section-area\">\n        <h2 class=\"section-title\">\n            <span class=\"sub-title\"><\/span>\n\t\t\tQuito- Ecuador, la ciudad que cautiva el alma y enamora        <\/h2>\n\t\t                    <span class=\"title-shape\">\n                  <svg xmlns='http:\/\/www.w3.org\/2000\/svg' xmlns:xlink='http:\/\/www.w3.org\/1999\/xlink' width='71px' height='11px'> <path fill-rule='evenodd' d='M59.669,10.710 L49.164,3.306 L39.428,10.681 L29.714,3.322 L20.006,10.682 L10.295,3.322 L1.185,10.228 L-0.010,8.578 L10.295,0.765 L20.006,8.125 L29.714,0.765 L39.428,8.125 L49.122,0.781 L59.680,8.223 L69.858,1.192 L70.982,2.895 L59.669,10.710 Z'\/><\/svg>\n            <\/span>\n                    <\/div><!-- Section title -->\n    \n    \n\n    \t\t\t\t<\/div>\n\t\t\t\t<\/div>\n\t\t\t\t<div class=\"elementor-element elementor-element-e55d545 elementor-widget__width-initial elementor-invisible elementor-widget elementor-widget-text-editor\" data-id=\"e55d545\" data-element_type=\"widget\" data-settings=\"{&quot;_animation&quot;:&quot;slideInRight&quot;,&quot;_animation_delay&quot;:&quot;350&quot;,&quot;ekit_we_effect_on&quot;:&quot;none&quot;}\" data-widget_type=\"text-editor.default\">\n\t\t\t\t\t\t\t\t\t<p>Una vez que se tiene la voluntad de viajar, entra en juego la segunda parte, la m\u00e1s dif\u00edcil: elegir el destino. Ahora bien, <em>\u00bfC\u00f3mo elegir un destino cuando hay tantos, cada uno con sus propios encantos y ventajas?<\/em><\/p><p>Te voy a facilitar el trabajo, si est\u00e1s leyendo esto entonces Quito ubicado en el coraz\u00f3n de loa Andes, est\u00e1 rodeada de fabulosos paisajes y prodigiosas monta\u00f1as dominadas por una naturaleza imponente. Las zonas urbana y rural est\u00e1n repletas de historia, leyendas y experiencias \u00fanicas.<\/p><p>Es una de las pocas capitales que mantiene un ambiente de \u00abbarrio\u00bb en su centro hist\u00f3rico, lleno de gente, comercios locales e iglesias, har\u00e1n que visitar Quito sea una experiencia inolvidable.<\/p><p>La riqueza hist\u00f3rica y cultural de Quito hacen de ella un destino exquisito en Sudam\u00e9rica. A ello se le une la belleza de su paisaje, el entorno natural que domina la silueta del Pichincha, que puede verse desde cualquier punto de la ciudad. Quito merece la pena por una enorme variedad de atractivos.<\/p>\t\t\t\t\t\t\t\t<\/div>\n\t\t\t\t<div class=\"elementor-element elementor-element-523f9e7 elementor-widget__width-initial elementor-widget-mobile__width-initial elementor-widget elementor-widget-slides\" data-id=\"523f9e7\" data-element_type=\"widget\" data-settings=\"{&quot;ekit_we_effect_on&quot;:&quot;none&quot;}\" data-widget_type=\"slides.default\">\n\t\t\t\t<div class=\"elementor-widget-container\">\n\t\t\t\t\t \t\t\t\t<\/div>\n\t\t\t\t<\/div>\n\t\t\t\t<div class=\"elementor-element elementor-element-91f3d04 elementor-invisible elementor-widget elementor-widget-exhibz-title\" data-id=\"91f3d04\" data-element_type=\"widget\" data-settings=\"{&quot;_animation&quot;:&quot;slideInUp&quot;,&quot;_animation_delay&quot;:&quot;350&quot;,&quot;ekit_we_effect_on&quot;:&quot;none&quot;}\" data-widget_type=\"exhibz-title.default\">\n\t\t\t\t<div class=\"elementor-widget-container\">\n\t\t\t\t\t\n    <div class=\"title-section-area\">\n        <h2 class=\"section-title\">\n            <span class=\"sub-title\"><\/span>\n\t\t\t\u00bfPor qu\u00e9 viajar a Quito?        <\/h2>\n\t\t                    <span class=\"title-shape\">\n                  <svg xmlns='http:\/\/www.w3.org\/2000\/svg' xmlns:xlink='http:\/\/www.w3.org\/1999\/xlink' width='71px' height='11px'> <path fill-rule='evenodd' d='M59.669,10.710 L49.164,3.306 L39.428,10.681 L29.714,3.322 L20.006,10.682 L10.295,3.322 L1.185,10.228 L-0.010,8.578 L10.295,0.765 L20.006,8.125 L29.714,0.765 L39.428,8.125 L49.122,0.781 L59.680,8.223 L69.858,1.192 L70.982,2.895 L59.669,10.710 Z'\/><\/svg>\n            <\/span>\n                    <\/div><!-- Section title -->\n    \n    \n\n    \t\t\t\t<\/div>\n\t\t\t\t<\/div>\n\t\t\t\t<div class=\"elementor-element elementor-element-06bd3f8 elementor-widget__width-initial elementor-widget-mobile__width-initial elementor-widget elementor-widget-slides\" data-id=\"06bd3f8\" data-element_type=\"widget\" data-settings=\"{&quot;ekit_we_effect_on&quot;:&quot;none&quot;}\" data-widget_type=\"slides.default\">\n\t\t\t\t<div class=\"elementor-widget-container\">\n\t\t\t\t\t \t\t\t\t<\/div>\n\t\t\t\t<\/div>\n\t\t\t\t<div class=\"elementor-element elementor-element-a7af4a6 elementor-widget__width-initial elementor-widget-mobile__width-initial elementor-invisible elementor-widget elementor-widget-text-editor\" data-id=\"a7af4a6\" data-element_type=\"widget\" data-settings=\"{&quot;_animation&quot;:&quot;slideInRight&quot;,&quot;_animation_delay&quot;:&quot;350&quot;,&quot;ekit_we_effect_on&quot;:&quot;none&quot;}\" data-widget_type=\"text-editor.default\">\n\t\t\t\t\t\t\t\t\t<p>No hay un solo motivo, son varias las razones por las que Quito es considerado uno de los destinos l\u00edderes de Sudam\u00e9rica y uno de los mejores destinos por descubrir.<\/p><p>Te encantar\u00e1 su aire cosmopolita y la variedad de ambientes que se respira en cada uno de sus barrios o sectores. Se puede pasear por las calles coloniales que rodean las plazas y las\u00a0iglesias barrocas de los siglos XVI y XVII\u00a0y que se encuentran llenas de peque\u00f1as tiendas de barrio. Tambi\u00e9n podemos disfrutar de una animada noche en el sector\u00a0 de La Mariscal, donde se concentran la mayor\u00eda de los alojamientos, restaurantes y pubs de la ciudad.<\/p><p>Estar en el centro hist\u00f3rico de Quito, te dar\u00e1 la impresi\u00f3n de hacerlo por cualquier ciudad medieval espa\u00f1ola, con su arquitectura colonial, sus callejuelas empedradas y sus techos de tejas rojas. Enormes plazas, grandes iglesias y mercadillos de artesan\u00eda nos saldr\u00e1n r\u00e1pidamente al paso.<\/p><p>\u00a1Tu historia comienza en Quito!<\/p>\t\t\t\t\t\t\t\t<\/div>\n\t\t\t\t\t<\/div>\n\t\t<\/div>\n\t\t\t\t\t<\/div>\n\t\t<\/section>\n\t\t\t\t<section class=\"elementor-section elementor-top-section elementor-element elementor-element-e13aa08 elementor-section-boxed elementor-section-height-default elementor-section-height-default\" data-id=\"e13aa08\" data-element_type=\"section\">\n\t\t\t\t\t\t<div class=\"elementor-container elementor-column-gap-default\">\n\t\t\t\t\t<div class=\"elementor-column elementor-col-100 elementor-top-column elementor-element elementor-element-05a1928\" data-id=\"05a1928\" data-element_type=\"column\">\n\t\t\t<div class=\"elementor-widget-wrap elementor-element-populated\">\n\t\t\t\t\t\t<section class=\"elementor-section elementor-inner-section elementor-element elementor-element-2416201 elementor-section-boxed elementor-section-height-default elementor-section-height-default\" data-id=\"2416201\" data-element_type=\"section\">\n\t\t\t\t\t\t<div class=\"elementor-container elementor-column-gap-default\">\n\t\t\t\t\t<div class=\"elementor-column elementor-col-100 elementor-inner-column elementor-element elementor-element-291b67f\" data-id=\"291b67f\" data-element_type=\"column\">\n\t\t\t<div class=\"elementor-widget-wrap elementor-element-populated\">\n\t\t\t\t\t\t<div class=\"elementor-element elementor-element-c161119 elementor-widget elementor-widget-exhibz-feature\" data-id=\"c161119\" data-element_type=\"widget\" data-settings=\"{&quot;ekit_we_effect_on&quot;:&quot;none&quot;}\" data-widget_type=\"exhibz-feature.default\">\n\t\t\t\t<div class=\"elementor-widget-container\">\n\t\t\t\t\t \n    \t\t<div class=\"single-intro-text mb-70\">\n\t\t\t<i class=\"icon icon-netwrorking\"><\/i>\n\t\t\t<h3 class=\"ts-title\">1.- Quito en la mitad del mundo<\/h3>\n\t\t\t<p>\n\t\t     \tCanc\u00fan se encuentra en el coraz\u00f3n de la selva mexicana, lo que lo convierte en el escenario ideal para entrar en contacto con la naturaleza a trav\u00e9s de una amplia gama de actividades, ya sea si te gustan los deportes acu\u00e1ticos o terrestres, hay algo para todos que har\u00e1 de tus vacaciones una experiencia \u00fanica en la vida.\t\t\t<\/p>\n\t\t\t<span class=\"count-number\">1<\/span>\n\t\t<\/div><!-- single intro text end-->\n    \n    \n\t\n\t\n\t \n\n    \n    \t\t\t\t<\/div>\n\t\t\t\t<\/div>\n\t\t\t\t<div class=\"elementor-element elementor-element-9333f2f elementor-widget elementor-widget-exhibz-feature\" data-id=\"9333f2f\" data-element_type=\"widget\" data-settings=\"{&quot;ekit_we_effect_on&quot;:&quot;none&quot;}\" data-widget_type=\"exhibz-feature.default\">\n\t\t\t\t<div class=\"elementor-widget-container\">\n\t\t\t\t\t \n    \t\t<div class=\"single-intro-text mb-70\">\n\t\t\t<i class=\"icon icon-people\"><\/i>\n\t\t\t<h3 class=\"ts-title\">2.- Un Centro Hist\u00f3rico sin igual en el mundo<\/h3>\n\t\t\t<p>\n\t\t     \tDescubre la imponencia de uno de los cascos coloniales m\u00e1s grandes y mejor preservados de Am\u00e9rica y la joya urbana que motiv\u00f3 la declaraci\u00f3n de Primer Patrimonio Cultural de la Humanidad. \t\t\t<\/p>\n\t\t\t<span class=\"count-number\">2<\/span>\n\t\t<\/div><!-- single intro text end-->\n    \n    \n\t\n\t\n\t \n\n    \n    \t\t\t\t<\/div>\n\t\t\t\t<\/div>\n\t\t\t\t<div class=\"elementor-element elementor-element-07e04ca elementor-widget-tablet__width-initial elementor-widget elementor-widget-exhibz-feature\" data-id=\"07e04ca\" data-element_type=\"widget\" data-settings=\"{&quot;ekit_we_effect_on&quot;:&quot;none&quot;}\" data-widget_type=\"exhibz-feature.default\">\n\t\t\t\t<div class=\"elementor-widget-container\">\n\t\t\t\t\t \n    \t\t<div class=\"single-intro-text mb-70\">\n\t\t\t<i class=\"icon icon-speaker\"><\/i>\n\t\t\t<h3 class=\"ts-title\">3.-La cocina quite\u00f1a <\/h3>\n\t\t\t<p>\n\t\t     \tLos sabores de la cocina quite\u00f1a es uno de los secretos mejor guardados de la ciudad. Merecen ser degustados por todo buen viajero, platos tradicionales mestizos que mezclan lo precolombino y lo colonial, cuentan con una fuerte influencia tanto andina como ib\u00e9rica. \nPor otro lado, tambi\u00e9n puedes visitar otros lugares emblem\u00e1ticos del Caribe Mexicano, como la\u00a05ta. Av. en Playa del Carmen, o sitios arqueol\u00f3gicos absolutamente sorprendentes junto a las aguas turquesas de\u00a0Tulum.\t\t\t<\/p>\n\t\t\t<span class=\"count-number\">3<\/span>\n\t\t<\/div><!-- single intro text end-->\n    \n    \n\t\n\t\n\t \n\n    \n    \t\t\t\t<\/div>\n\t\t\t\t<\/div>\n\t\t\t\t<div class=\"elementor-element elementor-element-d2e9c68 elementor-widget elementor-widget-exhibz-feature\" data-id=\"d2e9c68\" data-element_type=\"widget\" data-settings=\"{&quot;ekit_we_effect_on&quot;:&quot;none&quot;}\" data-widget_type=\"exhibz-feature.default\">\n\t\t\t\t<div class=\"elementor-widget-container\">\n\t\t\t\t\t \n    \t\t<div class=\"single-intro-text mb-70\">\n\t\t\t<i class=\"icon icon-fun\"><\/i>\n\t\t\t<h3 class=\"ts-title\">4.- Oficios y arte<\/h3>\n\t\t\t<p>\n\t\t     \tQuito en tiempos de la colonia fue un centro cultural y art\u00edstico muy importante. Esa virtud la han conservado a lo largo de las \u00e9pocas.  Es una de la ciudades que m\u00e1s foment\u00f3 las artes religiosas, y su conocida Escuela Quite\u00f1a produjo algunos de los artistas coloniales m\u00e1s importantes de Am\u00e9rica.\t\t\t<\/p>\n\t\t\t<span class=\"count-number\">4<\/span>\n\t\t<\/div><!-- single intro text end-->\n    \n    \n\t\n\t\n\t \n\n    \n    \t\t\t\t<\/div>\n\t\t\t\t<\/div>\n\t\t\t\t<div class=\"elementor-element elementor-element-258ac9e elementor-widget elementor-widget-exhibz-feature\" data-id=\"258ac9e\" data-element_type=\"widget\" data-settings=\"{&quot;ekit_we_effect_on&quot;:&quot;none&quot;}\" data-widget_type=\"exhibz-feature.default\">\n\t\t\t\t<div class=\"elementor-widget-container\">\n\t\t\t\t\t \n    \t\t<div class=\"single-intro-text mb-70\">\n\t\t\t<i class=\"icon icon-fun\"><\/i>\n\t\t\t<h3 class=\"ts-title\">5.- Nuestros museos, teatros y centros culturales<\/h3>\n\t\t\t<p>\n\t\t     \t\nQuito cuenta con una gran cantidad de lugares que narran historias y realidades de otros tiempos, adem\u00e1s donde se promueve la cultura a trav\u00e9s de exposiciones permanentes y temporales, funciones de teatro, m\u00fasica o cine. \n\nContinuando su recorrido culinario por la\u00a0Zona Hotelera\u00a0se encuentran las experiencias gourmet\u00a0m\u00e1s sorprendentes y ex\u00f3ticas\u00a0de la regi\u00f3n. Descubre con los m\u00e1s paradis\u00edacos y \u00fanicos platillos de mariscos.\t\t\t<\/p>\n\t\t\t<span class=\"count-number\">5<\/span>\n\t\t<\/div><!-- single intro text end-->\n    \n    \n\t\n\t\n\t \n\n    \n    \t\t\t\t<\/div>\n\t\t\t\t<\/div>\n\t\t\t\t<div class=\"elementor-element elementor-element-5115434 elementor-widget elementor-widget-exhibz-feature\" data-id=\"5115434\" data-element_type=\"widget\" data-settings=\"{&quot;ekit_we_effect_on&quot;:&quot;none&quot;}\" data-widget_type=\"exhibz-feature.default\">\n\t\t\t\t<div class=\"elementor-widget-container\">\n\t\t\t\t\t \n    \t\t<div class=\"single-intro-text mb-70\">\n\t\t\t<i class=\"icon icon-fun\"><\/i>\n\t\t\t<h3 class=\"ts-title\">6.- En la noche<\/h3>\n\t\t\t<p>\n\t\t     \t\nCuenta con varias opciones en restaurantes, caf\u00e9s, bares y discotecas  en  los barrios. All\u00ed encontrar\u00e1s m\u00fasica, gastronom\u00eda local e internacional, fiesta y, sobre todo, \u00a1la singular alegr\u00eda quite\u00f1a!\t\t\t<\/p>\n\t\t\t<span class=\"count-number\">6<\/span>\n\t\t<\/div><!-- single intro text end-->\n    \n    \n\t\n\t\n\t \n\n    \n    \t\t\t\t<\/div>\n\t\t\t\t<\/div>\n\t\t\t\t<div class=\"elementor-element elementor-element-5cc9dd6 elementor-widget elementor-widget-exhibz-feature\" data-id=\"5cc9dd6\" data-element_type=\"widget\" data-settings=\"{&quot;ekit_we_effect_on&quot;:&quot;none&quot;}\" data-widget_type=\"exhibz-feature.default\">\n\t\t\t\t<div class=\"elementor-widget-container\">\n\t\t\t\t\t \n    \t\t<div class=\"single-intro-text mb-70\">\n\t\t\t<i class=\"icon icon-fun\"><\/i>\n\t\t\t<h3 class=\"ts-title\">7.- S\u00fabete al ferrocarril<\/h3>\n\t\t\t<p>\n\t\t     \tTienes que vivir la experiencia de viajar en \u201cel ferrocarril m\u00e1s dif\u00edcil del mundo\u201d, que ahora se ha convertido en un tren tur\u00edstico patrimonial. \t\t\t<\/p>\n\t\t\t<span class=\"count-number\">7<\/span>\n\t\t<\/div><!-- single intro text end-->\n    \n    \n\t\n\t\n\t \n\n    \n    \t\t\t\t<\/div>\n\t\t\t\t<\/div>\n\t\t\t\t<div class=\"elementor-element elementor-element-32c1aa1 elementor-widget elementor-widget-exhibz-feature\" data-id=\"32c1aa1\" data-element_type=\"widget\" data-settings=\"{&quot;ekit_we_effect_on&quot;:&quot;none&quot;}\" data-widget_type=\"exhibz-feature.default\">\n\t\t\t\t<div class=\"elementor-widget-container\">\n\t\t\t\t\t \n    \t\t<div class=\"single-intro-text mb-70\">\n\t\t\t<i class=\"icon icon-fun\"><\/i>\n\t\t\t<h3 class=\"ts-title\">8.- Compras<\/h3>\n\t\t\t<p>\n\t\t     \t\nUna de las actividades de ocio es el shopping y en Quito encontrar\u00e1s una diversidad de opciones para todos los gustos. Para comprar arte, Quito tambi\u00e9n es el destino ideal: en El Ejido encontrar\u00e1s pinturas, esculturas, \u00f3leos, etc. \n\t\t\t<\/p>\n\t\t\t<span class=\"count-number\">8<\/span>\n\t\t<\/div><!-- single intro text end-->\n    \n    \n\t\n\t\n\t \n\n    \n    \t\t\t\t<\/div>\n\t\t\t\t<\/div>\n\t\t\t\t<div class=\"elementor-element elementor-element-ee43b56 elementor-widget elementor-widget-exhibz-feature\" data-id=\"ee43b56\" data-element_type=\"widget\" data-settings=\"{&quot;ekit_we_effect_on&quot;:&quot;none&quot;}\" data-widget_type=\"exhibz-feature.default\">\n\t\t\t\t<div class=\"elementor-widget-container\">\n\t\t\t\t\t \n    \t\t<div class=\"single-intro-text mb-70\">\n\t\t\t<i class=\"icon icon-fun\"><\/i>\n\t\t\t<h3 class=\"ts-title\">9.- El p\u00e1ramo y el Bosque Nublado, estar en dos mundos paralelos a la vez<\/h3>\n\t\t\t<p>\n\t\t     \t\nEn los alrededores de Quito, podr\u00e1s disfrutar de actividades en haciendas localizadas en los p\u00e1ramos andinos: aguas termales, cabalgatas, caminatas, andinismo, agroturismo y m\u00e1s. En la zona del Noroccidente, podr\u00e1s descubrir la belleza y riqueza del bosque nublado subtropical, uno de los mejores lugares para ver docenas de especies de colibr\u00edes. Son dos mundos completamente opuestos, uno c\u00e1lido y otro fr\u00edo, a menos de una hora de distancia entre s\u00ed. \u00a1Magia absoluta!\t\t\t<\/p>\n\t\t\t<span class=\"count-number\">9<\/span>\n\t\t<\/div><!-- single intro text end-->\n    \n    \n\t\n\t\n\t \n\n    \n    \t\t\t\t<\/div>\n\t\t\t\t<\/div>\n\t\t\t\t<div class=\"elementor-element elementor-element-27112d3 elementor-widget elementor-widget-exhibz-feature\" data-id=\"27112d3\" data-element_type=\"widget\" data-settings=\"{&quot;ekit_we_effect_on&quot;:&quot;none&quot;}\" data-widget_type=\"exhibz-feature.default\">\n\t\t\t\t<div class=\"elementor-widget-container\">\n\t\t\t\t\t \n    \t\t<div class=\"single-intro-text mb-70\">\n\t\t\t<i class=\"icon icon-fun\"><\/i>\n\t\t\t<h3 class=\"ts-title\">10.- Pueblo hospitalario <\/h3>\n\t\t\t<p>\n\t\t     \t\nTanto en Quito como en los alrededores, encontramos un pueblo amable y hospitalario que nos recibi\u00f3 con los brazos abiertos.\t\t\t<\/p>\n\t\t\t<span class=\"count-number\">10<\/span>\n\t\t<\/div><!-- single intro text end-->\n    \n    \n\t\n\t\n\t \n\n    \n    \t\t\t\t<\/div>\n\t\t\t\t<\/div>\n\t\t\t\t<div class=\"elementor-element elementor-element-f49ee4c elementor-widget elementor-widget-exhibz-feature\" data-id=\"f49ee4c\" data-element_type=\"widget\" data-settings=\"{&quot;ekit_we_effect_on&quot;:&quot;none&quot;}\" data-widget_type=\"exhibz-feature.default\">\n\t\t\t\t<div class=\"elementor-widget-container\">\n\t\t\t\t\t \n    \t\t<div class=\"single-intro-text mb-70\">\n\t\t\t<i class=\"icon icon-fun\"><\/i>\n\t\t\t<h3 class=\"ts-title\">11.- Cerca de todo\t<\/h3>\n\t\t\t<p>\n\t\t     \t\nQuito como puerta de entrada a Ecuador est\u00e1 estrat\u00e9gicamente ubicado para acercarte a la Costa del Pac\u00edfico con sus playas, pueblos pesqueros y rica gastronom\u00eda. \t\t\t<\/p>\n\t\t\t<span class=\"count-number\">11<\/span>\n\t\t<\/div><!-- single intro text end-->\n    \n    \n\t\n\t\n\t \n\n    \n    \t\t\t\t<\/div>\n\t\t\t\t<\/div>\n\t\t\t\t\t<\/div>\n\t\t<\/div>\n\t\t\t\t\t<\/div>\n\t\t<\/section>\n\t\t\t\t\t<\/div>\n\t\t<\/div>\n\t\t\t\t\t<\/div>\n\t\t<\/section>\n\t\t\t\t<section class=\"elementor-section elementor-top-section elementor-element elementor-element-76bd485 elementor-section-boxed elementor-section-height-default elementor-section-height-default\" data-id=\"76bd485\" data-element_type=\"section\">\n\t\t\t\t\t\t<div class=\"elementor-container elementor-column-gap-default\">\n\t\t\t\t\t<div class=\"elementor-column elementor-col-100 elementor-top-column elementor-element elementor-element-37193b1\" data-id=\"37193b1\" data-element_type=\"column\">\n\t\t\t<div class=\"elementor-widget-wrap elementor-element-populated\">\n\t\t\t\t\t\t<div class=\"elementor-element elementor-element-3ec8f54 elementor-invisible elementor-widget elementor-widget-exhibz-title\" data-id=\"3ec8f54\" data-element_type=\"widget\" data-settings=\"{&quot;_animation&quot;:&quot;slideInUp&quot;,&quot;_animation_delay&quot;:&quot;350&quot;,&quot;ekit_we_effect_on&quot;:&quot;none&quot;}\" data-widget_type=\"exhibz-title.default\">\n\t\t\t\t<div class=\"elementor-widget-container\">\n\t\t\t\t\t\n    <div class=\"title-section-area\">\n        <h2 class=\"section-title\">\n            <span class=\"sub-title\"><\/span>\n\t\t\t\u00bfQu\u00e9 hacer en Quito?        <\/h2>\n\t\t                    <span class=\"title-shape\">\n                  <svg xmlns='http:\/\/www.w3.org\/2000\/svg' xmlns:xlink='http:\/\/www.w3.org\/1999\/xlink' width='71px' height='11px'> <path fill-rule='evenodd' d='M59.669,10.710 L49.164,3.306 L39.428,10.681 L29.714,3.322 L20.006,10.682 L10.295,3.322 L1.185,10.228 L-0.010,8.578 L10.295,0.765 L20.006,8.125 L29.714,0.765 L39.428,8.125 L49.122,0.781 L59.680,8.223 L69.858,1.192 L70.982,2.895 L59.669,10.710 Z'\/><\/svg>\n            <\/span>\n                    <\/div><!-- Section title -->\n    \n    \n\n    \t\t\t\t<\/div>\n\t\t\t\t<\/div>\n\t\t\t\t<div class=\"elementor-element elementor-element-e85597c elementor-invisible elementor-widget elementor-widget-text-editor\" data-id=\"e85597c\" data-element_type=\"widget\" data-settings=\"{&quot;_animation&quot;:&quot;slideInRight&quot;,&quot;_animation_delay&quot;:&quot;350&quot;,&quot;ekit_we_effect_on&quot;:&quot;none&quot;}\" data-widget_type=\"text-editor.default\">\n\t\t\t\t\t\t\t\t\t<p>Es impresindible conocer el Centro Hit\u00f3rico mejor conservado de Am\u00e9rica, ya que gracias a que alberga iglesias, museos y plazas con tesoros incalculables de cultura e historia de la \u00e9poca incaica, colonial y republicana la ciudad fue declarada por la Unesco como el primer Patrimonio Cultural de la Humanidad. Las edificaciones m\u00e1s importantes destacan la Virgen de El Panecillo, la Bas\u00edlica del Voto Nacional, la Iglesia de La Compa\u00f1\u00eda y el Convento de San Francisco.<\/p><p>Otro de los atractivos es el monumento a la Mitad del Mundo, es el lugar m\u00e1s visitado de Ecuador. Quedar\u00e1s sorprendido por su magnificencia de la edificaci\u00f3n, la experiencia energ\u00e9tica del sitio y la diversa oferta cultural que hay en este complejo tur\u00edstico. El recorrido se complementa con la visita a lugares como el cerro Catequilla, el cr\u00e1ter del Puluahua, las ruinas de Rumicucho y la experiencia del agave andino.<\/p><p>Quito tambi\u00e9n es naturaleza. En el \u00e1rea rural est\u00e1 la s\u00e9ptima Reserva de Bi\u00f3sfera del Ecuador, el Choc\u00f3 Andino, un entorno de naturaleza exuberante, un mundo envuelto en neblina, lleno de orqu\u00eddeas, dominado por los aleteos y silbidos de una variedad incontable de aves. Si, dentro de tus planes est\u00e1 alejarte de la ciudad y realizar actividades como ecoturismo, avistamiento de aves, turismo de aventura, camping, senderismo, ciclismo, este es el lugar es ideal para ti!\u00a0<\/p><p>Finalmente, Quito tienen una fusi\u00f3n de saberes y sabores de la cocina ancestral y propuestas gastron\u00f3micas innovadoras que conquistan los paladares con platillos t\u00edpicos y de temporada como la fanesca, colada morada, puchero, locro quite\u00f1o, tripa mishki, canelazo y otros que son elaborados con productos de primera.<\/p><p>Tu visita no estar\u00e1 completa sin saborear la oferta de chocolates elaborados con cacao fino de aroma, el mejor del mundo, por supuesto caf\u00e9 de altura que, se producen en Ecuador.<\/p><p>Y no dejes de disfrutar de las frutas frescas como: tomate de \u00e1rbol, la naranjilla, la chirimoya, la granadilla y el taxo, el babaco y mucho m\u00e1s.<\/p><p>\u00a0<\/p><p>La ubicaci\u00f3n geogr\u00e1fica de Quito le otorga una vista impresionante de la \u2018Avenida de los volcanes\u2019 y un clima diverso, donde en el mismo d\u00eda puedes disfrutar del sol veraniego, vientos oto\u00f1ales, lluvias de invierno y la belleza de un d\u00eda primaveral.<\/p><p>\u00a1Tu historia comienza en Quito!<\/p>\t\t\t\t\t\t\t\t<\/div>\n\t\t\t\t<div class=\"elementor-element elementor-element-ab24f46 elementor-align-center elementor-invisible elementor-widget elementor-widget-button\" data-id=\"ab24f46\" data-element_type=\"widget\" data-settings=\"{&quot;_animation&quot;:&quot;fadeInUp&quot;,&quot;_animation_delay&quot;:&quot;400&quot;,&quot;ekit_we_effect_on&quot;:&quot;none&quot;}\" data-widget_type=\"button.default\">\n\t\t\t\t\t\t\t\t\t\t<a class=\"elementor-button elementor-button-link elementor-size-md\" href=\"https:\/\/foro-mundial.org\/web\/wp-content\/uploads\/2023\/06\/GUIA-QUITO.pdf\" target=\"_blank\">\n\t\t\t\t\t\t<span class=\"elementor-button-content-wrapper\">\n\t\t\t\t\t\t\t\t\t<span class=\"elementor-button-text\">DESCARGAR GUIA DE VIAJE<\/span>\n\t\t\t\t\t<\/span>\n\t\t\t\t\t<\/a>\n\t\t\t\t\t\t\t\t<\/div>\n\t\t\t\t\t<\/div>\n\t\t<\/div>\n\t\t\t\t\t<\/div>\n\t\t<\/section>\n\t\t\t\t<\/div>\n\t\t","protected":false},"excerpt":{"rendered":"<p>\/*! elementor &#8211; v3.18.0 &#8211; 29-11-2023 *\/ .elementor-heading-title{padding:0;margin:0;line-height:1}.elementor-widget-heading .elementor-heading-title[class*=elementor-size-]&gt;a{color:inherit;font-size:inherit;line-height:inherit}.elementor-widget-heading .elementor-heading-title.elementor-size-small{font-size:15px}.elementor-widget-heading .elementor-heading-title.elementor-size-medium{font-size:19px}.elementor-widget-heading .elementor-heading-title.elementor-size-large{font-size:29px}.elementor-widget-heading .elementor-heading-title.elementor-size-xl{font-size:39px}.elementor-widget-heading .elementor-heading-title.elementor-size-xxl{font-size:59px} QUITO ECUADOR Quito- Ecuador, la ciudad que cautiva el alma y enamora Una vez que se tiene la voluntad de viajar, entra en juego la segunda parte, la m\u00e1s dif\u00edcil: elegir el destino. Ahora bien, \u00bfC\u00f3mo elegir un destino cuando hay [&hellip;]<\/p>\n","protected":false},"author":1,"featured_media":11818,"parent":0,"menu_order":0,"comment_status":"closed","ping_status":"closed","template":"elementor_header_footer","meta":{"footnotes":""},"class_list":["post-2215","page","type-page","status-publish","has-post-thumbnail","hentry"],"aioseo_notices":[],"jetpack_sharing_enabled":true,"_links":{"self":[{"href":"https:\/\/foro-mundial.org\/web\/wp-json\/wp\/v2\/pages\/2215","targetHints":{"allow":["GET"]}}],"collection":[{"href":"https:\/\/foro-mundial.org\/web\/wp-json\/wp\/v2\/pages"}],"about":[{"href":"https:\/\/foro-mundial.org\/web\/wp-json\/wp\/v2\/types\/page"}],"author":[{"embeddable":true,"href":"https:\/\/foro-mundial.org\/web\/wp-json\/wp\/v2\/users\/1"}],"replies":[{"embeddable":true,"href":"https:\/\/foro-mundial.org\/web\/wp-json\/wp\/v2\/comments?post=2215"}],"version-history":[{"count":23,"href":"https:\/\/foro-mundial.org\/web\/wp-json\/wp\/v2\/pages\/2215\/revisions"}],"predecessor-version":[{"id":13238,"href":"https:\/\/foro-mundial.org\/web\/wp-json\/wp\/v2\/pages\/2215\/revisions\/13238"}],"wp:featuredmedia":[{"embeddable":true,"href":"https:\/\/foro-mundial.org\/web\/wp-json\/wp\/v2\/media\/11818"}],"wp:attachment":[{"href":"https:\/\/foro-mundial.org\/web\/wp-json\/wp\/v2\/media?parent=2215"}],"curies":[{"name":"wp","href":"https:\/\/api.w.org\/{rel}","templated":true}]}}