{"id":2314,"date":"2021-07-18T05:41:24","date_gmt":"2021-07-18T05:41:24","guid":{"rendered":"https:\/\/foro-mundial.org\/congresos\/?page_id=2314"},"modified":"2023-06-19T21:35:53","modified_gmt":"2023-06-19T21:35:53","slug":"home","status":"publish","type":"page","link":"https:\/\/foro-mundial.org\/congresos\/","title":{"rendered":"Home"},"content":{"rendered":"\t\t<div data-elementor-type=\"wp-page\" data-elementor-id=\"2314\" class=\"elementor elementor-2314\">\n\t\t\t\t\t\t<div class=\"elementor-inner\">\n\t\t\t\t<div class=\"elementor-section-wrap\">\n\t\t\t\t\t\t\t\t\t<section class=\"elementor-section elementor-top-section elementor-element elementor-element-abee149 elementor-section-boxed elementor-section-height-default elementor-section-height-default\" data-id=\"abee149\" data-element_type=\"section\">\n\t\t\t\t\t\t<div class=\"elementor-container elementor-column-gap-default\">\n\t\t\t\t\t\t\t<div class=\"elementor-row\">\n\t\t\t\t\t<div class=\"elementor-column elementor-col-100 elementor-top-column elementor-element elementor-element-4f8c6c5\" data-id=\"4f8c6c5\" data-element_type=\"column\">\n\t\t\t<div class=\"elementor-column-wrap elementor-element-populated\">\n\t\t\t\t\t\t\t<div class=\"elementor-widget-wrap\">\n\t\t\t\t\t\t<div class=\"elementor-element elementor-element-fae2313 elementor-widget elementor-widget-image\" data-id=\"fae2313\" data-element_type=\"widget\" data-settings=\"{&quot;ekit_we_effect_on&quot;:&quot;none&quot;}\" data-widget_type=\"image.default\">\n\t\t\t\t<div class=\"elementor-widget-container\">\n\t\t\t\t\t\t\t\t<div class=\"elementor-image\">\n\t\t\t\t\t\t\t\t\t\t\t\t<img loading=\"lazy\" decoding=\"async\" width=\"800\" height=\"802\" src=\"https:\/\/foro-mundial.org\/congresos\/wp-content\/uploads\/2023\/06\/Logo-FMU-Dos-1022x1024.png\" class=\"attachment-large size-large wp-image-3548\" alt=\"\" srcset=\"https:\/\/foro-mundial.org\/congresos\/wp-content\/uploads\/2023\/06\/Logo-FMU-Dos-1022x1024.png 1022w, https:\/\/foro-mundial.org\/congresos\/wp-content\/uploads\/2023\/06\/Logo-FMU-Dos-300x300.png 300w, https:\/\/foro-mundial.org\/congresos\/wp-content\/uploads\/2023\/06\/Logo-FMU-Dos-600x601.png 600w, https:\/\/foro-mundial.org\/congresos\/wp-content\/uploads\/2023\/06\/Logo-FMU-Dos-150x150.png 150w, https:\/\/foro-mundial.org\/congresos\/wp-content\/uploads\/2023\/06\/Logo-FMU-Dos-768x770.png 768w, https:\/\/foro-mundial.org\/congresos\/wp-content\/uploads\/2023\/06\/Logo-FMU-Dos-1533x1536.png 1533w, https:\/\/foro-mundial.org\/congresos\/wp-content\/uploads\/2023\/06\/Logo-FMU-Dos-2043x2048.png 2043w\" sizes=\"(max-width: 800px) 100vw, 800px\" \/>\t\t\t\t\t\t\t\t\t\t\t\t\t\t<\/div>\n\t\t\t\t\t\t<\/div>\n\t\t\t\t<\/div>\n\t\t\t\t\t\t<\/div>\n\t\t\t\t\t<\/div>\n\t\t<\/div>\n\t\t\t\t\t\t\t\t<\/div>\n\t\t\t\t\t<\/div>\n\t\t<\/section>\n\t\t\t\t<section class=\"elementor-section elementor-top-section elementor-element elementor-element-f3e39cf multievent-hero elementor-section-boxed elementor-section-height-default elementor-section-height-default\" data-id=\"f3e39cf\" data-element_type=\"section\" data-settings=\"{&quot;ekit_section_parallax_multi&quot;:&quot;yes&quot;,&quot;ekit_section_parallax_multi_items&quot;:[{&quot;_id&quot;:&quot;47f5047&quot;,&quot;parallax_style&quot;:&quot;mousemove&quot;,&quot;image&quot;:{&quot;url&quot;:&quot;https:\\\/\\\/foro-mundial.org\\\/congresos\\\/wp-content\\\/uploads\\\/2021\\\/07\\\/left_image_1.png&quot;,&quot;id&quot;:2335,&quot;size&quot;:&quot;&quot;},&quot;pos_x&quot;:{&quot;unit&quot;:&quot;%&quot;,&quot;size&quot;:0,&quot;sizes&quot;:[]},&quot;pos_y&quot;:{&quot;unit&quot;:&quot;%&quot;,&quot;size&quot;:0,&quot;sizes&quot;:[]},&quot;parallax_speed&quot;:20,&quot;parallax_transform_value&quot;:null,&quot;smoothness&quot;:null,&quot;pos_x_tablet&quot;:{&quot;unit&quot;:&quot;%&quot;,&quot;size&quot;:-44,&quot;sizes&quot;:[]},&quot;item_source&quot;:&quot;image&quot;,&quot;shape&quot;:null,&quot;shape_color&quot;:null,&quot;width_type&quot;:&quot;&quot;,&quot;custom_width&quot;:null,&quot;source_rotate&quot;:{&quot;unit&quot;:&quot;deg&quot;,&quot;size&quot;:0,&quot;sizes&quot;:[]},&quot;parallax_blur_effect&quot;:{&quot;unit&quot;:&quot;px&quot;,&quot;size&quot;:0,&quot;sizes&quot;:[]},&quot;animation&quot;:null,&quot;animation_tablet&quot;:null,&quot;animation_mobile&quot;:null,&quot;item_opacity&quot;:&quot;1&quot;,&quot;animation_speed&quot;:null,&quot;animation_iteration_count&quot;:null,&quot;animation_direction&quot;:null,&quot;parallax_transform&quot;:null,&quot;offsettop&quot;:null,&quot;offsetbottom&quot;:null,&quot;maxtilt&quot;:null,&quot;scale&quot;:null,&quot;disableaxis&quot;:null,&quot;zindex&quot;:&quot;2&quot;},{&quot;_id&quot;:&quot;7379024&quot;,&quot;parallax_style&quot;:&quot;mousemove&quot;,&quot;image&quot;:{&quot;url&quot;:&quot;https:\\\/\\\/foro-mundial.org\\\/congresos\\\/wp-content\\\/uploads\\\/2021\\\/07\\\/image.png&quot;,&quot;id&quot;:2339,&quot;size&quot;:&quot;&quot;},&quot;pos_x&quot;:{&quot;unit&quot;:&quot;%&quot;,&quot;size&quot;:7,&quot;sizes&quot;:[]},&quot;pos_y&quot;:{&quot;unit&quot;:&quot;%&quot;,&quot;size&quot;:20,&quot;sizes&quot;:[]},&quot;pos_x_tablet&quot;:{&quot;unit&quot;:&quot;%&quot;,&quot;size&quot;:-41,&quot;sizes&quot;:[]},&quot;item_source&quot;:&quot;image&quot;,&quot;shape&quot;:null,&quot;shape_color&quot;:null,&quot;width_type&quot;:&quot;&quot;,&quot;custom_width&quot;:null,&quot;source_rotate&quot;:{&quot;unit&quot;:&quot;deg&quot;,&quot;size&quot;:0,&quot;sizes&quot;:[]},&quot;parallax_blur_effect&quot;:{&quot;unit&quot;:&quot;px&quot;,&quot;size&quot;:0,&quot;sizes&quot;:[]},&quot;animation&quot;:null,&quot;animation_tablet&quot;:null,&quot;animation_mobile&quot;:null,&quot;item_opacity&quot;:&quot;1&quot;,&quot;animation_speed&quot;:null,&quot;animation_iteration_count&quot;:null,&quot;animation_direction&quot;:null,&quot;parallax_speed&quot;:40,&quot;parallax_transform&quot;:null,&quot;parallax_transform_value&quot;:null,&quot;smoothness&quot;:null,&quot;offsettop&quot;:null,&quot;offsetbottom&quot;:null,&quot;maxtilt&quot;:null,&quot;scale&quot;:null,&quot;disableaxis&quot;:null,&quot;zindex&quot;:&quot;2&quot;},{&quot;_id&quot;:&quot;03bc1bb&quot;,&quot;parallax_style&quot;:&quot;mousemove&quot;,&quot;image&quot;:{&quot;url&quot;:&quot;https:\\\/\\\/foro-mundial.org\\\/congresos\\\/wp-content\\\/uploads\\\/2021\\\/07\\\/left_image_5.png&quot;,&quot;id&quot;:2340,&quot;size&quot;:&quot;&quot;},&quot;pos_x&quot;:{&quot;unit&quot;:&quot;%&quot;,&quot;size&quot;:2,&quot;sizes&quot;:[]},&quot;pos_y&quot;:{&quot;unit&quot;:&quot;%&quot;,&quot;size&quot;:48,&quot;sizes&quot;:[]},&quot;parallax_speed&quot;:20,&quot;pos_x_tablet&quot;:{&quot;unit&quot;:&quot;%&quot;,&quot;size&quot;:-66,&quot;sizes&quot;:[]},&quot;item_source&quot;:&quot;image&quot;,&quot;shape&quot;:null,&quot;shape_color&quot;:null,&quot;width_type&quot;:&quot;&quot;,&quot;custom_width&quot;:null,&quot;source_rotate&quot;:{&quot;unit&quot;:&quot;deg&quot;,&quot;size&quot;:0,&quot;sizes&quot;:[]},&quot;parallax_blur_effect&quot;:{&quot;unit&quot;:&quot;px&quot;,&quot;size&quot;:0,&quot;sizes&quot;:[]},&quot;animation&quot;:null,&quot;animation_tablet&quot;:null,&quot;animation_mobile&quot;:null,&quot;item_opacity&quot;:&quot;1&quot;,&quot;animation_speed&quot;:null,&quot;animation_iteration_count&quot;:null,&quot;animation_direction&quot;:null,&quot;parallax_transform&quot;:null,&quot;parallax_transform_value&quot;:null,&quot;smoothness&quot;:null,&quot;offsettop&quot;:null,&quot;offsetbottom&quot;:null,&quot;maxtilt&quot;:null,&quot;scale&quot;:null,&quot;disableaxis&quot;:null,&quot;zindex&quot;:&quot;2&quot;},{&quot;parallax_style&quot;:&quot;mousemove&quot;,&quot;image&quot;:{&quot;url&quot;:&quot;https:\\\/\\\/foro-mundial.org\\\/congresos\\\/wp-content\\\/uploads\\\/2021\\\/07\\\/left_image_6.png&quot;,&quot;id&quot;:2341,&quot;size&quot;:&quot;&quot;},&quot;pos_x&quot;:{&quot;unit&quot;:&quot;%&quot;,&quot;size&quot;:15,&quot;sizes&quot;:[]},&quot;pos_y&quot;:{&quot;unit&quot;:&quot;%&quot;,&quot;size&quot;:88,&quot;sizes&quot;:[]},&quot;parallax_speed&quot;:20,&quot;_id&quot;:&quot;75aa6cc&quot;,&quot;item_source&quot;:&quot;image&quot;,&quot;shape&quot;:null,&quot;shape_color&quot;:null,&quot;width_type&quot;:&quot;&quot;,&quot;custom_width&quot;:null,&quot;source_rotate&quot;:{&quot;unit&quot;:&quot;deg&quot;,&quot;size&quot;:0,&quot;sizes&quot;:[]},&quot;parallax_blur_effect&quot;:{&quot;unit&quot;:&quot;px&quot;,&quot;size&quot;:0,&quot;sizes&quot;:[]},&quot;animation&quot;:null,&quot;animation_tablet&quot;:null,&quot;animation_mobile&quot;:null,&quot;item_opacity&quot;:&quot;1&quot;,&quot;animation_speed&quot;:null,&quot;animation_iteration_count&quot;:null,&quot;animation_direction&quot;:null,&quot;parallax_transform&quot;:null,&quot;parallax_transform_value&quot;:null,&quot;smoothness&quot;:null,&quot;offsettop&quot;:null,&quot;offsetbottom&quot;:null,&quot;maxtilt&quot;:null,&quot;scale&quot;:null,&quot;disableaxis&quot;:null,&quot;zindex&quot;:&quot;2&quot;},{&quot;parallax_style&quot;:&quot;mousemove&quot;,&quot;image&quot;:{&quot;url&quot;:&quot;https:\\\/\\\/foro-mundial.org\\\/congresos\\\/wp-content\\\/uploads\\\/2021\\\/07\\\/right_image_1.png&quot;,&quot;id&quot;:2342,&quot;size&quot;:&quot;&quot;},&quot;pos_x&quot;:{&quot;unit&quot;:&quot;%&quot;,&quot;size&quot;:87,&quot;sizes&quot;:[]},&quot;pos_y&quot;:{&quot;unit&quot;:&quot;%&quot;,&quot;size&quot;:6,&quot;sizes&quot;:[]},&quot;_id&quot;:&quot;f34372f&quot;,&quot;pos_x_tablet&quot;:{&quot;unit&quot;:&quot;px&quot;,&quot;size&quot;:802,&quot;sizes&quot;:[]},&quot;item_source&quot;:&quot;image&quot;,&quot;shape&quot;:null,&quot;shape_color&quot;:null,&quot;width_type&quot;:&quot;&quot;,&quot;custom_width&quot;:null,&quot;source_rotate&quot;:{&quot;unit&quot;:&quot;deg&quot;,&quot;size&quot;:0,&quot;sizes&quot;:[]},&quot;parallax_blur_effect&quot;:{&quot;unit&quot;:&quot;px&quot;,&quot;size&quot;:0,&quot;sizes&quot;:[]},&quot;animation&quot;:null,&quot;animation_tablet&quot;:null,&quot;animation_mobile&quot;:null,&quot;item_opacity&quot;:&quot;1&quot;,&quot;animation_speed&quot;:null,&quot;animation_iteration_count&quot;:null,&quot;animation_direction&quot;:null,&quot;parallax_speed&quot;:40,&quot;parallax_transform&quot;:null,&quot;parallax_transform_value&quot;:null,&quot;smoothness&quot;:null,&quot;offsettop&quot;:null,&quot;offsetbottom&quot;:null,&quot;maxtilt&quot;:null,&quot;scale&quot;:null,&quot;disableaxis&quot;:null,&quot;zindex&quot;:&quot;2&quot;},{&quot;parallax_style&quot;:&quot;mousemove&quot;,&quot;image&quot;:{&quot;url&quot;:&quot;https:\\\/\\\/foro-mundial.org\\\/congresos\\\/wp-content\\\/uploads\\\/2021\\\/07\\\/right_image_2.png&quot;,&quot;id&quot;:2343,&quot;size&quot;:&quot;&quot;},&quot;pos_x&quot;:{&quot;unit&quot;:&quot;%&quot;,&quot;size&quot;:90,&quot;sizes&quot;:[]},&quot;parallax_speed&quot;:30,&quot;_id&quot;:&quot;b319013&quot;,&quot;pos_x_tablet&quot;:{&quot;unit&quot;:&quot;px&quot;,&quot;size&quot;:767,&quot;sizes&quot;:[]},&quot;item_source&quot;:&quot;image&quot;,&quot;shape&quot;:null,&quot;shape_color&quot;:null,&quot;width_type&quot;:&quot;&quot;,&quot;custom_width&quot;:null,&quot;source_rotate&quot;:{&quot;unit&quot;:&quot;deg&quot;,&quot;size&quot;:0,&quot;sizes&quot;:[]},&quot;parallax_blur_effect&quot;:{&quot;unit&quot;:&quot;px&quot;,&quot;size&quot;:0,&quot;sizes&quot;:[]},&quot;pos_y&quot;:{&quot;unit&quot;:&quot;%&quot;,&quot;size&quot;:10,&quot;sizes&quot;:[]},&quot;animation&quot;:null,&quot;animation_tablet&quot;:null,&quot;animation_mobile&quot;:null,&quot;item_opacity&quot;:&quot;1&quot;,&quot;animation_speed&quot;:null,&quot;animation_iteration_count&quot;:null,&quot;animation_direction&quot;:null,&quot;parallax_transform&quot;:null,&quot;parallax_transform_value&quot;:null,&quot;smoothness&quot;:null,&quot;offsettop&quot;:null,&quot;offsetbottom&quot;:null,&quot;maxtilt&quot;:null,&quot;scale&quot;:null,&quot;disableaxis&quot;:null,&quot;zindex&quot;:&quot;2&quot;},{&quot;parallax_style&quot;:&quot;mousemove&quot;,&quot;image&quot;:{&quot;url&quot;:&quot;https:\\\/\\\/foro-mundial.org\\\/congresos\\\/wp-content\\\/uploads\\\/2021\\\/07\\\/right_image_3.png&quot;,&quot;id&quot;:2344,&quot;size&quot;:&quot;&quot;},&quot;pos_x&quot;:{&quot;unit&quot;:&quot;%&quot;,&quot;size&quot;:97,&quot;sizes&quot;:[]},&quot;pos_y&quot;:{&quot;unit&quot;:&quot;%&quot;,&quot;size&quot;:31,&quot;sizes&quot;:[]},&quot;parallax_speed&quot;:50,&quot;_id&quot;:&quot;429cc78&quot;,&quot;pos_x_tablet&quot;:{&quot;unit&quot;:&quot;px&quot;,&quot;size&quot;:-93,&quot;sizes&quot;:[]},&quot;item_source&quot;:&quot;image&quot;,&quot;shape&quot;:null,&quot;shape_color&quot;:null,&quot;width_type&quot;:&quot;&quot;,&quot;custom_width&quot;:null,&quot;source_rotate&quot;:{&quot;unit&quot;:&quot;deg&quot;,&quot;size&quot;:0,&quot;sizes&quot;:[]},&quot;parallax_blur_effect&quot;:{&quot;unit&quot;:&quot;px&quot;,&quot;size&quot;:0,&quot;sizes&quot;:[]},&quot;animation&quot;:null,&quot;animation_tablet&quot;:null,&quot;animation_mobile&quot;:null,&quot;item_opacity&quot;:&quot;1&quot;,&quot;animation_speed&quot;:null,&quot;animation_iteration_count&quot;:null,&quot;animation_direction&quot;:null,&quot;parallax_transform&quot;:null,&quot;parallax_transform_value&quot;:null,&quot;smoothness&quot;:null,&quot;offsettop&quot;:null,&quot;offsetbottom&quot;:null,&quot;maxtilt&quot;:null,&quot;scale&quot;:null,&quot;disableaxis&quot;:null,&quot;zindex&quot;:&quot;2&quot;},{&quot;parallax_style&quot;:&quot;mousemove&quot;,&quot;image&quot;:{&quot;url&quot;:&quot;https:\\\/\\\/foro-mundial.org\\\/congresos\\\/wp-content\\\/uploads\\\/2021\\\/07\\\/right_image_4.png&quot;,&quot;id&quot;:2345,&quot;size&quot;:&quot;&quot;},&quot;pos_x&quot;:{&quot;unit&quot;:&quot;%&quot;,&quot;size&quot;:81,&quot;sizes&quot;:[]},&quot;pos_y&quot;:{&quot;unit&quot;:&quot;%&quot;,&quot;size&quot;:20,&quot;sizes&quot;:[]},&quot;parallax_speed&quot;:60,&quot;_id&quot;:&quot;a474946&quot;,&quot;pos_x_tablet&quot;:{&quot;unit&quot;:&quot;px&quot;,&quot;size&quot;:-360,&quot;sizes&quot;:[]},&quot;item_source&quot;:&quot;image&quot;,&quot;shape&quot;:null,&quot;shape_color&quot;:null,&quot;width_type&quot;:&quot;&quot;,&quot;custom_width&quot;:null,&quot;source_rotate&quot;:{&quot;unit&quot;:&quot;deg&quot;,&quot;size&quot;:0,&quot;sizes&quot;:[]},&quot;parallax_blur_effect&quot;:{&quot;unit&quot;:&quot;px&quot;,&quot;size&quot;:0,&quot;sizes&quot;:[]},&quot;animation&quot;:null,&quot;animation_tablet&quot;:null,&quot;animation_mobile&quot;:null,&quot;item_opacity&quot;:&quot;1&quot;,&quot;animation_speed&quot;:null,&quot;animation_iteration_count&quot;:null,&quot;animation_direction&quot;:null,&quot;parallax_transform&quot;:null,&quot;parallax_transform_value&quot;:null,&quot;smoothness&quot;:null,&quot;offsettop&quot;:null,&quot;offsetbottom&quot;:null,&quot;maxtilt&quot;:null,&quot;scale&quot;:null,&quot;disableaxis&quot;:null,&quot;zindex&quot;:&quot;2&quot;},{&quot;parallax_style&quot;:&quot;mousemove&quot;,&quot;image&quot;:{&quot;url&quot;:&quot;https:\\\/\\\/foro-mundial.org\\\/congresos\\\/wp-content\\\/uploads\\\/2021\\\/07\\\/right_image_5.png&quot;,&quot;id&quot;:2347,&quot;size&quot;:&quot;&quot;},&quot;pos_x&quot;:{&quot;unit&quot;:&quot;%&quot;,&quot;size&quot;:85,&quot;sizes&quot;:[]},&quot;pos_y&quot;:{&quot;unit&quot;:&quot;%&quot;,&quot;size&quot;:60,&quot;sizes&quot;:[]},&quot;parallax_speed&quot;:60,&quot;zindex&quot;:3,&quot;_id&quot;:&quot;94cb6f3&quot;,&quot;pos_x_tablet&quot;:{&quot;unit&quot;:&quot;px&quot;,&quot;size&quot;:-291,&quot;sizes&quot;:[]},&quot;item_source&quot;:&quot;image&quot;,&quot;shape&quot;:null,&quot;shape_color&quot;:null,&quot;width_type&quot;:&quot;&quot;,&quot;custom_width&quot;:null,&quot;source_rotate&quot;:{&quot;unit&quot;:&quot;deg&quot;,&quot;size&quot;:0,&quot;sizes&quot;:[]},&quot;parallax_blur_effect&quot;:{&quot;unit&quot;:&quot;px&quot;,&quot;size&quot;:0,&quot;sizes&quot;:[]},&quot;animation&quot;:null,&quot;animation_tablet&quot;:null,&quot;animation_mobile&quot;:null,&quot;item_opacity&quot;:&quot;1&quot;,&quot;animation_speed&quot;:null,&quot;animation_iteration_count&quot;:null,&quot;animation_direction&quot;:null,&quot;parallax_transform&quot;:null,&quot;parallax_transform_value&quot;:null,&quot;smoothness&quot;:null,&quot;offsettop&quot;:null,&quot;offsetbottom&quot;:null,&quot;maxtilt&quot;:null,&quot;scale&quot;:null,&quot;disableaxis&quot;:null},{&quot;_id&quot;:&quot;7818cb1&quot;,&quot;parallax_style&quot;:&quot;onscroll&quot;,&quot;image&quot;:{&quot;url&quot;:&quot;https:\\\/\\\/foro-mundial.org\\\/congresos\\\/wp-content\\\/uploads\\\/2021\\\/07\\\/right_image_6.png&quot;,&quot;id&quot;:2346,&quot;size&quot;:&quot;&quot;,&quot;alt&quot;:&quot;&quot;,&quot;source&quot;:&quot;library&quot;},&quot;pos_x&quot;:{&quot;unit&quot;:&quot;%&quot;,&quot;size&quot;:88,&quot;sizes&quot;:[]},&quot;pos_x_tablet&quot;:{&quot;unit&quot;:&quot;px&quot;,&quot;size&quot;:1000,&quot;sizes&quot;:[]},&quot;pos_y&quot;:{&quot;unit&quot;:&quot;%&quot;,&quot;size&quot;:21,&quot;sizes&quot;:[]},&quot;item_source&quot;:&quot;image&quot;,&quot;shape&quot;:null,&quot;shape_color&quot;:null,&quot;width_type&quot;:&quot;&quot;,&quot;custom_width&quot;:null,&quot;source_rotate&quot;:{&quot;unit&quot;:&quot;deg&quot;,&quot;size&quot;:0,&quot;sizes&quot;:[]},&quot;parallax_blur_effect&quot;:{&quot;unit&quot;:&quot;px&quot;,&quot;size&quot;:0,&quot;sizes&quot;:[]},&quot;animation&quot;:null,&quot;animation_tablet&quot;:null,&quot;animation_mobile&quot;:null,&quot;item_opacity&quot;:&quot;1&quot;,&quot;animation_speed&quot;:null,&quot;animation_iteration_count&quot;:null,&quot;animation_direction&quot;:null,&quot;parallax_speed&quot;:null,&quot;parallax_transform&quot;:&quot;translateY&quot;,&quot;parallax_transform_value&quot;:&quot;250&quot;,&quot;smoothness&quot;:&quot;700&quot;,&quot;offsettop&quot;:&quot;0&quot;,&quot;offsetbottom&quot;:&quot;0&quot;,&quot;maxtilt&quot;:null,&quot;scale&quot;:null,&quot;disableaxis&quot;:null,&quot;zindex&quot;:&quot;2&quot;}],&quot;background_background&quot;:&quot;classic&quot;}\">\n\t\t\t\t\t\t\t<div class=\"elementor-background-overlay\"><\/div>\n\t\t\t\t\t\t\t<div class=\"elementor-container elementor-column-gap-default\">\n\t\t\t\t\t\t\t<div class=\"elementor-row\">\n\t\t\t\t\t<div class=\"elementor-column elementor-col-100 elementor-top-column elementor-element elementor-element-cf20eca\" data-id=\"cf20eca\" data-element_type=\"column\">\n\t\t\t<div class=\"elementor-column-wrap elementor-element-populated\">\n\t\t\t\t\t\t\t<div class=\"elementor-widget-wrap\">\n\t\t\t\t\t\t<div class=\"elementor-element elementor-element-26dbaa3 elementor-widget elementor-widget-heading\" data-id=\"26dbaa3\" data-element_type=\"widget\" data-settings=\"{&quot;ekit_we_effect_on&quot;:&quot;none&quot;}\" data-widget_type=\"heading.default\">\n\t\t\t\t<div class=\"elementor-widget-container\">\n\t\t\t<h2 class=\"elementor-heading-title elementor-size-default\">La Principal Plataforma Acad\u00e9mica para<\/h2>\t\t<\/div>\n\t\t\t\t<\/div>\n\t\t\t\t<div class=\"elementor-element elementor-element-f7c9e08 elementor-widget elementor-widget-heading\" data-id=\"f7c9e08\" data-element_type=\"widget\" data-settings=\"{&quot;ekit_we_effect_on&quot;:&quot;none&quot;}\" data-widget_type=\"heading.default\">\n\t\t\t\t<div class=\"elementor-widget-container\">\n\t\t\t<h2 class=\"elementor-heading-title elementor-size-default\">CONGRESOS UNIVERSITARIOS<\/h2>\t\t<\/div>\n\t\t\t\t<\/div>\n\t\t\t\t<div class=\"elementor-element elementor-element-fb2f81b elementor-widget-mobile__width-inherit elementor-widget elementor-widget-text-editor\" data-id=\"fb2f81b\" data-element_type=\"widget\" data-settings=\"{&quot;ekit_we_effect_on&quot;:&quot;none&quot;}\" data-widget_type=\"text-editor.default\">\n\t\t\t\t<div class=\"elementor-widget-container\">\n\t\t\t\t\t\t\t\t<div class=\"elementor-text-editor elementor-clearfix\">\n\t\t\t\t<p>El Foro Mundial de Universitarios\u00ae es la plataforma acad\u00e9mica internacional m\u00e1s grande e importante para profesionistas en formaci\u00f3n.<\/p>\t\t\t\t\t<\/div>\n\t\t\t\t\t\t<\/div>\n\t\t\t\t<\/div>\n\t\t\t\t<div class=\"elementor-element elementor-element-55bcf6a multievent-search  home-default-search elementor-widget elementor-widget-etn-advanced-search\" data-id=\"55bcf6a\" data-element_type=\"widget\" data-settings=\"{&quot;ekit_we_effect_on&quot;:&quot;none&quot;}\" data-widget_type=\"etn-advanced-search.default\">\n\t\t\t\t<div class=\"elementor-widget-container\">\n\t\t\t        <div class=\"etn_search_55bcf6a etn_search_wraper\">\n\n                    <form method=\"GET\" action=\"https:\/\/foro-mundial.org\/congresos\/\" class=\"etn_event_inline_form\">\n            <div class=\"etn-event-search-wrapper\">\n                <div class=\"input-group\">\n                    <div class=\"input-group-prepend\">\n\t\t\t\t\t\t<span class=\"input-group-text\">\n\t\t\t\t\t\t\t<svg xmlns=\"http:\/\/www.w3.org\/2000\/svg\" width=\"18\" height=\"18\" viewBox=\"0 0 24 24\" fill=\"none\" stroke=\"currentColor\" stroke-width=\"2\" stroke-linecap=\"round\" stroke-linejoin=\"round\" class=\"feather feather-search\"><circle cx=\"11\" cy=\"11\" r=\"8\"><\/circle><line x1=\"21\" y1=\"21\" x2=\"16.65\" y2=\"16.65\"><\/line><\/svg>\n\t\t\t\t\t\t<\/span>\n                    <\/div>\n                    <input \n\t\t\t\t\t\ttype=\"search\" \n\t\t\t\t\t\tname=\"s\" \n\t\t\t\t\t\tvalue=\"\"\n                        placeholder=\"Buscar un congreso\"\n                        class=\"form-control\"\n\t\t\t\t\t>\n                <\/div>\n                <!-- \/\/ Search input filed -->\n                <div class=\"input-group\">\n                    <div class=\"input-group-prepend\">\n\t\t\t\t\t\t<span class=\"input-group-text\">\n\t\t\t\t\t\t\t<svg xmlns=\"http:\/\/www.w3.org\/2000\/svg\" width=\"18\" height=\"18\" viewBox=\"0 0 24 24\" fill=\"none\" stroke=\"currentColor\" stroke-width=\"2\" stroke-linecap=\"round\" stroke-linejoin=\"round\" class=\"feather feather-map-pin\"><path d=\"M21 10c0 7-9 13-9 13s-9-6-9-13a9 9 0 0 1 18 0z\"><\/path><circle cx=\"12\" cy=\"10\" r=\"3\"><\/circle><\/svg>\n\t\t\t\t\t\t<\/span>\n                    <\/div>\n                    <select name=\"etn_event_location\" class=\"etn_event_select2 etn_event_select\">\n                        <option value>Sede Internacional<\/option>\n\t\t\t\t\t\t                                <option  value=\"Canc\u00fan, MX\">Canc\u00fan, MX<\/option>\n\t\t\t\t\t\t\t\t                    <\/select>\n                <\/div>\n                <!-- \/\/ location -->\n                <div class=\"input-group\">\n                    <div class=\"input-group-prepend\">\n\t\t\t\t\t\t<span class=\"input-group-text\">\n\t\t\t\t\t\t\t<svg xmlns=\"http:\/\/www.w3.org\/2000\/svg\" width=\"18\" height=\"18\" viewBox=\"0 0 24 24\" fill=\"none\" stroke=\"currentColor\" stroke-width=\"2\" stroke-linecap=\"round\" stroke-linejoin=\"round\" class=\"feather feather-layers\"><polygon points=\"12 2 2 7 12 12 22 7 12 2\"><\/polygon><polyline points=\"2 17 12 22 22 17\"><\/polyline><polyline points=\"2 12 12 17 22 12\"><\/polyline><\/svg>\n\t\t\t\t\t\t<\/span>\n                    <\/div>\n                    <select name=\"etn_categorys\" class=\"etn_event_select2 etn_event_select\">\n                        <option value>\u00c1rea del conocimiento<\/option>\n\t\t\t\t\t\t                                <option\n\t\t\t\t\t\t\t\t\t                                        value=\"52\">- Todos<\/option>\n\t\t\t\t\t\t\t\t                                <option\n\t\t\t\t\t\t\t\t\t                                        value=\"57\">Arte, Comunicaci\u00f3n y Hospitalidad<\/option>\n\t\t\t\t\t\t\t\t                                <option\n\t\t\t\t\t\t\t\t\t                                        value=\"83\">Ciencias de la Salud<\/option>\n\t\t\t\t\t\t\t\t                                <option\n\t\t\t\t\t\t\t\t\t                                        value=\"56\">Ciencias Econ\u00f3mico Administrativas<\/option>\n\t\t\t\t\t\t\t\t                                <option\n\t\t\t\t\t\t\t\t\t                                        value=\"55\">Ciencias F\u00edsico Matem\u00e1ticas e Ingenier\u00edas<\/option>\n\t\t\t\t\t\t\t\t                                <option\n\t\t\t\t\t\t\t\t\t                                        value=\"53\">Ciencias Sociales y Humanidades<\/option>\n\t\t\t\t\t\t\t\t                    <\/select>\n                <\/div>\n\n                <!-- \/\/ cat -->\n\t\t\t\t<div class=\"search-button-wrapper\">\n\t\t\t\t\t<input type=\"hidden\" name=\"post_type\" value=\"etn\"\/>\n\t\t\t\t\t\t\t\t\t\t<button \n\t\t\t\t\t\ttype=\"submit\"\n\t\t\t\t\t\tclass=\"etn-btn etn-btn-primary\"\n\t\t\t\t\t>\n\t\t\t\t\t\tSearch Now \n\t\t\t\t\t<\/button>\n\t\t\t\t<\/div>\n            <\/div>\n\t\t\t    <div class=\"etn_event_inline_form_bottom\" style=\"display: block;\">\n        <h3 class=\"etn_event_form_title\">Advanced Search<\/h3>\n        <div class=\"etn-row\">\n            <div class=\"etn-col-lg-4 etn-col-md-6\">\n                <p class=\"etn_event_inline_input_label\">Sort by:<\/p>\n                <select name=\"etn_event_date_range\" class=\"etn_event_select2 etn_event_select\">\n                    <option value>Event Date<\/option>\n                                                <option  value=\"today\"> Today <\/option>\n                                                    <option  value=\"tomorrow\"> Tomorrow <\/option>\n                                                    <option  value=\"yesterday\"> Yesterday <\/option>\n                                                    <option  value=\"this-weekend\"> This Weekend <\/option>\n                                                    <option  value=\"this-week\"> This Week <\/option>\n                                                    <option  value=\"this-month\"> This Month <\/option>\n                                                    <option  value=\"upcoming\"> Upcoming <\/option>\n                                                    <option  value=\"expired\"> Expired <\/option>\n                                        <\/select>\n                <!-- \/\/ event date -->\n            <\/div>\n                        <div class=\"etn-col-lg-4 etn-col-md-6\">\n                <p class=\"etn_event_inline_input_label\">Event Type:<\/p>\n                <select name=\"etn_event_will_happen\" class=\"etn_event_select2 etn_event_select\">\n                    <option value>Event Type<\/option>\n                                            <option  value=\"on\">Online Event<\/option>\n                                                    <option  value=\"no\">Offline Event<\/option>\n                                            <\/select>\n            <\/div>\n                    <\/div>\n    <\/div>\n            <\/form>\n\t\t            <p class=\"etn_search_bottom_area_text\">\n                Discover 50, Upcoming and Expire Events            <\/p>\n        <\/div>\n        \t\t<\/div>\n\t\t\t\t<\/div>\n\t\t\t\t\t\t<\/div>\n\t\t\t\t\t<\/div>\n\t\t<\/div>\n\t\t\t\t\t\t\t\t<\/div>\n\t\t\t\t\t<\/div>\n\t\t<\/section>\n\t\t\t\t<section class=\"elementor-section elementor-top-section elementor-element elementor-element-37c1824 elementor-section-boxed elementor-section-height-default elementor-section-height-default\" data-id=\"37c1824\" data-element_type=\"section\">\n\t\t\t\t\t\t<div class=\"elementor-container elementor-column-gap-default\">\n\t\t\t\t\t\t\t<div class=\"elementor-row\">\n\t\t\t\t\t<div class=\"elementor-column elementor-col-100 elementor-top-column elementor-element elementor-element-047c2ef\" data-id=\"047c2ef\" data-element_type=\"column\">\n\t\t\t<div class=\"elementor-column-wrap elementor-element-populated\">\n\t\t\t\t\t\t\t<div class=\"elementor-widget-wrap\">\n\t\t\t\t\t\t<div class=\"elementor-element elementor-element-d2256c9 elementor-widget elementor-widget-heading\" data-id=\"d2256c9\" data-element_type=\"widget\" data-settings=\"{&quot;ekit_we_effect_on&quot;:&quot;none&quot;}\" data-widget_type=\"heading.default\">\n\t\t\t\t<div class=\"elementor-widget-container\">\n\t\t\t<h2 class=\"elementor-heading-title elementor-size-default\">Categor\u00edas <\/h2>\t\t<\/div>\n\t\t\t\t<\/div>\n\t\t\t\t<div class=\"elementor-element elementor-element-de74c88 elementor-widget elementor-widget-heading\" data-id=\"de74c88\" data-element_type=\"widget\" data-settings=\"{&quot;ekit_we_effect_on&quot;:&quot;none&quot;}\" data-widget_type=\"heading.default\">\n\t\t\t\t<div class=\"elementor-widget-container\">\n\t\t\t<h2 class=\"elementor-heading-title elementor-size-default\">B\u00fasqueda por \u00e1rea del conocimiento<\/h2>\t\t<\/div>\n\t\t\t\t<\/div>\n\t\t\t\t<div class=\"elementor-element elementor-element-1c06841 elementor-widget-mobile__width-inherit elementor-widget elementor-widget-exhibz-event-category-slider\" data-id=\"1c06841\" data-element_type=\"widget\" data-settings=\"{&quot;ekit_we_effect_on&quot;:&quot;none&quot;}\" data-widget_type=\"exhibz-event-category-slider.default\">\n\t\t\t\t<div class=\"elementor-widget-container\">\n\t\t\t    <div class=\"ts-event-category-slider\" data-controls=\"{&quot;autoplay_slide&quot;:&quot;no&quot;,&quot;show_navigation&quot;:&quot;yes&quot;,&quot;slider_space_between&quot;:30,&quot;slider_items&quot;:5,&quot;widget_id&quot;:&quot;1c06841&quot;}\">\n        <div class=\"swiper-container\">\n            <div class=\"swiper-wrapper\">\n                                <div class=\"swiper-slide\">  \n                        <div class=\"event-slider-item\">\n\n                            <div class=\"cat-content\">\n                                <h3 class=\"ts-title\"> <a href=\"https:\/\/foro-mundial.org\/congresos\/etn_category\/sociales-humanidades\/\">Ciencias Sociales y Humanidades<\/a>  <\/h3>\n                            <\/div>\n\n                                                                <div class=\"cat-bg\">\n                                        <a class=\"cat-link\" href=\"https:\/\/foro-mundial.org\/congresos\/etn_category\/sociales-humanidades\/\">\n                                            <img decoding=\"async\" src=\"\/\/foro-mundial.org\/congresos\/wp-content\/uploads\/2023\/06\/Categoria-Sociales-Humanidades.png\" alt=\"category-image\">\n                                        <\/a>\n                                    <\/div>\n                                                        <\/div> \n                    <\/div>\n                                    <div class=\"swiper-slide\">  \n                        <div class=\"event-slider-item\">\n\n                            <div class=\"cat-content\">\n                                <h3 class=\"ts-title\"> <a href=\"https:\/\/foro-mundial.org\/congresos\/etn_category\/ciencias-fisico-matematicas-ingenierias\/\">Ciencias F\u00edsico Matem\u00e1ticas e Ingenier\u00edas<\/a>  <\/h3>\n                            <\/div>\n\n                                                                <div class=\"cat-bg\">\n                                        <a class=\"cat-link\" href=\"https:\/\/foro-mundial.org\/congresos\/etn_category\/ciencias-fisico-matematicas-ingenierias\/\">\n                                            <img decoding=\"async\" src=\"\/\/foro-mundial.org\/congresos\/wp-content\/uploads\/2023\/06\/Categoria-Fisico-Matematicas.png\" alt=\"category-image\">\n                                        <\/a>\n                                    <\/div>\n                                                        <\/div> \n                    <\/div>\n                                    <div class=\"swiper-slide\">  \n                        <div class=\"event-slider-item\">\n\n                            <div class=\"cat-content\">\n                                <h3 class=\"ts-title\"> <a href=\"https:\/\/foro-mundial.org\/congresos\/etn_category\/economico-administrativas\/\">Ciencias Econ\u00f3mico Administrativas<\/a>  <\/h3>\n                            <\/div>\n\n                                                                <div class=\"cat-bg\">\n                                        <a class=\"cat-link\" href=\"https:\/\/foro-mundial.org\/congresos\/etn_category\/economico-administrativas\/\">\n                                            <img decoding=\"async\" src=\"\/\/foro-mundial.org\/congresos\/wp-content\/uploads\/2023\/06\/Categoria-Economico-Administrativas.png\" alt=\"category-image\">\n                                        <\/a>\n                                    <\/div>\n                                                        <\/div> \n                    <\/div>\n                                    <div class=\"swiper-slide\">  \n                        <div class=\"event-slider-item\">\n\n                            <div class=\"cat-content\">\n                                <h3 class=\"ts-title\"> <a href=\"https:\/\/foro-mundial.org\/congresos\/etn_category\/arte-comunicacion-hospitalidad\/\">Arte, Comunicaci\u00f3n y Hospitalidad<\/a>  <\/h3>\n                            <\/div>\n\n                                                                <div class=\"cat-bg\">\n                                        <a class=\"cat-link\" href=\"https:\/\/foro-mundial.org\/congresos\/etn_category\/arte-comunicacion-hospitalidad\/\">\n                                            <img decoding=\"async\" src=\"\/\/foro-mundial.org\/congresos\/wp-content\/uploads\/2023\/06\/Categoria-Arte-Cultura.png\" alt=\"category-image\">\n                                        <\/a>\n                                    <\/div>\n                                                        <\/div> \n                    <\/div>\n                                    <div class=\"swiper-slide\">  \n                        <div class=\"event-slider-item\">\n\n                            <div class=\"cat-content\">\n                                <h3 class=\"ts-title\"> <a href=\"https:\/\/foro-mundial.org\/congresos\/etn_category\/ciencias-salud\/\">Ciencias de la Salud<\/a>  <\/h3>\n                            <\/div>\n\n                                                                <div class=\"cat-bg\">\n                                        <a class=\"cat-link\" href=\"https:\/\/foro-mundial.org\/congresos\/etn_category\/ciencias-salud\/\">\n                                            <img decoding=\"async\" src=\"\/\/foro-mundial.org\/congresos\/wp-content\/uploads\/2023\/06\/Categoria-Ciencias-Salud.png\" alt=\"category-image\">\n                                        <\/a>\n                                    <\/div>\n                                                        <\/div> \n                    <\/div>\n                            <\/div>\n        <\/div>\n\n                    <!-- next \/ prev arrows -->\n            <div class=\"slider-nav\">\n                <div class=\"swiper-button-next swiper-next-1c06841\" > \n                    <i aria-hidden=\"true\" class=\"icon icon-arrow-right\"><\/i>                <\/div>\n                <div class=\"swiper-button-prev swiper-prev-1c06841\">\n                    <i aria-hidden=\"true\" class=\"icon icon-left-arrow\"><\/i>                <\/div>\n            <\/div>\n            <\/div>\n   \t\t<\/div>\n\t\t\t\t<\/div>\n\t\t\t\t\t\t<\/div>\n\t\t\t\t\t<\/div>\n\t\t<\/div>\n\t\t\t\t\t\t\t\t<\/div>\n\t\t\t\t\t<\/div>\n\t\t<\/section>\n\t\t\t\t<section class=\"elementor-section elementor-top-section elementor-element elementor-element-c9c69ed elementor-section-boxed elementor-section-height-default elementor-section-height-default\" data-id=\"c9c69ed\" data-element_type=\"section\" data-settings=\"{&quot;background_background&quot;:&quot;classic&quot;}\">\n\t\t\t\t\t\t<div class=\"elementor-container elementor-column-gap-default\">\n\t\t\t\t\t\t\t<div class=\"elementor-row\">\n\t\t\t\t\t<div class=\"elementor-column elementor-col-100 elementor-top-column elementor-element elementor-element-fa0b348\" data-id=\"fa0b348\" data-element_type=\"column\">\n\t\t\t<div class=\"elementor-column-wrap elementor-element-populated\">\n\t\t\t\t\t\t\t<div class=\"elementor-widget-wrap\">\n\t\t\t\t\t\t<div class=\"elementor-element elementor-element-65a1d8a elementor-widget elementor-widget-heading\" data-id=\"65a1d8a\" data-element_type=\"widget\" data-settings=\"{&quot;ekit_we_effect_on&quot;:&quot;none&quot;}\" data-widget_type=\"heading.default\">\n\t\t\t\t<div class=\"elementor-widget-container\">\n\t\t\t<h2 class=\"elementor-heading-title elementor-size-default\">Pr\u00f3ximamente <\/h2>\t\t<\/div>\n\t\t\t\t<\/div>\n\t\t\t\t<div class=\"elementor-element elementor-element-8f3bb02 elementor-widget elementor-widget-heading\" data-id=\"8f3bb02\" data-element_type=\"widget\" data-settings=\"{&quot;ekit_we_effect_on&quot;:&quot;none&quot;}\" data-widget_type=\"heading.default\">\n\t\t\t\t<div class=\"elementor-widget-container\">\n\t\t\t<h2 class=\"elementor-heading-title elementor-size-default\">Congresos Internacionales<\/h2>\t\t<\/div>\n\t\t\t\t<\/div>\n\t\t\t\t<div class=\"elementor-element elementor-element-7bc9236 popular-event-tab multievent-event-cat-bg elementor-widget elementor-widget-exhibz-event-tab\" data-id=\"7bc9236\" data-element_type=\"widget\" data-settings=\"{&quot;ekit_we_effect_on&quot;:&quot;none&quot;}\" data-widget_type=\"exhibz-event-tab.default\">\n\t\t\t\t<div class=\"elementor-widget-container\">\n\t\t\t<!-- schedule tab start -->\n<div class=\"container\">\n    <div class=\"exhibz-event-tab\">\n        <div class=\"event-tab-wrapper etn-tab-wrapper event-tab-1\">\n        <ul class='etn-nav'>\n        \n                                <li>\n                        <a href='#' class='etn-tab-a etn-active' data-id='tab7bc9236-1'>\n                            - Todos                        <\/a>\n                    <\/li>\n                                        <li>\n                        <a href='#' class='etn-tab-a ' data-id='tab7bc9236-2'>\n                            Ciencias Sociales y Humanidades                        <\/a>\n                    <\/li>\n                                        <li>\n                        <a href='#' class='etn-tab-a ' data-id='tab7bc9236-3'>\n                            Ciencias F\u00edsico Matem\u00e1ticas e Ingenier\u00edas                        <\/a>\n                    <\/li>\n                                        <li>\n                        <a href='#' class='etn-tab-a ' data-id='tab7bc9236-4'>\n                            Ciencias Econ\u00f3mico Administrativas                        <\/a>\n                    <\/li>\n                                        <li>\n                        <a href='#' class='etn-tab-a ' data-id='tab7bc9236-5'>\n                            Arte, Comunicaci\u00f3n y Hospitalidad                        <\/a>\n                    <\/li>\n                                        <li>\n                        <a href='#' class='etn-tab-a ' data-id='tab7bc9236-6'>\n                            Ciencias de la Salud                        <\/a>\n                    <\/li>\n                            <\/ul>\n\n        <div class='etn-tab-content clearfix etn-schedule-wrap'>\n                                <div class=\"etn-tab tab-active\" data-id='tab7bc9236-1'>\n                                    <div class='etn-row etn-event-wrapper'>\n                                            <div class=\"etn-col-md-6 etn-col-lg-3\">\n                            <div class=\"etn-event-item\">\n                                <!-- thumbnail -->\n                                                                    <div class=\"etn-event-thumb\">\n                                        <a href=\"https:\/\/foro-mundial.org\/congresos\/etn\/congreso-mundial-de-estudiantes-de-medicina-2026\/\">\n                                            <img decoding=\"async\" src=\"https:\/\/foro-mundial.org\/congresos\/wp-content\/uploads\/2023\/06\/24.jpg\" alt=\"Home\">\n                                        <\/a>\n                                        <div class=\"etn-event-category\">\n                                            <span>- Todos<\/span> <span>Ciencias de la Salud<\/span>                                         <\/div>\n                                    <\/div>\n                                                                <!-- thumbnail start-->\n\n                                <!-- content start-->\n                                <div class=\"etn-event-content\">\n                                    <div class=\"event-metas\">\n                                        <div class=\"etn-event-date\">\n                                            <i class=\"far fa-calendar-alt\"><\/i>\n                                            octubre 23, 2026                                        <\/div>\n                                    <\/div>\n                                    <h3 class=\"etn-title etn-event-title\"><a href=\"https:\/\/foro-mundial.org\/congresos\/etn\/congreso-mundial-de-estudiantes-de-medicina-2026\/\"> CONGRESO MUNDIAL DE ESTUDIANTES DE MEDICINA<\/a> <\/h3>\n                                    <p><\/p>\n                                    <div class=\"etn-event-footer\">\n                                        \n                                                                                <div class=\"etn-event-location\"><i class=\"fas fa-map-marker-alt\"><\/i> Canc\u00fan, MX<\/div>\n                                                                            <\/div>\n                                <\/div>\n                                <!-- content end-->\n                            <\/div>\n                            <!-- etn event item end-->\n                        <\/div>\n                                                <div class=\"etn-col-md-6 etn-col-lg-3\">\n                            <div class=\"etn-event-item\">\n                                <!-- thumbnail -->\n                                                                    <div class=\"etn-event-thumb\">\n                                        <a href=\"https:\/\/foro-mundial.org\/congresos\/etn\/congreso-mundial-de-estudiantes-de-medicina-2025\/\">\n                                            <img decoding=\"async\" src=\"https:\/\/foro-mundial.org\/congresos\/wp-content\/uploads\/2023\/06\/24.jpg\" alt=\"Home\">\n                                        <\/a>\n                                        <div class=\"etn-event-category\">\n                                            <span>- Todos<\/span> <span>Ciencias de la Salud<\/span>                                         <\/div>\n                                    <\/div>\n                                                                <!-- thumbnail start-->\n\n                                <!-- content start-->\n                                <div class=\"etn-event-content\">\n                                    <div class=\"event-metas\">\n                                        <div class=\"etn-event-date\">\n                                            <i class=\"far fa-calendar-alt\"><\/i>\n                                            octubre 24, 2025                                        <\/div>\n                                    <\/div>\n                                    <h3 class=\"etn-title etn-event-title\"><a href=\"https:\/\/foro-mundial.org\/congresos\/etn\/congreso-mundial-de-estudiantes-de-medicina-2025\/\"> CONGRESO MUNDIAL DE ESTUDIANTES DE MEDICINA<\/a> <\/h3>\n                                    <p><\/p>\n                                    <div class=\"etn-event-footer\">\n                                        \n                                                                                <div class=\"etn-event-location\"><i class=\"fas fa-map-marker-alt\"><\/i> Canc\u00fan, MX<\/div>\n                                                                            <\/div>\n                                <\/div>\n                                <!-- content end-->\n                            <\/div>\n                            <!-- etn event item end-->\n                        <\/div>\n                                                <div class=\"etn-col-md-6 etn-col-lg-3\">\n                            <div class=\"etn-event-item\">\n                                <!-- thumbnail -->\n                                                                    <div class=\"etn-event-thumb\">\n                                        <a href=\"https:\/\/foro-mundial.org\/congresos\/etn\/congreso-mundial-de-estudiantes-de-economia-y-finanzas-2025\/\">\n                                            <img decoding=\"async\" src=\"https:\/\/foro-mundial.org\/congresos\/wp-content\/uploads\/2023\/06\/Economia.jpg\" alt=\"Home\">\n                                        <\/a>\n                                        <div class=\"etn-event-category\">\n                                            <span>- Todos<\/span> <span>Ciencias Econ\u00f3mico Administrativas<\/span>                                         <\/div>\n                                    <\/div>\n                                                                <!-- thumbnail start-->\n\n                                <!-- content start-->\n                                <div class=\"etn-event-content\">\n                                    <div class=\"event-metas\">\n                                        <div class=\"etn-event-date\">\n                                            <i class=\"far fa-calendar-alt\"><\/i>\n                                            septiembre 5, 2025                                        <\/div>\n                                    <\/div>\n                                    <h3 class=\"etn-title etn-event-title\"><a href=\"https:\/\/foro-mundial.org\/congresos\/etn\/congreso-mundial-de-estudiantes-de-economia-y-finanzas-2025\/\"> CONGRESO MUNDIAL DE ESTUDIANTES DE ECONOMIA<\/a> <\/h3>\n                                    <p><\/p>\n                                    <div class=\"etn-event-footer\">\n                                        \n                                                                                <div class=\"etn-event-location\"><i class=\"fas fa-map-marker-alt\"><\/i> Canc\u00fan, MX<\/div>\n                                                                            <\/div>\n                                <\/div>\n                                <!-- content end-->\n                            <\/div>\n                            <!-- etn event item end-->\n                        <\/div>\n                                                <div class=\"etn-col-md-6 etn-col-lg-3\">\n                            <div class=\"etn-event-item\">\n                                <!-- thumbnail -->\n                                                                    <div class=\"etn-event-thumb\">\n                                        <a href=\"https:\/\/foro-mundial.org\/congresos\/etn\/congreso-mundial-de-estudiantes-de-gastronomia-2025\/\">\n                                            <img decoding=\"async\" src=\"https:\/\/foro-mundial.org\/congresos\/wp-content\/uploads\/2023\/06\/Gastronomia.jpg\" alt=\"Home\">\n                                        <\/a>\n                                        <div class=\"etn-event-category\">\n                                            <span>- Todos<\/span> <span>Arte, Comunicaci\u00f3n y Hospitalidad<\/span>                                         <\/div>\n                                    <\/div>\n                                                                <!-- thumbnail start-->\n\n                                <!-- content start-->\n                                <div class=\"etn-event-content\">\n                                    <div class=\"event-metas\">\n                                        <div class=\"etn-event-date\">\n                                            <i class=\"far fa-calendar-alt\"><\/i>\n                                            septiembre 26, 2025                                        <\/div>\n                                    <\/div>\n                                    <h3 class=\"etn-title etn-event-title\"><a href=\"https:\/\/foro-mundial.org\/congresos\/etn\/congreso-mundial-de-estudiantes-de-gastronomia-2025\/\"> CONGRESO MUNDIAL DE ESTUDIANTES DE GASTRONOM\u00cdA<\/a> <\/h3>\n                                    <p><\/p>\n                                    <div class=\"etn-event-footer\">\n                                        \n                                                                                <div class=\"etn-event-location\"><i class=\"fas fa-map-marker-alt\"><\/i> Canc\u00fan, MX<\/div>\n                                                                            <\/div>\n                                <\/div>\n                                <!-- content end-->\n                            <\/div>\n                            <!-- etn event item end-->\n                        <\/div>\n                                                <div class=\"etn-col-md-6 etn-col-lg-3\">\n                            <div class=\"etn-event-item\">\n                                <!-- thumbnail -->\n                                                                    <div class=\"etn-event-thumb\">\n                                        <a href=\"https:\/\/foro-mundial.org\/congresos\/etn\/congreso-mundial-de-estudiantes-de-turismo-2025\/\">\n                                            <img decoding=\"async\" src=\"https:\/\/foro-mundial.org\/congresos\/wp-content\/uploads\/2023\/06\/Turismo.jpg\" alt=\"Home\">\n                                        <\/a>\n                                        <div class=\"etn-event-category\">\n                                            <span>- Todos<\/span> <span>Arte, Comunicaci\u00f3n y Hospitalidad<\/span>                                         <\/div>\n                                    <\/div>\n                                                                <!-- thumbnail start-->\n\n                                <!-- content start-->\n                                <div class=\"etn-event-content\">\n                                    <div class=\"event-metas\">\n                                        <div class=\"etn-event-date\">\n                                            <i class=\"far fa-calendar-alt\"><\/i>\n                                            septiembre 26, 2025                                        <\/div>\n                                    <\/div>\n                                    <h3 class=\"etn-title etn-event-title\"><a href=\"https:\/\/foro-mundial.org\/congresos\/etn\/congreso-mundial-de-estudiantes-de-turismo-2025\/\"> CONGRESO MUNDIAL DE ESTUDIANTES DE TURISMO<\/a> <\/h3>\n                                    <p><\/p>\n                                    <div class=\"etn-event-footer\">\n                                        \n                                                                                <div class=\"etn-event-location\"><i class=\"fas fa-map-marker-alt\"><\/i> Canc\u00fan, MX<\/div>\n                                                                            <\/div>\n                                <\/div>\n                                <!-- content end-->\n                            <\/div>\n                            <!-- etn event item end-->\n                        <\/div>\n                                                <div class=\"etn-col-md-6 etn-col-lg-3\">\n                            <div class=\"etn-event-item\">\n                                <!-- thumbnail -->\n                                                                    <div class=\"etn-event-thumb\">\n                                        <a href=\"https:\/\/foro-mundial.org\/congresos\/etn\/congreso-mundial-de-estudiantes-de-ciencias-de-la-comunicacion-2025\/\">\n                                            <img decoding=\"async\" src=\"https:\/\/foro-mundial.org\/congresos\/wp-content\/uploads\/2023\/06\/Comunicacion.jpg\" alt=\"Home\">\n                                        <\/a>\n                                        <div class=\"etn-event-category\">\n                                            <span>- Todos<\/span> <span>Arte, Comunicaci\u00f3n y Hospitalidad<\/span>                                         <\/div>\n                                    <\/div>\n                                                                <!-- thumbnail start-->\n\n                                <!-- content start-->\n                                <div class=\"etn-event-content\">\n                                    <div class=\"event-metas\">\n                                        <div class=\"etn-event-date\">\n                                            <i class=\"far fa-calendar-alt\"><\/i>\n                                            septiembre 12, 2025                                        <\/div>\n                                    <\/div>\n                                    <h3 class=\"etn-title etn-event-title\"><a href=\"https:\/\/foro-mundial.org\/congresos\/etn\/congreso-mundial-de-estudiantes-de-ciencias-de-la-comunicacion-2025\/\"> CONGRESO MUNDIAL DE ESTUDIANTES DE CIENCIAS<\/a> <\/h3>\n                                    <p><\/p>\n                                    <div class=\"etn-event-footer\">\n                                        \n                                                                                <div class=\"etn-event-location\"><i class=\"fas fa-map-marker-alt\"><\/i> Canc\u00fan, MX<\/div>\n                                                                            <\/div>\n                                <\/div>\n                                <!-- content end-->\n                            <\/div>\n                            <!-- etn event item end-->\n                        <\/div>\n                                                <div class=\"etn-col-md-6 etn-col-lg-3\">\n                            <div class=\"etn-event-item\">\n                                <!-- thumbnail -->\n                                                                    <div class=\"etn-event-thumb\">\n                                        <a href=\"https:\/\/foro-mundial.org\/congresos\/etn\/congreso-mundial-de-estudiantes-de-diseno-grafico-2025\/\">\n                                            <img decoding=\"async\" src=\"https:\/\/foro-mundial.org\/congresos\/wp-content\/uploads\/2023\/06\/Diseno-Grafico.jpg\" alt=\"Home\">\n                                        <\/a>\n                                        <div class=\"etn-event-category\">\n                                            <span>- Todos<\/span> <span>Arte, Comunicaci\u00f3n y Hospitalidad<\/span>                                         <\/div>\n                                    <\/div>\n                                                                <!-- thumbnail start-->\n\n                                <!-- content start-->\n                                <div class=\"etn-event-content\">\n                                    <div class=\"event-metas\">\n                                        <div class=\"etn-event-date\">\n                                            <i class=\"far fa-calendar-alt\"><\/i>\n                                            septiembre 12, 2025                                        <\/div>\n                                    <\/div>\n                                    <h3 class=\"etn-title etn-event-title\"><a href=\"https:\/\/foro-mundial.org\/congresos\/etn\/congreso-mundial-de-estudiantes-de-diseno-grafico-2025\/\"> CONGRESO MUNDIAL DE ESTUDIANTES DE DISE\u00d1O<\/a> <\/h3>\n                                    <p><\/p>\n                                    <div class=\"etn-event-footer\">\n                                        \n                                                                                <div class=\"etn-event-location\"><i class=\"fas fa-map-marker-alt\"><\/i> Canc\u00fan, MX<\/div>\n                                                                            <\/div>\n                                <\/div>\n                                <!-- content end-->\n                            <\/div>\n                            <!-- etn event item end-->\n                        <\/div>\n                                                <div class=\"etn-col-md-6 etn-col-lg-3\">\n                            <div class=\"etn-event-item\">\n                                <!-- thumbnail -->\n                                                                    <div class=\"etn-event-thumb\">\n                                        <a href=\"https:\/\/foro-mundial.org\/congresos\/etn\/congreso-mundial-de-estudiantes-de-mercadotecnia-2025\/\">\n                                            <img decoding=\"async\" src=\"https:\/\/foro-mundial.org\/congresos\/wp-content\/uploads\/2023\/06\/Mercadotecnia.jpg\" alt=\"Home\">\n                                        <\/a>\n                                        <div class=\"etn-event-category\">\n                                            <span>- Todos<\/span> <span>Arte, Comunicaci\u00f3n y Hospitalidad<\/span>                                         <\/div>\n                                    <\/div>\n                                                                <!-- thumbnail start-->\n\n                                <!-- content start-->\n                                <div class=\"etn-event-content\">\n                                    <div class=\"event-metas\">\n                                        <div class=\"etn-event-date\">\n                                            <i class=\"far fa-calendar-alt\"><\/i>\n                                            septiembre 12, 2025                                        <\/div>\n                                    <\/div>\n                                    <h3 class=\"etn-title etn-event-title\"><a href=\"https:\/\/foro-mundial.org\/congresos\/etn\/congreso-mundial-de-estudiantes-de-mercadotecnia-2025\/\"> CONGRESO MUNDIAL DE ESTUDIANTES DE MERCADOTECNIA<\/a> <\/h3>\n                                    <p><\/p>\n                                    <div class=\"etn-event-footer\">\n                                        \n                                                                                <div class=\"etn-event-location\"><i class=\"fas fa-map-marker-alt\"><\/i> Canc\u00fan, MX<\/div>\n                                                                            <\/div>\n                                <\/div>\n                                <!-- content end-->\n                            <\/div>\n                            <!-- etn event item end-->\n                        <\/div>\n                                    <\/div>\n                    <\/div>\n            \n                                    <div class=\"etn-tab \" data-id='tab7bc9236-2'>\n                                    <div class='etn-row etn-event-wrapper'>\n                                            <div class=\"etn-col-md-6 etn-col-lg-3\">\n                            <div class=\"etn-event-item\">\n                                <!-- thumbnail -->\n                                                                    <div class=\"etn-event-thumb\">\n                                        <a href=\"https:\/\/foro-mundial.org\/congresos\/etn\/congreso-mundial-de-estudiantes-de-ciencias-humanas-y-sociales-2025\/\">\n                                            <img decoding=\"async\" src=\"https:\/\/foro-mundial.org\/congresos\/wp-content\/uploads\/2023\/06\/Sociales.jpg\" alt=\"Home\">\n                                        <\/a>\n                                        <div class=\"etn-event-category\">\n                                            <span>- Todos<\/span> <span>Ciencias Sociales y Humanidades<\/span>                                         <\/div>\n                                    <\/div>\n                                                                <!-- thumbnail start-->\n\n                                <!-- content start-->\n                                <div class=\"etn-event-content\">\n                                    <div class=\"event-metas\">\n                                        <div class=\"etn-event-date\">\n                                            <i class=\"far fa-calendar-alt\"><\/i>\n                                            septiembre 19, 2025                                        <\/div>\n                                    <\/div>\n                                    <h3 class=\"etn-title etn-event-title\"><a href=\"https:\/\/foro-mundial.org\/congresos\/etn\/congreso-mundial-de-estudiantes-de-ciencias-humanas-y-sociales-2025\/\"> CONGRESO MUNDIAL DE ESTUDIANTES DE CIENCIAS<\/a> <\/h3>\n                                    <p><\/p>\n                                    <div class=\"etn-event-footer\">\n                                        \n                                                                                <div class=\"etn-event-location\"><i class=\"fas fa-map-marker-alt\"><\/i> Canc\u00fan, MX<\/div>\n                                                                            <\/div>\n                                <\/div>\n                                <!-- content end-->\n                            <\/div>\n                            <!-- etn event item end-->\n                        <\/div>\n                                                <div class=\"etn-col-md-6 etn-col-lg-3\">\n                            <div class=\"etn-event-item\">\n                                <!-- thumbnail -->\n                                                                    <div class=\"etn-event-thumb\">\n                                        <a href=\"https:\/\/foro-mundial.org\/congresos\/etn\/congreso-mundial-de-estudiantes-de-ciencias-de-la-educacion-2025\/\">\n                                            <img decoding=\"async\" src=\"https:\/\/foro-mundial.org\/congresos\/wp-content\/uploads\/2023\/06\/Educacion.jpg\" alt=\"Home\">\n                                        <\/a>\n                                        <div class=\"etn-event-category\">\n                                            <span>- Todos<\/span> <span>Ciencias Sociales y Humanidades<\/span>                                         <\/div>\n                                    <\/div>\n                                                                <!-- thumbnail start-->\n\n                                <!-- content start-->\n                                <div class=\"etn-event-content\">\n                                    <div class=\"event-metas\">\n                                        <div class=\"etn-event-date\">\n                                            <i class=\"far fa-calendar-alt\"><\/i>\n                                            septiembre 19, 2025                                        <\/div>\n                                    <\/div>\n                                    <h3 class=\"etn-title etn-event-title\"><a href=\"https:\/\/foro-mundial.org\/congresos\/etn\/congreso-mundial-de-estudiantes-de-ciencias-de-la-educacion-2025\/\"> CONGRESO MUNDIAL DE ESTUDIANTES DE CIENCIAS<\/a> <\/h3>\n                                    <p><\/p>\n                                    <div class=\"etn-event-footer\">\n                                        \n                                                                                <div class=\"etn-event-location\"><i class=\"fas fa-map-marker-alt\"><\/i> Canc\u00fan, MX<\/div>\n                                                                            <\/div>\n                                <\/div>\n                                <!-- content end-->\n                            <\/div>\n                            <!-- etn event item end-->\n                        <\/div>\n                                                <div class=\"etn-col-md-6 etn-col-lg-3\">\n                            <div class=\"etn-event-item\">\n                                <!-- thumbnail -->\n                                                                    <div class=\"etn-event-thumb\">\n                                        <a href=\"https:\/\/foro-mundial.org\/congresos\/etn\/congreso-mundial-de-estudiantes-de-derecho-2025\/\">\n                                            <img decoding=\"async\" src=\"https:\/\/foro-mundial.org\/congresos\/wp-content\/uploads\/2023\/06\/Derecho.jpg\" alt=\"Home\">\n                                        <\/a>\n                                        <div class=\"etn-event-category\">\n                                            <span>- Todos<\/span> <span>Ciencias Sociales y Humanidades<\/span>                                         <\/div>\n                                    <\/div>\n                                                                <!-- thumbnail start-->\n\n                                <!-- content start-->\n                                <div class=\"etn-event-content\">\n                                    <div class=\"event-metas\">\n                                        <div class=\"etn-event-date\">\n                                            <i class=\"far fa-calendar-alt\"><\/i>\n                                            septiembre 19, 2025                                        <\/div>\n                                    <\/div>\n                                    <h3 class=\"etn-title etn-event-title\"><a href=\"https:\/\/foro-mundial.org\/congresos\/etn\/congreso-mundial-de-estudiantes-de-derecho-2025\/\"> CONGRESO MUNDIAL DE ESTUDIANTES DE DERECHO<\/a> <\/h3>\n                                    <p><\/p>\n                                    <div class=\"etn-event-footer\">\n                                        \n                                                                                <div class=\"etn-event-location\"><i class=\"fas fa-map-marker-alt\"><\/i> Canc\u00fan, MX<\/div>\n                                                                            <\/div>\n                                <\/div>\n                                <!-- content end-->\n                            <\/div>\n                            <!-- etn event item end-->\n                        <\/div>\n                                                <div class=\"etn-col-md-6 etn-col-lg-3\">\n                            <div class=\"etn-event-item\">\n                                <!-- thumbnail -->\n                                                                    <div class=\"etn-event-thumb\">\n                                        <a href=\"https:\/\/foro-mundial.org\/congresos\/etn\/congreso-mundial-de-estudiantes-de-ciencias-humanas-y-sociales-2026\/\">\n                                            <img decoding=\"async\" src=\"https:\/\/foro-mundial.org\/congresos\/wp-content\/uploads\/2023\/06\/Sociales.jpg\" alt=\"Home\">\n                                        <\/a>\n                                        <div class=\"etn-event-category\">\n                                            <span>- Todos<\/span> <span>Ciencias Sociales y Humanidades<\/span>                                         <\/div>\n                                    <\/div>\n                                                                <!-- thumbnail start-->\n\n                                <!-- content start-->\n                                <div class=\"etn-event-content\">\n                                    <div class=\"event-metas\">\n                                        <div class=\"etn-event-date\">\n                                            <i class=\"far fa-calendar-alt\"><\/i>\n                                            octubre 13, 2023                                        <\/div>\n                                    <\/div>\n                                    <h3 class=\"etn-title etn-event-title\"><a href=\"https:\/\/foro-mundial.org\/congresos\/etn\/congreso-mundial-de-estudiantes-de-ciencias-humanas-y-sociales-2026\/\"> CONGRESO MUNDIAL DE ESTUDIANTES DE CIENCIAS<\/a> <\/h3>\n                                    <p><\/p>\n                                    <div class=\"etn-event-footer\">\n                                        \n                                                                                <div class=\"etn-event-location\"><i class=\"fas fa-map-marker-alt\"><\/i> Canc\u00fan, MX<\/div>\n                                                                            <\/div>\n                                <\/div>\n                                <!-- content end-->\n                            <\/div>\n                            <!-- etn event item end-->\n                        <\/div>\n                                                <div class=\"etn-col-md-6 etn-col-lg-3\">\n                            <div class=\"etn-event-item\">\n                                <!-- thumbnail -->\n                                                                    <div class=\"etn-event-thumb\">\n                                        <a href=\"https:\/\/foro-mundial.org\/congresos\/etn\/congreso-mundial-de-estudiantes-de-ciencias-de-la-educacion-2026\/\">\n                                            <img decoding=\"async\" src=\"https:\/\/foro-mundial.org\/congresos\/wp-content\/uploads\/2023\/06\/Educacion.jpg\" alt=\"Home\">\n                                        <\/a>\n                                        <div class=\"etn-event-category\">\n                                            <span>- Todos<\/span> <span>Ciencias Sociales y Humanidades<\/span>                                         <\/div>\n                                    <\/div>\n                                                                <!-- thumbnail start-->\n\n                                <!-- content start-->\n                                <div class=\"etn-event-content\">\n                                    <div class=\"event-metas\">\n                                        <div class=\"etn-event-date\">\n                                            <i class=\"far fa-calendar-alt\"><\/i>\n                                            septiembre 18, 2026                                        <\/div>\n                                    <\/div>\n                                    <h3 class=\"etn-title etn-event-title\"><a href=\"https:\/\/foro-mundial.org\/congresos\/etn\/congreso-mundial-de-estudiantes-de-ciencias-de-la-educacion-2026\/\"> CONGRESO MUNDIAL DE ESTUDIANTES DE CIENCIAS<\/a> <\/h3>\n                                    <p><\/p>\n                                    <div class=\"etn-event-footer\">\n                                        \n                                                                                <div class=\"etn-event-location\"><i class=\"fas fa-map-marker-alt\"><\/i> Canc\u00fan, MX<\/div>\n                                                                            <\/div>\n                                <\/div>\n                                <!-- content end-->\n                            <\/div>\n                            <!-- etn event item end-->\n                        <\/div>\n                                                <div class=\"etn-col-md-6 etn-col-lg-3\">\n                            <div class=\"etn-event-item\">\n                                <!-- thumbnail -->\n                                                                    <div class=\"etn-event-thumb\">\n                                        <a href=\"https:\/\/foro-mundial.org\/congresos\/etn\/congreso-mundial-de-estudiantes-de-derecho-2026\/\">\n                                            <img decoding=\"async\" src=\"https:\/\/foro-mundial.org\/congresos\/wp-content\/uploads\/2023\/06\/Derecho.jpg\" alt=\"Home\">\n                                        <\/a>\n                                        <div class=\"etn-event-category\">\n                                            <span>- Todos<\/span> <span>Ciencias Sociales y Humanidades<\/span>                                         <\/div>\n                                    <\/div>\n                                                                <!-- thumbnail start-->\n\n                                <!-- content start-->\n                                <div class=\"etn-event-content\">\n                                    <div class=\"event-metas\">\n                                        <div class=\"etn-event-date\">\n                                            <i class=\"far fa-calendar-alt\"><\/i>\n                                            septiembre 18, 2026                                        <\/div>\n                                    <\/div>\n                                    <h3 class=\"etn-title etn-event-title\"><a href=\"https:\/\/foro-mundial.org\/congresos\/etn\/congreso-mundial-de-estudiantes-de-derecho-2026\/\"> CONGRESO MUNDIAL DE ESTUDIANTES DE DERECHO<\/a> <\/h3>\n                                    <p><\/p>\n                                    <div class=\"etn-event-footer\">\n                                        \n                                                                                <div class=\"etn-event-location\"><i class=\"fas fa-map-marker-alt\"><\/i> Canc\u00fan, MX<\/div>\n                                                                            <\/div>\n                                <\/div>\n                                <!-- content end-->\n                            <\/div>\n                            <!-- etn event item end-->\n                        <\/div>\n                                    <\/div>\n                    <\/div>\n            \n                                    <div class=\"etn-tab \" data-id='tab7bc9236-3'>\n                                    <div class='etn-row etn-event-wrapper'>\n                                            <div class=\"etn-col-md-6 etn-col-lg-3\">\n                            <div class=\"etn-event-item\">\n                                <!-- thumbnail -->\n                                                                    <div class=\"etn-event-thumb\">\n                                        <a href=\"https:\/\/foro-mundial.org\/congresos\/etn\/congreso-mundial-de-estudiantes-de-agronomia-2025\/\">\n                                            <img decoding=\"async\" src=\"https:\/\/foro-mundial.org\/congresos\/wp-content\/uploads\/2023\/06\/Agronomia.jpg\" alt=\"Home\">\n                                        <\/a>\n                                        <div class=\"etn-event-category\">\n                                            <span>- Todos<\/span> <span>Ciencias F\u00edsico Matem\u00e1ticas e Ingenier\u00edas<\/span>                                         <\/div>\n                                    <\/div>\n                                                                <!-- thumbnail start-->\n\n                                <!-- content start-->\n                                <div class=\"etn-event-content\">\n                                    <div class=\"event-metas\">\n                                        <div class=\"etn-event-date\">\n                                            <i class=\"far fa-calendar-alt\"><\/i>\n                                            octubre 17, 2025                                        <\/div>\n                                    <\/div>\n                                    <h3 class=\"etn-title etn-event-title\"><a href=\"https:\/\/foro-mundial.org\/congresos\/etn\/congreso-mundial-de-estudiantes-de-agronomia-2025\/\"> CONGRESO MUNDIAL DE ESTUDIANTES DE AGRONOM\u00cdA<\/a> <\/h3>\n                                    <p><\/p>\n                                    <div class=\"etn-event-footer\">\n                                        \n                                                                                <div class=\"etn-event-location\"><i class=\"fas fa-map-marker-alt\"><\/i> Canc\u00fan, MX<\/div>\n                                                                            <\/div>\n                                <\/div>\n                                <!-- content end-->\n                            <\/div>\n                            <!-- etn event item end-->\n                        <\/div>\n                                                <div class=\"etn-col-md-6 etn-col-lg-3\">\n                            <div class=\"etn-event-item\">\n                                <!-- thumbnail -->\n                                                                    <div class=\"etn-event-thumb\">\n                                        <a href=\"https:\/\/foro-mundial.org\/congresos\/etn\/congreso-mundial-de-estudiantes-de-informatica-y-sistemas-2025\/\">\n                                            <img decoding=\"async\" src=\"https:\/\/foro-mundial.org\/congresos\/wp-content\/uploads\/2023\/06\/Informartica.jpg\" alt=\"Home\">\n                                        <\/a>\n                                        <div class=\"etn-event-category\">\n                                            <span>- Todos<\/span> <span>Ciencias F\u00edsico Matem\u00e1ticas e Ingenier\u00edas<\/span>                                         <\/div>\n                                    <\/div>\n                                                                <!-- thumbnail start-->\n\n                                <!-- content start-->\n                                <div class=\"etn-event-content\">\n                                    <div class=\"event-metas\">\n                                        <div class=\"etn-event-date\">\n                                            <i class=\"far fa-calendar-alt\"><\/i>\n                                            octubre 3, 2025                                        <\/div>\n                                    <\/div>\n                                    <h3 class=\"etn-title etn-event-title\"><a href=\"https:\/\/foro-mundial.org\/congresos\/etn\/congreso-mundial-de-estudiantes-de-informatica-y-sistemas-2025\/\"> CONGRESO MUNDIAL DE ESTUDIANTES DE INFORMATICA<\/a> <\/h3>\n                                    <p><\/p>\n                                    <div class=\"etn-event-footer\">\n                                        \n                                                                                <div class=\"etn-event-location\"><i class=\"fas fa-map-marker-alt\"><\/i> Canc\u00fan, MX<\/div>\n                                                                            <\/div>\n                                <\/div>\n                                <!-- content end-->\n                            <\/div>\n                            <!-- etn event item end-->\n                        <\/div>\n                                                <div class=\"etn-col-md-6 etn-col-lg-3\">\n                            <div class=\"etn-event-item\">\n                                <!-- thumbnail -->\n                                                                    <div class=\"etn-event-thumb\">\n                                        <a href=\"https:\/\/foro-mundial.org\/congresos\/etn\/congreso-mundial-de-estudiantes-de-ingenieria-mecanica-y-mecatronica-2025\/\">\n                                            <img decoding=\"async\" src=\"https:\/\/foro-mundial.org\/congresos\/wp-content\/uploads\/2023\/06\/Mecanica.jpg\" alt=\"Home\">\n                                        <\/a>\n                                        <div class=\"etn-event-category\">\n                                            <span>- Todos<\/span> <span>Ciencias F\u00edsico Matem\u00e1ticas e Ingenier\u00edas<\/span>                                         <\/div>\n                                    <\/div>\n                                                                <!-- thumbnail start-->\n\n                                <!-- content start-->\n                                <div class=\"etn-event-content\">\n                                    <div class=\"event-metas\">\n                                        <div class=\"etn-event-date\">\n                                            <i class=\"far fa-calendar-alt\"><\/i>\n                                            octubre 3, 2025                                        <\/div>\n                                    <\/div>\n                                    <h3 class=\"etn-title etn-event-title\"><a href=\"https:\/\/foro-mundial.org\/congresos\/etn\/congreso-mundial-de-estudiantes-de-ingenieria-mecanica-y-mecatronica-2025\/\"> CONGRESO MUNDIAL DE ESTUDIANTES DE INGENIER\u00cdA<\/a> <\/h3>\n                                    <p><\/p>\n                                    <div class=\"etn-event-footer\">\n                                        \n                                                                                <div class=\"etn-event-location\"><i class=\"fas fa-map-marker-alt\"><\/i> Canc\u00fan, MX<\/div>\n                                                                            <\/div>\n                                <\/div>\n                                <!-- content end-->\n                            <\/div>\n                            <!-- etn event item end-->\n                        <\/div>\n                                                <div class=\"etn-col-md-6 etn-col-lg-3\">\n                            <div class=\"etn-event-item\">\n                                <!-- thumbnail -->\n                                                                    <div class=\"etn-event-thumb\">\n                                        <a href=\"https:\/\/foro-mundial.org\/congresos\/etn\/congreso-mundial-de-estudiantes-de-ingenieria-civil-2025\/\">\n                                            <img decoding=\"async\" src=\"https:\/\/foro-mundial.org\/congresos\/wp-content\/uploads\/2023\/06\/Civil.jpg\" alt=\"Home\">\n                                        <\/a>\n                                        <div class=\"etn-event-category\">\n                                            <span>- Todos<\/span> <span>Ciencias F\u00edsico Matem\u00e1ticas e Ingenier\u00edas<\/span>                                         <\/div>\n                                    <\/div>\n                                                                <!-- thumbnail start-->\n\n                                <!-- content start-->\n                                <div class=\"etn-event-content\">\n                                    <div class=\"event-metas\">\n                                        <div class=\"etn-event-date\">\n                                            <i class=\"far fa-calendar-alt\"><\/i>\n                                            junio 18, 2023                                        <\/div>\n                                    <\/div>\n                                    <h3 class=\"etn-title etn-event-title\"><a href=\"https:\/\/foro-mundial.org\/congresos\/etn\/congreso-mundial-de-estudiantes-de-ingenieria-civil-2025\/\"> CONGRESO MUNDIAL DE ESTUDIANTES DE INGENIER\u00cdA<\/a> <\/h3>\n                                    <p><\/p>\n                                    <div class=\"etn-event-footer\">\n                                        \n                                                                                <div class=\"etn-event-location\"><i class=\"fas fa-map-marker-alt\"><\/i> Canc\u00fan, MX<\/div>\n                                                                            <\/div>\n                                <\/div>\n                                <!-- content end-->\n                            <\/div>\n                            <!-- etn event item end-->\n                        <\/div>\n                                                <div class=\"etn-col-md-6 etn-col-lg-3\">\n                            <div class=\"etn-event-item\">\n                                <!-- thumbnail -->\n                                                                    <div class=\"etn-event-thumb\">\n                                        <a href=\"https:\/\/foro-mundial.org\/congresos\/etn\/congreso-mundial-de-estudiantes-de-ingenieria-industrial-2025\/\">\n                                            <img decoding=\"async\" src=\"https:\/\/foro-mundial.org\/congresos\/wp-content\/uploads\/2023\/06\/Industrial.jpg\" alt=\"Home\">\n                                        <\/a>\n                                        <div class=\"etn-event-category\">\n                                            <span>- Todos<\/span> <span>Ciencias F\u00edsico Matem\u00e1ticas e Ingenier\u00edas<\/span>                                         <\/div>\n                                    <\/div>\n                                                                <!-- thumbnail start-->\n\n                                <!-- content start-->\n                                <div class=\"etn-event-content\">\n                                    <div class=\"event-metas\">\n                                        <div class=\"etn-event-date\">\n                                            <i class=\"far fa-calendar-alt\"><\/i>\n                                            octubre 3, 2025                                        <\/div>\n                                    <\/div>\n                                    <h3 class=\"etn-title etn-event-title\"><a href=\"https:\/\/foro-mundial.org\/congresos\/etn\/congreso-mundial-de-estudiantes-de-ingenieria-industrial-2025\/\"> CONGRESO MUNDIAL DE ESTUDIANTES DE INGENIER\u00cdA<\/a> <\/h3>\n                                    <p><\/p>\n                                    <div class=\"etn-event-footer\">\n                                        \n                                                                                <div class=\"etn-event-location\"><i class=\"fas fa-map-marker-alt\"><\/i> Canc\u00fan, MX<\/div>\n                                                                            <\/div>\n                                <\/div>\n                                <!-- content end-->\n                            <\/div>\n                            <!-- etn event item end-->\n                        <\/div>\n                                                <div class=\"etn-col-md-6 etn-col-lg-3\">\n                            <div class=\"etn-event-item\">\n                                <!-- thumbnail -->\n                                                                    <div class=\"etn-event-thumb\">\n                                        <a href=\"https:\/\/foro-mundial.org\/congresos\/etn\/congreso-mundial-de-estudiantes-de-arquitectura-2025\/\">\n                                            <img decoding=\"async\" src=\"https:\/\/foro-mundial.org\/congresos\/wp-content\/uploads\/2023\/06\/Arquitectura.jpg\" alt=\"Home\">\n                                        <\/a>\n                                        <div class=\"etn-event-category\">\n                                            <span>- Todos<\/span> <span>Ciencias F\u00edsico Matem\u00e1ticas e Ingenier\u00edas<\/span>                                         <\/div>\n                                    <\/div>\n                                                                <!-- thumbnail start-->\n\n                                <!-- content start-->\n                                <div class=\"etn-event-content\">\n                                    <div class=\"event-metas\">\n                                        <div class=\"etn-event-date\">\n                                            <i class=\"far fa-calendar-alt\"><\/i>\n                                            octubre 10, 2025                                        <\/div>\n                                    <\/div>\n                                    <h3 class=\"etn-title etn-event-title\"><a href=\"https:\/\/foro-mundial.org\/congresos\/etn\/congreso-mundial-de-estudiantes-de-arquitectura-2025\/\"> CONGRESO MUNDIAL DE ESTUDIANTES DE ARQUITECTURA<\/a> <\/h3>\n                                    <p><\/p>\n                                    <div class=\"etn-event-footer\">\n                                        \n                                                                                <div class=\"etn-event-location\"><i class=\"fas fa-map-marker-alt\"><\/i> Canc\u00fan, MX<\/div>\n                                                                            <\/div>\n                                <\/div>\n                                <!-- content end-->\n                            <\/div>\n                            <!-- etn event item end-->\n                        <\/div>\n                                                <div class=\"etn-col-md-6 etn-col-lg-3\">\n                            <div class=\"etn-event-item\">\n                                <!-- thumbnail -->\n                                                                    <div class=\"etn-event-thumb\">\n                                        <a href=\"https:\/\/foro-mundial.org\/congresos\/etn\/congreso-mundial-de-estudiantes-de-agronomia-2026\/\">\n                                            <img decoding=\"async\" src=\"https:\/\/foro-mundial.org\/congresos\/wp-content\/uploads\/2023\/06\/Agronomia.jpg\" alt=\"Home\">\n                                        <\/a>\n                                        <div class=\"etn-event-category\">\n                                            <span>- Todos<\/span> <span>Ciencias F\u00edsico Matem\u00e1ticas e Ingenier\u00edas<\/span>                                         <\/div>\n                                    <\/div>\n                                                                <!-- thumbnail start-->\n\n                                <!-- content start-->\n                                <div class=\"etn-event-content\">\n                                    <div class=\"event-metas\">\n                                        <div class=\"etn-event-date\">\n                                            <i class=\"far fa-calendar-alt\"><\/i>\n                                            octubre 16, 2026                                        <\/div>\n                                    <\/div>\n                                    <h3 class=\"etn-title etn-event-title\"><a href=\"https:\/\/foro-mundial.org\/congresos\/etn\/congreso-mundial-de-estudiantes-de-agronomia-2026\/\"> CONGRESO MUNDIAL DE ESTUDIANTES DE AGRONOM\u00cdA<\/a> <\/h3>\n                                    <p><\/p>\n                                    <div class=\"etn-event-footer\">\n                                        \n                                                                                <div class=\"etn-event-location\"><i class=\"fas fa-map-marker-alt\"><\/i> Canc\u00fan, MX<\/div>\n                                                                            <\/div>\n                                <\/div>\n                                <!-- content end-->\n                            <\/div>\n                            <!-- etn event item end-->\n                        <\/div>\n                                                <div class=\"etn-col-md-6 etn-col-lg-3\">\n                            <div class=\"etn-event-item\">\n                                <!-- thumbnail -->\n                                                                    <div class=\"etn-event-thumb\">\n                                        <a href=\"https:\/\/foro-mundial.org\/congresos\/etn\/congreso-mundial-de-estudiantes-de-informatica-y-sistemas-2026\/\">\n                                            <img decoding=\"async\" src=\"https:\/\/foro-mundial.org\/congresos\/wp-content\/uploads\/2023\/06\/Informartica.jpg\" alt=\"Home\">\n                                        <\/a>\n                                        <div class=\"etn-event-category\">\n                                            <span>- Todos<\/span> <span>Ciencias F\u00edsico Matem\u00e1ticas e Ingenier\u00edas<\/span>                                         <\/div>\n                                    <\/div>\n                                                                <!-- thumbnail start-->\n\n                                <!-- content start-->\n                                <div class=\"etn-event-content\">\n                                    <div class=\"event-metas\">\n                                        <div class=\"etn-event-date\">\n                                            <i class=\"far fa-calendar-alt\"><\/i>\n                                            octubre 2, 2026                                        <\/div>\n                                    <\/div>\n                                    <h3 class=\"etn-title etn-event-title\"><a href=\"https:\/\/foro-mundial.org\/congresos\/etn\/congreso-mundial-de-estudiantes-de-informatica-y-sistemas-2026\/\"> CONGRESO MUNDIAL DE ESTUDIANTES DE INFORMATICA<\/a> <\/h3>\n                                    <p><\/p>\n                                    <div class=\"etn-event-footer\">\n                                        \n                                                                                <div class=\"etn-event-location\"><i class=\"fas fa-map-marker-alt\"><\/i> Canc\u00fan, MX<\/div>\n                                                                            <\/div>\n                                <\/div>\n                                <!-- content end-->\n                            <\/div>\n                            <!-- etn event item end-->\n                        <\/div>\n                                    <\/div>\n                    <\/div>\n            \n                                    <div class=\"etn-tab \" data-id='tab7bc9236-4'>\n                                    <div class='etn-row etn-event-wrapper'>\n                                            <div class=\"etn-col-md-6 etn-col-lg-3\">\n                            <div class=\"etn-event-item\">\n                                <!-- thumbnail -->\n                                                                    <div class=\"etn-event-thumb\">\n                                        <a href=\"https:\/\/foro-mundial.org\/congresos\/etn\/congreso-mundial-de-estudiantes-de-economia-y-finanzas-2025\/\">\n                                            <img decoding=\"async\" src=\"https:\/\/foro-mundial.org\/congresos\/wp-content\/uploads\/2023\/06\/Economia.jpg\" alt=\"Home\">\n                                        <\/a>\n                                        <div class=\"etn-event-category\">\n                                            <span>- Todos<\/span> <span>Ciencias Econ\u00f3mico Administrativas<\/span>                                         <\/div>\n                                    <\/div>\n                                                                <!-- thumbnail start-->\n\n                                <!-- content start-->\n                                <div class=\"etn-event-content\">\n                                    <div class=\"event-metas\">\n                                        <div class=\"etn-event-date\">\n                                            <i class=\"far fa-calendar-alt\"><\/i>\n                                            septiembre 5, 2025                                        <\/div>\n                                    <\/div>\n                                    <h3 class=\"etn-title etn-event-title\"><a href=\"https:\/\/foro-mundial.org\/congresos\/etn\/congreso-mundial-de-estudiantes-de-economia-y-finanzas-2025\/\"> CONGRESO MUNDIAL DE ESTUDIANTES DE ECONOMIA<\/a> <\/h3>\n                                    <p><\/p>\n                                    <div class=\"etn-event-footer\">\n                                        \n                                                                                <div class=\"etn-event-location\"><i class=\"fas fa-map-marker-alt\"><\/i> Canc\u00fan, MX<\/div>\n                                                                            <\/div>\n                                <\/div>\n                                <!-- content end-->\n                            <\/div>\n                            <!-- etn event item end-->\n                        <\/div>\n                                                <div class=\"etn-col-md-6 etn-col-lg-3\">\n                            <div class=\"etn-event-item\">\n                                <!-- thumbnail -->\n                                                                    <div class=\"etn-event-thumb\">\n                                        <a href=\"https:\/\/foro-mundial.org\/congresos\/etn\/congreso-mundial-de-estudiantes-de-comercio-exterior-y-aduanas-2025\/\">\n                                            <img decoding=\"async\" src=\"https:\/\/foro-mundial.org\/congresos\/wp-content\/uploads\/2023\/06\/Exterior.jpg\" alt=\"Home\">\n                                        <\/a>\n                                        <div class=\"etn-event-category\">\n                                            <span>- Todos<\/span> <span>Ciencias Econ\u00f3mico Administrativas<\/span>                                         <\/div>\n                                    <\/div>\n                                                                <!-- thumbnail start-->\n\n                                <!-- content start-->\n                                <div class=\"etn-event-content\">\n                                    <div class=\"event-metas\">\n                                        <div class=\"etn-event-date\">\n                                            <i class=\"far fa-calendar-alt\"><\/i>\n                                            septiembre 26, 2025                                        <\/div>\n                                    <\/div>\n                                    <h3 class=\"etn-title etn-event-title\"><a href=\"https:\/\/foro-mundial.org\/congresos\/etn\/congreso-mundial-de-estudiantes-de-comercio-exterior-y-aduanas-2025\/\"> CONGRESO MUNDIAL DE ESTUDIANTES DE COMERCIO<\/a> <\/h3>\n                                    <p><\/p>\n                                    <div class=\"etn-event-footer\">\n                                        \n                                                                                <div class=\"etn-event-location\"><i class=\"fas fa-map-marker-alt\"><\/i> Canc\u00fan, MX<\/div>\n                                                                            <\/div>\n                                <\/div>\n                                <!-- content end-->\n                            <\/div>\n                            <!-- etn event item end-->\n                        <\/div>\n                                                <div class=\"etn-col-md-6 etn-col-lg-3\">\n                            <div class=\"etn-event-item\">\n                                <!-- thumbnail -->\n                                                                    <div class=\"etn-event-thumb\">\n                                        <a href=\"https:\/\/foro-mundial.org\/congresos\/etn\/congreso-mundial-de-contaduria-y-finanzas-2025\/\">\n                                            <img decoding=\"async\" src=\"https:\/\/foro-mundial.org\/congresos\/wp-content\/uploads\/2023\/06\/Contaduria.jpg\" alt=\"Home\">\n                                        <\/a>\n                                        <div class=\"etn-event-category\">\n                                            <span>- Todos<\/span> <span>Ciencias Econ\u00f3mico Administrativas<\/span>                                         <\/div>\n                                    <\/div>\n                                                                <!-- thumbnail start-->\n\n                                <!-- content start-->\n                                <div class=\"etn-event-content\">\n                                    <div class=\"event-metas\">\n                                        <div class=\"etn-event-date\">\n                                            <i class=\"far fa-calendar-alt\"><\/i>\n                                            septiembre 5, 2025                                        <\/div>\n                                    <\/div>\n                                    <h3 class=\"etn-title etn-event-title\"><a href=\"https:\/\/foro-mundial.org\/congresos\/etn\/congreso-mundial-de-contaduria-y-finanzas-2025\/\"> CONGRESO MUNDIAL DE ESTUDIANTES DE CONTADUR\u00cdA<\/a> <\/h3>\n                                    <p><\/p>\n                                    <div class=\"etn-event-footer\">\n                                        \n                                                                                <div class=\"etn-event-location\"><i class=\"fas fa-map-marker-alt\"><\/i> Canc\u00fan, MX<\/div>\n                                                                            <\/div>\n                                <\/div>\n                                <!-- content end-->\n                            <\/div>\n                            <!-- etn event item end-->\n                        <\/div>\n                                                <div class=\"etn-col-md-6 etn-col-lg-3\">\n                            <div class=\"etn-event-item\">\n                                <!-- thumbnail -->\n                                                                    <div class=\"etn-event-thumb\">\n                                        <a href=\"https:\/\/foro-mundial.org\/congresos\/etn\/congreso-mundial-de-administracion-publica-2025\/\">\n                                            <img decoding=\"async\" src=\"https:\/\/foro-mundial.org\/congresos\/wp-content\/uploads\/2020\/04\/Publica.jpg\" alt=\"Home\">\n                                        <\/a>\n                                        <div class=\"etn-event-category\">\n                                            <span>- Todos<\/span> <span>Ciencias Econ\u00f3mico Administrativas<\/span>                                         <\/div>\n                                    <\/div>\n                                                                <!-- thumbnail start-->\n\n                                <!-- content start-->\n                                <div class=\"etn-event-content\">\n                                    <div class=\"event-metas\">\n                                        <div class=\"etn-event-date\">\n                                            <i class=\"far fa-calendar-alt\"><\/i>\n                                            septiembre 5, 2025                                        <\/div>\n                                    <\/div>\n                                    <h3 class=\"etn-title etn-event-title\"><a href=\"https:\/\/foro-mundial.org\/congresos\/etn\/congreso-mundial-de-administracion-publica-2025\/\"> CONGRESO MUNDIAL DE ADMINISTRACI\u00d3N P\u00daBLICA 2025<\/a> <\/h3>\n                                    <p><\/p>\n                                    <div class=\"etn-event-footer\">\n                                        \n                                                                                <div class=\"etn-event-location\"><i class=\"fas fa-map-marker-alt\"><\/i> Canc\u00fan, MX<\/div>\n                                                                            <\/div>\n                                <\/div>\n                                <!-- content end-->\n                            <\/div>\n                            <!-- etn event item end-->\n                        <\/div>\n                                                <div class=\"etn-col-md-6 etn-col-lg-3\">\n                            <div class=\"etn-event-item\">\n                                <!-- thumbnail -->\n                                                                    <div class=\"etn-event-thumb\">\n                                        <a href=\"https:\/\/foro-mundial.org\/congresos\/etn\/congreso-mundial-de-estudiantes-de-administacion-de-empresas-2025\/\">\n                                            <img decoding=\"async\" src=\"https:\/\/foro-mundial.org\/congresos\/wp-content\/uploads\/2020\/04\/Empresas.jpg\" alt=\"Home\">\n                                        <\/a>\n                                        <div class=\"etn-event-category\">\n                                            <span>- Todos<\/span> <span>Ciencias Econ\u00f3mico Administrativas<\/span>                                         <\/div>\n                                    <\/div>\n                                                                <!-- thumbnail start-->\n\n                                <!-- content start-->\n                                <div class=\"etn-event-content\">\n                                    <div class=\"event-metas\">\n                                        <div class=\"etn-event-date\">\n                                            <i class=\"far fa-calendar-alt\"><\/i>\n                                            septiembre 5, 2025                                        <\/div>\n                                    <\/div>\n                                    <h3 class=\"etn-title etn-event-title\"><a href=\"https:\/\/foro-mundial.org\/congresos\/etn\/congreso-mundial-de-estudiantes-de-administacion-de-empresas-2025\/\"> CONGRESO MUNDIAL DE ESTUDIANTES DE ADMINISTACI\u00d3N<\/a> <\/h3>\n                                    <p><\/p>\n                                    <div class=\"etn-event-footer\">\n                                        \n                                                                                <div class=\"etn-event-location\"><i class=\"fas fa-map-marker-alt\"><\/i> Canc\u00fan, MX<\/div>\n                                                                            <\/div>\n                                <\/div>\n                                <!-- content end-->\n                            <\/div>\n                            <!-- etn event item end-->\n                        <\/div>\n                                                <div class=\"etn-col-md-6 etn-col-lg-3\">\n                            <div class=\"etn-event-item\">\n                                <!-- thumbnail -->\n                                                                    <div class=\"etn-event-thumb\">\n                                        <a href=\"https:\/\/foro-mundial.org\/congresos\/etn\/congreso-mundial-de-estudiantes-de-comercio-exterior-y-aduanas-2026\/\">\n                                            <img decoding=\"async\" src=\"https:\/\/foro-mundial.org\/congresos\/wp-content\/uploads\/2023\/06\/Exterior.jpg\" alt=\"Home\">\n                                        <\/a>\n                                        <div class=\"etn-event-category\">\n                                            <span>- Todos<\/span> <span>Ciencias Econ\u00f3mico Administrativas<\/span>                                         <\/div>\n                                    <\/div>\n                                                                <!-- thumbnail start-->\n\n                                <!-- content start-->\n                                <div class=\"etn-event-content\">\n                                    <div class=\"event-metas\">\n                                        <div class=\"etn-event-date\">\n                                            <i class=\"far fa-calendar-alt\"><\/i>\n                                            septiembre 25, 2026                                        <\/div>\n                                    <\/div>\n                                    <h3 class=\"etn-title etn-event-title\"><a href=\"https:\/\/foro-mundial.org\/congresos\/etn\/congreso-mundial-de-estudiantes-de-comercio-exterior-y-aduanas-2026\/\"> CONGRESO MUNDIAL DE ESTUDIANTES DE COMERCIO<\/a> <\/h3>\n                                    <p><\/p>\n                                    <div class=\"etn-event-footer\">\n                                        \n                                                                                <div class=\"etn-event-location\"><i class=\"fas fa-map-marker-alt\"><\/i> Canc\u00fan, MX<\/div>\n                                                                            <\/div>\n                                <\/div>\n                                <!-- content end-->\n                            <\/div>\n                            <!-- etn event item end-->\n                        <\/div>\n                                                <div class=\"etn-col-md-6 etn-col-lg-3\">\n                            <div class=\"etn-event-item\">\n                                <!-- thumbnail -->\n                                                                    <div class=\"etn-event-thumb\">\n                                        <a href=\"https:\/\/foro-mundial.org\/congresos\/etn\/congreso-mundial-de-estudiantes-de-economia-y-finanzas-2026\/\">\n                                            <img decoding=\"async\" src=\"https:\/\/foro-mundial.org\/congresos\/wp-content\/uploads\/2023\/06\/Economia.jpg\" alt=\"Home\">\n                                        <\/a>\n                                        <div class=\"etn-event-category\">\n                                            <span>- Todos<\/span> <span>Ciencias Econ\u00f3mico Administrativas<\/span>                                         <\/div>\n                                    <\/div>\n                                                                <!-- thumbnail start-->\n\n                                <!-- content start-->\n                                <div class=\"etn-event-content\">\n                                    <div class=\"event-metas\">\n                                        <div class=\"etn-event-date\">\n                                            <i class=\"far fa-calendar-alt\"><\/i>\n                                            septiembre 4, 2026                                        <\/div>\n                                    <\/div>\n                                    <h3 class=\"etn-title etn-event-title\"><a href=\"https:\/\/foro-mundial.org\/congresos\/etn\/congreso-mundial-de-estudiantes-de-economia-y-finanzas-2026\/\"> CONGRESO MUNDIAL DE ESTUDIANTES DE ECONOMIA<\/a> <\/h3>\n                                    <p><\/p>\n                                    <div class=\"etn-event-footer\">\n                                        \n                                                                                <div class=\"etn-event-location\"><i class=\"fas fa-map-marker-alt\"><\/i> Canc\u00fan, MX<\/div>\n                                                                            <\/div>\n                                <\/div>\n                                <!-- content end-->\n                            <\/div>\n                            <!-- etn event item end-->\n                        <\/div>\n                                                <div class=\"etn-col-md-6 etn-col-lg-3\">\n                            <div class=\"etn-event-item\">\n                                <!-- thumbnail -->\n                                                                <!-- thumbnail start-->\n\n                                <!-- content start-->\n                                <div class=\"etn-event-content\">\n                                    <div class=\"event-metas\">\n                                        <div class=\"etn-event-date\">\n                                            <i class=\"far fa-calendar-alt\"><\/i>\n                                            septiembre 4, 2026                                        <\/div>\n                                    <\/div>\n                                    <h3 class=\"etn-title etn-event-title\"><a href=\"https:\/\/foro-mundial.org\/congresos\/etn\/congreso-mundial-de-contaduria-y-finanzas-2026\/\"> CONGRESO MUNDIAL DE ESTUDIANTES DE CONTADURIA<\/a> <\/h3>\n                                    <p><\/p>\n                                    <div class=\"etn-event-footer\">\n                                        \n                                                                                <div class=\"etn-event-location\"><i class=\"fas fa-map-marker-alt\"><\/i> Canc\u00fan, MX<\/div>\n                                                                            <\/div>\n                                <\/div>\n                                <!-- content end-->\n                            <\/div>\n                            <!-- etn event item end-->\n                        <\/div>\n                                    <\/div>\n                    <\/div>\n            \n                                    <div class=\"etn-tab \" data-id='tab7bc9236-5'>\n                                    <div class='etn-row etn-event-wrapper'>\n                                            <div class=\"etn-col-md-6 etn-col-lg-3\">\n                            <div class=\"etn-event-item\">\n                                <!-- thumbnail -->\n                                                                    <div class=\"etn-event-thumb\">\n                                        <a href=\"https:\/\/foro-mundial.org\/congresos\/etn\/congreso-mundial-de-estudiantes-de-gastronomia-2025\/\">\n                                            <img decoding=\"async\" src=\"https:\/\/foro-mundial.org\/congresos\/wp-content\/uploads\/2023\/06\/Gastronomia.jpg\" alt=\"Home\">\n                                        <\/a>\n                                        <div class=\"etn-event-category\">\n                                            <span>- Todos<\/span> <span>Arte, Comunicaci\u00f3n y Hospitalidad<\/span>                                         <\/div>\n                                    <\/div>\n                                                                <!-- thumbnail start-->\n\n                                <!-- content start-->\n                                <div class=\"etn-event-content\">\n                                    <div class=\"event-metas\">\n                                        <div class=\"etn-event-date\">\n                                            <i class=\"far fa-calendar-alt\"><\/i>\n                                            septiembre 26, 2025                                        <\/div>\n                                    <\/div>\n                                    <h3 class=\"etn-title etn-event-title\"><a href=\"https:\/\/foro-mundial.org\/congresos\/etn\/congreso-mundial-de-estudiantes-de-gastronomia-2025\/\"> CONGRESO MUNDIAL DE ESTUDIANTES DE GASTRONOM\u00cdA<\/a> <\/h3>\n                                    <p><\/p>\n                                    <div class=\"etn-event-footer\">\n                                        \n                                                                                <div class=\"etn-event-location\"><i class=\"fas fa-map-marker-alt\"><\/i> Canc\u00fan, MX<\/div>\n                                                                            <\/div>\n                                <\/div>\n                                <!-- content end-->\n                            <\/div>\n                            <!-- etn event item end-->\n                        <\/div>\n                                                <div class=\"etn-col-md-6 etn-col-lg-3\">\n                            <div class=\"etn-event-item\">\n                                <!-- thumbnail -->\n                                                                    <div class=\"etn-event-thumb\">\n                                        <a href=\"https:\/\/foro-mundial.org\/congresos\/etn\/congreso-mundial-de-estudiantes-de-turismo-2025\/\">\n                                            <img decoding=\"async\" src=\"https:\/\/foro-mundial.org\/congresos\/wp-content\/uploads\/2023\/06\/Turismo.jpg\" alt=\"Home\">\n                                        <\/a>\n                                        <div class=\"etn-event-category\">\n                                            <span>- Todos<\/span> <span>Arte, Comunicaci\u00f3n y Hospitalidad<\/span>                                         <\/div>\n                                    <\/div>\n                                                                <!-- thumbnail start-->\n\n                                <!-- content start-->\n                                <div class=\"etn-event-content\">\n                                    <div class=\"event-metas\">\n                                        <div class=\"etn-event-date\">\n                                            <i class=\"far fa-calendar-alt\"><\/i>\n                                            septiembre 26, 2025                                        <\/div>\n                                    <\/div>\n                                    <h3 class=\"etn-title etn-event-title\"><a href=\"https:\/\/foro-mundial.org\/congresos\/etn\/congreso-mundial-de-estudiantes-de-turismo-2025\/\"> CONGRESO MUNDIAL DE ESTUDIANTES DE TURISMO<\/a> <\/h3>\n                                    <p><\/p>\n                                    <div class=\"etn-event-footer\">\n                                        \n                                                                                <div class=\"etn-event-location\"><i class=\"fas fa-map-marker-alt\"><\/i> Canc\u00fan, MX<\/div>\n                                                                            <\/div>\n                                <\/div>\n                                <!-- content end-->\n                            <\/div>\n                            <!-- etn event item end-->\n                        <\/div>\n                                                <div class=\"etn-col-md-6 etn-col-lg-3\">\n                            <div class=\"etn-event-item\">\n                                <!-- thumbnail -->\n                                                                    <div class=\"etn-event-thumb\">\n                                        <a href=\"https:\/\/foro-mundial.org\/congresos\/etn\/congreso-mundial-de-estudiantes-de-ciencias-de-la-comunicacion-2025\/\">\n                                            <img decoding=\"async\" src=\"https:\/\/foro-mundial.org\/congresos\/wp-content\/uploads\/2023\/06\/Comunicacion.jpg\" alt=\"Home\">\n                                        <\/a>\n                                        <div class=\"etn-event-category\">\n                                            <span>- Todos<\/span> <span>Arte, Comunicaci\u00f3n y Hospitalidad<\/span>                                         <\/div>\n                                    <\/div>\n                                                                <!-- thumbnail start-->\n\n                                <!-- content start-->\n                                <div class=\"etn-event-content\">\n                                    <div class=\"event-metas\">\n                                        <div class=\"etn-event-date\">\n                                            <i class=\"far fa-calendar-alt\"><\/i>\n                                            septiembre 12, 2025                                        <\/div>\n                                    <\/div>\n                                    <h3 class=\"etn-title etn-event-title\"><a href=\"https:\/\/foro-mundial.org\/congresos\/etn\/congreso-mundial-de-estudiantes-de-ciencias-de-la-comunicacion-2025\/\"> CONGRESO MUNDIAL DE ESTUDIANTES DE CIENCIAS<\/a> <\/h3>\n                                    <p><\/p>\n                                    <div class=\"etn-event-footer\">\n                                        \n                                                                                <div class=\"etn-event-location\"><i class=\"fas fa-map-marker-alt\"><\/i> Canc\u00fan, MX<\/div>\n                                                                            <\/div>\n                                <\/div>\n                                <!-- content end-->\n                            <\/div>\n                            <!-- etn event item end-->\n                        <\/div>\n                                                <div class=\"etn-col-md-6 etn-col-lg-3\">\n                            <div class=\"etn-event-item\">\n                                <!-- thumbnail -->\n                                                                    <div class=\"etn-event-thumb\">\n                                        <a href=\"https:\/\/foro-mundial.org\/congresos\/etn\/congreso-mundial-de-estudiantes-de-diseno-grafico-2025\/\">\n                                            <img decoding=\"async\" src=\"https:\/\/foro-mundial.org\/congresos\/wp-content\/uploads\/2023\/06\/Diseno-Grafico.jpg\" alt=\"Home\">\n                                        <\/a>\n                                        <div class=\"etn-event-category\">\n                                            <span>- Todos<\/span> <span>Arte, Comunicaci\u00f3n y Hospitalidad<\/span>                                         <\/div>\n                                    <\/div>\n                                                                <!-- thumbnail start-->\n\n                                <!-- content start-->\n                                <div class=\"etn-event-content\">\n                                    <div class=\"event-metas\">\n                                        <div class=\"etn-event-date\">\n                                            <i class=\"far fa-calendar-alt\"><\/i>\n                                            septiembre 12, 2025                                        <\/div>\n                                    <\/div>\n                                    <h3 class=\"etn-title etn-event-title\"><a href=\"https:\/\/foro-mundial.org\/congresos\/etn\/congreso-mundial-de-estudiantes-de-diseno-grafico-2025\/\"> CONGRESO MUNDIAL DE ESTUDIANTES DE DISE\u00d1O<\/a> <\/h3>\n                                    <p><\/p>\n                                    <div class=\"etn-event-footer\">\n                                        \n                                                                                <div class=\"etn-event-location\"><i class=\"fas fa-map-marker-alt\"><\/i> Canc\u00fan, MX<\/div>\n                                                                            <\/div>\n                                <\/div>\n                                <!-- content end-->\n                            <\/div>\n                            <!-- etn event item end-->\n                        <\/div>\n                                                <div class=\"etn-col-md-6 etn-col-lg-3\">\n                            <div class=\"etn-event-item\">\n                                <!-- thumbnail -->\n                                                                    <div class=\"etn-event-thumb\">\n                                        <a href=\"https:\/\/foro-mundial.org\/congresos\/etn\/congreso-mundial-de-estudiantes-de-mercadotecnia-2025\/\">\n                                            <img decoding=\"async\" src=\"https:\/\/foro-mundial.org\/congresos\/wp-content\/uploads\/2023\/06\/Mercadotecnia.jpg\" alt=\"Home\">\n                                        <\/a>\n                                        <div class=\"etn-event-category\">\n                                            <span>- Todos<\/span> <span>Arte, Comunicaci\u00f3n y Hospitalidad<\/span>                                         <\/div>\n                                    <\/div>\n                                                                <!-- thumbnail start-->\n\n                                <!-- content start-->\n                                <div class=\"etn-event-content\">\n                                    <div class=\"event-metas\">\n                                        <div class=\"etn-event-date\">\n                                            <i class=\"far fa-calendar-alt\"><\/i>\n                                            septiembre 12, 2025                                        <\/div>\n                                    <\/div>\n                                    <h3 class=\"etn-title etn-event-title\"><a href=\"https:\/\/foro-mundial.org\/congresos\/etn\/congreso-mundial-de-estudiantes-de-mercadotecnia-2025\/\"> CONGRESO MUNDIAL DE ESTUDIANTES DE MERCADOTECNIA<\/a> <\/h3>\n                                    <p><\/p>\n                                    <div class=\"etn-event-footer\">\n                                        \n                                                                                <div class=\"etn-event-location\"><i class=\"fas fa-map-marker-alt\"><\/i> Canc\u00fan, MX<\/div>\n                                                                            <\/div>\n                                <\/div>\n                                <!-- content end-->\n                            <\/div>\n                            <!-- etn event item end-->\n                        <\/div>\n                                                <div class=\"etn-col-md-6 etn-col-lg-3\">\n                            <div class=\"etn-event-item\">\n                                <!-- thumbnail -->\n                                                                    <div class=\"etn-event-thumb\">\n                                        <a href=\"https:\/\/foro-mundial.org\/congresos\/etn\/congreso-mundial-de-estudiantes-de-arte-y-cultura-2025\/\">\n                                            <img decoding=\"async\" src=\"https:\/\/foro-mundial.org\/congresos\/wp-content\/uploads\/2023\/06\/ArteYCultura.jpg\" alt=\"Home\">\n                                        <\/a>\n                                        <div class=\"etn-event-category\">\n                                            <span>- Todos<\/span> <span>Arte, Comunicaci\u00f3n y Hospitalidad<\/span>                                         <\/div>\n                                    <\/div>\n                                                                <!-- thumbnail start-->\n\n                                <!-- content start-->\n                                <div class=\"etn-event-content\">\n                                    <div class=\"event-metas\">\n                                        <div class=\"etn-event-date\">\n                                            <i class=\"far fa-calendar-alt\"><\/i>\n                                            septiembre 19, 2025                                        <\/div>\n                                    <\/div>\n                                    <h3 class=\"etn-title etn-event-title\"><a href=\"https:\/\/foro-mundial.org\/congresos\/etn\/congreso-mundial-de-estudiantes-de-arte-y-cultura-2025\/\"> CONGRESO MUNDIAL DE ESTUDIANTES DE ARTE<\/a> <\/h3>\n                                    <p><\/p>\n                                    <div class=\"etn-event-footer\">\n                                        \n                                                                                <div class=\"etn-event-location\"><i class=\"fas fa-map-marker-alt\"><\/i> Canc\u00fan, MX<\/div>\n                                                                            <\/div>\n                                <\/div>\n                                <!-- content end-->\n                            <\/div>\n                            <!-- etn event item end-->\n                        <\/div>\n                                                <div class=\"etn-col-md-6 etn-col-lg-3\">\n                            <div class=\"etn-event-item\">\n                                <!-- thumbnail -->\n                                                                    <div class=\"etn-event-thumb\">\n                                        <a href=\"https:\/\/foro-mundial.org\/congresos\/etn\/congreso-mundial-de-estudiantes-de-gastronomia-2026\/\">\n                                            <img decoding=\"async\" src=\"https:\/\/foro-mundial.org\/congresos\/wp-content\/uploads\/2023\/06\/Gastronomia.jpg\" alt=\"Home\">\n                                        <\/a>\n                                        <div class=\"etn-event-category\">\n                                            <span>- Todos<\/span> <span>Arte, Comunicaci\u00f3n y Hospitalidad<\/span>                                         <\/div>\n                                    <\/div>\n                                                                <!-- thumbnail start-->\n\n                                <!-- content start-->\n                                <div class=\"etn-event-content\">\n                                    <div class=\"event-metas\">\n                                        <div class=\"etn-event-date\">\n                                            <i class=\"far fa-calendar-alt\"><\/i>\n                                            septiembre 25, 2026                                        <\/div>\n                                    <\/div>\n                                    <h3 class=\"etn-title etn-event-title\"><a href=\"https:\/\/foro-mundial.org\/congresos\/etn\/congreso-mundial-de-estudiantes-de-gastronomia-2026\/\"> CONGRESO MUNDIAL DE ESTUDIANTES DE GASTRONOM\u00cdA<\/a> <\/h3>\n                                    <p><\/p>\n                                    <div class=\"etn-event-footer\">\n                                        \n                                                                                <div class=\"etn-event-location\"><i class=\"fas fa-map-marker-alt\"><\/i> Canc\u00fan, MX<\/div>\n                                                                            <\/div>\n                                <\/div>\n                                <!-- content end-->\n                            <\/div>\n                            <!-- etn event item end-->\n                        <\/div>\n                                                <div class=\"etn-col-md-6 etn-col-lg-3\">\n                            <div class=\"etn-event-item\">\n                                <!-- thumbnail -->\n                                                                    <div class=\"etn-event-thumb\">\n                                        <a href=\"https:\/\/foro-mundial.org\/congresos\/etn\/congreso-mundial-de-estudiantes-de-turismo-2026\/\">\n                                            <img decoding=\"async\" src=\"https:\/\/foro-mundial.org\/congresos\/wp-content\/uploads\/2023\/06\/Turismo.jpg\" alt=\"Home\">\n                                        <\/a>\n                                        <div class=\"etn-event-category\">\n                                            <span>- Todos<\/span> <span>Arte, Comunicaci\u00f3n y Hospitalidad<\/span>                                         <\/div>\n                                    <\/div>\n                                                                <!-- thumbnail start-->\n\n                                <!-- content start-->\n                                <div class=\"etn-event-content\">\n                                    <div class=\"event-metas\">\n                                        <div class=\"etn-event-date\">\n                                            <i class=\"far fa-calendar-alt\"><\/i>\n                                            septiembre 25, 2026                                        <\/div>\n                                    <\/div>\n                                    <h3 class=\"etn-title etn-event-title\"><a href=\"https:\/\/foro-mundial.org\/congresos\/etn\/congreso-mundial-de-estudiantes-de-turismo-2026\/\"> CONGRESO MUNDIAL DE ESTUDIANTES DE TURISMO<\/a> <\/h3>\n                                    <p><\/p>\n                                    <div class=\"etn-event-footer\">\n                                        \n                                                                                <div class=\"etn-event-location\"><i class=\"fas fa-map-marker-alt\"><\/i> Canc\u00fan, MX<\/div>\n                                                                            <\/div>\n                                <\/div>\n                                <!-- content end-->\n                            <\/div>\n                            <!-- etn event item end-->\n                        <\/div>\n                                    <\/div>\n                    <\/div>\n            \n                                    <div class=\"etn-tab \" data-id='tab7bc9236-6'>\n                                    <div class='etn-row etn-event-wrapper'>\n                                            <div class=\"etn-col-md-6 etn-col-lg-3\">\n                            <div class=\"etn-event-item\">\n                                <!-- thumbnail -->\n                                                                    <div class=\"etn-event-thumb\">\n                                        <a href=\"https:\/\/foro-mundial.org\/congresos\/etn\/congreso-mundial-de-estudiantes-de-medicina-2026\/\">\n                                            <img decoding=\"async\" src=\"https:\/\/foro-mundial.org\/congresos\/wp-content\/uploads\/2023\/06\/24.jpg\" alt=\"Home\">\n                                        <\/a>\n                                        <div class=\"etn-event-category\">\n                                            <span>- Todos<\/span> <span>Ciencias de la Salud<\/span>                                         <\/div>\n                                    <\/div>\n                                                                <!-- thumbnail start-->\n\n                                <!-- content start-->\n                                <div class=\"etn-event-content\">\n                                    <div class=\"event-metas\">\n                                        <div class=\"etn-event-date\">\n                                            <i class=\"far fa-calendar-alt\"><\/i>\n                                            octubre 23, 2026                                        <\/div>\n                                    <\/div>\n                                    <h3 class=\"etn-title etn-event-title\"><a href=\"https:\/\/foro-mundial.org\/congresos\/etn\/congreso-mundial-de-estudiantes-de-medicina-2026\/\"> CONGRESO MUNDIAL DE ESTUDIANTES DE MEDICINA<\/a> <\/h3>\n                                    <p><\/p>\n                                    <div class=\"etn-event-footer\">\n                                        \n                                                                                <div class=\"etn-event-location\"><i class=\"fas fa-map-marker-alt\"><\/i> Canc\u00fan, MX<\/div>\n                                                                            <\/div>\n                                <\/div>\n                                <!-- content end-->\n                            <\/div>\n                            <!-- etn event item end-->\n                        <\/div>\n                                                <div class=\"etn-col-md-6 etn-col-lg-3\">\n                            <div class=\"etn-event-item\">\n                                <!-- thumbnail -->\n                                                                    <div class=\"etn-event-thumb\">\n                                        <a href=\"https:\/\/foro-mundial.org\/congresos\/etn\/congreso-mundial-de-estudiantes-de-medicina-2025\/\">\n                                            <img decoding=\"async\" src=\"https:\/\/foro-mundial.org\/congresos\/wp-content\/uploads\/2023\/06\/24.jpg\" alt=\"Home\">\n                                        <\/a>\n                                        <div class=\"etn-event-category\">\n                                            <span>- Todos<\/span> <span>Ciencias de la Salud<\/span>                                         <\/div>\n                                    <\/div>\n                                                                <!-- thumbnail start-->\n\n                                <!-- content start-->\n                                <div class=\"etn-event-content\">\n                                    <div class=\"event-metas\">\n                                        <div class=\"etn-event-date\">\n                                            <i class=\"far fa-calendar-alt\"><\/i>\n                                            octubre 24, 2025                                        <\/div>\n                                    <\/div>\n                                    <h3 class=\"etn-title etn-event-title\"><a href=\"https:\/\/foro-mundial.org\/congresos\/etn\/congreso-mundial-de-estudiantes-de-medicina-2025\/\"> CONGRESO MUNDIAL DE ESTUDIANTES DE MEDICINA<\/a> <\/h3>\n                                    <p><\/p>\n                                    <div class=\"etn-event-footer\">\n                                        \n                                                                                <div class=\"etn-event-location\"><i class=\"fas fa-map-marker-alt\"><\/i> Canc\u00fan, MX<\/div>\n                                                                            <\/div>\n                                <\/div>\n                                <!-- content end-->\n                            <\/div>\n                            <!-- etn event item end-->\n                        <\/div>\n                                                <div class=\"etn-col-md-6 etn-col-lg-3\">\n                            <div class=\"etn-event-item\">\n                                <!-- thumbnail -->\n                                                                    <div class=\"etn-event-thumb\">\n                                        <a href=\"https:\/\/foro-mundial.org\/congresos\/etn\/congreso-mundial-de-estudiantes-de-enfermeria-2025\/\">\n                                            <img decoding=\"async\" src=\"https:\/\/foro-mundial.org\/congresos\/wp-content\/uploads\/2021\/07\/25.jpg\" alt=\"Home\">\n                                        <\/a>\n                                        <div class=\"etn-event-category\">\n                                            <span>- Todos<\/span> <span>Ciencias de la Salud<\/span>                                         <\/div>\n                                    <\/div>\n                                                                <!-- thumbnail start-->\n\n                                <!-- content start-->\n                                <div class=\"etn-event-content\">\n                                    <div class=\"event-metas\">\n                                        <div class=\"etn-event-date\">\n                                            <i class=\"far fa-calendar-alt\"><\/i>\n                                            octubre 24, 2025                                        <\/div>\n                                    <\/div>\n                                    <h3 class=\"etn-title etn-event-title\"><a href=\"https:\/\/foro-mundial.org\/congresos\/etn\/congreso-mundial-de-estudiantes-de-enfermeria-2025\/\"> CONGRESO MUNDIAL DE ESTUDIANTES DE ENFERMER\u00cdA<\/a> <\/h3>\n                                    <p><\/p>\n                                    <div class=\"etn-event-footer\">\n                                        \n                                                                                <div class=\"etn-event-location\"><i class=\"fas fa-map-marker-alt\"><\/i> Canc\u00fan, MX<\/div>\n                                                                            <\/div>\n                                <\/div>\n                                <!-- content end-->\n                            <\/div>\n                            <!-- etn event item end-->\n                        <\/div>\n                                                <div class=\"etn-col-md-6 etn-col-lg-3\">\n                            <div class=\"etn-event-item\">\n                                <!-- thumbnail -->\n                                                                    <div class=\"etn-event-thumb\">\n                                        <a href=\"https:\/\/foro-mundial.org\/congresos\/etn\/congreso-mundial-de-estudiantes-de-psicologia-2025\/\">\n                                            <img decoding=\"async\" src=\"https:\/\/foro-mundial.org\/congresos\/wp-content\/uploads\/2020\/04\/Psicologia.jpg\" alt=\"Home\">\n                                        <\/a>\n                                        <div class=\"etn-event-category\">\n                                            <span>- Todos<\/span> <span>Ciencias de la Salud<\/span>                                         <\/div>\n                                    <\/div>\n                                                                <!-- thumbnail start-->\n\n                                <!-- content start-->\n                                <div class=\"etn-event-content\">\n                                    <div class=\"event-metas\">\n                                        <div class=\"etn-event-date\">\n                                            <i class=\"far fa-calendar-alt\"><\/i>\n                                            septiembre 19, 2025                                        <\/div>\n                                    <\/div>\n                                    <h3 class=\"etn-title etn-event-title\"><a href=\"https:\/\/foro-mundial.org\/congresos\/etn\/congreso-mundial-de-estudiantes-de-psicologia-2025\/\"> CONGRESO MUNDIAL DE ESTUDIANTES DE PSICOLOG\u00cdA<\/a> <\/h3>\n                                    <p><\/p>\n                                    <div class=\"etn-event-footer\">\n                                        \n                                                                                <div class=\"etn-event-location\"><i class=\"fas fa-map-marker-alt\"><\/i> Canc\u00fan, MX<\/div>\n                                                                            <\/div>\n                                <\/div>\n                                <!-- content end-->\n                            <\/div>\n                            <!-- etn event item end-->\n                        <\/div>\n                                                <div class=\"etn-col-md-6 etn-col-lg-3\">\n                            <div class=\"etn-event-item\">\n                                <!-- thumbnail -->\n                                                                    <div class=\"etn-event-thumb\">\n                                        <a href=\"https:\/\/foro-mundial.org\/congresos\/etn\/congreso-mundial-de-estudiantes-de-odontologia-2025\/\">\n                                            <img decoding=\"async\" src=\"https:\/\/foro-mundial.org\/congresos\/wp-content\/uploads\/2021\/07\/Odontologia.jpg\" alt=\"Home\">\n                                        <\/a>\n                                        <div class=\"etn-event-category\">\n                                            <span>- Todos<\/span> <span>Ciencias de la Salud<\/span>                                         <\/div>\n                                    <\/div>\n                                                                <!-- thumbnail start-->\n\n                                <!-- content start-->\n                                <div class=\"etn-event-content\">\n                                    <div class=\"event-metas\">\n                                        <div class=\"etn-event-date\">\n                                            <i class=\"far fa-calendar-alt\"><\/i>\n                                            octubre 24, 2025                                        <\/div>\n                                    <\/div>\n                                    <h3 class=\"etn-title etn-event-title\"><a href=\"https:\/\/foro-mundial.org\/congresos\/etn\/congreso-mundial-de-estudiantes-de-odontologia-2025\/\"> CONGRESO MUNDIAL DE ESTUDIANTES DE ODONTOLOG\u00cdA<\/a> <\/h3>\n                                    <p><\/p>\n                                    <div class=\"etn-event-footer\">\n                                        \n                                                                                <div class=\"etn-event-location\"><i class=\"fas fa-map-marker-alt\"><\/i> Canc\u00fan, MX<\/div>\n                                                                            <\/div>\n                                <\/div>\n                                <!-- content end-->\n                            <\/div>\n                            <!-- etn event item end-->\n                        <\/div>\n                                                <div class=\"etn-col-md-6 etn-col-lg-3\">\n                            <div class=\"etn-event-item\">\n                                <!-- thumbnail -->\n                                                                    <div class=\"etn-event-thumb\">\n                                        <a href=\"https:\/\/foro-mundial.org\/congresos\/etn\/congreso-mundial-de-estudiantes-de-enfermeria-2026\/\">\n                                            <img decoding=\"async\" src=\"https:\/\/foro-mundial.org\/congresos\/wp-content\/uploads\/2021\/07\/25.jpg\" alt=\"Home\">\n                                        <\/a>\n                                        <div class=\"etn-event-category\">\n                                            <span>- Todos<\/span> <span>Ciencias de la Salud<\/span>                                         <\/div>\n                                    <\/div>\n                                                                <!-- thumbnail start-->\n\n                                <!-- content start-->\n                                <div class=\"etn-event-content\">\n                                    <div class=\"event-metas\">\n                                        <div class=\"etn-event-date\">\n                                            <i class=\"far fa-calendar-alt\"><\/i>\n                                            octubre 23, 2026                                        <\/div>\n                                    <\/div>\n                                    <h3 class=\"etn-title etn-event-title\"><a href=\"https:\/\/foro-mundial.org\/congresos\/etn\/congreso-mundial-de-estudiantes-de-enfermeria-2026\/\"> CONGRESO MUNDIAL DE ESTUDIANTES DE ENFERMER\u00cdA<\/a> <\/h3>\n                                    <p><\/p>\n                                    <div class=\"etn-event-footer\">\n                                        \n                                                                                <div class=\"etn-event-location\"><i class=\"fas fa-map-marker-alt\"><\/i> Canc\u00fan, MX<\/div>\n                                                                            <\/div>\n                                <\/div>\n                                <!-- content end-->\n                            <\/div>\n                            <!-- etn event item end-->\n                        <\/div>\n                                                <div class=\"etn-col-md-6 etn-col-lg-3\">\n                            <div class=\"etn-event-item\">\n                                <!-- thumbnail -->\n                                                                    <div class=\"etn-event-thumb\">\n                                        <a href=\"https:\/\/foro-mundial.org\/congresos\/etn\/congreso-mundial-de-estudiantes-de-odontologia-2026\/\">\n                                            <img decoding=\"async\" src=\"https:\/\/foro-mundial.org\/congresos\/wp-content\/uploads\/2021\/07\/Odontologia.jpg\" alt=\"Home\">\n                                        <\/a>\n                                        <div class=\"etn-event-category\">\n                                            <span>- Todos<\/span> <span>Ciencias de la Salud<\/span>                                         <\/div>\n                                    <\/div>\n                                                                <!-- thumbnail start-->\n\n                                <!-- content start-->\n                                <div class=\"etn-event-content\">\n                                    <div class=\"event-metas\">\n                                        <div class=\"etn-event-date\">\n                                            <i class=\"far fa-calendar-alt\"><\/i>\n                                            octubre 23, 2026                                        <\/div>\n                                    <\/div>\n                                    <h3 class=\"etn-title etn-event-title\"><a href=\"https:\/\/foro-mundial.org\/congresos\/etn\/congreso-mundial-de-estudiantes-de-odontologia-2026\/\"> CONGRESO MUNDIAL DE ESTUDIANTES DE ODONTOLOG\u00cdA<\/a> <\/h3>\n                                    <p><\/p>\n                                    <div class=\"etn-event-footer\">\n                                        \n                                                                                <div class=\"etn-event-location\"><i class=\"fas fa-map-marker-alt\"><\/i> Canc\u00fan, MX<\/div>\n                                                                            <\/div>\n                                <\/div>\n                                <!-- content end-->\n                            <\/div>\n                            <!-- etn event item end-->\n                        <\/div>\n                                                <div class=\"etn-col-md-6 etn-col-lg-3\">\n                            <div class=\"etn-event-item\">\n                                <!-- thumbnail -->\n                                                                    <div class=\"etn-event-thumb\">\n                                        <a href=\"https:\/\/foro-mundial.org\/congresos\/etn\/congreso-mundial-de-estudiantes-de-nutricion-2025\/\">\n                                            <img decoding=\"async\" src=\"https:\/\/foro-mundial.org\/congresos\/wp-content\/uploads\/2020\/04\/Nutricion.jpg\" alt=\"Home\">\n                                        <\/a>\n                                        <div class=\"etn-event-category\">\n                                            <span>- Todos<\/span> <span>Ciencias de la Salud<\/span>                                         <\/div>\n                                    <\/div>\n                                                                <!-- thumbnail start-->\n\n                                <!-- content start-->\n                                <div class=\"etn-event-content\">\n                                    <div class=\"event-metas\">\n                                        <div class=\"etn-event-date\">\n                                            <i class=\"far fa-calendar-alt\"><\/i>\n                                            octubre 17, 2025                                        <\/div>\n                                    <\/div>\n                                    <h3 class=\"etn-title etn-event-title\"><a href=\"https:\/\/foro-mundial.org\/congresos\/etn\/congreso-mundial-de-estudiantes-de-nutricion-2025\/\"> CONGRESO MUNDIAL DE ESTUDIANTES DE NUTRICI\u00d3N<\/a> <\/h3>\n                                    <p><\/p>\n                                    <div class=\"etn-event-footer\">\n                                        \n                                                                                <div class=\"etn-event-location\"><i class=\"fas fa-map-marker-alt\"><\/i> Canc\u00fan, MX<\/div>\n                                                                            <\/div>\n                                <\/div>\n                                <!-- content end-->\n                            <\/div>\n                            <!-- etn event item end-->\n                        <\/div>\n                                    <\/div>\n                    <\/div>\n            \n                        <\/div>\n    <\/div>\n    <\/div>\n<\/div>\n\n\n\t\t<\/div>\n\t\t\t\t<\/div>\n\t\t\t\t\t\t<\/div>\n\t\t\t\t\t<\/div>\n\t\t<\/div>\n\t\t\t\t\t\t\t\t<\/div>\n\t\t\t\t\t<\/div>\n\t\t<\/section>\n\t\t\t\t<section class=\"elementor-section elementor-top-section elementor-element elementor-element-7cad18e elementor-section-boxed elementor-section-height-default elementor-section-height-default\" data-id=\"7cad18e\" data-element_type=\"section\">\n\t\t\t\t\t\t<div class=\"elementor-container elementor-column-gap-default\">\n\t\t\t\t\t\t\t<div class=\"elementor-row\">\n\t\t\t\t\t<div class=\"elementor-column elementor-col-100 elementor-top-column elementor-element elementor-element-a4bd536\" data-id=\"a4bd536\" data-element_type=\"column\">\n\t\t\t<div class=\"elementor-column-wrap elementor-element-populated\">\n\t\t\t\t\t\t\t<div class=\"elementor-widget-wrap\">\n\t\t\t\t\t\t<section class=\"elementor-section elementor-inner-section elementor-element elementor-element-5db57b0 elementor-section-boxed elementor-section-height-default elementor-section-height-default\" data-id=\"5db57b0\" data-element_type=\"section\" data-settings=\"{&quot;background_background&quot;:&quot;classic&quot;}\">\n\t\t\t\t\t\t<div class=\"elementor-container elementor-column-gap-default\">\n\t\t\t\t\t\t\t<div class=\"elementor-row\">\n\t\t\t\t\t<div class=\"elementor-column elementor-col-33 elementor-inner-column elementor-element elementor-element-c8075c6\" data-id=\"c8075c6\" data-element_type=\"column\">\n\t\t\t<div class=\"elementor-column-wrap elementor-element-populated\">\n\t\t\t\t\t\t\t<div class=\"elementor-widget-wrap\">\n\t\t\t\t\t\t<div class=\"elementor-element elementor-element-20071fe elementor-widget elementor-widget-image\" data-id=\"20071fe\" data-element_type=\"widget\" data-settings=\"{&quot;ekit_we_effect_on&quot;:&quot;none&quot;}\" data-widget_type=\"image.default\">\n\t\t\t\t<div class=\"elementor-widget-container\">\n\t\t\t\t\t\t\t\t<div class=\"elementor-image\">\n\t\t\t\t\t\t\t\t\t\t\t\t<img loading=\"lazy\" decoding=\"async\" width=\"103\" height=\"173\" src=\"https:\/\/foro-mundial.org\/congresos\/wp-content\/uploads\/2023\/06\/movil-app.png\" class=\"attachment-large size-large wp-image-3640\" alt=\"\" \/>\t\t\t\t\t\t\t\t\t\t\t\t\t\t<\/div>\n\t\t\t\t\t\t<\/div>\n\t\t\t\t<\/div>\n\t\t\t\t\t\t<\/div>\n\t\t\t\t\t<\/div>\n\t\t<\/div>\n\t\t\t\t<div class=\"elementor-column elementor-col-33 elementor-inner-column elementor-element elementor-element-4732023\" data-id=\"4732023\" data-element_type=\"column\">\n\t\t\t<div class=\"elementor-column-wrap elementor-element-populated\">\n\t\t\t\t\t\t\t<div class=\"elementor-widget-wrap\">\n\t\t\t\t\t\t<div class=\"elementor-element elementor-element-f730b5e elementor-widget elementor-widget-heading\" data-id=\"f730b5e\" data-element_type=\"widget\" data-settings=\"{&quot;ekit_we_effect_on&quot;:&quot;none&quot;}\" data-widget_type=\"heading.default\">\n\t\t\t\t<div class=\"elementor-widget-container\">\n\t\t\t<h2 class=\"elementor-heading-title elementor-size-default\">ForoMundial Mobile App<\/h2>\t\t<\/div>\n\t\t\t\t<\/div>\n\t\t\t\t<div class=\"elementor-element elementor-element-c86c78e elementor-widget elementor-widget-text-editor\" data-id=\"c86c78e\" data-element_type=\"widget\" data-settings=\"{&quot;ekit_we_effect_on&quot;:&quot;none&quot;}\" data-widget_type=\"text-editor.default\">\n\t\t\t\t<div class=\"elementor-widget-container\">\n\t\t\t\t\t\t\t\t<div class=\"elementor-text-editor elementor-clearfix\">\n\t\t\t\t<p>Descarga nuestra aplicaci\u00f3n y vive desde tu dispositivo m\u00f3vil el Foro Mundial de Universitarios.<\/p>\t\t\t\t\t<\/div>\n\t\t\t\t\t\t<\/div>\n\t\t\t\t<\/div>\n\t\t\t\t\t\t<\/div>\n\t\t\t\t\t<\/div>\n\t\t<\/div>\n\t\t\t\t<div class=\"elementor-column elementor-col-33 elementor-inner-column elementor-element elementor-element-c4b632a\" data-id=\"c4b632a\" data-element_type=\"column\">\n\t\t\t<div class=\"elementor-column-wrap elementor-element-populated\">\n\t\t\t\t\t\t\t<div class=\"elementor-widget-wrap\">\n\t\t\t\t\t\t<div class=\"elementor-element elementor-element-2c98aa1 elementor-widget elementor-widget-image\" data-id=\"2c98aa1\" data-element_type=\"widget\" data-settings=\"{&quot;ekit_we_effect_on&quot;:&quot;none&quot;}\" data-widget_type=\"image.default\">\n\t\t\t\t<div class=\"elementor-widget-container\">\n\t\t\t\t\t\t\t\t<div class=\"elementor-image\">\n\t\t\t\t\t\t\t\t\t\t\t\t\t<a href=\"#\">\n\t\t\t\t\t\t\t<img loading=\"lazy\" decoding=\"async\" width=\"201\" height=\"60\" src=\"https:\/\/foro-mundial.org\/congresos\/wp-content\/uploads\/2021\/07\/play_store.png\" class=\"attachment-large size-large wp-image-2329\" alt=\"\" \/>\t\t\t\t\t\t\t\t<\/a>\n\t\t\t\t\t\t\t\t\t\t\t\t\t\t<\/div>\n\t\t\t\t\t\t<\/div>\n\t\t\t\t<\/div>\n\t\t\t\t<div class=\"elementor-element elementor-element-1b2d66e elementor-widget elementor-widget-image\" data-id=\"1b2d66e\" data-element_type=\"widget\" data-settings=\"{&quot;ekit_we_effect_on&quot;:&quot;none&quot;}\" data-widget_type=\"image.default\">\n\t\t\t\t<div class=\"elementor-widget-container\">\n\t\t\t\t\t\t\t\t<div class=\"elementor-image\">\n\t\t\t\t\t\t\t\t\t\t\t\t\t<a href=\"#\">\n\t\t\t\t\t\t\t<img loading=\"lazy\" decoding=\"async\" width=\"201\" height=\"60\" src=\"https:\/\/foro-mundial.org\/congresos\/wp-content\/uploads\/2021\/07\/app_store.png\" class=\"attachment-large size-large wp-image-2330\" alt=\"\" \/>\t\t\t\t\t\t\t\t<\/a>\n\t\t\t\t\t\t\t\t\t\t\t\t\t\t<\/div>\n\t\t\t\t\t\t<\/div>\n\t\t\t\t<\/div>\n\t\t\t\t\t\t<\/div>\n\t\t\t\t\t<\/div>\n\t\t<\/div>\n\t\t\t\t\t\t\t\t<\/div>\n\t\t\t\t\t<\/div>\n\t\t<\/section>\n\t\t\t\t\t\t<\/div>\n\t\t\t\t\t<\/div>\n\t\t<\/div>\n\t\t\t\t\t\t\t\t<\/div>\n\t\t\t\t\t<\/div>\n\t\t<\/section>\n\t\t\t\t<section class=\"elementor-section elementor-top-section elementor-element elementor-element-7fe4903 elementor-section-boxed elementor-section-height-default elementor-section-height-default\" data-id=\"7fe4903\" data-element_type=\"section\">\n\t\t\t\t\t\t<div class=\"elementor-container elementor-column-gap-default\">\n\t\t\t\t\t\t\t<div class=\"elementor-row\">\n\t\t\t\t\t<div class=\"elementor-column elementor-col-100 elementor-top-column elementor-element elementor-element-d12fa0e\" data-id=\"d12fa0e\" data-element_type=\"column\">\n\t\t\t<div class=\"elementor-column-wrap elementor-element-populated\">\n\t\t\t\t\t\t\t<div class=\"elementor-widget-wrap\">\n\t\t\t\t\t\t<div class=\"elementor-element elementor-element-fbbe3c8 elementor-widget elementor-widget-heading\" data-id=\"fbbe3c8\" data-element_type=\"widget\" data-settings=\"{&quot;ekit_we_effect_on&quot;:&quot;none&quot;}\" data-widget_type=\"heading.default\">\n\t\t\t\t<div class=\"elementor-widget-container\">\n\t\t\t<h2 class=\"elementor-heading-title elementor-size-default\">Sedes Internacionales<\/h2>\t\t<\/div>\n\t\t\t\t<\/div>\n\t\t\t\t<div class=\"elementor-element elementor-element-e950d92 elementor-widget elementor-widget-heading\" data-id=\"e950d92\" data-element_type=\"widget\" data-settings=\"{&quot;ekit_we_effect_on&quot;:&quot;none&quot;}\" data-widget_type=\"heading.default\">\n\t\t\t\t<div class=\"elementor-widget-container\">\n\t\t\t<h2 class=\"elementor-heading-title elementor-size-default\">Conoce las ciudades<\/h2>\t\t<\/div>\n\t\t\t\t<\/div>\n\t\t\t\t\t\t<\/div>\n\t\t\t\t\t<\/div>\n\t\t<\/div>\n\t\t\t\t\t\t\t\t<\/div>\n\t\t\t\t\t<\/div>\n\t\t<\/section>\n\t\t\t\t<section class=\"elementor-section elementor-top-section elementor-element elementor-element-a742b1b elementor-section-content-top elementor-section-boxed elementor-section-height-default elementor-section-height-default\" data-id=\"a742b1b\" data-element_type=\"section\" data-settings=\"{&quot;background_background&quot;:&quot;classic&quot;}\">\n\t\t\t\t\t\t<div class=\"elementor-container elementor-column-gap-default\">\n\t\t\t\t\t\t\t<div class=\"elementor-row\">\n\t\t\t\t\t<div class=\"elementor-column elementor-col-33 elementor-top-column elementor-element elementor-element-df5c692\" data-id=\"df5c692\" data-element_type=\"column\">\n\t\t\t<div class=\"elementor-column-wrap elementor-element-populated\">\n\t\t\t\t\t\t\t<div class=\"elementor-widget-wrap\">\n\t\t\t\t\t\t<div class=\"elementor-element elementor-element-4ab3306 elementor-widget-tablet__width-initial elementor-widget elementor-widget-image\" data-id=\"4ab3306\" data-element_type=\"widget\" data-settings=\"{&quot;ekit_we_effect_on&quot;:&quot;none&quot;}\" data-widget_type=\"image.default\">\n\t\t\t\t<div class=\"elementor-widget-container\">\n\t\t\t\t\t\t\t\t<div class=\"elementor-image\">\n\t\t\t\t\t\t\t\t\t\t\t\t\t<a href=\"https:\/\/foro-mundial.org\/web\/barcelona-espana\/\">\n\t\t\t\t\t\t\t<img loading=\"lazy\" decoding=\"async\" width=\"800\" height=\"800\" src=\"https:\/\/foro-mundial.org\/congresos\/wp-content\/uploads\/2023\/06\/Barcelona-1024x1024.png\" class=\"attachment-large size-large wp-image-3278\" alt=\"\" srcset=\"https:\/\/foro-mundial.org\/congresos\/wp-content\/uploads\/2023\/06\/Barcelona-1024x1024.png 1024w, https:\/\/foro-mundial.org\/congresos\/wp-content\/uploads\/2023\/06\/Barcelona-600x600.png 600w, https:\/\/foro-mundial.org\/congresos\/wp-content\/uploads\/2023\/06\/Barcelona-300x300.png 300w, https:\/\/foro-mundial.org\/congresos\/wp-content\/uploads\/2023\/06\/Barcelona-150x150.png 150w, https:\/\/foro-mundial.org\/congresos\/wp-content\/uploads\/2023\/06\/Barcelona-768x768.png 768w, https:\/\/foro-mundial.org\/congresos\/wp-content\/uploads\/2023\/06\/Barcelona.png 1080w\" sizes=\"(max-width: 800px) 100vw, 800px\" \/>\t\t\t\t\t\t\t\t<\/a>\n\t\t\t\t\t\t\t\t\t\t\t\t\t\t<\/div>\n\t\t\t\t\t\t<\/div>\n\t\t\t\t<\/div>\n\t\t\t\t\t\t<\/div>\n\t\t\t\t\t<\/div>\n\t\t<\/div>\n\t\t\t\t<div class=\"elementor-column elementor-col-33 elementor-top-column elementor-element elementor-element-84c1d2f\" data-id=\"84c1d2f\" data-element_type=\"column\">\n\t\t\t<div class=\"elementor-column-wrap elementor-element-populated\">\n\t\t\t\t\t\t\t<div class=\"elementor-widget-wrap\">\n\t\t\t\t\t\t<div class=\"elementor-element elementor-element-bd6ba11 elementor-widget-tablet__width-initial elementor-widget elementor-widget-image\" data-id=\"bd6ba11\" data-element_type=\"widget\" data-settings=\"{&quot;ekit_we_effect_on&quot;:&quot;none&quot;}\" data-widget_type=\"image.default\">\n\t\t\t\t<div class=\"elementor-widget-container\">\n\t\t\t\t\t\t\t\t<div class=\"elementor-image\">\n\t\t\t\t\t\t\t\t\t\t\t\t\t<a href=\"https:\/\/foro-mundial.org\/web\/hong-kong-chihttps:\/\/foro-mundial.org\/web\/hong-kong-china\/na\/\">\n\t\t\t\t\t\t\t<img loading=\"lazy\" decoding=\"async\" width=\"800\" height=\"800\" src=\"https:\/\/foro-mundial.org\/congresos\/wp-content\/uploads\/2023\/06\/China-1024x1024.png\" class=\"attachment-large size-large wp-image-3279\" alt=\"\" srcset=\"https:\/\/foro-mundial.org\/congresos\/wp-content\/uploads\/2023\/06\/China-1024x1024.png 1024w, https:\/\/foro-mundial.org\/congresos\/wp-content\/uploads\/2023\/06\/China-600x600.png 600w, https:\/\/foro-mundial.org\/congresos\/wp-content\/uploads\/2023\/06\/China-300x300.png 300w, https:\/\/foro-mundial.org\/congresos\/wp-content\/uploads\/2023\/06\/China-150x150.png 150w, https:\/\/foro-mundial.org\/congresos\/wp-content\/uploads\/2023\/06\/China-768x768.png 768w, https:\/\/foro-mundial.org\/congresos\/wp-content\/uploads\/2023\/06\/China.png 1080w\" sizes=\"(max-width: 800px) 100vw, 800px\" \/>\t\t\t\t\t\t\t\t<\/a>\n\t\t\t\t\t\t\t\t\t\t\t\t\t\t<\/div>\n\t\t\t\t\t\t<\/div>\n\t\t\t\t<\/div>\n\t\t\t\t\t\t<\/div>\n\t\t\t\t\t<\/div>\n\t\t<\/div>\n\t\t\t\t<div class=\"elementor-column elementor-col-33 elementor-top-column elementor-element elementor-element-132fb32\" data-id=\"132fb32\" data-element_type=\"column\">\n\t\t\t<div class=\"elementor-column-wrap elementor-element-populated\">\n\t\t\t\t\t\t\t<div class=\"elementor-widget-wrap\">\n\t\t\t\t\t\t<div class=\"elementor-element elementor-element-d57071f elementor-widget-tablet__width-initial elementor-widget elementor-widget-image\" data-id=\"d57071f\" data-element_type=\"widget\" data-settings=\"{&quot;ekit_we_effect_on&quot;:&quot;none&quot;}\" data-widget_type=\"image.default\">\n\t\t\t\t<div class=\"elementor-widget-container\">\n\t\t\t\t\t\t\t\t<div class=\"elementor-image\">\n\t\t\t\t\t\t\t\t\t\t\t\t\t<a href=\"https:\/\/foro-mundial.org\/web\/las-vegas-nevada-usa\/\">\n\t\t\t\t\t\t\t<img loading=\"lazy\" decoding=\"async\" width=\"800\" height=\"800\" src=\"https:\/\/foro-mundial.org\/congresos\/wp-content\/uploads\/2023\/06\/LasVegas-1024x1024.png\" class=\"attachment-large size-large wp-image-3280\" alt=\"\" srcset=\"https:\/\/foro-mundial.org\/congresos\/wp-content\/uploads\/2023\/06\/LasVegas-1024x1024.png 1024w, https:\/\/foro-mundial.org\/congresos\/wp-content\/uploads\/2023\/06\/LasVegas-600x600.png 600w, https:\/\/foro-mundial.org\/congresos\/wp-content\/uploads\/2023\/06\/LasVegas-300x300.png 300w, https:\/\/foro-mundial.org\/congresos\/wp-content\/uploads\/2023\/06\/LasVegas-150x150.png 150w, https:\/\/foro-mundial.org\/congresos\/wp-content\/uploads\/2023\/06\/LasVegas-768x768.png 768w, https:\/\/foro-mundial.org\/congresos\/wp-content\/uploads\/2023\/06\/LasVegas.png 1080w\" sizes=\"(max-width: 800px) 100vw, 800px\" \/>\t\t\t\t\t\t\t\t<\/a>\n\t\t\t\t\t\t\t\t\t\t\t\t\t\t<\/div>\n\t\t\t\t\t\t<\/div>\n\t\t\t\t<\/div>\n\t\t\t\t\t\t<\/div>\n\t\t\t\t\t<\/div>\n\t\t<\/div>\n\t\t\t\t\t\t\t\t<\/div>\n\t\t\t\t\t<\/div>\n\t\t<\/section>\n\t\t\t\t<section class=\"elementor-section elementor-top-section elementor-element elementor-element-d7ae830 elementor-section-content-top elementor-section-boxed elementor-section-height-default elementor-section-height-default\" data-id=\"d7ae830\" data-element_type=\"section\" data-settings=\"{&quot;background_background&quot;:&quot;classic&quot;}\">\n\t\t\t\t\t\t<div class=\"elementor-container elementor-column-gap-default\">\n\t\t\t\t\t\t\t<div class=\"elementor-row\">\n\t\t\t\t\t<div class=\"elementor-column elementor-col-33 elementor-top-column elementor-element elementor-element-3c3da55\" data-id=\"3c3da55\" data-element_type=\"column\">\n\t\t\t<div class=\"elementor-column-wrap elementor-element-populated\">\n\t\t\t\t\t\t\t<div class=\"elementor-widget-wrap\">\n\t\t\t\t\t\t<div class=\"elementor-element elementor-element-5bd4dd6 elementor-widget-tablet__width-initial elementor-widget elementor-widget-image\" data-id=\"5bd4dd6\" data-element_type=\"widget\" data-settings=\"{&quot;ekit_we_effect_on&quot;:&quot;none&quot;}\" data-widget_type=\"image.default\">\n\t\t\t\t<div class=\"elementor-widget-container\">\n\t\t\t\t\t\t\t\t<div class=\"elementor-image\">\n\t\t\t\t\t\t\t\t\t\t\t\t\t<a href=\"https:\/\/foro-mundial.org\/web\/los-cabos-baja-california-mexico\/\">\n\t\t\t\t\t\t\t<img loading=\"lazy\" decoding=\"async\" width=\"800\" height=\"800\" src=\"https:\/\/foro-mundial.org\/congresos\/wp-content\/uploads\/2023\/06\/LOS-CABOS--1024x1024.png\" class=\"attachment-large size-large wp-image-3283\" alt=\"\" srcset=\"https:\/\/foro-mundial.org\/congresos\/wp-content\/uploads\/2023\/06\/LOS-CABOS--1024x1024.png 1024w, https:\/\/foro-mundial.org\/congresos\/wp-content\/uploads\/2023\/06\/LOS-CABOS--600x600.png 600w, https:\/\/foro-mundial.org\/congresos\/wp-content\/uploads\/2023\/06\/LOS-CABOS--300x300.png 300w, https:\/\/foro-mundial.org\/congresos\/wp-content\/uploads\/2023\/06\/LOS-CABOS--150x150.png 150w, https:\/\/foro-mundial.org\/congresos\/wp-content\/uploads\/2023\/06\/LOS-CABOS--768x768.png 768w, https:\/\/foro-mundial.org\/congresos\/wp-content\/uploads\/2023\/06\/LOS-CABOS-.png 1080w\" sizes=\"(max-width: 800px) 100vw, 800px\" \/>\t\t\t\t\t\t\t\t<\/a>\n\t\t\t\t\t\t\t\t\t\t\t\t\t\t<\/div>\n\t\t\t\t\t\t<\/div>\n\t\t\t\t<\/div>\n\t\t\t\t\t\t<\/div>\n\t\t\t\t\t<\/div>\n\t\t<\/div>\n\t\t\t\t<div class=\"elementor-column elementor-col-33 elementor-top-column elementor-element elementor-element-25dcd3c\" data-id=\"25dcd3c\" data-element_type=\"column\">\n\t\t\t<div class=\"elementor-column-wrap elementor-element-populated\">\n\t\t\t\t\t\t\t<div class=\"elementor-widget-wrap\">\n\t\t\t\t\t\t<div class=\"elementor-element elementor-element-88f3fc6 elementor-widget-tablet__width-initial elementor-widget elementor-widget-image\" data-id=\"88f3fc6\" data-element_type=\"widget\" data-settings=\"{&quot;ekit_we_effect_on&quot;:&quot;none&quot;}\" data-widget_type=\"image.default\">\n\t\t\t\t<div class=\"elementor-widget-container\">\n\t\t\t\t\t\t\t\t<div class=\"elementor-image\">\n\t\t\t\t\t\t\t\t\t\t\t\t\t<a href=\"https:\/\/foro-mundial.org\/web\/Monterrey\/\">\n\t\t\t\t\t\t\t<img loading=\"lazy\" decoding=\"async\" width=\"800\" height=\"800\" src=\"https:\/\/foro-mundial.org\/congresos\/wp-content\/uploads\/2023\/06\/KONTERREY--1024x1024.png\" class=\"attachment-large size-large wp-image-3284\" alt=\"\" srcset=\"https:\/\/foro-mundial.org\/congresos\/wp-content\/uploads\/2023\/06\/KONTERREY--1024x1024.png 1024w, https:\/\/foro-mundial.org\/congresos\/wp-content\/uploads\/2023\/06\/KONTERREY--600x600.png 600w, https:\/\/foro-mundial.org\/congresos\/wp-content\/uploads\/2023\/06\/KONTERREY--300x300.png 300w, https:\/\/foro-mundial.org\/congresos\/wp-content\/uploads\/2023\/06\/KONTERREY--150x150.png 150w, https:\/\/foro-mundial.org\/congresos\/wp-content\/uploads\/2023\/06\/KONTERREY--768x768.png 768w, https:\/\/foro-mundial.org\/congresos\/wp-content\/uploads\/2023\/06\/KONTERREY-.png 1080w\" sizes=\"(max-width: 800px) 100vw, 800px\" \/>\t\t\t\t\t\t\t\t<\/a>\n\t\t\t\t\t\t\t\t\t\t\t\t\t\t<\/div>\n\t\t\t\t\t\t<\/div>\n\t\t\t\t<\/div>\n\t\t\t\t\t\t<\/div>\n\t\t\t\t\t<\/div>\n\t\t<\/div>\n\t\t\t\t<div class=\"elementor-column elementor-col-33 elementor-top-column elementor-element elementor-element-4ed9cc9\" data-id=\"4ed9cc9\" data-element_type=\"column\">\n\t\t\t<div class=\"elementor-column-wrap elementor-element-populated\">\n\t\t\t\t\t\t\t<div class=\"elementor-widget-wrap\">\n\t\t\t\t\t\t<div class=\"elementor-element elementor-element-378e71e elementor-widget-tablet__width-initial elementor-widget elementor-widget-image\" data-id=\"378e71e\" data-element_type=\"widget\" data-settings=\"{&quot;ekit_we_effect_on&quot;:&quot;none&quot;}\" data-widget_type=\"image.default\">\n\t\t\t\t<div class=\"elementor-widget-container\">\n\t\t\t\t\t\t\t\t<div class=\"elementor-image\">\n\t\t\t\t\t\t\t\t\t\t\t\t\t<a href=\"https:\/\/foro-mundial.org\/web\/rio-de-janeiro-brasil\/\">\n\t\t\t\t\t\t\t<img loading=\"lazy\" decoding=\"async\" width=\"800\" height=\"800\" src=\"https:\/\/foro-mundial.org\/congresos\/wp-content\/uploads\/2023\/06\/RIO-DE-JANEIRO--1024x1024.png\" class=\"attachment-large size-large wp-image-3285\" alt=\"\" srcset=\"https:\/\/foro-mundial.org\/congresos\/wp-content\/uploads\/2023\/06\/RIO-DE-JANEIRO--1024x1024.png 1024w, https:\/\/foro-mundial.org\/congresos\/wp-content\/uploads\/2023\/06\/RIO-DE-JANEIRO--600x600.png 600w, https:\/\/foro-mundial.org\/congresos\/wp-content\/uploads\/2023\/06\/RIO-DE-JANEIRO--300x300.png 300w, https:\/\/foro-mundial.org\/congresos\/wp-content\/uploads\/2023\/06\/RIO-DE-JANEIRO--150x150.png 150w, https:\/\/foro-mundial.org\/congresos\/wp-content\/uploads\/2023\/06\/RIO-DE-JANEIRO--768x768.png 768w, https:\/\/foro-mundial.org\/congresos\/wp-content\/uploads\/2023\/06\/RIO-DE-JANEIRO-.png 1080w\" sizes=\"(max-width: 800px) 100vw, 800px\" \/>\t\t\t\t\t\t\t\t<\/a>\n\t\t\t\t\t\t\t\t\t\t\t\t\t\t<\/div>\n\t\t\t\t\t\t<\/div>\n\t\t\t\t<\/div>\n\t\t\t\t\t\t<\/div>\n\t\t\t\t\t<\/div>\n\t\t<\/div>\n\t\t\t\t\t\t\t\t<\/div>\n\t\t\t\t\t<\/div>\n\t\t<\/section>\n\t\t\t\t<section class=\"elementor-section elementor-top-section elementor-element elementor-element-78ba596 elementor-section-content-top elementor-section-boxed elementor-section-height-default elementor-section-height-default\" data-id=\"78ba596\" data-element_type=\"section\" data-settings=\"{&quot;background_background&quot;:&quot;classic&quot;}\">\n\t\t\t\t\t\t<div class=\"elementor-container elementor-column-gap-default\">\n\t\t\t\t\t\t\t<div class=\"elementor-row\">\n\t\t\t\t\t<div class=\"elementor-column elementor-col-33 elementor-top-column elementor-element elementor-element-8d97dce\" data-id=\"8d97dce\" data-element_type=\"column\">\n\t\t\t<div class=\"elementor-column-wrap elementor-element-populated\">\n\t\t\t\t\t\t\t<div class=\"elementor-widget-wrap\">\n\t\t\t\t\t\t<div class=\"elementor-element elementor-element-51971b4 elementor-widget-tablet__width-initial elementor-widget elementor-widget-image\" data-id=\"51971b4\" data-element_type=\"widget\" data-settings=\"{&quot;ekit_we_effect_on&quot;:&quot;none&quot;}\" data-widget_type=\"image.default\">\n\t\t\t\t<div class=\"elementor-widget-container\">\n\t\t\t\t\t\t\t\t<div class=\"elementor-image\">\n\t\t\t\t\t\t\t\t\t\t\t\t\t<a href=\"https:\/\/foro-mundial.org\/web\/cancun-quintanaroo-mexico\/\">\n\t\t\t\t\t\t\t<img loading=\"lazy\" decoding=\"async\" width=\"800\" height=\"800\" src=\"https:\/\/foro-mundial.org\/congresos\/wp-content\/uploads\/2023\/06\/CACUN--1024x1024.png\" class=\"attachment-large size-large wp-image-3286\" alt=\"\" srcset=\"https:\/\/foro-mundial.org\/congresos\/wp-content\/uploads\/2023\/06\/CACUN--1024x1024.png 1024w, https:\/\/foro-mundial.org\/congresos\/wp-content\/uploads\/2023\/06\/CACUN--600x600.png 600w, https:\/\/foro-mundial.org\/congresos\/wp-content\/uploads\/2023\/06\/CACUN--300x300.png 300w, https:\/\/foro-mundial.org\/congresos\/wp-content\/uploads\/2023\/06\/CACUN--150x150.png 150w, https:\/\/foro-mundial.org\/congresos\/wp-content\/uploads\/2023\/06\/CACUN--768x768.png 768w, https:\/\/foro-mundial.org\/congresos\/wp-content\/uploads\/2023\/06\/CACUN-.png 1080w\" sizes=\"(max-width: 800px) 100vw, 800px\" \/>\t\t\t\t\t\t\t\t<\/a>\n\t\t\t\t\t\t\t\t\t\t\t\t\t\t<\/div>\n\t\t\t\t\t\t<\/div>\n\t\t\t\t<\/div>\n\t\t\t\t\t\t<\/div>\n\t\t\t\t\t<\/div>\n\t\t<\/div>\n\t\t\t\t<div class=\"elementor-column elementor-col-33 elementor-top-column elementor-element elementor-element-3143fdd\" data-id=\"3143fdd\" data-element_type=\"column\">\n\t\t\t<div class=\"elementor-column-wrap elementor-element-populated\">\n\t\t\t\t\t\t\t<div class=\"elementor-widget-wrap\">\n\t\t\t\t\t\t<div class=\"elementor-element elementor-element-b7f0a5d elementor-widget-tablet__width-initial elementor-widget elementor-widget-image\" data-id=\"b7f0a5d\" data-element_type=\"widget\" data-settings=\"{&quot;ekit_we_effect_on&quot;:&quot;none&quot;}\" data-widget_type=\"image.default\">\n\t\t\t\t<div class=\"elementor-widget-container\">\n\t\t\t\t\t\t\t\t<div class=\"elementor-image\">\n\t\t\t\t\t\t\t\t\t\t\t\t\t<a href=\"https:\/\/foro-mundial.org\/web\/viena-austria\/\">\n\t\t\t\t\t\t\t<img loading=\"lazy\" decoding=\"async\" width=\"800\" height=\"800\" src=\"https:\/\/foro-mundial.org\/congresos\/wp-content\/uploads\/2023\/06\/VIENNA-1-1-1024x1024.png\" class=\"attachment-large size-large wp-image-3287\" alt=\"\" srcset=\"https:\/\/foro-mundial.org\/congresos\/wp-content\/uploads\/2023\/06\/VIENNA-1-1-1024x1024.png 1024w, https:\/\/foro-mundial.org\/congresos\/wp-content\/uploads\/2023\/06\/VIENNA-1-1-600x600.png 600w, https:\/\/foro-mundial.org\/congresos\/wp-content\/uploads\/2023\/06\/VIENNA-1-1-300x300.png 300w, https:\/\/foro-mundial.org\/congresos\/wp-content\/uploads\/2023\/06\/VIENNA-1-1-150x150.png 150w, https:\/\/foro-mundial.org\/congresos\/wp-content\/uploads\/2023\/06\/VIENNA-1-1-768x768.png 768w, https:\/\/foro-mundial.org\/congresos\/wp-content\/uploads\/2023\/06\/VIENNA-1-1.png 1080w\" sizes=\"(max-width: 800px) 100vw, 800px\" \/>\t\t\t\t\t\t\t\t<\/a>\n\t\t\t\t\t\t\t\t\t\t\t\t\t\t<\/div>\n\t\t\t\t\t\t<\/div>\n\t\t\t\t<\/div>\n\t\t\t\t\t\t<\/div>\n\t\t\t\t\t<\/div>\n\t\t<\/div>\n\t\t\t\t<div class=\"elementor-column elementor-col-33 elementor-top-column elementor-element elementor-element-4a7632b\" data-id=\"4a7632b\" data-element_type=\"column\">\n\t\t\t<div class=\"elementor-column-wrap elementor-element-populated\">\n\t\t\t\t\t\t\t<div class=\"elementor-widget-wrap\">\n\t\t\t\t\t\t<div class=\"elementor-element elementor-element-49f9934 elementor-widget-tablet__width-initial elementor-widget elementor-widget-image\" data-id=\"49f9934\" data-element_type=\"widget\" data-settings=\"{&quot;ekit_we_effect_on&quot;:&quot;none&quot;}\" data-widget_type=\"image.default\">\n\t\t\t\t<div class=\"elementor-widget-container\">\n\t\t\t\t\t\t\t\t<div class=\"elementor-image\">\n\t\t\t\t\t\t\t\t\t\t\t\t\t<a href=\"https:\/\/foro-mundial.org\/web\/quito-ecuador\/\">\n\t\t\t\t\t\t\t<img loading=\"lazy\" decoding=\"async\" width=\"800\" height=\"800\" src=\"https:\/\/foro-mundial.org\/congresos\/wp-content\/uploads\/2023\/06\/QUITO--1024x1024.png\" class=\"attachment-large size-large wp-image-3288\" alt=\"\" srcset=\"https:\/\/foro-mundial.org\/congresos\/wp-content\/uploads\/2023\/06\/QUITO--1024x1024.png 1024w, https:\/\/foro-mundial.org\/congresos\/wp-content\/uploads\/2023\/06\/QUITO--600x600.png 600w, https:\/\/foro-mundial.org\/congresos\/wp-content\/uploads\/2023\/06\/QUITO--300x300.png 300w, https:\/\/foro-mundial.org\/congresos\/wp-content\/uploads\/2023\/06\/QUITO--150x150.png 150w, https:\/\/foro-mundial.org\/congresos\/wp-content\/uploads\/2023\/06\/QUITO--768x768.png 768w, https:\/\/foro-mundial.org\/congresos\/wp-content\/uploads\/2023\/06\/QUITO-.png 1080w\" sizes=\"(max-width: 800px) 100vw, 800px\" \/>\t\t\t\t\t\t\t\t<\/a>\n\t\t\t\t\t\t\t\t\t\t\t\t\t\t<\/div>\n\t\t\t\t\t\t<\/div>\n\t\t\t\t<\/div>\n\t\t\t\t\t\t<\/div>\n\t\t\t\t\t<\/div>\n\t\t<\/div>\n\t\t\t\t\t\t\t\t<\/div>\n\t\t\t\t\t<\/div>\n\t\t<\/section>\n\t\t\t\t<section class=\"elementor-section elementor-top-section elementor-element elementor-element-03fc90a elementor-section-boxed elementor-section-height-default elementor-section-height-default\" data-id=\"03fc90a\" data-element_type=\"section\" data-settings=\"{&quot;background_background&quot;:&quot;classic&quot;}\">\n\t\t\t\t\t\t<div class=\"elementor-container elementor-column-gap-default\">\n\t\t\t\t\t\t\t<div class=\"elementor-row\">\n\t\t\t\t\t<div class=\"elementor-column elementor-col-100 elementor-top-column elementor-element elementor-element-c0f1140\" data-id=\"c0f1140\" data-element_type=\"column\">\n\t\t\t<div class=\"elementor-column-wrap elementor-element-populated\">\n\t\t\t\t\t\t\t<div class=\"elementor-widget-wrap\">\n\t\t\t\t\t\t<div class=\"elementor-element elementor-element-5bb51f3 elementor-invisible elementor-widget elementor-widget-exhibz-title\" data-id=\"5bb51f3\" data-element_type=\"widget\" data-settings=\"{&quot;_animation&quot;:&quot;slideInUp&quot;,&quot;ekit_we_effect_on&quot;:&quot;none&quot;}\" data-widget_type=\"exhibz-title.default\">\n\t\t\t\t<div class=\"elementor-widget-container\">\n\t\t\t\n    <div class=\"title-section-area\">\n        <h2 class=\"section-title\">\n            <span class=\"sub-title\">QUIENES APOYAN ESTE GRAN EVENTO<\/span>\n\t\t\tSocios Comerciales\n        <\/h2>\n\t\t                    <span class=\"title-shape\">\n                  <svg xmlns='http:\/\/www.w3.org\/2000\/svg' xmlns:xlink='http:\/\/www.w3.org\/1999\/xlink' width='71px' height='11px'> <path fill-rule='evenodd' d='M59.669,10.710 L49.164,3.306 L39.428,10.681 L29.714,3.322 L20.006,10.682 L10.295,3.322 L1.185,10.228 L-0.010,8.578 L10.295,0.765 L20.006,8.125 L29.714,0.765 L39.428,8.125 L49.122,0.781 L59.680,8.223 L69.858,1.192 L70.982,2.895 L59.669,10.710 Z'\/><\/svg>\n            <\/span>\n                    <\/div><!-- Section title -->\n    \n    \n\n    \t\t<\/div>\n\t\t\t\t<\/div>\n\t\t\t\t<section class=\"elementor-section elementor-inner-section elementor-element elementor-element-2c36036 elementor-section-content-middle elementor-section-boxed elementor-section-height-default elementor-section-height-default elementor-invisible\" data-id=\"2c36036\" data-element_type=\"section\" data-settings=\"{&quot;animation&quot;:&quot;fadeInUp&quot;,&quot;animation_delay&quot;:400}\">\n\t\t\t\t\t\t<div class=\"elementor-container elementor-column-gap-default\">\n\t\t\t\t\t\t\t<div class=\"elementor-row\">\n\t\t\t\t\t<div class=\"elementor-column elementor-col-100 elementor-inner-column elementor-element elementor-element-ce737d7\" data-id=\"ce737d7\" data-element_type=\"column\">\n\t\t\t<div class=\"elementor-column-wrap elementor-element-populated\">\n\t\t\t\t\t\t\t<div class=\"elementor-widget-wrap\">\n\t\t\t\t\t\t<div class=\"elementor-element elementor-element-b1e83ca elementor-widget elementor-widget-image\" data-id=\"b1e83ca\" data-element_type=\"widget\" data-settings=\"{&quot;ekit_we_effect_on&quot;:&quot;none&quot;}\" data-widget_type=\"image.default\">\n\t\t\t\t<div class=\"elementor-widget-container\">\n\t\t\t\t\t\t\t\t<div class=\"elementor-image\">\n\t\t\t\t\t\t\t\t\t\t\t\t<img loading=\"lazy\" decoding=\"async\" width=\"800\" height=\"52\" src=\"https:\/\/foro-mundial.org\/congresos\/wp-content\/uploads\/2023\/06\/socioscomerciales.png\" class=\"attachment-large size-large wp-image-3442\" alt=\"\" srcset=\"https:\/\/foro-mundial.org\/congresos\/wp-content\/uploads\/2023\/06\/socioscomerciales.png 1024w, https:\/\/foro-mundial.org\/congresos\/wp-content\/uploads\/2023\/06\/socioscomerciales-600x39.png 600w, https:\/\/foro-mundial.org\/congresos\/wp-content\/uploads\/2023\/06\/socioscomerciales-300x20.png 300w, https:\/\/foro-mundial.org\/congresos\/wp-content\/uploads\/2023\/06\/socioscomerciales-768x50.png 768w\" sizes=\"(max-width: 800px) 100vw, 800px\" \/>\t\t\t\t\t\t\t\t\t\t\t\t\t\t<\/div>\n\t\t\t\t\t\t<\/div>\n\t\t\t\t<\/div>\n\t\t\t\t\t\t<\/div>\n\t\t\t\t\t<\/div>\n\t\t<\/div>\n\t\t\t\t\t\t\t\t<\/div>\n\t\t\t\t\t<\/div>\n\t\t<\/section>\n\t\t\t\t<section class=\"elementor-section elementor-inner-section elementor-element elementor-element-a67e9db elementor-section-content-middle elementor-section-boxed elementor-section-height-default elementor-section-height-default elementor-invisible\" data-id=\"a67e9db\" data-element_type=\"section\" data-settings=\"{&quot;animation&quot;:&quot;fadeInUp&quot;,&quot;animation_delay&quot;:400}\">\n\t\t\t\t\t\t<div class=\"elementor-container elementor-column-gap-default\">\n\t\t\t\t\t\t\t<div class=\"elementor-row\">\n\t\t\t\t\t<div class=\"elementor-column elementor-col-100 elementor-inner-column elementor-element elementor-element-6a1094f\" data-id=\"6a1094f\" data-element_type=\"column\">\n\t\t\t<div class=\"elementor-column-wrap elementor-element-populated\">\n\t\t\t\t\t\t\t<div class=\"elementor-widget-wrap\">\n\t\t\t\t\t\t<div class=\"elementor-element elementor-element-5a10b92 elementor-align-center elementor-invisible elementor-widget elementor-widget-button\" data-id=\"5a10b92\" data-element_type=\"widget\" data-settings=\"{&quot;_animation&quot;:&quot;fadeInUp&quot;,&quot;_animation_delay&quot;:400,&quot;ekit_we_effect_on&quot;:&quot;none&quot;}\" data-widget_type=\"button.default\">\n\t\t\t\t<div class=\"elementor-widget-container\">\n\t\t\t\t\t<div class=\"elementor-button-wrapper\">\n\t\t\t<a href=\"https:\/\/socioscomerciales.foro-mundial.org\/\" target=\"_blank\" class=\"elementor-button-link elementor-button elementor-size-md\" role=\"button\">\n\t\t\t\t\t\t<span class=\"elementor-button-content-wrapper\">\n\t\t\t\t\t\t<span class=\"elementor-button-text\">PARTICIPA COMO SOCIO COMERCIAL<\/span>\n\t\t<\/span>\n\t\t\t\t\t<\/a>\n\t\t<\/div>\n\t\t\t\t<\/div>\n\t\t\t\t<\/div>\n\t\t\t\t\t\t<\/div>\n\t\t\t\t\t<\/div>\n\t\t<\/div>\n\t\t\t\t\t\t\t\t<\/div>\n\t\t\t\t\t<\/div>\n\t\t<\/section>\n\t\t\t\t\t\t<\/div>\n\t\t\t\t\t<\/div>\n\t\t<\/div>\n\t\t\t\t\t\t\t\t<\/div>\n\t\t\t\t\t<\/div>\n\t\t<\/section>\n\t\t\t\t\t\t\t\t\t<\/div>\n\t\t\t<\/div>\n\t\t\t\t\t<\/div>\n\t\t","protected":false},"excerpt":{"rendered":"<p>La Principal Plataforma Acad\u00e9mica para CONGRESOS UNIVERSITARIOS El Foro Mundial de Universitarios\u00ae es la plataforma acad\u00e9mica internacional m\u00e1s grande e importante para profesionistas en formaci\u00f3n. Sede InternacionalCanc\u00fan, MX \u00c1rea del conocimiento&#8211; TodosArte, Comunicaci\u00f3n y HospitalidadCiencias de la SaludCiencias Econ\u00f3mico AdministrativasCiencias F\u00edsico Matem\u00e1ticas e Ingenier\u00edasCiencias Sociales y Humanidades Search Now Advanced Search Sort by: Event Date [&hellip;]<\/p>\n","protected":false},"author":1,"featured_media":0,"parent":0,"menu_order":0,"comment_status":"closed","ping_status":"closed","template":"template\/homepage-template.php","meta":{"footnotes":"","_joinchat":[]},"yoast_head":"<!-- This site is optimized with the Yoast SEO plugin v20.8 - https:\/\/yoast.com\/wordpress\/plugins\/seo\/ -->\n<title>Home - Foro Mundial de Universitarios\u00ae<\/title>\n<meta name=\"robots\" content=\"index, follow, max-snippet:-1, max-image-preview:large, max-video-preview:-1\" \/>\n<link rel=\"canonical\" href=\"https:\/\/foro-mundial.org\/congresos\/\" \/>\n<meta property=\"og:locale\" content=\"es_ES\" \/>\n<meta property=\"og:type\" content=\"article\" \/>\n<meta property=\"og:title\" content=\"Home - Foro Mundial de Universitarios\u00ae\" \/>\n<meta property=\"og:description\" content=\"La Principal Plataforma Acad\u00e9mica para CONGRESOS UNIVERSITARIOS El Foro Mundial de Universitarios\u00ae es la plataforma acad\u00e9mica internacional m\u00e1s grande e importante para profesionistas en formaci\u00f3n. Sede InternacionalCanc\u00fan, MX \u00c1rea del conocimiento&#8211; TodosArte, Comunicaci\u00f3n y HospitalidadCiencias de la SaludCiencias Econ\u00f3mico AdministrativasCiencias F\u00edsico Matem\u00e1ticas e Ingenier\u00edasCiencias Sociales y Humanidades Search Now Advanced Search Sort by: Event Date [&hellip;]\" \/>\n<meta property=\"og:url\" content=\"https:\/\/foro-mundial.org\/congresos\/\" \/>\n<meta property=\"og:site_name\" content=\"Foro Mundial de Universitarios\u00ae\" \/>\n<meta property=\"article:modified_time\" content=\"2023-06-19T21:35:53+00:00\" \/>\n<meta property=\"og:image\" content=\"https:\/\/foro-mundial.org\/congresos\/wp-content\/uploads\/2023\/06\/Logo-FMU-Dos-1022x1024.png\" \/>\n<meta name=\"twitter:card\" content=\"summary_large_image\" \/>\n<meta name=\"twitter:label1\" content=\"Tiempo de lectura\" \/>\n\t<meta name=\"twitter:data1\" content=\"17 minutos\" \/>\n<script type=\"application\/ld+json\" class=\"yoast-schema-graph\">{\"@context\":\"https:\/\/schema.org\",\"@graph\":[{\"@type\":\"WebPage\",\"@id\":\"https:\/\/foro-mundial.org\/congresos\/\",\"url\":\"https:\/\/foro-mundial.org\/congresos\/\",\"name\":\"Home - Foro Mundial de Universitarios\u00ae\",\"isPartOf\":{\"@id\":\"https:\/\/foro-mundial.org\/congresos\/#website\"},\"datePublished\":\"2021-07-18T05:41:24+00:00\",\"dateModified\":\"2023-06-19T21:35:53+00:00\",\"breadcrumb\":{\"@id\":\"https:\/\/foro-mundial.org\/congresos\/#breadcrumb\"},\"inLanguage\":\"es\",\"potentialAction\":[{\"@type\":\"ReadAction\",\"target\":[\"https:\/\/foro-mundial.org\/congresos\/\"]}]},{\"@type\":\"BreadcrumbList\",\"@id\":\"https:\/\/foro-mundial.org\/congresos\/#breadcrumb\",\"itemListElement\":[{\"@type\":\"ListItem\",\"position\":1,\"name\":\"Portada\",\"item\":\"https:\/\/foro-mundial.org\/congresos\/\"},{\"@type\":\"ListItem\",\"position\":2,\"name\":\"Home\"}]},{\"@type\":\"WebSite\",\"@id\":\"https:\/\/foro-mundial.org\/congresos\/#website\",\"url\":\"https:\/\/foro-mundial.org\/congresos\/\",\"name\":\"Foro Mundial de Universitarios\u00ae\",\"description\":\"\",\"potentialAction\":[{\"@type\":\"SearchAction\",\"target\":{\"@type\":\"EntryPoint\",\"urlTemplate\":\"https:\/\/foro-mundial.org\/congresos\/?s={search_term_string}\"},\"query-input\":\"required name=search_term_string\"}],\"inLanguage\":\"es\"}]}<\/script>\n<!-- \/ Yoast SEO plugin. -->","yoast_head_json":{"title":"Home - Foro Mundial de Universitarios\u00ae","robots":{"index":"index","follow":"follow","max-snippet":"max-snippet:-1","max-image-preview":"max-image-preview:large","max-video-preview":"max-video-preview:-1"},"canonical":"https:\/\/foro-mundial.org\/congresos\/","og_locale":"es_ES","og_type":"article","og_title":"Home - Foro Mundial de Universitarios\u00ae","og_description":"La Principal Plataforma Acad\u00e9mica para CONGRESOS UNIVERSITARIOS El Foro Mundial de Universitarios\u00ae es la plataforma acad\u00e9mica internacional m\u00e1s grande e importante para profesionistas en formaci\u00f3n. Sede InternacionalCanc\u00fan, MX \u00c1rea del conocimiento&#8211; TodosArte, Comunicaci\u00f3n y HospitalidadCiencias de la SaludCiencias Econ\u00f3mico AdministrativasCiencias F\u00edsico Matem\u00e1ticas e Ingenier\u00edasCiencias Sociales y Humanidades Search Now Advanced Search Sort by: Event Date [&hellip;]","og_url":"https:\/\/foro-mundial.org\/congresos\/","og_site_name":"Foro Mundial de Universitarios\u00ae","article_modified_time":"2023-06-19T21:35:53+00:00","og_image":[{"url":"https:\/\/foro-mundial.org\/congresos\/wp-content\/uploads\/2023\/06\/Logo-FMU-Dos-1022x1024.png"}],"twitter_card":"summary_large_image","twitter_misc":{"Tiempo de lectura":"17 minutos"},"schema":{"@context":"https:\/\/schema.org","@graph":[{"@type":"WebPage","@id":"https:\/\/foro-mundial.org\/congresos\/","url":"https:\/\/foro-mundial.org\/congresos\/","name":"Home - Foro Mundial de Universitarios\u00ae","isPartOf":{"@id":"https:\/\/foro-mundial.org\/congresos\/#website"},"datePublished":"2021-07-18T05:41:24+00:00","dateModified":"2023-06-19T21:35:53+00:00","breadcrumb":{"@id":"https:\/\/foro-mundial.org\/congresos\/#breadcrumb"},"inLanguage":"es","potentialAction":[{"@type":"ReadAction","target":["https:\/\/foro-mundial.org\/congresos\/"]}]},{"@type":"BreadcrumbList","@id":"https:\/\/foro-mundial.org\/congresos\/#breadcrumb","itemListElement":[{"@type":"ListItem","position":1,"name":"Portada","item":"https:\/\/foro-mundial.org\/congresos\/"},{"@type":"ListItem","position":2,"name":"Home"}]},{"@type":"WebSite","@id":"https:\/\/foro-mundial.org\/congresos\/#website","url":"https:\/\/foro-mundial.org\/congresos\/","name":"Foro Mundial de Universitarios\u00ae","description":"","potentialAction":[{"@type":"SearchAction","target":{"@type":"EntryPoint","urlTemplate":"https:\/\/foro-mundial.org\/congresos\/?s={search_term_string}"},"query-input":"required name=search_term_string"}],"inLanguage":"es"}]}},"_links":{"self":[{"href":"https:\/\/foro-mundial.org\/congresos\/wp-json\/wp\/v2\/pages\/2314"}],"collection":[{"href":"https:\/\/foro-mundial.org\/congresos\/wp-json\/wp\/v2\/pages"}],"about":[{"href":"https:\/\/foro-mundial.org\/congresos\/wp-json\/wp\/v2\/types\/page"}],"author":[{"embeddable":true,"href":"https:\/\/foro-mundial.org\/congresos\/wp-json\/wp\/v2\/users\/1"}],"replies":[{"embeddable":true,"href":"https:\/\/foro-mundial.org\/congresos\/wp-json\/wp\/v2\/comments?post=2314"}],"version-history":[{"count":69,"href":"https:\/\/foro-mundial.org\/congresos\/wp-json\/wp\/v2\/pages\/2314\/revisions"}],"predecessor-version":[{"id":3643,"href":"https:\/\/foro-mundial.org\/congresos\/wp-json\/wp\/v2\/pages\/2314\/revisions\/3643"}],"wp:attachment":[{"href":"https:\/\/foro-mundial.org\/congresos\/wp-json\/wp\/v2\/media?parent=2314"}],"curies":[{"name":"wp","href":"https:\/\/api.w.org\/{rel}","templated":true}]}}